{"id":3050,"date":"2013-10-05T17:17:34","date_gmt":"2013-10-05T15:17:34","guid":{"rendered":"http:\/\/www.medskvz.org\/web\/?page_id=3050"},"modified":"2014-06-17T20:36:49","modified_gmt":"2014-06-17T18:36:49","slug":"comenius","status":"publish","type":"page","link":"https:\/\/www.medskvz.org\/web\/comenius\/","title":{"rendered":"Comenius"},"content":{"rendered":"<p><a href=\"http:\/\/www.mobilnost.hr\/index.php?id=272\" target=\"_blank\" rel=\"noopener\"><img class=\"colorbox-3050\"  alt=\"Program za cjelo\u017eivotno u\u010denje\" border=\"0\" src=\"http:\/\/www.mobilnost.hr\/prilozi\/05_1366023150_LLP_logo_mali.jpg\" \/><\/a><\/p>\n<p>&nbsp;<\/p>\n<p><strong>Tjedan pejza\u017ea u Vara\u017edinu od 5. do 11. 4. 2014.<\/strong><\/p>\n\n\t\t<style type=\"text\/css\">\n\t\t\t#gallery-1 {\n\t\t\t\tmargin: auto;\n\t\t\t}\n\t\t\t#gallery-1 .gallery-item {\n\t\t\t\tfloat: left;\n\t\t\t\tmargin-top: 10px;\n\t\t\t\ttext-align: center;\n\t\t\t\twidth: 33%;\n\t\t\t}\n\t\t\t#gallery-1 img {\n\t\t\t\tborder: 2px solid #cfcfcf;\n\t\t\t}\n\t\t\t#gallery-1 .gallery-caption {\n\t\t\t\tmargin-left: 0;\n\t\t\t}\n\t\t\t\/* see gallery_shortcode() in wp-includes\/media.php *\/\n\t\t<\/style>\n\t\t<div id='gallery-1' class='gallery galleryid-3050 gallery-columns-3 gallery-size-thumbnail'><dl class='gallery-item'>\n\t\t\t<dt class='gallery-icon landscape'>\n\t\t\t\t<a href=\"https:\/\/www.medskvz.org\/web\/comenius\/img_193139065894257\/\"><img width=\"150\" height=\"150\" src=\"https:\/\/www.medskvz.org\/web\/wp-content\/uploads\/2013\/10\/IMG_193139065894257-150x150.jpeg\" class=\"attachment-thumbnail size-thumbnail colorbox-3050 \" alt=\"\" loading=\"lazy\" \/><\/a>\n\t\t\t<\/dt><\/dl><dl class='gallery-item'>\n\t\t\t<dt class='gallery-icon landscape'>\n\t\t\t\t<a href=\"https:\/\/www.medskvz.org\/web\/comenius\/img_193112262015926\/\"><img width=\"150\" height=\"150\" src=\"https:\/\/www.medskvz.org\/web\/wp-content\/uploads\/2013\/10\/IMG_193112262015926-150x150.jpeg\" class=\"attachment-thumbnail size-thumbnail colorbox-3050 \" alt=\"\" loading=\"lazy\" \/><\/a>\n\t\t\t<\/dt><\/dl><dl class='gallery-item'>\n\t\t\t<dt class='gallery-icon landscape'>\n\t\t\t\t<a href=\"https:\/\/www.medskvz.org\/web\/comenius\/img_193056704624265\/\"><img width=\"150\" height=\"150\" src=\"https:\/\/www.medskvz.org\/web\/wp-content\/uploads\/2013\/10\/IMG_193056704624265-150x150.jpeg\" class=\"attachment-thumbnail size-thumbnail colorbox-3050 \" alt=\"\" loading=\"lazy\" \/><\/a>\n\t\t\t<\/dt><\/dl><br style=\"clear: both\" \/><dl class='gallery-item'>\n\t\t\t<dt class='gallery-icon landscape'>\n\t\t\t\t<a href=\"https:\/\/www.medskvz.org\/web\/comenius\/img_193002261772603\/\"><img width=\"150\" height=\"150\" src=\"https:\/\/www.medskvz.org\/web\/wp-content\/uploads\/2013\/10\/IMG_193002261772603-150x150.jpeg\" class=\"attachment-thumbnail size-thumbnail colorbox-3050 \" alt=\"\" loading=\"lazy\" \/><\/a>\n\t\t\t<\/dt><\/dl><dl class='gallery-item'>\n\t\t\t<dt class='gallery-icon landscape'>\n\t\t\t\t<a href=\"https:\/\/www.medskvz.org\/web\/comenius\/img_192984433579272\/\"><img width=\"150\" height=\"150\" src=\"https:\/\/www.medskvz.org\/web\/wp-content\/uploads\/2013\/10\/IMG_192984433579272-150x150.jpeg\" class=\"attachment-thumbnail size-thumbnail colorbox-3050 \" alt=\"\" loading=\"lazy\" \/><\/a>\n\t\t\t<\/dt><\/dl><dl class='gallery-item'>\n\t\t\t<dt class='gallery-icon landscape'>\n\t\t\t\t<a href=\"https:\/\/www.medskvz.org\/web\/comenius\/img_192966116247606\/\"><img width=\"150\" height=\"150\" src=\"https:\/\/www.medskvz.org\/web\/wp-content\/uploads\/2013\/10\/IMG_192966116247606-150x150.jpeg\" class=\"attachment-thumbnail size-thumbnail colorbox-3050 \" alt=\"\" loading=\"lazy\" \/><\/a>\n\t\t\t<\/dt><\/dl><br style=\"clear: both\" \/>\n\t\t<\/div>\n\n<p style=\"padding: 0px; margin: 0px 0px 1em; line-height: 1.5em; font-family: Arial, Helvetica, sans-serif; font-size: 14px;\">pi&scaron;e: Antonia Matejak<\/p>\n<p style=\"padding: 0px; margin: 0px 0px 1em; line-height: 1.5em; font-family: Arial, Helvetica, sans-serif; font-size: 14px;\">Ne&scaron;to prije samog Uskrsa, kada je prolje\u0107e bilo u punom zelenilu i nagra\u0111ivalo nas toplim i sun\u010danim vremenom, u na&scaron;oj je &scaron;koli bio va\u017ean tjedan, ne samo za \u010dlanove projekta ve\u0107 i za sve ostale u\u010denike i nastavnike. Radi se, naime, o projektu &bdquo;Capture the World in a Photo&ldquo; u kojem sudjeluju Poljska, Baskija (&Scaron;panjolska), Njema\u010dka, Turska, Finska i na&scaron;a mala Hrvatska. U njoj i na&scaron;a mala &scaron;kola, koja je na tjedan dana, od 5. do 11. travnja, bila doma\u0107in predstavnicima svih navedenih zemalja. Tjedan se sastojao od mno&scaron;tva radionica, izleta i upoznavanja hrvatske kulture te naravno mnogo fotografiranja. Tema cijelog tjedna bio je pejza\u017e, stoga smo na&scaron;e goste odveli na divne lokacije Zagorja gdje su mogli snimiti uistinu lijepe fotografije.<\/p>\n<p style=\"padding: 0px; margin: 0px 0px 1em; line-height: 1.5em; font-family: Arial, Helvetica, sans-serif; font-size: 14px;\">&nbsp;<\/p>\n<p style=\"padding: 0px; margin: 0px 0px 1em; line-height: 1.5em; font-family: Arial, Helvetica, sans-serif; font-size: 14px;\">&nbsp;<\/p>\n<p style=\"padding: 0px; margin: 0px 0px 1em; line-height: 1.5em; font-family: Arial, Helvetica, sans-serif; font-size: 14px;\">&nbsp;<\/p>\n<p style=\"padding: 0px; margin: 0px 0px 1em; line-height: 1.5em; font-family: Arial, Helvetica, sans-serif; font-size: 14px;\">Evo kako se na&scaron;e dru\u017eenje odvijalo po danima:<\/p>\n<p style=\"padding: 0px; margin: 0px 0px 1em; line-height: 1.5em; font-family: Arial, Helvetica, sans-serif; font-size: 14px;\">&nbsp;<\/p>\n<p style=\"padding: 0px; margin: 0px 0px 1em; line-height: 1.5em; font-family: Arial, Helvetica, sans-serif; font-size: 14px;\">Dan 1. &ndash; subota, 5. travnja 2014.<\/p>\n<p style=\"padding: 0px; margin: 0px 0px 1em; line-height: 1.5em; font-family: Arial, Helvetica, sans-serif; font-size: 14px;\">Subota je bila predvi\u0111ena za upoznavanje. Iz svake su zemlje gosti stigli u razli\u010dito vrijeme pa je tako postupno i krenulo upoznavanje, kao i prvo razgledavanje grada Vara\u017edina. S fotoaparatima u rukama gosti su krenuli Korzom i bili odu&scaron;evljeni ljepotama skromnog, mirnoga grada. Pritom su upoznavali doma\u0107ine s kojima \u0107e se najvi&scaron;e dru\u017eiti u narednih tjedan dana &ndash; i tako je zapo\u010deo tjedan Comeniusa u Hrvatskoj.<\/p>\n<p style=\"padding: 0px; margin: 0px 0px 1em; line-height: 1.5em; font-family: Arial, Helvetica, sans-serif; font-size: 14px;\">&nbsp;<\/p>\n<p style=\"padding: 0px; margin: 0px 0px 1em; line-height: 1.5em; font-family: Arial, Helvetica, sans-serif; font-size: 14px;\">Dan 2. &ndash; nedjelja, 6. travnja 2014.<\/p>\n<p style=\"padding: 0px; margin: 0px 0px 1em; line-height: 1.5em; font-family: Arial, Helvetica, sans-serif; font-size: 14px;\">Sun\u010dano nedjeljno prijepodne iskori&scaron;teno je za obilazak kulturnog dijela Vara\u017edina koji uklju\u010duje Stari Grad te pripadaju\u0107i muzej. Ve\u0107ina je dana, kao &scaron;to i nedjelja zaslu\u017euje, bila le\u017eerna. Poslu\u017eila je za bolje me\u0111usobno upoznavanje kao i za susret s temom pejza\u017ea.<\/p>\n<p style=\"padding: 0px; margin: 0px 0px 1em; line-height: 1.5em; font-family: Arial, Helvetica, sans-serif; font-size: 14px;\">&nbsp;<\/p>\n<p style=\"padding: 0px; margin: 0px 0px 1em; line-height: 1.5em; font-family: Arial, Helvetica, sans-serif; font-size: 14px;\">Dan 3. &ndash; ponedjeljak, 7. travnja 2014.<\/p>\n<p style=\"padding: 0px; margin: 0px 0px 1em; line-height: 1.5em; font-family: Arial, Helvetica, sans-serif; font-size: 14px;\">Bio je to prvi dan prave akcije. Nakon relativno mirne no\u0107i (osim iznimaka, tj. doma\u0107ina koji su svoje goste vodili u izlazak), jutro smo do\u010dekali svi zajedno &ndash; svi profesori, strani u\u010denici, doma\u0107ini i \u010dlanovi projekta. Podijeljeni u grupe, krenuli smo u potragu za uskr&scaron;njim jajima koje su dan prije \u010dlanovi projekta sakrili unutar &scaron;kole te u &scaron;kolskom dvori&scaron;tu. Nakon &scaron;to su pisanice uspje&scaron;no prona\u0111ene, uslijedilo je predstavljanje. Tako smo upoznali sve strane \u010dlanove. To su bili: iz Finske Jenna Emilia Harjuvetel&auml;inen, Tiia Vartiainen i Pinja Koponen; iz Turske Perihan &Ccedil;etinkaya, Halil Ya\u011fmurluu, Enes S\u0131dd\u0131ko\u011flu i G&uuml;l\u015fen Silindir Tozluklu; iz Baskije (&Scaron;panjolska) Itziar Obergozo Lekuona, Jone Soto Esnaola i I&ntilde;igo Perez; iz Njema\u010dke Bettina Huber, Simona Kehl i Jordan Chancellor te iz Poljske Iwona Myszk, Michalina Mielewczyk i Magdalena Zielke. Nakon predstavljanja i upoznavanja kultura putem prezentacija, uslijedilo je malo rekreacije. Uputili smo se biciklima na rijeku Dravu te tako iskoristili dan na naljep&scaron;i na\u010din, u prirodi.<\/p>\n<p style=\"padding: 0px; margin: 0px 0px 1em; line-height: 1.5em; font-family: Arial, Helvetica, sans-serif; font-size: 14px;\">&nbsp;<\/p>\n<p style=\"padding: 0px; margin: 0px 0px 1em; line-height: 1.5em; font-family: Arial, Helvetica, sans-serif; font-size: 14px;\">Dan 4. &ndash; utorak, 8. travnja 2014.<\/p>\n<p style=\"padding: 0px; margin: 0px 0px 1em; line-height: 1.5em; font-family: Arial, Helvetica, sans-serif; font-size: 14px;\">Rano ustajanje i put za Trako&scaron;\u0107an bio je plan za \u010detvrti dan Comeniusa u Hrvatskoj. Autobusima smo se uputili do slavnog dvorca pa potom pobjegli od magle u unutra&scaron;njost muzeja. Upoznali smo povijest te najbitniji dio za projekt &ndash; prve fotografije i prve portrete. Uslijedilo je zajedni\u010dko predavanje o najboljem na\u010dinu fotografiranja pejza\u017ea, kako bismo nakon toga teoriju sproveli u djelo. &Scaron;etnjom oko jezera uspje&scaron;no smo sa\u010duvali uspomenu na prekrasno zelenilo i prirodu koju smo s ponosom predstavljali na&scaron;im gostima. Kratak je odmor proveden uz ispijanje kave i prikupljanje energije za daljnji put. Podijelili smo se u tri grupe &ndash; jedna je krenula pje&scaron;ice na planinarenje, od Trako&scaron;\u0107ana do Ravne Gore, druga je u\u010dinila sli\u010dno ali kra\u0107im putem, dok je tre\u0107a odlu\u010dila ipak ostati u autobusu i njime do\u0107i do idu\u0107eg odredi&scaron;ta, doma na vrhu Ravne Gore. Jedan sam dio puta provela uz Itziar iz &Scaron;panjolske i Pinju iz Finske. Ugodnu &scaron;etnju iskoristile smo za razgovor o kulturi na&scaron;ih zemalja. Tako sam saznala da su stanovnici Baskije veliki ljubitelji plesa, koji nazivaju svojim folklorom i izrazito ga njeguju. Radi se o plesu u narodnim no&scaron;njama koji se odvija na bilo kojem mjestu &ndash; na ulici, polju, planini. Sasvim je svejedno gdje, bitno je da se ple&scaron;e. Od Pinje sam saznala ne&scaron;to o \u017eivotu u Finskoj. Uvjerila me da ne \u017eive u &bdquo;vje\u010dnom snijegu i ledu&ldquo; ve\u0107 da je kod njih ljeto tako\u0111er razdoblje puno zelenila, divnih jezera i &ndash; mnogo vo\u0107a!<\/p>\n<p style=\"padding: 0px; margin: 0px 0px 1em; line-height: 1.5em; font-family: Arial, Helvetica, sans-serif; font-size: 14px;\">Nakon dva sata hoda ponovno smo se skupili na jednom od najljep&scaron;ih vidikovaca Zagorja. Uslijedio je odmor pa povratak u Vara\u017edin. Ti&scaron;ina koja je vladala autobusom svjedo\u010dila je o iscrpljuju\u0107em, ali ispunjenom danu.<\/p>\n<p style=\"padding: 0px; margin: 0px 0px 1em; line-height: 1.5em; font-family: Arial, Helvetica, sans-serif; font-size: 14px;\">&nbsp;<\/p>\n<p style=\"padding: 0px; margin: 0px 0px 1em; line-height: 1.5em; font-family: Arial, Helvetica, sans-serif; font-size: 14px;\">Dan 5. &ndash; srijeda, 9. travnja 2014.<\/p>\n<p style=\"padding: 0px; margin: 0px 0px 1em; line-height: 1.5em; font-family: Arial, Helvetica, sans-serif; font-size: 14px;\">Najva\u017eniji dan za cijeli projekt bila je upravo srijeda. U jutarnjim je satima pripremljena izlo\u017eba, nakon \u010dega smo i&scaron;\u010dekuju\u0107i ve\u010der proveli vrijeme u sportskim aktivnostima ili jednostavno razgovoru i dru\u017eenju. Nave\u010der smo sve\u010dano otvorili izlo\u017ebu. Pomalo iznena\u0111eni brojem posjetitelja ponosno smo se slikali pokraj vlastitih izlo\u017eenih fotografija. Nakon toga je uslijedila zajedni\u010dka ve\u010dera u restoranu Verglec poslije koje smo igrali razne dru&scaron;tvene igre. Ve\u010der je obilje\u017eena smijehom i zabavom te ugodnim dru&scaron;tvom.<\/p>\n<p style=\"padding: 0px; margin: 0px 0px 1em; line-height: 1.5em; font-family: Arial, Helvetica, sans-serif; font-size: 14px;\">&nbsp;<\/p>\n<p style=\"padding: 0px; margin: 0px 0px 1em; line-height: 1.5em; font-family: Arial, Helvetica, sans-serif; font-size: 14px;\">Dan 6. &ndash; \u010detvrtak, 10. travnja 2014.<\/p>\n<p style=\"padding: 0px; margin: 0px 0px 1em; line-height: 1.5em; font-family: Arial, Helvetica, sans-serif; font-size: 14px;\">Predzadnji dan dru\u017eenja udaljili smo se od Vara\u017edina te uputili prema Krapini i poznatom muzeju. Pomo\u0107u zanimljivih skulptura na&scaron;i su gosti saznali ne&scaron;to o krapinskom pra\u010dovjeku, neizostavnom dijelu hrvatske povijesti. Nakon toga je slijedio opu&scaron;teni, &bdquo;\u017eenski&ldquo; dio izleta &ndash; &scaron;oping u glavnom gradu Zagrebu. Uz dobar provod dan se za\u010das pribli\u017eio kraju.<\/p>\n<p style=\"padding: 0px; margin: 0px 0px 1em; line-height: 1.5em; font-family: Arial, Helvetica, sans-serif; font-size: 14px;\">&nbsp;<\/p>\n<p style=\"padding: 0px; margin: 0px 0px 1em; line-height: 1.5em; font-family: Arial, Helvetica, sans-serif; font-size: 14px;\">Dan 7. &ndash; petak, 11. travnja 2014.<\/p>\n<p style=\"padding: 0px; margin: 0px 0px 1em; line-height: 1.5em; font-family: Arial, Helvetica, sans-serif; font-size: 14px;\">Svi ve\u0107 pomalo \u017ealosni, okupili smo se u &scaron;koli na opro&scaron;taju. Uz mnogo pla\u010da, zagrljaja, pjesme i zajedni\u010dkog fotografiranja priveli smo na&scaron;e dru\u017eenje kraju. Gledaju\u0107i kako na&scaron;i novi prijatelji odlaze osjetili smo tugu zbog spoznaje da se najvjerojatnije vi&scaron;e nikada ne\u0107emo svi na\u0107i na okupu. No kako ne bismo zaboravili sve lijepe dane koje smo pro\u017eivjeli s njima, poveli smo se za izrekom da ne\u0107emo plakati zato &scaron;to je gotovo, ve\u0107 se smije&scaron;iti jer se dogodilo.<\/p>\n<p style=\"padding: 0px; margin: 0px 0px 1em; line-height: 1.5em; font-family: Arial, Helvetica, sans-serif; font-size: 14px;\">Upoznali smo mnogo predivnih ljudi, druge kulture i obilje\u017eja nekih zemlja Europe, zajedno fotografirali i stekli nove prijatelje te, naposljetku, pobolj&scaron;ali svoj engleski jezik. Osim &scaron;to \u0107e taj tjedan svakako ostati u najljep&scaron;em sje\u0107anju u\u010denicima koji su u njemu sudjelovali, ispunio ih je i ponosom na na&scaron;u malu Hrvatsku, mali Vara\u017edin i malu &scaron;kolu.<\/p>\n<p style=\"padding: 0px; margin: 0px 0px 1em; line-height: 1.5em; font-family: Arial, Helvetica, sans-serif; font-size: 14px;\">Mo\u017eda i jesmo mali, ali uvijek se u najmanjim stvarima krije veliko srce.<\/p>\n\n\t\t<style type=\"text\/css\">\n\t\t\t#gallery-2 {\n\t\t\t\tmargin: auto;\n\t\t\t}\n\t\t\t#gallery-2 .gallery-item {\n\t\t\t\tfloat: left;\n\t\t\t\tmargin-top: 10px;\n\t\t\t\ttext-align: center;\n\t\t\t\twidth: 33%;\n\t\t\t}\n\t\t\t#gallery-2 img {\n\t\t\t\tborder: 2px solid #cfcfcf;\n\t\t\t}\n\t\t\t#gallery-2 .gallery-caption {\n\t\t\t\tmargin-left: 0;\n\t\t\t}\n\t\t\t\/* see gallery_shortcode() in wp-includes\/media.php *\/\n\t\t<\/style>\n\t\t<div id='gallery-2' class='gallery galleryid-3050 gallery-columns-3 gallery-size-thumbnail'><dl class='gallery-item'>\n\t\t\t<dt class='gallery-icon landscape'>\n\t\t\t\t<a href=\"https:\/\/www.medskvz.org\/web\/comenius\/993030_748576245153009_1867197281_n\/\"><img width=\"150\" height=\"150\" src=\"https:\/\/www.medskvz.org\/web\/wp-content\/uploads\/2013\/10\/993030_748576245153009_1867197281_n-150x150.jpg\" class=\"attachment-thumbnail size-thumbnail colorbox-3050 \" alt=\"\" loading=\"lazy\" aria-describedby=\"gallery-2-3601\" \/><\/a>\n\t\t\t<\/dt>\n\t\t\t\t<dd class='wp-caption-text gallery-caption' id='gallery-2-3601'>\n\t\t\t\tNo\u0107no nebo\n\t\t\t\t<\/dd><\/dl><dl class='gallery-item'>\n\t\t\t<dt class='gallery-icon landscape'>\n\t\t\t\t<a href=\"https:\/\/www.medskvz.org\/web\/comenius\/1016563_748576178486349_799494411_n\/\"><img width=\"150\" height=\"150\" src=\"https:\/\/www.medskvz.org\/web\/wp-content\/uploads\/2013\/10\/1016563_748576178486349_799494411_n-150x150.jpg\" class=\"attachment-thumbnail size-thumbnail colorbox-3050 \" alt=\"\" loading=\"lazy\" aria-describedby=\"gallery-2-3602\" \/><\/a>\n\t\t\t<\/dt>\n\t\t\t\t<dd class='wp-caption-text gallery-caption' id='gallery-2-3602'>\n\t\t\t\tNo\u0107na fotografija\n\t\t\t\t<\/dd><\/dl><dl class='gallery-item'>\n\t\t\t<dt class='gallery-icon landscape'>\n\t\t\t\t<a href=\"https:\/\/www.medskvz.org\/web\/comenius\/1781470_10202164274240571_1861026728_o\/\"><img width=\"150\" height=\"150\" src=\"https:\/\/www.medskvz.org\/web\/wp-content\/uploads\/2013\/10\/1781470_10202164274240571_1861026728_o-150x150.jpg\" class=\"attachment-thumbnail size-thumbnail colorbox-3050 \" alt=\"\" loading=\"lazy\" aria-describedby=\"gallery-2-3603\" \/><\/a>\n\t\t\t<\/dt>\n\t\t\t\t<dd class='wp-caption-text gallery-caption' id='gallery-2-3603'>\n\t\t\t\tTea, Emmi i Eva-Marija\n\t\t\t\t<\/dd><\/dl><br style=\"clear: both\" \/><dl class='gallery-item'>\n\t\t\t<dt class='gallery-icon landscape'>\n\t\t\t\t<a href=\"https:\/\/www.medskvz.org\/web\/comenius\/1796933_10202164277880662_875402367_o\/\"><img width=\"150\" height=\"150\" src=\"https:\/\/www.medskvz.org\/web\/wp-content\/uploads\/2013\/10\/1796933_10202164277880662_875402367_o-150x150.jpg\" class=\"attachment-thumbnail size-thumbnail colorbox-3050 \" alt=\"\" loading=\"lazy\" aria-describedby=\"gallery-2-3604\" \/><\/a>\n\t\t\t<\/dt>\n\t\t\t\t<dd class='wp-caption-text gallery-caption' id='gallery-2-3604'>\n\t\t\t\tDiskusije\n\t\t\t\t<\/dd><\/dl><dl class='gallery-item'>\n\t\t\t<dt class='gallery-icon portrait'>\n\t\t\t\t<a href=\"https:\/\/www.medskvz.org\/web\/comenius\/1891396_10202164275520603_656437523_o\/\"><img width=\"150\" height=\"150\" src=\"https:\/\/www.medskvz.org\/web\/wp-content\/uploads\/2013\/10\/1891396_10202164275520603_656437523_o-150x150.jpg\" class=\"attachment-thumbnail size-thumbnail colorbox-3050 \" alt=\"\" loading=\"lazy\" aria-describedby=\"gallery-2-3605\" \/><\/a>\n\t\t\t<\/dt>\n\t\t\t\t<dd class='wp-caption-text gallery-caption' id='gallery-2-3605'>\n\t\t\t\tDarovi\n\t\t\t\t<\/dd><\/dl><dl class='gallery-item'>\n\t\t\t<dt class='gallery-icon landscape'>\n\t\t\t\t<a href=\"https:\/\/www.medskvz.org\/web\/comenius\/1620512_10202164287040891_2119290851_n\/\"><img width=\"150\" height=\"150\" src=\"https:\/\/www.medskvz.org\/web\/wp-content\/uploads\/2013\/10\/1620512_10202164287040891_2119290851_n-150x150.jpg\" class=\"attachment-thumbnail size-thumbnail colorbox-3050 \" alt=\"\" loading=\"lazy\" aria-describedby=\"gallery-2-3606\" \/><\/a>\n\t\t\t<\/dt>\n\t\t\t\t<dd class='wp-caption-text gallery-caption' id='gallery-2-3606'>\n\t\t\t\tSloboda\n\t\t\t\t<\/dd><\/dl><br style=\"clear: both\" \/><dl class='gallery-item'>\n\t\t\t<dt class='gallery-icon landscape'>\n\t\t\t\t<a href=\"https:\/\/www.medskvz.org\/web\/comenius\/1969120_817527114941070_1962438950_n\/\"><img width=\"150\" height=\"150\" src=\"https:\/\/www.medskvz.org\/web\/wp-content\/uploads\/2013\/10\/1969120_817527114941070_1962438950_n-150x150.jpg\" class=\"attachment-thumbnail size-thumbnail colorbox-3050 \" alt=\"\" loading=\"lazy\" aria-describedby=\"gallery-2-3607\" \/><\/a>\n\t\t\t<\/dt>\n\t\t\t\t<dd class='wp-caption-text gallery-caption' id='gallery-2-3607'>\n\t\t\t\tRadionice\n\t\t\t\t<\/dd><\/dl><dl class='gallery-item'>\n\t\t\t<dt class='gallery-icon landscape'>\n\t\t\t\t<a href=\"https:\/\/www.medskvz.org\/web\/comenius\/1511071_10202164299241196_1322125402_n\/\"><img width=\"150\" height=\"150\" src=\"https:\/\/www.medskvz.org\/web\/wp-content\/uploads\/2013\/10\/1511071_10202164299241196_1322125402_n-150x150.jpg\" class=\"attachment-thumbnail size-thumbnail colorbox-3050 \" alt=\"\" loading=\"lazy\" aria-describedby=\"gallery-2-3608\" \/><\/a>\n\t\t\t<\/dt>\n\t\t\t\t<dd class='wp-caption-text gallery-caption' id='gallery-2-3608'>\n\t\t\t\tCrkva\n\t\t\t\t<\/dd><\/dl><dl class='gallery-item'>\n\t\t\t<dt class='gallery-icon landscape'>\n\t\t\t\t<a href=\"https:\/\/www.medskvz.org\/web\/comenius\/10001495_748560485154585_1774850987_n-1\/\"><img width=\"150\" height=\"150\" src=\"https:\/\/www.medskvz.org\/web\/wp-content\/uploads\/2013\/10\/10001495_748560485154585_1774850987_n-1-150x150.jpg\" class=\"attachment-thumbnail size-thumbnail colorbox-3050 \" alt=\"\" loading=\"lazy\" aria-describedby=\"gallery-2-3612\" \/><\/a>\n\t\t\t<\/dt>\n\t\t\t\t<dd class='wp-caption-text gallery-caption' id='gallery-2-3612'>\n\t\t\t\tNa\u0161 tim\n\t\t\t\t<\/dd><\/dl><br style=\"clear: both\" \/><dl class='gallery-item'>\n\t\t\t<dt class='gallery-icon landscape'>\n\t\t\t\t<a href=\"https:\/\/www.medskvz.org\/web\/comenius\/1898171_817528058274309_1380947219_n\/\"><img width=\"150\" height=\"150\" src=\"https:\/\/www.medskvz.org\/web\/wp-content\/uploads\/2013\/10\/1898171_817528058274309_1380947219_n-150x150.jpg\" class=\"attachment-thumbnail size-thumbnail colorbox-3050 \" alt=\"\" loading=\"lazy\" aria-describedby=\"gallery-2-3609\" \/><\/a>\n\t\t\t<\/dt>\n\t\t\t\t<dd class='wp-caption-text gallery-caption' id='gallery-2-3609'>\n\t\t\t\tIzlo\u017eba\n\t\t\t\t<\/dd><\/dl><dl class='gallery-item'>\n\t\t\t<dt class='gallery-icon landscape'>\n\t\t\t\t<a href=\"https:\/\/www.medskvz.org\/web\/comenius\/1977021_748575221819778_2129963322_n\/\"><img width=\"150\" height=\"150\" src=\"https:\/\/www.medskvz.org\/web\/wp-content\/uploads\/2013\/10\/1977021_748575221819778_2129963322_n-150x150.jpg\" class=\"attachment-thumbnail size-thumbnail colorbox-3050 \" alt=\"\" loading=\"lazy\" aria-describedby=\"gallery-2-3610\" \/><\/a>\n\t\t\t<\/dt>\n\t\t\t\t<dd class='wp-caption-text gallery-caption' id='gallery-2-3610'>\n\t\t\t\tSauna i kupanje\n\t\t\t\t<\/dd><\/dl><dl class='gallery-item'>\n\t\t\t<dt class='gallery-icon landscape'>\n\t\t\t\t<a href=\"https:\/\/www.medskvz.org\/web\/comenius\/1619367_817528188274296_1085562748_n\/\"><img width=\"150\" height=\"150\" src=\"https:\/\/www.medskvz.org\/web\/wp-content\/uploads\/2013\/10\/1619367_817528188274296_1085562748_n-150x150.jpg\" class=\"attachment-thumbnail size-thumbnail colorbox-3050 \" alt=\"\" loading=\"lazy\" aria-describedby=\"gallery-2-3611\" \/><\/a>\n\t\t\t<\/dt>\n\t\t\t\t<dd class='wp-caption-text gallery-caption' id='gallery-2-3611'>\n\t\t\t\tZavrna ve\u010dera\n\t\t\t\t<\/dd><\/dl><br style=\"clear: both\" \/><dl class='gallery-item'>\n\t\t\t<dt class='gallery-icon landscape'>\n\t\t\t\t<a href=\"https:\/\/www.medskvz.org\/web\/comenius\/1961704_748565781820722_1653010690_o\/\"><img width=\"150\" height=\"150\" src=\"https:\/\/www.medskvz.org\/web\/wp-content\/uploads\/2013\/10\/1961704_748565781820722_1653010690_o-150x150.jpg\" class=\"attachment-thumbnail size-thumbnail colorbox-3050 \" alt=\"\" loading=\"lazy\" aria-describedby=\"gallery-2-3613\" \/><\/a>\n\t\t\t<\/dt>\n\t\t\t\t<dd class='wp-caption-text gallery-caption' id='gallery-2-3613'>\n\t\t\t\tLeppa je javor, a uz njega tu su i breza i bor\n\t\t\t\t<\/dd><\/dl><dl class='gallery-item'>\n\t\t\t<dt class='gallery-icon portrait'>\n\t\t\t\t<a href=\"https:\/\/www.medskvz.org\/web\/comenius\/1621701_10202164303561304_1238806258_n\/\"><img width=\"150\" height=\"150\" src=\"https:\/\/www.medskvz.org\/web\/wp-content\/uploads\/2013\/10\/1621701_10202164303561304_1238806258_n-150x150.jpg\" class=\"attachment-thumbnail size-thumbnail colorbox-3050 \" alt=\"\" loading=\"lazy\" aria-describedby=\"gallery-2-3614\" \/><\/a>\n\t\t\t<\/dt>\n\t\t\t\t<dd class='wp-caption-text gallery-caption' id='gallery-2-3614'>\n\t\t\t\tSkijanje\n\t\t\t\t<\/dd><\/dl>\n\t\t\t<br style='clear: both' \/>\n\t\t<\/div>\n\n<p>&nbsp;<\/p>\n<p>Od 19. do 25. velja\u010de2014. odr\u017eao se drugi susret sudionika Comeniusova projekta Capture the World in a photo u Leppavirti u Finskoj. Leppavirta je mjesto s 10 000 stanovnika, impozantnom crkvom, &scaron;estom po veli\u010dini u Finskoj, jednostavnim i pragmati\u010dnim ljudima, toplom i malom srednjom &scaron;kolom u kojoj se &scaron;koluje &nbsp;tristotinjak u\u010denika i radi deset profesora i golemim smrznutim jezerima i beskona\u010dnim &scaron;umama. Ugo\u0111aj nije bio u potpunosti uobi\u010dajen za doba godine jer su temperature bile samo -7 do 0 stupnjeva. Padao je snijeg, odmrzavao se, prosjalo je i sunce&#8230; Pedesetak u\u010denika i profesora iz &scaron;est europskih zemalja provelo je jo&scaron; jedan nezaboravni tjedan fotografiraju\u0107i no\u0107no nebo nad Leppavirtom, posje\u0107uju\u0107i obli\u017enje znamenitosi u Kuopiju, gledaju\u0107i zvijezde teleskopom Hubbleom nad Australijom, pe\u0107u\u0107i kobasice na otvorenom pod zvijezdama (koje su zastirali oblaci), ska\u010du\u0107i u smrznuta jezera nakon toplih sauna&#8230; A onda je do&scaron;ao rastanak i pozdrav &#8211; vidimo se u Vara\u017edinu.<\/p>\n<p>&nbsp;<\/p>\n<h2><strong>Fotografijom u Regensburg <\/strong><\/h2>\n<p>&nbsp;<\/p>\n<p>&nbsp;<\/p>\n<p>23. &#8211; 29. 11. 2013. Pobjednici prvog kruga natjecanja otputovali su na prvu mobilnost u bavarski kraljevski grad Regensburg.<\/p>\n<p><a href=\"http:\/\/www.medskvz.org\/web\/wp-content\/uploads\/2013\/10\/bmw.jpg\"><img loading=\"lazy\" alt=\"bmw\" class=\"alignleft size-medium wp-image-3461 colorbox-3050\" height=\"199\" src=\"http:\/\/www.medskvz.org\/web\/wp-content\/uploads\/2013\/10\/bmw-300x199.jpg\" width=\"300\" srcset=\"https:\/\/www.medskvz.org\/web\/wp-content\/uploads\/2013\/10\/bmw-300x199.jpg 300w, https:\/\/www.medskvz.org\/web\/wp-content\/uploads\/2013\/10\/bmw-1024x682.jpg 1024w, https:\/\/www.medskvz.org\/web\/wp-content\/uploads\/2013\/10\/bmw.jpg 2048w\" sizes=\"(max-width: 300px) 100vw, 300px\" \/><\/a><\/p>\n<p>Skupina od sedam entuzijasti\u010dnih u\u010denika i nastavnika ljubitelja fotografije iz Medicinske &scaron;kole Vara\u017edin provela je nezaboravan tjedan u njema\u010dkoj kraljevskoj prijestolnici na rijeci Dunav &ndash; bavarskome gradu Regensburgu od 23. do 29. studenoga 2013. Zahvaljuju\u0107i bespovratnim sredstvima dodijeljenim iz Programa za cjelo\u017eivotno u\u010denje i programe EU. Na prvoj od &scaron;est mobilnosti u okviru dvogodi&scaron;njeg Comenius projekta nazvanog &bdquo;Capture the World in a photo&ldquo; u koji je uklju\u010deno &scaron;est srednjih &scaron;kola iz \u010ditavog geografskog prostora Europe &ndash; od Finske i Poljske na sjeveru, &Scaron;panjolske na zapadu, Njema\u010dke i Hrvatske u srcu dragog nam kontinenta do pridru\u017eene nam Turske na istoku u\u010denici Sara Ba\u010dani, Damir Horvat, Davorka Kramari\u0107 i Glorija Kuserbanj u dru&scaron;tvu svojih profesora Ivana Glo\u017eini\u0107a, Sa&scaron;e Josipa Mileca i Nata&scaron;e Sajko u\u010dili su o osnovama fotografije kao umjetnosti, poziranju, foto&scaron;opiranju i mnogim drugim tajnama fotografskoga zanata, predstavljalo se svoj grad i &scaron;kolu i vje\u017ebalo govoriti univerzalnim jezikom Europe, engleskim, u\u010dilo se timskome radu i me\u0111usobnom pou\u010davanju. Doma\u0107ica prvog susreta bila je strukovna &scaron;kola St&auml;dtische Berufsschule II Regensburg, pravi div sa \u010dak 3000 u\u010denika. Mnogi od tih u\u010denika u svoju &scaron;kolu sti\u017eu iz \u010ditave Bavarske, neki \u010dak i iz tristo kilometara udaljenih gradova, budu\u0107i da srednjo&scaron;kolsko obrazovanje za fotografa u Bavarskoj mo\u017eete polaziti samo u dvije &scaron;kole: ovoj u Regensburgu i drugoj u Munchenu.<\/p>\n<p><a href=\"http:\/\/www.medskvz.org\/web\/wp-content\/uploads\/2013\/10\/IMGP7747.jpg\"><img loading=\"lazy\" alt=\"IMGP7747\" class=\"alignleft size-medium wp-image-3462 colorbox-3050\" height=\"199\" src=\"http:\/\/www.medskvz.org\/web\/wp-content\/uploads\/2013\/10\/IMGP7747-300x199.jpg\" width=\"300\" srcset=\"https:\/\/www.medskvz.org\/web\/wp-content\/uploads\/2013\/10\/IMGP7747-300x199.jpg 300w, https:\/\/www.medskvz.org\/web\/wp-content\/uploads\/2013\/10\/IMGP7747-1024x680.jpg 1024w, https:\/\/www.medskvz.org\/web\/wp-content\/uploads\/2013\/10\/IMGP7747.jpg 1600w\" sizes=\"(max-width: 300px) 100vw, 300px\" \/><\/a><\/p>\n<p>Odli\u010dno opremljene u\u010dionice i praktikumi te obrazovani i vrlo motivirani nastavnici ostavili su duboki dojam na nas goste. Sve je bilo organizirano u poslovi\u010dnom njema\u010dkom duhu: to\u010dno, precizno i bez pogre&scaron;aka. Nakon radionica namijenjenih upoznavanju, imali smo prilike saznati ne&scaron;to o Rimljanima u Regensburgu, srednjovjekovnome gradu koji je svoje povlastice slobodnoga kraljevskog grada u istom stolje\u0107u kad i na&scaron; Vara\u017edin, 1245. Ali je i odr\u017eao sve do 18. Stolje\u0107a. Razgledali smo goti\u010dku katedralu &scaron;to se ponosno izdi\u017ee na bre\u017euljku u sredi&scaron;tu grada, stari kameni most i &scaron;armantne ku\u0107e uz Dunav&hellip; Na&scaron;i su u\u010denici sa svojim kolegama, sveukupno ih je stiglo dvadesetak, fotografirali, a mi smo nastavnici izabrali najuspje&scaron;niju fotografiju na prvom natje\u010daju na koji je pristiglo 18 najuspjelijih fotografija iz svih &scaron;kola sudionica. Tema je prvog kruga natjecanja bio minimalizam a najuspjelija je bila u\u010denica iz &scaron;kole doma\u0107ina, ali podrijetlom na&scaron;e gore list s izvrsnim poznavanjem hrvatskoga jezika, Dijana Muji\u0107 koja je snimila ljutu crvenu papriku, no ni na&scaron;i u\u010denici nisu ostali bez glasova u javnome glasovanju. Osim upu\u0107ivanja u tajne fotografiranja, na&scaron;i doma\u0107ini vje&scaron;ti su i u upu\u0107ivanje u tajne bavarske kuhinje. Organizirali su nam posjet biskupskoj pivovari koja u njihovome gradu djeluje jo&scaron; od 13. Stolje\u0107a, zatim smo saznali kako su izgledale srednjovjekovne ve\u010dere pod svjetlo&scaron;\u0107u svije\u0107a, otputovali smo u bavarsku prijestolnicu Munchen i razgledali muzej BMW-a i Allianz Arenu i njihov memorijalnu zbirku i muzej FC Bayerna. Svi sudionici na projektu fotografirali su se ispred ovih monumentalnih modernih gra\u0111evina. Ispunjeni uzbudljivim iskustvima i novim prijateljstvima, sretni smo si na kraju dru\u017eanja uzviknuli: dovi\u0111enja u u Finskoj! Dovi\u0111enja u Lepavirti! Tamo nas u velja\u010di o\u010dekuje no\u0107no nebo i mno&scaron;tvo novim spoznaja i neka sad ve\u0107 znana prijateljska lica. Nata&scaron;a Sajko, prof.<\/p>\n<h1><strong><em>Capture the World in a Photo<\/em><\/strong><\/h1>\n<p><strong>Predavanja i radionice o teoriji fotografije<\/strong><\/p>\n<p>17. &nbsp;i 24. listopada 2013.<\/p>\n<p>Zahuktao se rad na na&scaron;em projektu. Ugostili smo prvoga predava\u010da, Dra\u017eena Zrinskoga, iz vara\u017edinskoga fotokluba koji nam je odr\u017eao &nbsp;uvodna predavanja o povijesti fotografije i osnovama fotografiranja te predstavio prvu zadanu temu na projektu: Minimalizam.<\/p>\n<p>&nbsp;<\/p>\n<p><a href=\"http:\/\/www.medskvz.org\/web\/wp-content\/uploads\/2013\/10\/1383748_636952492992698_1352272543_n.jpg\"><img loading=\"lazy\" alt=\"Dra\u017een Zrinski\" class=\"alignnone size-medium wp-image-3103 colorbox-3050\" height=\"200\" src=\"http:\/\/www.medskvz.org\/web\/wp-content\/uploads\/2013\/10\/1383748_636952492992698_1352272543_n-300x200.jpg\" width=\"300\" srcset=\"https:\/\/www.medskvz.org\/web\/wp-content\/uploads\/2013\/10\/1383748_636952492992698_1352272543_n-300x200.jpg 300w, https:\/\/www.medskvz.org\/web\/wp-content\/uploads\/2013\/10\/1383748_636952492992698_1352272543_n.jpg 960w\" sizes=\"(max-width: 300px) 100vw, 300px\" \/><\/a> <a href=\"http:\/\/www.medskvz.org\/web\/wp-content\/uploads\/2013\/10\/1383104_636950339659580_2088429067_n.jpg\"><img loading=\"lazy\" alt=\"1383104_636950339659580_2088429067_n\" class=\"alignnone size-medium wp-image-3104 colorbox-3050\" height=\"200\" src=\"http:\/\/www.medskvz.org\/web\/wp-content\/uploads\/2013\/10\/1383104_636950339659580_2088429067_n-300x200.jpg\" width=\"300\" srcset=\"https:\/\/www.medskvz.org\/web\/wp-content\/uploads\/2013\/10\/1383104_636950339659580_2088429067_n-300x200.jpg 300w, https:\/\/www.medskvz.org\/web\/wp-content\/uploads\/2013\/10\/1383104_636950339659580_2088429067_n.jpg 960w\" sizes=\"(max-width: 300px) 100vw, 300px\" \/><\/a> <a href=\"http:\/\/www.medskvz.org\/web\/wp-content\/uploads\/2013\/10\/1381693_636949306326350_1663157116_n.jpg\"><img loading=\"lazy\" alt=\"1381693_636949306326350_1663157116_n\" class=\"alignnone size-medium wp-image-3105 colorbox-3050\" height=\"200\" src=\"http:\/\/www.medskvz.org\/web\/wp-content\/uploads\/2013\/10\/1381693_636949306326350_1663157116_n-300x200.jpg\" width=\"300\" srcset=\"https:\/\/www.medskvz.org\/web\/wp-content\/uploads\/2013\/10\/1381693_636949306326350_1663157116_n-300x200.jpg 300w, https:\/\/www.medskvz.org\/web\/wp-content\/uploads\/2013\/10\/1381693_636949306326350_1663157116_n.jpg 960w\" sizes=\"(max-width: 300px) 100vw, 300px\" \/><\/a> <a href=\"http:\/\/www.medskvz.org\/web\/wp-content\/uploads\/2013\/10\/1385366_636950386326242_293038296_n.jpg\"><img loading=\"lazy\" alt=\"1385366_636950386326242_293038296_n\" class=\"alignnone size-medium wp-image-3106 colorbox-3050\" height=\"200\" src=\"http:\/\/www.medskvz.org\/web\/wp-content\/uploads\/2013\/10\/1385366_636950386326242_293038296_n-300x200.jpg\" width=\"300\" srcset=\"https:\/\/www.medskvz.org\/web\/wp-content\/uploads\/2013\/10\/1385366_636950386326242_293038296_n-300x200.jpg 300w, https:\/\/www.medskvz.org\/web\/wp-content\/uploads\/2013\/10\/1385366_636950386326242_293038296_n.jpg 960w\" sizes=\"(max-width: 300px) 100vw, 300px\" \/><\/a><\/p>\n<p><strong>Slu\u017ebena stranica Projekta<\/strong><\/p>\n<p><strong>7. listopada 2013.<\/strong><\/p>\n<p>Predstavljena je i slu\u017ebena Facebook-stranica projekta koju zajedni\u010dki ure\u0111uju svi sudionici na projektu.<\/p>\n<p><a href=\"https:\/\/www.facebook.com\/capturetheworldinaphoto?fref=ts\" style=\"line-height: 1.6em;\" target=\"_blank\" rel=\"noopener\">https:\/\/www.facebook.com\/capturetheworldinaphoto?fref=ts<\/a><\/p>\n<p>&nbsp;<\/p>\n<p><strong>Tiskovna konferencija u maloj dvorani \u017dupanijske pala\u010de&nbsp;<\/strong><\/p>\n<p>2. listopada 2013.<\/p>\n<p>U maloj dvorani \u017dupanijske pala\u010de na Franjeva\u010dkomu trgu u Vara\u017edinu predstavili smo javnosti svoj projekt: Capture the World in a Photo. &nbsp;Predstavljanje su popratili predstavnici svih lokalnih tiskovina (Regionalni tjednik, Vara\u017edinske vijesti,e-Vara\u017edin, Vara\u017edinski radio, Radio Sjeverozapad) svojim vijestima a Vara\u017edinska se \u017eupanija i ovaj put predstavila kao pouzdani partner ustupiv&scaron;i nam prostor za predstavljanje i prihvativ&scaron;i poziv vara\u017edinskoga do\u017eupana Alena Ko&scaron;i\u0107a da sudjeluje u tiskovnoj konfereniciji.<\/p>\n<p><a href=\"http:\/\/www.medskvz.org\/web\/wp-content\/uploads\/2013\/10\/presica-.-2.10.-2013..jpg\"><img loading=\"lazy\" alt=\"presica . 2.10. 2013.\" class=\"alignnone size-full wp-image-3056 colorbox-3050\" height=\"225\" src=\"http:\/\/www.medskvz.org\/web\/wp-content\/uploads\/2013\/10\/presica-.-2.10.-2013..jpg\" width=\"300\" \/><\/a><\/p>\n<p>foto: ravnateljica Mirjana Grabar-Kruljac, zamjenik \u017eupana Alen Ko&scaron;i\u0107, projektna koordinatorica Nata&scaron;a Sajko<\/p>\n<p><strong>Prva zajedni\u010dka fotografija<\/strong><\/p>\n<p>2. listopada 2013.<\/p>\n<p><a href=\"http:\/\/www.medskvz.org\/web\/wp-content\/uploads\/2013\/10\/1272970_10201180916297237_1919253340_o.jpg\"><img loading=\"lazy\" alt=\"Sudionici na projektu &quot;Capture the World in a Photo&quot;\" class=\"alignnone size-medium wp-image-3062 colorbox-3050\" height=\"200\" src=\"http:\/\/www.medskvz.org\/web\/wp-content\/uploads\/2013\/10\/1272970_10201180916297237_1919253340_o-300x200.jpg\" width=\"300\" srcset=\"https:\/\/www.medskvz.org\/web\/wp-content\/uploads\/2013\/10\/1272970_10201180916297237_1919253340_o-300x200.jpg 300w, https:\/\/www.medskvz.org\/web\/wp-content\/uploads\/2013\/10\/1272970_10201180916297237_1919253340_o-1024x682.jpg 1024w, https:\/\/www.medskvz.org\/web\/wp-content\/uploads\/2013\/10\/1272970_10201180916297237_1919253340_o.jpg 1600w\" sizes=\"(max-width: 300px) 100vw, 300px\" \/><\/a><\/p>\n<p>foto: nastavnici i u\u010denici uklju\u010deni u projekt<\/p>\n<p>&quot;Capture the World in a Photo&quot;&nbsp;Comenius je projekt koji se odvija u okviru Programa za cjelo\u017eivotno u\u010denje Europske unije. Rije\u010d je o multilateralnom &scaron;kolskom partnerstvu u koje je&nbsp;<span style=\"line-height: 1.6em;\">uklju\u010deno &scaron;est &scaron;kola partnera iz Poljske, Turske, &Scaron;panjolske, Njema\u010dke, Finske i Hrvatske. Projekt \u0107e se odvijati od rujna 2013. do 2015. godine.<\/span><\/p>\n<p><span style=\"line-height: 1.6em;\">Glavni koordinator i za\u010detnik projektne ideje je &scaron;kola Zasp&oacute;\u0142 Szk&oacute;\u0142 Ponadgimnazjalnych w Sierakowicach Liceum Og&oacute;lnokszta\u0142c\u0105ce iz Poljske, to\u010dnije malog mjesta Sierakowice na sjeveru zemlje.<\/span><\/p>\n<p>&nbsp;<\/p>\n<p>Ostale<span style=\"line-height: 1.6em;\">&nbsp;<\/span><span style=\"line-height: 1.6em;\">su<\/span><span style=\"line-height: 1.6em;\">&nbsp;&scaron;kole partneri:<\/span><\/p>\n<p>1. gimnazija&nbsp; Nizip Anadolu Ogretmen Lisesi, op\u0107a gimnazija iz turskoga grada Gaziantepa&nbsp;<\/p>\n<p>2. gimnazija i stru\u010dna &scaron;kola Beasain BHI iz &scaron;panjolskog, to\u010dnije baskijskoga,&nbsp; grada Beasaina<\/p>\n<p>3. strukovna i tehni\u010dka &scaron;kola St&auml;dtische Berufsschule II Regensburg iz njema\u010dkoga grada Regensburga<\/p>\n<p>4. gimnazija Lepp&auml;virran lukio iz finskoga grada Lepp&auml;virta<\/p>\n<p>5. i Medicinska &scaron;kola Vara\u017edin.<\/p>\n<p><span style=\"line-height: 1.6em;\">U projekt \u0107e biti uklju\u010deno dvadesetak u\u010denika u svakoj zemlji i svaka \u0107e zemlja izvesti najmanje 24 me\u0111unarodne mobilnosti u\u010denika i profesora. U na&scaron;oj &scaron;koli u projekt \u0107e biti uklju\u010deni profesori: Ivan Glo\u017eini\u0107 i Sa&scaron;a Josip Milec&nbsp; kao mentori u\u010denicima i Nata&scaron;a Sajko kao projektna koordinatorica&nbsp; i ravnateljica Mirjana Grabar-Kruljac.<\/span><\/p>\n<p>Medicinska &scaron;kola Vara\u017edin primila je grant Nacionalne agencije za programe EU, Agencije za mobilnost i projekte EU, u vrijednosti od 22 500 eura, &scaron;to je i najvi&scaron;a svota koju odobrava Nacionalna agencija za projekte ove vrste<\/p>\n<p><span style=\"line-height: 1.6em;\">Osnovna je svrha projekta upoznavanje u\u010denika iz razli\u010ditih i udaljenih dijelova zemalja \u010dlanica EU i zemalja pristupnica (Turska) i stjecanje jezi\u010dnih, komunikacijskih i digitalnih kompetencija.<\/span><\/p>\n<p>Ve\u0107ina u\u010denika uklju\u010denih u na&scaron; projekt dolazi iz srednjih ili ni\u017eih (siroma&scaron;nih) dru&scaron;tvenih slojeva i manjih sredina. Darovan novac omogu\u0107it \u0107e im me\u0111usobno upoznavanje, upoznavanje razli\u010ditih kultura i obi\u010daja okom kamere, ali i fotografije kao moderne umjetnosti koja je preslabo zastupljena u svim nacionalnim kurikulima, pa i hrvatskome.<\/p>\n<p><span style=\"line-height: 1.6em;\">Osnovna je zamisao projekta vrlo jednostavna i organizira se u tri faze: U prvoj se fazi z<\/span>a u\u010denike &nbsp;organizira izvannastavna aktivnost,&nbsp;fotogrupa, u kojoj u\u010denici stje\u010du osnovna znanja o fotografiji kao umjetni\u010dkoj djelatnosti, imaju prilike slu&scaron;ati predavanja stru\u010dnjaka fotografa i upoznati nacionalnu fotografiju. &Scaron;kola \u0107e nabaviti i kvalitetnu opremu (fotoaparat, stalak, objektiv) iz dobivenih sredstava.<\/p>\n<p>U drugoj fazi svi se&nbsp;u\u010denici iz &scaron;kole mogu uklju\u010diti u fotonatje\u010daj i predstaviti &nbsp;na &scaron;kolskoj izlo\u017ebi svojim radom na zadanu temu. Tema prve mobilnosti je: minimalizam.&nbsp; &Scaron;kolski \u017eiri sastavljen od u\u010denika, nastavnika i stru\u010dnjaka fotografa bira najuspjelije tri fotografije i ti u\u010denici idu na me\u0111unarodnu mobilnost, tj. upoznati zemlju doma\u0107ina. To \u0107e u studenome ove godine biti &scaron;kola iz Regensburga (25 &#8211; 29. studenoga 2013.)&nbsp;<span style=\"line-height: 1.6em;\">&nbsp; Na me\u0111unarodnom susretu organizira se i izlo\u017eba svih nagra\u0111enih radova u nekom javnom prostoru (galeriji, vije\u0107nici, muzeju i sl.). To je tre\u0107a faza projekta.&nbsp;Pobjednik me\u0111unarodnog natjecanja na prvoj mobilnosti bira sljede\u0107u natjecateljsku temu za sljede\u0107i susret u Finskoj.<\/span><\/p>\n<p><span style=\"line-height: 1.6em;\">Na&scaron;a &scaron;kola bit \u0107e doma\u0107in tre\u0107eg susreta u travnju 2014. godine kada \u0107emo ugostiti \u010detrdesetak u\u010denika i profesora iz na&scaron;ih zemalja partnera.<\/span><\/p>\n<p>U drugoj godini organiziraju se susreti u Turskoj, &Scaron;panjolskoj i Poljskoj.&nbsp; Za vrijeme trajanja projekta izradit \u0107e se Facebook-stranica za pra\u0107enje projektnih aktivnosti i me\u0111usobnu komunikaciju sudionika projekta koju \u0107e ure\u0111ivati sami u\u010denici. Tako \u0107e i vje\u017ebati i poznavanje i uporabu engleskoga jezika&nbsp; koji je i slu\u017ebeni jezik projekta.<\/p>\n<p>Facebook stranica na&scaron;ih sudionika na projektu je na sljede\u0107oj poveznici.<a href=\"https:\/\/www.facebook.com\/comeniusmedskolavarazdin?hc_location=stream\" target=\"_blank\" rel=\"noopener\">https:\/\/www.facebook.com\/comeniusmedskolavarazdin?hc_location=stream<\/a><\/p>\n<p>&nbsp;<\/p>\n","protected":false},"excerpt":{"rendered":"<div class=\"slide-text-bg2\"><span>&nbsp; Tjedan pejza\u017ea u Vara\u017edinu od 5. do 11. 4. 2014. pi&scaron;e: Antonia Matejak Ne&scaron;to prije samog Uskrsa, kada je prolje\u0107e bilo u punom zele<\/span><\/div>\n<div class=\"slide-btn-area-sm\"><a href=\"https:\/\/www.medskvz.org\/web\/comenius\/\" class=\"slide-btn-sm\">Pro\u010ditaj vi\u0161e<\/a><\/div>\n","protected":false},"author":12,"featured_media":0,"parent":0,"menu_order":0,"comment_status":"closed","ping_status":"open","template":"","meta":[],"_links":{"self":[{"href":"https:\/\/www.medskvz.org\/web\/wp-json\/wp\/v2\/pages\/3050"}],"collection":[{"href":"https:\/\/www.medskvz.org\/web\/wp-json\/wp\/v2\/pages"}],"about":[{"href":"https:\/\/www.medskvz.org\/web\/wp-json\/wp\/v2\/types\/page"}],"author":[{"embeddable":true,"href":"https:\/\/www.medskvz.org\/web\/wp-json\/wp\/v2\/users\/12"}],"replies":[{"embeddable":true,"href":"https:\/\/www.medskvz.org\/web\/wp-json\/wp\/v2\/comments?post=3050"}],"version-history":[{"count":20,"href":"https:\/\/www.medskvz.org\/web\/wp-json\/wp\/v2\/pages\/3050\/revisions"}],"predecessor-version":[{"id":3888,"href":"https:\/\/www.medskvz.org\/web\/wp-json\/wp\/v2\/pages\/3050\/revisions\/3888"}],"wp:attachment":[{"href":"https:\/\/www.medskvz.org\/web\/wp-json\/wp\/v2\/media?parent=3050"}],"curies":[{"name":"wp","href":"https:\/\/api.w.org\/{rel}","templated":true}]}}