{"id":13163,"date":"2022-02-10T12:50:06","date_gmt":"2022-02-10T10:50:06","guid":{"rendered":"https:\/\/www.medskvz.org\/web\/?page_id=13163"},"modified":"2023-02-13T16:55:28","modified_gmt":"2023-02-13T14:55:28","slug":"politika-privatnosti","status":"publish","type":"page","link":"https:\/\/www.medskvz.org\/web\/politika-privatnosti\/","title":{"rendered":"Politika privatnosti"},"content":{"rendered":"\n<p><strong>POLITIKA PRIVATNOSTI MEDICINSKE \u0160KOLE VARA\u017dDIN<\/strong><\/p>\n<p>\u00a0<\/p>\n<p>Ova Politika privatnosti, utemeljena na\u00a0<strong>Op\u0107oj uredbi o za\u0161titi podataka (GDPR<\/strong>), obja\u0161njava koji se osobni podaci prikupljaju u vezi s na\u0161im aktivnostima, kako te podatke obra\u0111ujemo, koristimo i \u0161titimo, u koje ih svrhe upotrebljavamo, kao i va\u0161a prava povezana s va\u0161im podacima.<\/p>\n<p>\u00a0<\/p>\n<p><strong>NA\u0160E TEMELJNO NA\u010cELO JE PRIVATNOST I ZA\u0160TITA OSOBNIH PODATAKA<\/strong><\/p>\n<p>Privatnost pojedinaca i za\u0161tita osobnih podataka temeljna su ljudska prava. Moramo brinuti za privatnost pojedinaca \u010dije osobne podatke obra\u0111ujemo i pohranjujemo. Podaci su odgovornost, i moraju se prikupljati i obra\u0111ivati samo kada je apsolutno neophodno.<\/p>\n<p>Medicinska \u0161kola Vara\u017edin dr\u017ei se sljede\u0107ih na\u010dela s ciljem za\u0161tite privatnosti svojih u\u010denika, njihovih roditelja ili skrbnika, na\u0161ih zaposlenika, gostiju i posjetitelja:<\/p>\n<ul>\n<li>ne prikupljamo vi\u0161e informacija nego \u0161to je potrebno,<\/li>\n<li>osobne podatke ne koristimo u svrhe koje nisu navedene,<\/li>\n<li>ne \u010duvamo osobne podatke ako vi\u0161e nije potrebno,<\/li>\n<li>nikada ne prodajemo, posu\u0111ujemo ili distribuiramo niti javno objavljujemo osobne podatke,<\/li>\n<li>osobne podatke ne \u0161aljemo tre\u0107im stranama bez va\u0161eg znanja,<\/li>\n<li>ne koristimo nikakvu automatiziranu obradu i dono\u0161enje odluka niti profiliranje,<\/li>\n<li>osobne podatke ne prenosimo izvan EU\/EEA,<\/li>\n<li>osobne podatke ne koristimo u svrhe koje nisu navedene,<\/li>\n<li>kontinuirano osiguravamo da su osobni podaci sigurno<\/li>\n<\/ul>\n<p>\u00a0<\/p>\n<p>Ako \u0107ete imati daljnjih pitanja o za\u0161titi osobnih podataka ili nam \u017eelite prenijeti svoje ideje i preporuke, molimo obratite nam se putem kontakta:<\/p>\n<p>\u00a0<\/p>\n<p>\u00a0\u00a0\u00a0\u00a0\u00a0\u00a0\u00a0\u00a0 <strong>Slu\u017ebenik za za\u0161titu podataka<\/strong><\/p>\n<p><strong>\u00a0\u00a0\u00a0\u00a0\u00a0\u00a0\u00a0\u00a0\u00a0<\/strong>e-mail<strong>\u00a0:\u00a0<\/strong><a href=\"mailto:zoran.hercigonja@skole.hr\">zoran.hercigonja@skole.hr<\/a><\/p>\n<p>\u00a0\u00a0\u00a0\u00a0\u00a0\u00a0\u00a0\u00a0 telefon: 099 263 7296<\/p>\n<p><strong>\u00a0<\/strong><\/p>\n<p><strong>\u00a0<\/strong><\/p>\n<p><strong>VODITELJ OBRADE<\/strong><\/p>\n<p>Medicinska \u0161kola Vara\u017edin nastupa u odnosu na osobne podatke vas kao na\u0161ih u\u010denika, nositelja roditeljske odgovornosti na\u0161ih u\u010denika, vanjskih suradnika te gostiju i posjetitelja, u ulozi voditelja obrade koji odre\u0111uje svrhe i na\u010dine obrada va\u0161ih osobnih podataka te brine o osiguravanju svih mjera sigurnosti va\u0161ih osobnih podataka. Voditelj obrade va\u0161ih osobnih podataka ove mre\u017ene stranice je:<\/p>\n<p><strong>\u00a0\u00a0\u00a0\u00a0\u00a0\u00a0 Medicinska \u0161kola Vara\u017edin<\/strong><\/p>\n<p><strong>\u00a0\u00a0\u00a0\u00a0 \u00a0\u00a0Vinka Me\u0111erala 11<\/strong><\/p>\n<p><strong>\u00a0\u00a0\u00a0\u00a0 \u00a0\u00a042000 Vara\u017edin<\/strong><\/p>\n<p><strong>\u00a0\u00a0\u00a0 \u00a0\u00a0\u00a0Hrvatska<\/strong><\/p>\n<p><strong>KAKO I KOJE VA\u0160E PODATKE PRIKUPLJAMO?<\/strong><\/p>\n<p><strong>Podaci koji se ti\u010du u\u010denika, roditelja i skrbnika, zaposlenika \u0161kole, vanjskih\u00a0suradnika i gostiju<\/strong><\/p>\n<p>U skladu sa Zakonom o odgoju i obrazovanju u osnovnoj i srednjoj \u0161koli i podzakonskim propisima, djelatnost osnovnog odgoja i obrazovanja obavlja se kao javna slu\u017eba.<\/p>\n<p>Na osnovi javnih ovlasti Medicinska \u0161kola Vara\u017edin, izme\u0111u ostalog, obavlja sljede\u0107e poslove:<\/p>\n<ul>\n<li>upisivanje podataka o odgojno-obrazovnom radu u zajedni\u010dki upisnik \u0161kolskih ustanova u elektroni\u010dkom obliku \u2013 e-Matica, za koju obradu je Ministarstvo znanosti i obrazovanja voditelj obrade, dok je istovremeno Medicinska \u0161kola Vara\u017edin voditelj obrade za osobne podatke koje prikuplja,<\/li>\n<li>upise i ispise vo\u0111enjem odgovaraju\u0107e evidencije i dokumentacije,<\/li>\n<li>vrednovanje i ocjenjivanje u\u010denika te vo\u0111enje evidencija o vrednovanju i ocjenjivanju, kao i vo\u0111enje evidencija o u\u010deni\u010dkim postignu\u0107ima,<\/li>\n<li>izricanje pedago\u0161kih mjera i vo\u0111enje evidencija o istima,<\/li>\n<li>izdavanje javnih isprava i drugih potvrda,<\/li>\n<li>provo\u0111enje sufinancirane prehrane u\u010denika i njihovog prijevoza,<\/li>\n<li>vo\u0111enje evidencija posudbe i zadu\u017eivanja knjiga,<\/li>\n<li>vo\u0111enje evidencija u\u010denika u posebnim obrazovnim programima i EU projektima,<\/li>\n<\/ul>\n<p>te pri tom prikuplja, obra\u0111uje i pohranjuje osobne podatke:<\/p>\n<ul>\n<li>zaposlenika Medicinske \u0161kole Vara\u017edin i vanjskih suradnika,<\/li>\n<li>u\u010denika Medicinske \u0161kole Vara\u017edin i njihovih nositelja roditeljske odgovornosti,<\/li>\n<li>u\u010denika drugih osnovnih i srednjih \u0161kola kao sudionika posebnih programa i EU projekata,<\/li>\n<li>\u010dlanova \u0160kolskog odbora, Nastavni\u010dkog vije\u0107a, Vije\u0107a roditelja i Vije\u0107a u\u010denika,<\/li>\n<li>kandidata koji sudjeluju u postupku zapo\u0161ljavanja,<\/li>\n<\/ul>\n<p>sve u skladu s na\u010dinima i rokovima odre\u0111enima Zakonom o odgoju i obrazovanju u osnovnoj i srednjoj \u0161koli i Zakona o arhivskom gradivu i arhivima te pripadaju\u0107im podzakonskim propisima.<\/p>\n<p>Osobni podaci u\u010denika, uklju\u010duju\u0107i i fotografije i audio i video zapise, prikupljeni u sklopu aktivnosti Medicinske \u0161kole Vara\u017edin u skladu sa \u0160kolskim kurikulumom i Godi\u0161njim planom i programom rada javno se objavljuju na na\u0161im mre\u017enim stranicama, temeljem prethodno dane privole nositelja roditeljske odgovornosti ili u\u010denika.<\/p>\n<p>\u00a0<\/p>\n<p><strong>Video-nadzor<\/strong><\/p>\n<p>Medicinska \u0161kola Vara\u017edin koristi sustav video nadzora u svrhe za\u0161tite imovine i sigurnosti u\u010denika, zaposlenika, vanjskih suradnika i posjetitelja. Njime se nadzire prihvatljivi prostor oko i unutar objekta \u0161kole, \u010diji su perimetri kamera ozna\u010deni jasno vidljivim obavijestima. Snimke video nadzora pohranjuju se najdu\u017ee \u0161est mjeseci od dana nastanka, iznimno dulje ako su potrebne kao dokaz u sudskom, upravnom, arbitra\u017enom ili drugom postupku.<\/p>\n<p>\u00a0<\/p>\n<p><strong>Mre\u017ena stranica<\/strong><\/p>\n<p>U okviru svog djelovanja Medicinska \u0161kola Vara\u017edin koristi usluge poslovnih subjekata u svojstvu izvr\u0161itelja obrada koji obra\u0111uju osobne podatke zaposlenika, u\u010denika, nositelja roditeljske odgovornosti, vanjskih suradnika, pomo\u0107nika u nastavi, gostiju i posjetitelja za svrhe ispunjenja zakonskih obveza iz podru\u010dja odgoja i obrazovanja, IT podr\u0161ke, odr\u017eavanja sustava video-nadzora te sigurne pohrane i obrade dokumentacije, kao i u svrhu provo\u0111enja aktivnosti u skladu sa \u0160kolskom kurikulumom i Godi\u0161njim planom i programom.<\/p>\n<p>Dio podataka razmjenjujemo i ustupamo temeljem zakonskih obveza tijelima javne vlasti poput Ministarstva znanosti i obrazovanja, osniva\u010da, Hrvatskog zavoda za zapo\u0161ljavanje, Hrvatskog zavoda za mirovinsko osiguranje, Porezne uprave, druge \u0161kolske ustanove temeljem njihovog zahtjeva i sl.<\/p>\n<p>Davanje pristupa podacima drugim pravnim ili fizi\u010dkim osobama uvijek je ograni\u010deno na mjeru nu\u017enu za postizanje svrhe za koju su podaci prikupljeni te se provodi sukladno va\u017ee\u0107oj regulativi. Istovremeno vam jam\u010dimo da u sklopu na\u0161ih obrada osobnih podataka ne dolazi do njihovog prijenosa u tre\u0107e zemlje izvan podru\u010dja Europske unije.<\/p>\n<p>\u00a0<\/p>\n<p><strong>\u00a0INFORMACIJSKA SIGURNOST<\/strong><\/p>\n<p>Kada Medicinska \u0161kola Vara\u017edin prikuplja informacije o vama, osiguravamo da su va\u0161i osobni podaci za\u0161ti\u0107eni od slu\u010dajnog ili nezakonitog uni\u0161tenja, gubitka, izmjene, neovla\u0161tenog otkrivanja ili pristupa osobnim podacima koji se prenose, pohranjuju ili se na drugi na\u010din obra\u0111uju. To se provodi kroz odgovaraju\u0107e profesionalne tehni\u010dke mjere i pomno birane poslovne partnere koji osiguravaju najvi\u0161u razinu sigurnosti obrada podataka.<\/p>\n<p>\u00a0<\/p>\n<p><strong>KOLA\u010cI\u0106I (COOKIES)<\/strong><\/p>\n<p>Kola\u010di\u0107 je datoteka koja se sprema na va\u0161em ra\u010dunalu ili mobilnom ure\u0111aju kad posjetite odre\u0111eno web mjesto. Pomo\u0107u kola\u010di\u0107a pamte se va\u0161e radnje i postavke tijekom odre\u0111enog razdoblja.<\/p>\n<p>Na slu\u017ebenoj internetskoj stranici Medicinske \u0161kole Vara\u017edin prikupljaju se samo najosnovniji podaci putem kola\u010di\u0107a (cookies), kako bi se korisnicima olak\u0161alo kori\u0161tenje stranice. Na\u0161a mre\u017ena stranica ne prikuplja Va\u0161e osobne podatke unutar kola\u010di\u0107a.<\/p>\n<p>\u00a0<\/p>\n<p><strong>VA\u0160A PRAVA<\/strong><\/p>\n<p><strong>\u00a0<\/strong>Na\u0161i korisnici u svakom trenutku imaju sljede\u0107a prava prema Op\u0107oj uredbi o za\u0161titi podataka:<\/p>\n<ul>\n<li>pravo na pristup podacima i uvid u podatke<\/li>\n<li>pravo na informiranost o obradi osobnih podataka<\/li>\n<li>pravo na povla\u010denje privole<\/li>\n<li>pravo na podno\u0161enje prigovora<\/li>\n<li>pravo na ispravak i promjenu osobnih podataka u slu\u010daju ako su podaci nepotpuni ili neto\u010dni<\/li>\n<\/ul>\n<p>\u00a0<\/p>\n<p>\u00a0<\/p>\n<p><strong>KAKO NAS MO\u017dETE KONTAKTIRATI<\/strong><\/p>\n<p>Zahtjeve vezane uz ova Pravila o privatnosti mo\u017eete ostvariti na sljede\u0107e na\u010dine:<\/p>\n<ul>\n<li>putem e-maila:\u00a0<a href=\"mailto:ured@ss-medicinska-vz.skole.hr\">ured@ss-medicinska-vz.skole.hr<\/a><\/li>\n<li>ili po\u0161tom na adresu Medicinske \u0161kole Vara\u017edin, Vinka Me\u0111erala 11, 42000 Vara\u017edin.<\/li>\n<\/ul>\n<p>Na va\u0161 \u0107emo zahtjev odgovoriti u najkra\u0107em mogu\u0107em roku, a najkasnije 30 dana od primitka va\u0161eg zahtjeva. U slu\u010daju nemogu\u0107nosti sigurne potvrde Va\u0161eg identiteta bit \u0107emo slobodni zatra\u017eiti dodatnu provjeru.<\/p>\n<p>\u00a0<\/p>\n<p><strong>\u00a0PRAVO NA PODNO\u0160ENJE PRIGOVORA NADLE\u017dNOM TIJELU<\/strong><\/p>\n<p><strong>\u00a0<\/strong>U svakom trenutku mo\u017eete ulo\u017eiti prigovor izravno nadle\u017enom nadzornom tijelu, posebice u zemlji EU-a u kojoj imate uobi\u010dajeno boravi\u0161te, mjesto rada ili mjesto navodnog kr\u0161enja, ako smatrate da na\u0161a obrada va\u0161ih osobnih podataka nije zakonita.<\/p>\n<p>Nadle\u017eno nadzorno tijelo u Republici Hrvatskoj je: AGENCIJA ZA ZA\u0160TITU OSOBNIH PODATAKA (AZOP), Selska cesta 136, 10 000 Zagreb.<\/p>\n<p>\u00a0<\/p>\n<p><strong>UNAPRJE\u0110ENJE OVE POLITIKE PRIVATNOSTI<\/strong><\/p>\n<p>Zadr\u017eavamo pravo tekst ove Politike privatnosti povremeno prilago\u0111avati i unaprje\u0111ivati, prije svega u svrhu po\u0161tivanja zakonskih promjena, odnosno, promjena u svrhama i na\u010dinima obrade. Me\u0111utim, va\u0161a prava koja proizlaze iz ove Politike privatnosti ili iz odgovaraju\u0107ih zakonskih propisa ne\u0107emo ograni\u010davati. U slu\u010daju da do\u0111e do promjena koja mogu utjecati na va\u0161a prava, o tome \u0107emo vas obavijestiti pravovremeno i izravno na prikladan na\u010din.<\/p>\n<p>\u00a0<\/p>\n","protected":false},"excerpt":{"rendered":"<div class=\"slide-text-bg2\"><span>POLITIKA PRIVATNOSTI MEDICINSKE \u0160KOLE VARA\u017dDIN \u00a0 Ova Politika privatnosti, utemeljena na\u00a0Op\u0107oj uredbi o za\u0161titi podataka (GDPR), obja\u0161njava koji se <\/span><\/div>\n<div class=\"slide-btn-area-sm\"><a href=\"https:\/\/www.medskvz.org\/web\/politika-privatnosti\/\" class=\"slide-btn-sm\">Pro\u010ditaj vi\u0161e<\/a><\/div>\n","protected":false},"author":11,"featured_media":0,"parent":0,"menu_order":0,"comment_status":"closed","ping_status":"closed","template":"","meta":[],"_links":{"self":[{"href":"https:\/\/www.medskvz.org\/web\/wp-json\/wp\/v2\/pages\/13163"}],"collection":[{"href":"https:\/\/www.medskvz.org\/web\/wp-json\/wp\/v2\/pages"}],"about":[{"href":"https:\/\/www.medskvz.org\/web\/wp-json\/wp\/v2\/types\/page"}],"author":[{"embeddable":true,"href":"https:\/\/www.medskvz.org\/web\/wp-json\/wp\/v2\/users\/11"}],"replies":[{"embeddable":true,"href":"https:\/\/www.medskvz.org\/web\/wp-json\/wp\/v2\/comments?post=13163"}],"version-history":[{"count":3,"href":"https:\/\/www.medskvz.org\/web\/wp-json\/wp\/v2\/pages\/13163\/revisions"}],"predecessor-version":[{"id":14645,"href":"https:\/\/www.medskvz.org\/web\/wp-json\/wp\/v2\/pages\/13163\/revisions\/14645"}],"wp:attachment":[{"href":"https:\/\/www.medskvz.org\/web\/wp-json\/wp\/v2\/media?parent=13163"}],"curies":[{"name":"wp","href":"https:\/\/api.w.org\/{rel}","templated":true}]}}