{"id":11044,"date":"2020-10-07T09:11:40","date_gmt":"2020-10-07T07:11:40","guid":{"rendered":"https:\/\/www.medskvz.org\/web\/?page_id=11044"},"modified":"2022-05-31T13:45:40","modified_gmt":"2022-05-31T11:45:40","slug":"clanci-o-projektu","status":"publish","type":"page","link":"https:\/\/www.medskvz.org\/web\/clanci-o-projektu\/","title":{"rendered":"\u010cLANCI O PROJEKTU"},"content":{"rendered":"\n<div class=\"wp-block-image\"><figure class=\"aligncenter size-large is-resized\"><img loading=\"lazy\" src=\"https:\/\/www.medskvz.org\/web\/wp-content\/uploads\/2020\/10\/Emblem-za-web-odrezan-1024x122.png\" alt=\"\" class=\"wp-image-11135 colorbox-11044\" width=\"671\" height=\"80\" srcset=\"https:\/\/www.medskvz.org\/web\/wp-content\/uploads\/2020\/10\/Emblem-za-web-odrezan-1024x122.png 1024w, https:\/\/www.medskvz.org\/web\/wp-content\/uploads\/2020\/10\/Emblem-za-web-odrezan-300x36.png 300w, https:\/\/www.medskvz.org\/web\/wp-content\/uploads\/2020\/10\/Emblem-za-web-odrezan-768x92.png 768w, https:\/\/www.medskvz.org\/web\/wp-content\/uploads\/2020\/10\/Emblem-za-web-odrezan-1536x183.png 1536w, https:\/\/www.medskvz.org\/web\/wp-content\/uploads\/2020\/10\/Emblem-za-web-odrezan-2048x244.png 2048w\" sizes=\"(max-width: 671px) 100vw, 671px\" \/><\/figure><\/div>\n\n\n\n<h5 style=\"text-align: center;\"><span style=\"color: #808080;\">Uspostava Regionalnog centra kompetentnosti inovativnih zdravstvenih tehnologija pri Medicinskoj \u0161koli Vara\u017edin<\/span><\/h5>\n\n\n\n<div class=\"wp-block-image is-style-default\"><figure class=\"aligncenter size-large is-resized\"><img loading=\"lazy\" src=\"https:\/\/www.medskvz.org\/web\/wp-content\/uploads\/2022\/05\/20220513_150214-1024x576.jpg\" alt=\"\" class=\"wp-image-13680 colorbox-11044\" width=\"785\" height=\"441\" srcset=\"https:\/\/www.medskvz.org\/web\/wp-content\/uploads\/2022\/05\/20220513_150214-1024x576.jpg 1024w, https:\/\/www.medskvz.org\/web\/wp-content\/uploads\/2022\/05\/20220513_150214-300x169.jpg 300w, https:\/\/www.medskvz.org\/web\/wp-content\/uploads\/2022\/05\/20220513_150214-768x432.jpg 768w, https:\/\/www.medskvz.org\/web\/wp-content\/uploads\/2022\/05\/20220513_150214-1536x864.jpg 1536w, https:\/\/www.medskvz.org\/web\/wp-content\/uploads\/2022\/05\/20220513_150214-2048x1152.jpg 2048w\" sizes=\"(max-width: 785px) 100vw, 785px\" \/><\/figure><\/div>\n\n\n\n<h6 style=\"text-align: left;\"><span style=\"color: #999999;\"><em>Autor: Marko Vrtar, 15 svibnja 2022.\u00a0 <\/em><\/span><\/h6>\n<h2 style=\"text-align: left;\"><em>Edukacija i prevencija \u2013 klju\u010dne rije\u010di 2. Sajma \u00a0\u00a0<\/em><\/h2>\n<h1 style=\"text-align: left;\"><em> \u201eDani strukovnih zanimanja u RCK-u\u02ee<\/em><\/h1>\n<blockquote>\n<p>U okviru projekta Uspostava Regionalnog centra kompetentnosti inovativnih zdravstvenih tehnologija pri Medicinskoj \u0161koli Vara\u017edin organiziran je u Regionalnom obrazovnom centru u Prvoj gimnaziji Vara\u017edin od 9. do 13. svibnja 2022. godine 2. Sajam \u201eDani strukovnih zanimanja u RCK-u\u02ee, projektna aktivnost \u010diji je cilj povezati u\u010denike, nastavnike, partnerske \u0161kole, vanjske stru\u010dnjake iz razli\u010ditih struka u podru\u010dju zdravstva. Vanjski predava\u010di informirali su prisutne sudionike o novim spoznajama u pojedinoj zdravstvenoj struci, a ove godine uklju\u010dena je i tema medicinskog nazivlja. Tako\u0111er, svoja zanimanja predstavili su u\u010denici odabirom zanimljivih tema, od kojih su neke teme pripremili u\u010denici razli\u010ditih struka.<\/p>\n<\/blockquote>\n\n\n\n<p>Prvi dan, 9. svibnja, obuhvatio je interdisciplinarne teme, pa su tako znanstvenice iz Instituta za hrvatski jezik i jezikoslovlje Lana Hude\u010dek i Milica Mihaljevi\u0107 upoznale sve prisutne s portalom jezik.hr koji sadr\u017ei mre\u017ene jezi\u010dne priru\u010dnike u kojima se mogu prona\u0107i medicinski nazivi. Nakon toga slijedila su predavanja u\u010denika: o bruksizmu, sna\u017enom \u0161kripanju i stiskanju zubi no\u0107u dok spavamo, govorili su iz perspektive fizioterapeuta Marta Golubi\u0107, a iz perspektive dentalnog tehni\u010dara Bruno Novak. Njihovi su mentori nastavnici Marija Dr\u017eani\u0107 i Vjekoslav Pokos. Temu celijakije, bolesti brojnih lica, predstavili su budu\u0107i laboranti i farmaceutski tehni\u010dari Nikol Nesti\u0107, Patrik Mudri, Lucija Furjan, Marta Sitar i Azra Deti\u0107, a njihove su mentorice bile magistra farmacije Marija Novak i profesorica Nata\u0161a Vukovi\u0107. Osim toga, u\u010denici smjera medicinska sestra\/tehni\u010dar op\u0107e njege Elena \u0160krlec, Magdalena Kljuni\u0107, Dora Papec i Kristian Furjan predstavili su projekt Mentalno zdravlje za srce lavlje. Ovim projektom obuhva\u0107eni su predmeti Gra\u0111anski odgoj i obrazovanje, Sociologija, Psihologija, Na\u010dela pou\u010davanja, Etika i Za\u0161tita mentalnog zdravlja. Cilj projekta jest osvijestiti vr\u0161njake i mlade o va\u017enosti mentalnog zdravlja, a mentorice u\u010denicima bile su profesorice Jadranka Te\u017ea\u010dki i Sonja Veir Laba\u0161.<\/p>\n\n\n\n<figure class=\"wp-container-2 wp-block-gallery-1 wp-block-gallery columns-3 is-cropped\"><ul class=\"blocks-gallery-grid\"><li class=\"blocks-gallery-item\"><figure><img loading=\"lazy\" width=\"1024\" height=\"576\" src=\"https:\/\/www.medskvz.org\/web\/wp-content\/uploads\/2022\/05\/20220509_150210-1024x576.jpg\" alt=\"\" data-id=\"13688\" data-full-url=\"https:\/\/www.medskvz.org\/web\/wp-content\/uploads\/2022\/05\/20220509_150210-scaled.jpg\" data-link=\"https:\/\/www.medskvz.org\/web\/clanci-o-projektu\/20220509_150210\/\" class=\"wp-image-13688 colorbox-11044\" srcset=\"https:\/\/www.medskvz.org\/web\/wp-content\/uploads\/2022\/05\/20220509_150210-1024x576.jpg 1024w, https:\/\/www.medskvz.org\/web\/wp-content\/uploads\/2022\/05\/20220509_150210-300x169.jpg 300w, https:\/\/www.medskvz.org\/web\/wp-content\/uploads\/2022\/05\/20220509_150210-768x432.jpg 768w, https:\/\/www.medskvz.org\/web\/wp-content\/uploads\/2022\/05\/20220509_150210-1536x864.jpg 1536w, https:\/\/www.medskvz.org\/web\/wp-content\/uploads\/2022\/05\/20220509_150210-2048x1152.jpg 2048w\" sizes=\"(max-width: 1024px) 100vw, 1024px\" \/><\/figure><\/li><li class=\"blocks-gallery-item\"><figure><img loading=\"lazy\" width=\"1024\" height=\"576\" src=\"https:\/\/www.medskvz.org\/web\/wp-content\/uploads\/2022\/05\/20220509_150301-1024x576.jpg\" alt=\"\" data-id=\"13689\" data-full-url=\"https:\/\/www.medskvz.org\/web\/wp-content\/uploads\/2022\/05\/20220509_150301-scaled.jpg\" data-link=\"https:\/\/www.medskvz.org\/web\/clanci-o-projektu\/20220509_150301\/\" class=\"wp-image-13689 colorbox-11044\" srcset=\"https:\/\/www.medskvz.org\/web\/wp-content\/uploads\/2022\/05\/20220509_150301-1024x576.jpg 1024w, https:\/\/www.medskvz.org\/web\/wp-content\/uploads\/2022\/05\/20220509_150301-300x169.jpg 300w, https:\/\/www.medskvz.org\/web\/wp-content\/uploads\/2022\/05\/20220509_150301-768x432.jpg 768w, https:\/\/www.medskvz.org\/web\/wp-content\/uploads\/2022\/05\/20220509_150301-1536x864.jpg 1536w, https:\/\/www.medskvz.org\/web\/wp-content\/uploads\/2022\/05\/20220509_150301-2048x1152.jpg 2048w\" sizes=\"(max-width: 1024px) 100vw, 1024px\" \/><\/figure><\/li><li class=\"blocks-gallery-item\"><figure><img loading=\"lazy\" width=\"1024\" height=\"576\" src=\"https:\/\/www.medskvz.org\/web\/wp-content\/uploads\/2022\/05\/20220509_153342-1024x576.jpg\" alt=\"\" data-id=\"13691\" data-full-url=\"https:\/\/www.medskvz.org\/web\/wp-content\/uploads\/2022\/05\/20220509_153342-scaled.jpg\" data-link=\"https:\/\/www.medskvz.org\/web\/clanci-o-projektu\/20220509_153342\/\" class=\"wp-image-13691 colorbox-11044\" srcset=\"https:\/\/www.medskvz.org\/web\/wp-content\/uploads\/2022\/05\/20220509_153342-1024x576.jpg 1024w, https:\/\/www.medskvz.org\/web\/wp-content\/uploads\/2022\/05\/20220509_153342-300x169.jpg 300w, https:\/\/www.medskvz.org\/web\/wp-content\/uploads\/2022\/05\/20220509_153342-768x432.jpg 768w, https:\/\/www.medskvz.org\/web\/wp-content\/uploads\/2022\/05\/20220509_153342-1536x864.jpg 1536w, https:\/\/www.medskvz.org\/web\/wp-content\/uploads\/2022\/05\/20220509_153342-2048x1152.jpg 2048w\" sizes=\"(max-width: 1024px) 100vw, 1024px\" \/><\/figure><\/li><li class=\"blocks-gallery-item\"><figure><img loading=\"lazy\" width=\"1024\" height=\"576\" src=\"https:\/\/www.medskvz.org\/web\/wp-content\/uploads\/2022\/05\/20220509_160007-1024x576.jpg\" alt=\"\" data-id=\"13692\" data-full-url=\"https:\/\/www.medskvz.org\/web\/wp-content\/uploads\/2022\/05\/20220509_160007-scaled.jpg\" data-link=\"https:\/\/www.medskvz.org\/web\/clanci-o-projektu\/20220509_160007\/\" class=\"wp-image-13692 colorbox-11044\" srcset=\"https:\/\/www.medskvz.org\/web\/wp-content\/uploads\/2022\/05\/20220509_160007-1024x576.jpg 1024w, https:\/\/www.medskvz.org\/web\/wp-content\/uploads\/2022\/05\/20220509_160007-300x169.jpg 300w, https:\/\/www.medskvz.org\/web\/wp-content\/uploads\/2022\/05\/20220509_160007-768x432.jpg 768w, https:\/\/www.medskvz.org\/web\/wp-content\/uploads\/2022\/05\/20220509_160007-1536x864.jpg 1536w, https:\/\/www.medskvz.org\/web\/wp-content\/uploads\/2022\/05\/20220509_160007-2048x1152.jpg 2048w\" sizes=\"(max-width: 1024px) 100vw, 1024px\" \/><\/figure><\/li><li class=\"blocks-gallery-item\"><figure><img loading=\"lazy\" width=\"1024\" height=\"576\" src=\"https:\/\/www.medskvz.org\/web\/wp-content\/uploads\/2022\/05\/20220509_163756-1024x576.jpg\" alt=\"\" data-id=\"13693\" data-full-url=\"https:\/\/www.medskvz.org\/web\/wp-content\/uploads\/2022\/05\/20220509_163756-scaled.jpg\" data-link=\"https:\/\/www.medskvz.org\/web\/clanci-o-projektu\/20220509_163756\/\" class=\"wp-image-13693 colorbox-11044\" srcset=\"https:\/\/www.medskvz.org\/web\/wp-content\/uploads\/2022\/05\/20220509_163756-1024x576.jpg 1024w, https:\/\/www.medskvz.org\/web\/wp-content\/uploads\/2022\/05\/20220509_163756-300x169.jpg 300w, https:\/\/www.medskvz.org\/web\/wp-content\/uploads\/2022\/05\/20220509_163756-768x432.jpg 768w, https:\/\/www.medskvz.org\/web\/wp-content\/uploads\/2022\/05\/20220509_163756-1536x864.jpg 1536w, https:\/\/www.medskvz.org\/web\/wp-content\/uploads\/2022\/05\/20220509_163756-2048x1152.jpg 2048w\" sizes=\"(max-width: 1024px) 100vw, 1024px\" \/><\/figure><\/li><\/ul><\/figure>\n\n\n\n<p>Drugi dan, 10. svibnja, zapo\u010deo je predavanjem magistre farmacije, doktorice znanosti i specijalistice fitofarmacije i dijetoterapije Katarine Fehir \u0160ola Fitoterapija u samolije\u010denju. Magistra je objasnila \u0161to obuhva\u0107a znanstveni pristup upotrebi biljaka u lije\u010denju te je predstavila europski projekt Lijekovi za Ukrajinu. Nakon nje svoju temu Eteri\u010dnim uljima do<br \/>zdravlja predstavile su budu\u0107e farmaceutske tehni\u010darke Azra Deti\u0107, Marta Sitar i Mateja Matotek, dok su Anja Flegar i Iva Peharda pokazale film Ljekarni\u0161tvo \u2013 pro\u0161lost kao zalog za budu\u0107nost, kojim su naglasile kako stari, gotovo muzejski pribor i ljekarni\u010dki priru\u010dnici s po\u010detka 20. stolje\u0107a koji se \u010duvaju u dana\u0161njoj Ljekarni Korzo, predstavljaju temelje na kojima se gradi suvremeno ljekarni\u0161tvo. U\u010denice su pripremale magistre Marija Novak i Arijana Ru\u0161njak.<\/p>\n\n\n\n<figure class=\"wp-container-4 wp-block-gallery-3 wp-block-gallery columns-3 is-cropped\"><ul class=\"blocks-gallery-grid\"><li class=\"blocks-gallery-item\"><figure><img loading=\"lazy\" width=\"1024\" height=\"576\" src=\"https:\/\/www.medskvz.org\/web\/wp-content\/uploads\/2022\/05\/20220510_161037-1024x576.jpg\" alt=\"\" data-id=\"13694\" data-full-url=\"https:\/\/www.medskvz.org\/web\/wp-content\/uploads\/2022\/05\/20220510_161037-scaled.jpg\" data-link=\"https:\/\/www.medskvz.org\/web\/clanci-o-projektu\/20220510_161037\/\" class=\"wp-image-13694 colorbox-11044\" srcset=\"https:\/\/www.medskvz.org\/web\/wp-content\/uploads\/2022\/05\/20220510_161037-1024x576.jpg 1024w, https:\/\/www.medskvz.org\/web\/wp-content\/uploads\/2022\/05\/20220510_161037-300x169.jpg 300w, https:\/\/www.medskvz.org\/web\/wp-content\/uploads\/2022\/05\/20220510_161037-768x432.jpg 768w, https:\/\/www.medskvz.org\/web\/wp-content\/uploads\/2022\/05\/20220510_161037-1536x864.jpg 1536w, https:\/\/www.medskvz.org\/web\/wp-content\/uploads\/2022\/05\/20220510_161037-2048x1152.jpg 2048w\" sizes=\"(max-width: 1024px) 100vw, 1024px\" \/><\/figure><\/li><li class=\"blocks-gallery-item\"><figure><img loading=\"lazy\" width=\"1024\" height=\"576\" src=\"https:\/\/www.medskvz.org\/web\/wp-content\/uploads\/2022\/05\/20220510_161045-1024x576.jpg\" alt=\"\" data-id=\"13695\" data-full-url=\"https:\/\/www.medskvz.org\/web\/wp-content\/uploads\/2022\/05\/20220510_161045-scaled.jpg\" data-link=\"https:\/\/www.medskvz.org\/web\/clanci-o-projektu\/20220510_161045\/\" class=\"wp-image-13695 colorbox-11044\" srcset=\"https:\/\/www.medskvz.org\/web\/wp-content\/uploads\/2022\/05\/20220510_161045-1024x576.jpg 1024w, https:\/\/www.medskvz.org\/web\/wp-content\/uploads\/2022\/05\/20220510_161045-300x169.jpg 300w, https:\/\/www.medskvz.org\/web\/wp-content\/uploads\/2022\/05\/20220510_161045-768x432.jpg 768w, https:\/\/www.medskvz.org\/web\/wp-content\/uploads\/2022\/05\/20220510_161045-1536x864.jpg 1536w, https:\/\/www.medskvz.org\/web\/wp-content\/uploads\/2022\/05\/20220510_161045-2048x1152.jpg 2048w\" sizes=\"(max-width: 1024px) 100vw, 1024px\" \/><\/figure><\/li><li class=\"blocks-gallery-item\"><figure><img loading=\"lazy\" width=\"1024\" height=\"576\" src=\"https:\/\/www.medskvz.org\/web\/wp-content\/uploads\/2022\/05\/20220510_161052-1024x576.jpg\" alt=\"\" data-id=\"13696\" data-full-url=\"https:\/\/www.medskvz.org\/web\/wp-content\/uploads\/2022\/05\/20220510_161052-scaled.jpg\" data-link=\"https:\/\/www.medskvz.org\/web\/clanci-o-projektu\/20220510_161052\/\" class=\"wp-image-13696 colorbox-11044\" srcset=\"https:\/\/www.medskvz.org\/web\/wp-content\/uploads\/2022\/05\/20220510_161052-1024x576.jpg 1024w, https:\/\/www.medskvz.org\/web\/wp-content\/uploads\/2022\/05\/20220510_161052-300x169.jpg 300w, https:\/\/www.medskvz.org\/web\/wp-content\/uploads\/2022\/05\/20220510_161052-768x432.jpg 768w, https:\/\/www.medskvz.org\/web\/wp-content\/uploads\/2022\/05\/20220510_161052-1536x864.jpg 1536w, https:\/\/www.medskvz.org\/web\/wp-content\/uploads\/2022\/05\/20220510_161052-2048x1152.jpg 2048w\" sizes=\"(max-width: 1024px) 100vw, 1024px\" \/><\/figure><\/li><li class=\"blocks-gallery-item\"><figure><img loading=\"lazy\" width=\"1024\" height=\"576\" src=\"https:\/\/www.medskvz.org\/web\/wp-content\/uploads\/2022\/05\/20220510_164623-1024x576.jpg\" alt=\"\" data-id=\"13697\" data-full-url=\"https:\/\/www.medskvz.org\/web\/wp-content\/uploads\/2022\/05\/20220510_164623-scaled.jpg\" data-link=\"https:\/\/www.medskvz.org\/web\/clanci-o-projektu\/20220510_164623\/\" class=\"wp-image-13697 colorbox-11044\" srcset=\"https:\/\/www.medskvz.org\/web\/wp-content\/uploads\/2022\/05\/20220510_164623-1024x576.jpg 1024w, https:\/\/www.medskvz.org\/web\/wp-content\/uploads\/2022\/05\/20220510_164623-300x169.jpg 300w, https:\/\/www.medskvz.org\/web\/wp-content\/uploads\/2022\/05\/20220510_164623-768x432.jpg 768w, https:\/\/www.medskvz.org\/web\/wp-content\/uploads\/2022\/05\/20220510_164623-1536x864.jpg 1536w, https:\/\/www.medskvz.org\/web\/wp-content\/uploads\/2022\/05\/20220510_164623-2048x1152.jpg 2048w\" sizes=\"(max-width: 1024px) 100vw, 1024px\" \/><\/figure><\/li><\/ul><\/figure>\n\n\n\n<p>Zdravstveno-laboratorijski tehni\u010dari predstavili su se 11. svibnja. Na po\u010detku je Ivana Jaku\u0161i\u0107, glavna prvostupnica Biokemijskog laboratorija u Op\u0107oj bolnici Vara\u017edin, pobli\u017ee upoznala sve sudionike sa specifi\u010dnostima i opsegom rada laboratorija, stru\u010dnjacima koji rade u timu, o na\u010dinu uzimanja uzoraka, njihova o\u010ditanja i distribucije do odjela ili pojedinaca.<br \/>Potom je uslijedilo predavanje laborantice Paule Hadrovi\u0107 i dentalnih tehni\u010darki o Transplantaciji fekalne mikrobiote, dok su o Antimikrobnoj rezistenciji govorililabo ranti Nikol Nesti\u0107, Patrik Mudri, Lucija Furjan i Petra Cestar, a pripremale su ih profesorice Nata\u0161a Bosilj i Dragana Hac.<\/p>\n\n\n\n<figure class=\"wp-container-6 wp-block-gallery-5 wp-block-gallery columns-2 is-cropped\"><ul class=\"blocks-gallery-grid\"><li class=\"blocks-gallery-item\"><figure><img loading=\"lazy\" width=\"1024\" height=\"576\" src=\"https:\/\/www.medskvz.org\/web\/wp-content\/uploads\/2022\/05\/20220511_145835-1024x576.jpg\" alt=\"\" data-id=\"13698\" data-full-url=\"https:\/\/www.medskvz.org\/web\/wp-content\/uploads\/2022\/05\/20220511_145835-scaled.jpg\" data-link=\"https:\/\/www.medskvz.org\/web\/clanci-o-projektu\/20220511_145835\/\" class=\"wp-image-13698 colorbox-11044\" srcset=\"https:\/\/www.medskvz.org\/web\/wp-content\/uploads\/2022\/05\/20220511_145835-1024x576.jpg 1024w, https:\/\/www.medskvz.org\/web\/wp-content\/uploads\/2022\/05\/20220511_145835-300x169.jpg 300w, https:\/\/www.medskvz.org\/web\/wp-content\/uploads\/2022\/05\/20220511_145835-768x432.jpg 768w, https:\/\/www.medskvz.org\/web\/wp-content\/uploads\/2022\/05\/20220511_145835-1536x864.jpg 1536w, https:\/\/www.medskvz.org\/web\/wp-content\/uploads\/2022\/05\/20220511_145835-2048x1152.jpg 2048w\" sizes=\"(max-width: 1024px) 100vw, 1024px\" \/><\/figure><\/li><li class=\"blocks-gallery-item\"><figure><img loading=\"lazy\" width=\"1024\" height=\"576\" src=\"https:\/\/www.medskvz.org\/web\/wp-content\/uploads\/2022\/05\/20220511_154356-1024x576.jpg\" alt=\"\" data-id=\"13699\" data-full-url=\"https:\/\/www.medskvz.org\/web\/wp-content\/uploads\/2022\/05\/20220511_154356-scaled.jpg\" data-link=\"https:\/\/www.medskvz.org\/web\/clanci-o-projektu\/20220511_154356\/\" class=\"wp-image-13699 colorbox-11044\" srcset=\"https:\/\/www.medskvz.org\/web\/wp-content\/uploads\/2022\/05\/20220511_154356-1024x576.jpg 1024w, https:\/\/www.medskvz.org\/web\/wp-content\/uploads\/2022\/05\/20220511_154356-300x169.jpg 300w, https:\/\/www.medskvz.org\/web\/wp-content\/uploads\/2022\/05\/20220511_154356-768x432.jpg 768w, https:\/\/www.medskvz.org\/web\/wp-content\/uploads\/2022\/05\/20220511_154356-1536x864.jpg 1536w, https:\/\/www.medskvz.org\/web\/wp-content\/uploads\/2022\/05\/20220511_154356-2048x1152.jpg 2048w\" sizes=\"(max-width: 1024px) 100vw, 1024px\" \/><\/figure><\/li><\/ul><\/figure>\n\n\n\n<p>Me\u0111unarodni dan sestrinstva, ujedno i Dan \u0161kole obilje\u017een je uz po\u010detno obra\u0107anje ravnateljice Mirjane Grabar Kruljac, koja se posebno osvrnula da ljudske vrijednosti koje se u \u0161koli cijene i temelj su medicinskog zvanja, a potom je glavna sestra\u00a0 Odjela za endokrinologiju, dijabetologiju i bolesti metabolizma vara\u017edinske Op\u0107e bolnice Patricija Kri\u017eanec objasnila koju ulogu ima medicinska sestra u Edukaciji bolesnika i obitelji o utjecaju prehrane na lije\u010denje dijabetesa, pri \u010demu je naglasila kako je neophodno izraditi individualizirani plan prehrane svakog oboljelog jer je lije\u010denje prehranom sastavni dio sveobuhvatnog plana lije\u010denja dijabetesa, bolesti koja je postala globalnom epidemijom u suvremenom dru\u0161tvu. Nakon stru\u010dnog predavanja budu\u0107e medicinske sestre Eva Varga i Petra Pomper predstavile su temu Zdravstvena za\u0161tita \u017eena te su ukazale na va\u017enost preventivnih pregleda i podsjetile u kojim su sve javnozdravstvenim akcijama sudjelovali u\u010denici Medicinske \u0161kole. Tako\u0111er, o razvoju sestrinskog poziva, od Dame sa Svjetiljkom do danas, sudionike su upoznale Lorena Zebec i Lara Erdec. U okviru svoje teme Obilje\u017eavanje dana sestrinstva osvrnule su se na svoje petogodi\u0161nje \u0161kolovanje i naglasile da su se nau\u010dili disciplini, odgovornosti, komunikaciji s pacijentom, po\u0161tovanju svakog \u010dovjeka. Upoznali su mnogo dobrih ljudi s kojima su dijelili dobre i lo\u0161e trenutke. Tako\u0111er, dobili su uvid u organizaciju i na\u010din rada na odjelima te su imali priliku sudjelovati u izvo\u0111enju raznih medicinsko-tehni\u010dkih postupaka. U\u010denike je za izlaganje pripremil nastavnica Marija Horvat.<\/p>\n\n\n\n<div class=\"wp-block-image\"><figure class=\"aligncenter size-large is-resized\"><img loading=\"lazy\" src=\"https:\/\/www.medskvz.org\/web\/wp-content\/uploads\/2020\/10\/Emblem-za-web-odrezan-1024x122.png\" alt=\"\" class=\"wp-image-11135 colorbox-11044\" width=\"671\" height=\"80\" srcset=\"https:\/\/www.medskvz.org\/web\/wp-content\/uploads\/2020\/10\/Emblem-za-web-odrezan-1024x122.png 1024w, https:\/\/www.medskvz.org\/web\/wp-content\/uploads\/2020\/10\/Emblem-za-web-odrezan-300x36.png 300w, https:\/\/www.medskvz.org\/web\/wp-content\/uploads\/2020\/10\/Emblem-za-web-odrezan-768x92.png 768w, https:\/\/www.medskvz.org\/web\/wp-content\/uploads\/2020\/10\/Emblem-za-web-odrezan-1536x183.png 1536w, https:\/\/www.medskvz.org\/web\/wp-content\/uploads\/2020\/10\/Emblem-za-web-odrezan-2048x244.png 2048w\" sizes=\"(max-width: 671px) 100vw, 671px\" \/><\/figure><\/div>\n\n\n\n<h5 style=\"text-align: center;\"><span style=\"color: #808080;\">Uspostava Regionalnog centra kompetentnosti inovativnih zdravstvenih tehnologija pri Medicinskoj \u0161koli Vara\u017edin<\/span><\/h5>\n\n\n\n<div class=\"wp-block-image is-style-default\"><figure class=\"aligncenter size-large is-resized\"><img loading=\"lazy\" src=\"https:\/\/www.medskvz.org\/web\/wp-content\/uploads\/2022\/05\/11-1024x768.jpg\" alt=\"\" class=\"wp-image-13612 colorbox-11044\" width=\"779\" height=\"585\" srcset=\"https:\/\/www.medskvz.org\/web\/wp-content\/uploads\/2022\/05\/11-1024x768.jpg 1024w, https:\/\/www.medskvz.org\/web\/wp-content\/uploads\/2022\/05\/11-300x225.jpg 300w, https:\/\/www.medskvz.org\/web\/wp-content\/uploads\/2022\/05\/11-768x576.jpg 768w, https:\/\/www.medskvz.org\/web\/wp-content\/uploads\/2022\/05\/11-1536x1152.jpg 1536w, https:\/\/www.medskvz.org\/web\/wp-content\/uploads\/2022\/05\/11-2048x1536.jpg 2048w\" sizes=\"(max-width: 779px) 100vw, 779px\" \/><\/figure><\/div>\n\n\n\n<h6 style=\"text-align: left;\"><span style=\"color: #999999;\"><em>Autor: Marko Vrtar, 11. svibnja 2022.\u00a0 <\/em><\/span><\/h6>\n<h1 style=\"text-align: left;\"><em>7. kongres hrvatskih dermatovenerologa s me\u0111unarodnim sudjelovanjem <\/em><\/h1>\n<blockquote>\n<p>U sklopu Uspostave Regionalnog centra kompetentnosti inovativnih zdravstvenih tehnologija pri Medicinskoj \u0161koli Vara\u017edin UP. 03.3.1.04.0004, nastavnica iz partnerske \u0161kole \u010cakovec\u00a0 (SVEA CZEISBERGER) i Medicinske \u0161kole Vara\u017edin (MARIJA HORVAT), te vanjska suradnica iz op\u0107e bolnice Vara\u017edin (MATEJA DUMBOVI\u0106), sudjelovale su na 7. kongresu hrvatskih dermatovenerologa s me\u0111unarodnim sudjelovanjem odr\u017eanom od 05. do 08. svibnja 2022. u Vodicama za \u010dije odr\u017eavanje je zaslu\u017eno Hrvatsko dermatovenerolo\u0161ko dru\u0161tvo Hrvatskog lije\u010dni\u010dkog zbora.<\/p>\n<\/blockquote>\n\n\n\n<figure class=\"wp-container-8 wp-block-gallery-7 wp-block-gallery aligncenter columns-3 is-cropped\"><ul class=\"blocks-gallery-grid\"><li class=\"blocks-gallery-item\"><figure><img loading=\"lazy\" width=\"180\" height=\"120\" src=\"https:\/\/www.medskvz.org\/web\/wp-content\/uploads\/2022\/05\/12.jpg\" alt=\"\" data-id=\"13613\" data-link=\"https:\/\/www.medskvz.org\/web\/clanci-o-projektu\/12-8\/\" class=\"wp-image-13613 colorbox-11044\"\/><\/figure><\/li><li class=\"blocks-gallery-item\"><figure><img loading=\"lazy\" width=\"180\" height=\"120\" src=\"https:\/\/www.medskvz.org\/web\/wp-content\/uploads\/2022\/05\/13.jpg\" alt=\"\" data-id=\"13614\" data-link=\"https:\/\/www.medskvz.org\/web\/clanci-o-projektu\/13-8\/\" class=\"wp-image-13614 colorbox-11044\"\/><\/figure><\/li><li class=\"blocks-gallery-item\"><figure><img loading=\"lazy\" width=\"180\" height=\"120\" src=\"https:\/\/www.medskvz.org\/web\/wp-content\/uploads\/2022\/05\/14.jpg\" alt=\"\" data-id=\"13617\" data-link=\"https:\/\/www.medskvz.org\/web\/clanci-o-projektu\/14-6\/\" class=\"wp-image-13617 colorbox-11044\"\/><\/figure><\/li><\/ul><\/figure>\n\n\n\n<p>U svrhu edukacije predstavljene su smjernice za lije\u010denje psorijaze i atopijskog dermatitisa, javno zdravstvene politike u prevenciji zlo\u0107udnih tumora ko\u017ee odnosno podru\u010dje dermatolo\u0161ke onkologije, pomak u terapiji glede alopecije kose, dijagnostika i lije\u010denje nemelanocitnih tumora noktiju, upalne i imunolo\u0161ki posredovane dermatoze, infektivne bolesti u dermatovenerologiji.<\/p>\n\n\n\n<figure class=\"wp-container-10 wp-block-gallery-9 wp-block-gallery columns-0 is-cropped\"><ul class=\"blocks-gallery-grid\"><\/ul><\/figure>\n\n\n\n<div class=\"wp-container-13 wp-block-columns\">\n<div class=\"wp-container-11 wp-block-column\">\n<figure class=\"wp-block-image size-large is-resized\"><img loading=\"lazy\" src=\"https:\/\/www.medskvz.org\/web\/wp-content\/uploads\/2020\/10\/emblem-1-1024x322.png\" alt=\"\" class=\"wp-image-11022 colorbox-11044\" width=\"312\" height=\"98\" srcset=\"https:\/\/www.medskvz.org\/web\/wp-content\/uploads\/2020\/10\/emblem-1-1024x322.png 1024w, https:\/\/www.medskvz.org\/web\/wp-content\/uploads\/2020\/10\/emblem-1-300x94.png 300w, https:\/\/www.medskvz.org\/web\/wp-content\/uploads\/2020\/10\/emblem-1-768x242.png 768w, https:\/\/www.medskvz.org\/web\/wp-content\/uploads\/2020\/10\/emblem-1.png 1350w\" sizes=\"(max-width: 312px) 100vw, 312px\" \/><\/figure>\n<\/div>\n\n\n\n<div class=\"wp-container-12 wp-block-column\">\n<p><\/p>\n<p><em><strong>Horvat Marija<\/strong>, mag.sestrinstva<\/em><\/p>\n<p><\/p>\n<\/div>\n<\/div>\n\n\n<p><\/p>\n<p style=\"text-align: center;\"><em><span style=\"color: #999999;\">Sadr\u017eaj ove objave isklju\u010diva je odgovornost Medicinske \u0161kole Vara\u017edin.<\/span><\/em><\/p>\n<p style=\"text-align: center;\">\n<\/p><p style=\"text-align: center;\"><\/p>\n\n\n<div style=\"height:164px\" aria-hidden=\"true\" class=\"wp-block-spacer\"><\/div>\n\n\n\n<hr class=\"wp-block-separator is-style-wide\"\/>\n\n\n\n<pre class=\"wp-block-preformatted\"><\/pre>\n\n\n\n<div class=\"wp-block-image\"><figure class=\"aligncenter size-large is-resized\"><img loading=\"lazy\" src=\"https:\/\/www.medskvz.org\/web\/wp-content\/uploads\/2020\/10\/Emblem-za-web-odrezan-1024x122.png\" alt=\"\" class=\"wp-image-11135 colorbox-11044\" width=\"671\" height=\"80\" srcset=\"https:\/\/www.medskvz.org\/web\/wp-content\/uploads\/2020\/10\/Emblem-za-web-odrezan-1024x122.png 1024w, https:\/\/www.medskvz.org\/web\/wp-content\/uploads\/2020\/10\/Emblem-za-web-odrezan-300x36.png 300w, https:\/\/www.medskvz.org\/web\/wp-content\/uploads\/2020\/10\/Emblem-za-web-odrezan-768x92.png 768w, https:\/\/www.medskvz.org\/web\/wp-content\/uploads\/2020\/10\/Emblem-za-web-odrezan-1536x183.png 1536w, https:\/\/www.medskvz.org\/web\/wp-content\/uploads\/2020\/10\/Emblem-za-web-odrezan-2048x244.png 2048w\" sizes=\"(max-width: 671px) 100vw, 671px\" \/><\/figure><\/div>\n\n\n\n<h5 style=\"text-align: center;\"><span style=\"color: #808080;\">Uspostava Regionalnog centra kompetentnosti inovativnih zdravstvenih tehnologija pri Medicinskoj \u0161koli Vara\u017edin<\/span><\/h5>\n\n\n\n<div class=\"wp-block-image is-style-default\"><figure class=\"aligncenter size-large is-resized\"><img loading=\"lazy\" src=\"https:\/\/www.medskvz.org\/web\/wp-content\/uploads\/2022\/04\/naslovna-edited-scaled.jpg\" alt=\"\" class=\"wp-image-13544 colorbox-11044\" width=\"752\" height=\"422\" srcset=\"https:\/\/www.medskvz.org\/web\/wp-content\/uploads\/2022\/04\/naslovna-edited-scaled.jpg 2560w, https:\/\/www.medskvz.org\/web\/wp-content\/uploads\/2022\/04\/naslovna-edited-300x169.jpg 300w, https:\/\/www.medskvz.org\/web\/wp-content\/uploads\/2022\/04\/naslovna-edited-1024x576.jpg 1024w, https:\/\/www.medskvz.org\/web\/wp-content\/uploads\/2022\/04\/naslovna-edited-768x432.jpg 768w, https:\/\/www.medskvz.org\/web\/wp-content\/uploads\/2022\/04\/naslovna-edited-1536x864.jpg 1536w, https:\/\/www.medskvz.org\/web\/wp-content\/uploads\/2022\/04\/naslovna-edited-2048x1152.jpg 2048w\" sizes=\"(max-width: 752px) 100vw, 752px\" \/><\/figure><\/div>\n\n\n\n<h6 style=\"text-align: left;\"><span style=\"color: #999999;\"><em>Autor: Marko Vrtar, 28. travanj 2022.&nbsp; <br><\/em><\/span><\/h6>\n<h1>Studijsko putovanje u Berlin<\/h1>\n<blockquote>\n<p>U razdoblju od 22.4 do 26.4. nastavnici aktiva stranih jezika boravili su na studijskom putovanju u Berlinu u sklopu projekta RCK s ciljem razmjene iskustva i dobre prakse. Tom su prilikom posjetili Rahel Hirsch Schule, strukovnu medicinsku \u0161kolu koja nudi programe medicinski asistent\/asistentica, dentalni asistent\/asistentica i zdravstvena gimnazija.<\/p>\n<\/blockquote>\n\n\n\n<figure class=\"wp-container-15 wp-block-gallery-14 wp-block-gallery columns-3 is-cropped\"><ul class=\"blocks-gallery-grid\"><li class=\"blocks-gallery-item\"><figure><img loading=\"lazy\" width=\"461\" height=\"1024\" src=\"https:\/\/www.medskvz.org\/web\/wp-content\/uploads\/2022\/04\/slika-1-461x1024.jpg\" alt=\"\" data-id=\"13548\" data-full-url=\"https:\/\/www.medskvz.org\/web\/wp-content\/uploads\/2022\/04\/slika-1-scaled.jpg\" data-link=\"https:\/\/www.medskvz.org\/web\/clanci-o-projektu\/slika-1-3\/\" class=\"wp-image-13548 colorbox-11044\" srcset=\"https:\/\/www.medskvz.org\/web\/wp-content\/uploads\/2022\/04\/slika-1-461x1024.jpg 461w, https:\/\/www.medskvz.org\/web\/wp-content\/uploads\/2022\/04\/slika-1-135x300.jpg 135w, https:\/\/www.medskvz.org\/web\/wp-content\/uploads\/2022\/04\/slika-1-768x1705.jpg 768w, https:\/\/www.medskvz.org\/web\/wp-content\/uploads\/2022\/04\/slika-1-692x1536.jpg 692w, https:\/\/www.medskvz.org\/web\/wp-content\/uploads\/2022\/04\/slika-1-922x2048.jpg 922w, https:\/\/www.medskvz.org\/web\/wp-content\/uploads\/2022\/04\/slika-1-scaled.jpg 1153w\" sizes=\"(max-width: 461px) 100vw, 461px\" \/><\/figure><\/li><li class=\"blocks-gallery-item\"><figure><img loading=\"lazy\" width=\"768\" height=\"1024\" src=\"https:\/\/www.medskvz.org\/web\/wp-content\/uploads\/2022\/04\/slika-2-768x1024.jpg\" alt=\"\" data-id=\"13549\" data-full-url=\"https:\/\/www.medskvz.org\/web\/wp-content\/uploads\/2022\/04\/slika-2.jpg\" data-link=\"https:\/\/www.medskvz.org\/web\/clanci-o-projektu\/slika-2-3\/\" class=\"wp-image-13549 colorbox-11044\" srcset=\"https:\/\/www.medskvz.org\/web\/wp-content\/uploads\/2022\/04\/slika-2-768x1024.jpg 768w, https:\/\/www.medskvz.org\/web\/wp-content\/uploads\/2022\/04\/slika-2-225x300.jpg 225w, https:\/\/www.medskvz.org\/web\/wp-content\/uploads\/2022\/04\/slika-2-1152x1536.jpg 1152w, https:\/\/www.medskvz.org\/web\/wp-content\/uploads\/2022\/04\/slika-2.jpg 1200w\" sizes=\"(max-width: 768px) 100vw, 768px\" \/><\/figure><\/li><li class=\"blocks-gallery-item\"><figure><img loading=\"lazy\" width=\"769\" height=\"1024\" src=\"https:\/\/www.medskvz.org\/web\/wp-content\/uploads\/2022\/04\/slika-3-769x1024.jpg\" alt=\"\" data-id=\"13550\" data-full-url=\"https:\/\/www.medskvz.org\/web\/wp-content\/uploads\/2022\/04\/slika-3-scaled.jpg\" data-link=\"https:\/\/www.medskvz.org\/web\/clanci-o-projektu\/slika-3-2\/\" class=\"wp-image-13550 colorbox-11044\" srcset=\"https:\/\/www.medskvz.org\/web\/wp-content\/uploads\/2022\/04\/slika-3-769x1024.jpg 769w, https:\/\/www.medskvz.org\/web\/wp-content\/uploads\/2022\/04\/slika-3-225x300.jpg 225w, https:\/\/www.medskvz.org\/web\/wp-content\/uploads\/2022\/04\/slika-3-768x1022.jpg 768w, https:\/\/www.medskvz.org\/web\/wp-content\/uploads\/2022\/04\/slika-3-1154x1536.jpg 1154w, https:\/\/www.medskvz.org\/web\/wp-content\/uploads\/2022\/04\/slika-3-1538x2048.jpg 1538w, https:\/\/www.medskvz.org\/web\/wp-content\/uploads\/2022\/04\/slika-3-scaled.jpg 1923w\" sizes=\"(max-width: 769px) 100vw, 769px\" \/><\/figure><\/li><\/ul><\/figure>\n\n\n\n<p>\u0160kolu poha\u0111a gotovo 2000 u\u010denika, a od 2018. u \u0161koli djeluje i \u0161kolska medicinska slu\u017eba. Ima ukupno 12 razvojnih projekata koji su usmjereni na unapre\u0111enje procesa u\u010denja i pou\u010davanja. Uz op\u0107eobrazovne i strukovne predmete, s naglaskom na povezanost medicinskih i administrativnih sadr\u017eaja, u\u010denici odra\u0111uju praksu u raznim zdravstvenim ustanovama. Rezultat je stjecanje kompetencija u podru\u010dju zdravstva i medicine koje ih osposobljavaju za rad u zdravstvenom sektoru. Nastavnici Medicinske \u0161kole Vara\u017edin sudjelovali su na osam hospitacija u podru\u010dju predmeta Engleski jezik u struci, Asistiranje u medicini i Dentalno asistiranje. Upoznali su se s metodi\u010dkim i didakti\u010dkim materijalima koji se koriste u nastavi i pobli\u017ee istra\u017eili njema\u010dki obrazovni sustav.<\/p>\n<p>U Berlinu su tako\u0111er posjetili kulturno-povijesne znamenitosti kao \u0161to su Reichstag, sjedi\u0161te jednog od dvaju domova njema\u010dkog parlamenta, Brandenbur\u0161ka vrata, Museumsinsel, spomenik \u017ertvama Holokausta, Checkpoint Charlie, DDR muzej i Berlinski zid.<\/p>\n<p>Ste\u010dena iskustva i znanja primijenit \u0107e se u izradi metodi\u010dkih priru\u010dnika i rje\u010dnika u sklopu projekta RCK.<\/p>\n\n\n\n<div class=\"wp-container-18 wp-block-columns\">\n<div class=\"wp-container-16 wp-block-column\">\n<figure class=\"wp-block-image size-large is-resized\"><img loading=\"lazy\" src=\"https:\/\/www.medskvz.org\/web\/wp-content\/uploads\/2020\/10\/emblem-1-1024x322.png\" alt=\"\" class=\"wp-image-11022 colorbox-11044\" width=\"312\" height=\"98\" srcset=\"https:\/\/www.medskvz.org\/web\/wp-content\/uploads\/2020\/10\/emblem-1-1024x322.png 1024w, https:\/\/www.medskvz.org\/web\/wp-content\/uploads\/2020\/10\/emblem-1-300x94.png 300w, https:\/\/www.medskvz.org\/web\/wp-content\/uploads\/2020\/10\/emblem-1-768x242.png 768w, https:\/\/www.medskvz.org\/web\/wp-content\/uploads\/2020\/10\/emblem-1.png 1350w\" sizes=\"(max-width: 312px) 100vw, 312px\" \/><\/figure>\n<\/div>\n\n\n\n<div class=\"wp-container-17 wp-block-column\">\n<p><\/p>\n<p><em><strong>Lara Brozd, <\/strong><\/em><em>mag. educ. philol. angl.<\/em><\/p>\n<p><\/p>\n<\/div>\n<\/div>\n\n\n<p><\/p>\n<p style=\"text-align: center;\"><em><span style=\"color: #999999;\">Sadr\u017eaj ove objave isklju\u010diva je odgovornost Medicinske \u0161kole Vara\u017edin.<\/span><\/em><\/p>\n<p style=\"text-align: center;\">\n<\/p><p style=\"text-align: center;\"><\/p>\n\n\n<div style=\"height:236px\" aria-hidden=\"true\" class=\"wp-block-spacer\"><\/div>\n\n\n\n<hr class=\"wp-block-separator is-style-wide\"\/>\n\n\n\n<div class=\"wp-block-image\"><figure class=\"aligncenter size-large is-resized\"><img loading=\"lazy\" src=\"https:\/\/www.medskvz.org\/web\/wp-content\/uploads\/2020\/10\/Emblem-za-web-odrezan-1024x122.png\" alt=\"\" class=\"wp-image-11135 colorbox-11044\" width=\"671\" height=\"80\" srcset=\"https:\/\/www.medskvz.org\/web\/wp-content\/uploads\/2020\/10\/Emblem-za-web-odrezan-1024x122.png 1024w, https:\/\/www.medskvz.org\/web\/wp-content\/uploads\/2020\/10\/Emblem-za-web-odrezan-300x36.png 300w, https:\/\/www.medskvz.org\/web\/wp-content\/uploads\/2020\/10\/Emblem-za-web-odrezan-768x92.png 768w, https:\/\/www.medskvz.org\/web\/wp-content\/uploads\/2020\/10\/Emblem-za-web-odrezan-1536x183.png 1536w, https:\/\/www.medskvz.org\/web\/wp-content\/uploads\/2020\/10\/Emblem-za-web-odrezan-2048x244.png 2048w\" sizes=\"(max-width: 671px) 100vw, 671px\" \/><\/figure><\/div>\n\n\n\n<h5 style=\"text-align: center;\"><span style=\"color: #808080;\">Uspostava Regionalnog centra kompetentnosti inovativnih zdravstvenih tehnologija pri Medicinskoj \u0161koli Vara\u017edin<\/span><\/h5>\n\n\n\n<div class=\"wp-block-image is-style-default\"><figure class=\"aligncenter size-large is-resized\"><img loading=\"lazy\" src=\"https:\/\/www.medskvz.org\/web\/wp-content\/uploads\/2022\/04\/image0_1-edited.jpeg\" alt=\"\" class=\"wp-image-13558 colorbox-11044\" width=\"731\" height=\"410\" srcset=\"https:\/\/www.medskvz.org\/web\/wp-content\/uploads\/2022\/04\/image0_1-edited.jpeg 1339w, https:\/\/www.medskvz.org\/web\/wp-content\/uploads\/2022\/04\/image0_1-edited-300x169.jpeg 300w, https:\/\/www.medskvz.org\/web\/wp-content\/uploads\/2022\/04\/image0_1-edited-1024x576.jpeg 1024w, https:\/\/www.medskvz.org\/web\/wp-content\/uploads\/2022\/04\/image0_1-edited-768x432.jpeg 768w\" sizes=\"(max-width: 731px) 100vw, 731px\" \/><\/figure><\/div>\n\n\n\n<h6 style=\"text-align: left;\"><span style=\"color: #999999;\"><em>Autor: Marko Vrtar, 25. travanj 2022.&nbsp; <br><\/em><\/span><\/h6>\n<h1>Dry Needling<\/h1>\n<blockquote>\n<p>Nastavnici Medicinske \u0161kole Vara\u017edin te \u0161kola partnera iz \u010cakovca i Pregrade, sudjelovali su na Dry Needling edukaciji 9. &#8211; 10. travnja koja se odr\u017eala u hotelu Antunovi\u0107 u Zagrebu. Uz upoznavanje s indikacijama, kontraindikacijama, dijagnostikom i nuspojavama&nbsp; vezanim za samu tehniku, polaznici su kroz prakti\u010dan rad usvojili vje\u0161tinu tehnike Dry Needlinga u svrhu lije\u010denja akutne i kroni\u010dne boli mi\u0161i\u0107no ko\u0161tanog sustava.<\/p>\n<\/blockquote>\n\n\n\n<figure class=\"wp-container-20 wp-block-gallery-19 wp-block-gallery columns-2 is-cropped\"><ul class=\"blocks-gallery-grid\"><li class=\"blocks-gallery-item\"><figure><img loading=\"lazy\" width=\"1024\" height=\"850\" src=\"https:\/\/www.medskvz.org\/web\/wp-content\/uploads\/2022\/04\/image0-1024x850.jpeg\" alt=\"\" data-id=\"13562\" data-full-url=\"https:\/\/www.medskvz.org\/web\/wp-content\/uploads\/2022\/04\/image0.jpeg\" data-link=\"https:\/\/www.medskvz.org\/web\/clanci-o-projektu\/image0\/\" class=\"wp-image-13562 colorbox-11044\" srcset=\"https:\/\/www.medskvz.org\/web\/wp-content\/uploads\/2022\/04\/image0-1024x850.jpeg 1024w, https:\/\/www.medskvz.org\/web\/wp-content\/uploads\/2022\/04\/image0-300x249.jpeg 300w, https:\/\/www.medskvz.org\/web\/wp-content\/uploads\/2022\/04\/image0-768x637.jpeg 768w, https:\/\/www.medskvz.org\/web\/wp-content\/uploads\/2022\/04\/image0.jpeg 1059w\" sizes=\"(max-width: 1024px) 100vw, 1024px\" \/><\/figure><\/li><li class=\"blocks-gallery-item\"><figure><img loading=\"lazy\" width=\"1024\" height=\"768\" src=\"https:\/\/www.medskvz.org\/web\/wp-content\/uploads\/2022\/04\/image1_1-1024x768.jpeg\" alt=\"\" data-id=\"13564\" data-full-url=\"https:\/\/www.medskvz.org\/web\/wp-content\/uploads\/2022\/04\/image1_1.jpeg\" data-link=\"https:\/\/www.medskvz.org\/web\/clanci-o-projektu\/image1_1\/\" class=\"wp-image-13564 colorbox-11044\" srcset=\"https:\/\/www.medskvz.org\/web\/wp-content\/uploads\/2022\/04\/image1_1-1024x768.jpeg 1024w, https:\/\/www.medskvz.org\/web\/wp-content\/uploads\/2022\/04\/image1_1-300x225.jpeg 300w, https:\/\/www.medskvz.org\/web\/wp-content\/uploads\/2022\/04\/image1_1-768x576.jpeg 768w, https:\/\/www.medskvz.org\/web\/wp-content\/uploads\/2022\/04\/image1_1-1536x1152.jpeg 1536w, https:\/\/www.medskvz.org\/web\/wp-content\/uploads\/2022\/04\/image1_1.jpeg 2048w\" sizes=\"(max-width: 1024px) 100vw, 1024px\" \/><\/figure><\/li><\/ul><\/figure>\n\n\n\n<figure class=\"wp-block-image size-large is-resized\"><img loading=\"lazy\" src=\"https:\/\/www.medskvz.org\/web\/wp-content\/uploads\/2022\/04\/image1-1-1024x440.jpeg\" alt=\"\" class=\"wp-image-13566 colorbox-11044\" width=\"749\" height=\"321\" srcset=\"https:\/\/www.medskvz.org\/web\/wp-content\/uploads\/2022\/04\/image1-1-1024x440.jpeg 1024w, https:\/\/www.medskvz.org\/web\/wp-content\/uploads\/2022\/04\/image1-1-300x129.jpeg 300w, https:\/\/www.medskvz.org\/web\/wp-content\/uploads\/2022\/04\/image1-1-768x330.jpeg 768w, https:\/\/www.medskvz.org\/web\/wp-content\/uploads\/2022\/04\/image1-1-1536x661.jpeg 1536w, https:\/\/www.medskvz.org\/web\/wp-content\/uploads\/2022\/04\/image1-1.jpeg 1918w\" sizes=\"(max-width: 749px) 100vw, 749px\" \/><\/figure>\n\n\n\n<p>Dry Needling je naziv tretmana boli i disfunkcije mi\u0161i\u0107no ko\u0161tanog sustava upotrebom sterilnih jednokratnih akupunkturnih igala. Sama tehnika se izvodi na na\u010din ubadanja igala u \u017eari\u0161ne (trigger) to\u010dke kako bi se postigao terapeutski u\u010dinak. Iako se u tehnici koriste akupunkturne igle, sama akupunktura i Dry Needling osim igala nemaju ni\u0161ta zajedni\u010dko.<\/p>\n\n\n\n<div class=\"wp-container-23 wp-block-columns\">\n<div class=\"wp-container-21 wp-block-column\">\n<figure class=\"wp-block-image size-large is-resized\"><img loading=\"lazy\" src=\"https:\/\/www.medskvz.org\/web\/wp-content\/uploads\/2020\/10\/emblem-1-1024x322.png\" alt=\"\" class=\"wp-image-11022 colorbox-11044\" width=\"312\" height=\"98\" srcset=\"https:\/\/www.medskvz.org\/web\/wp-content\/uploads\/2020\/10\/emblem-1-1024x322.png 1024w, https:\/\/www.medskvz.org\/web\/wp-content\/uploads\/2020\/10\/emblem-1-300x94.png 300w, https:\/\/www.medskvz.org\/web\/wp-content\/uploads\/2020\/10\/emblem-1-768x242.png 768w, https:\/\/www.medskvz.org\/web\/wp-content\/uploads\/2020\/10\/emblem-1.png 1350w\" sizes=\"(max-width: 312px) 100vw, 312px\" \/><\/figure>\n<\/div>\n\n\n\n<div class=\"wp-container-22 wp-block-column\">\n<p><\/p>\n<p><em><strong>Vjekoslav Pokos<\/strong><\/em><\/p>\n<p><\/p>\n<\/div>\n<\/div>\n\n\n<p><\/p>\n<p style=\"text-align: center;\"><em><span style=\"color: #999999;\">Sadr\u017eaj ove objave isklju\u010diva je odgovornost Medicinske \u0161kole Vara\u017edin.<\/span><\/em><\/p>\n<p style=\"text-align: center;\">\n<\/p><p style=\"text-align: center;\"><\/p>\n\n\n<div style=\"height:198px\" aria-hidden=\"true\" class=\"wp-block-spacer\"><\/div>\n\n\n\n<hr class=\"wp-block-separator is-style-wide\"\/>\n\n\n\n<div class=\"wp-block-image\"><figure class=\"aligncenter size-large is-resized\"><img loading=\"lazy\" src=\"https:\/\/www.medskvz.org\/web\/wp-content\/uploads\/2020\/10\/Emblem-za-web-odrezan-1024x122.png\" alt=\"\" class=\"wp-image-11135 colorbox-11044\" width=\"671\" height=\"80\" srcset=\"https:\/\/www.medskvz.org\/web\/wp-content\/uploads\/2020\/10\/Emblem-za-web-odrezan-1024x122.png 1024w, https:\/\/www.medskvz.org\/web\/wp-content\/uploads\/2020\/10\/Emblem-za-web-odrezan-300x36.png 300w, https:\/\/www.medskvz.org\/web\/wp-content\/uploads\/2020\/10\/Emblem-za-web-odrezan-768x92.png 768w, https:\/\/www.medskvz.org\/web\/wp-content\/uploads\/2020\/10\/Emblem-za-web-odrezan-1536x183.png 1536w, https:\/\/www.medskvz.org\/web\/wp-content\/uploads\/2020\/10\/Emblem-za-web-odrezan-2048x244.png 2048w\" sizes=\"(max-width: 671px) 100vw, 671px\" \/><\/figure><\/div>\n\n\n\n<h5 style=\"text-align: center;\"><span style=\"color: #808080;\">Uspostava Regionalnog centra kompetentnosti inovativnih zdravstvenih tehnologija pri Medicinskoj \u0161koli Vara\u017edin<\/span><\/h5>\n\n\n\n<div class=\"wp-block-image is-style-default\"><figure class=\"aligncenter size-large is-resized\"><img loading=\"lazy\" src=\"https:\/\/www.medskvz.org\/web\/wp-content\/uploads\/2022\/04\/DNS-C-modul-photo-715314-1024x768.jpg\" alt=\"\" class=\"wp-image-13496 colorbox-11044\" width=\"744\" height=\"557\" srcset=\"https:\/\/www.medskvz.org\/web\/wp-content\/uploads\/2022\/04\/DNS-C-modul-photo-715314-1024x768.jpg 1024w, https:\/\/www.medskvz.org\/web\/wp-content\/uploads\/2022\/04\/DNS-C-modul-photo-715314-300x225.jpg 300w, https:\/\/www.medskvz.org\/web\/wp-content\/uploads\/2022\/04\/DNS-C-modul-photo-715314-768x576.jpg 768w, https:\/\/www.medskvz.org\/web\/wp-content\/uploads\/2022\/04\/DNS-C-modul-photo-715314-1536x1152.jpg 1536w, https:\/\/www.medskvz.org\/web\/wp-content\/uploads\/2022\/04\/DNS-C-modul-photo-715314.jpg 1600w\" sizes=\"(max-width: 744px) 100vw, 744px\" \/><\/figure><\/div>\n\n\n\n<h6 style=\"text-align: left;\"><span style=\"color: #999999;\"><em>Autor: Marko Vrtar, 1. travanj 2022.&nbsp; <br><\/em><\/span><\/h6>\n<h1>Dinami\u010dko-neuromuskularna stabilizacija<\/h1>\n<blockquote>\n<p><strong>Miroslav Jamni\u0107<\/strong>, <em>bacc. physioth<\/em>.,&nbsp; sudjelovao je u sklopu RCK projekta na stru\u010dnom usavr\u0161avanju iz podru\u010dja fizioterapeutske procjene (dinami\u010dko-neuromuskularna stabilizacija, modul C) \u2013 <em>DNS advanced course C, <\/em>u Poliklinici Fizioderma u Zagrebu od 18. do 20. o\u017eujka 2022. godine u ukupnom trajanju od 18 sati u organizaciji&nbsp;Aqua Meniscus j.d.o.o.&nbsp;<\/p>\n<\/blockquote>\n\n\n\n<figure class=\"wp-container-25 wp-block-gallery-24 wp-block-gallery columns-2 is-cropped\"><ul class=\"blocks-gallery-grid\"><li class=\"blocks-gallery-item\"><figure><img loading=\"lazy\" width=\"768\" height=\"1024\" src=\"https:\/\/www.medskvz.org\/web\/wp-content\/uploads\/2022\/04\/DNS-C-modul-photo-115308-768x1024.jpg\" alt=\"\" data-id=\"13499\" data-full-url=\"https:\/\/www.medskvz.org\/web\/wp-content\/uploads\/2022\/04\/DNS-C-modul-photo-115308.jpg\" data-link=\"https:\/\/www.medskvz.org\/web\/clanci-o-projektu\/dns-c-modul-photo-115308\/\" class=\"wp-image-13499 colorbox-11044\" srcset=\"https:\/\/www.medskvz.org\/web\/wp-content\/uploads\/2022\/04\/DNS-C-modul-photo-115308-768x1024.jpg 768w, https:\/\/www.medskvz.org\/web\/wp-content\/uploads\/2022\/04\/DNS-C-modul-photo-115308-225x300.jpg 225w, https:\/\/www.medskvz.org\/web\/wp-content\/uploads\/2022\/04\/DNS-C-modul-photo-115308-1152x1536.jpg 1152w, https:\/\/www.medskvz.org\/web\/wp-content\/uploads\/2022\/04\/DNS-C-modul-photo-115308.jpg 1536w\" sizes=\"(max-width: 768px) 100vw, 768px\" \/><\/figure><\/li><li class=\"blocks-gallery-item\"><figure><img loading=\"lazy\" width=\"768\" height=\"1024\" src=\"https:\/\/www.medskvz.org\/web\/wp-content\/uploads\/2022\/04\/DNS-C-modul-photo-615313-1-768x1024.jpg\" alt=\"\" data-id=\"13500\" data-full-url=\"https:\/\/www.medskvz.org\/web\/wp-content\/uploads\/2022\/04\/DNS-C-modul-photo-615313-1.jpg\" data-link=\"https:\/\/www.medskvz.org\/web\/clanci-o-projektu\/dns-c-modul-photo-615313-1\/\" class=\"wp-image-13500 colorbox-11044\" srcset=\"https:\/\/www.medskvz.org\/web\/wp-content\/uploads\/2022\/04\/DNS-C-modul-photo-615313-1-768x1024.jpg 768w, https:\/\/www.medskvz.org\/web\/wp-content\/uploads\/2022\/04\/DNS-C-modul-photo-615313-1-225x300.jpg 225w, https:\/\/www.medskvz.org\/web\/wp-content\/uploads\/2022\/04\/DNS-C-modul-photo-615313-1-1152x1536.jpg 1152w, https:\/\/www.medskvz.org\/web\/wp-content\/uploads\/2022\/04\/DNS-C-modul-photo-615313-1.jpg 1536w\" sizes=\"(max-width: 768px) 100vw, 768px\" \/><\/figure><\/li><\/ul><\/figure>\n\n\n\n<p>DNS je najmodernija metoda duboke stabilizacije lokomotornog sustava, bazirana na razvojnoj kineziologiji djeteta u prvoj godini \u017eivota. Metodu je razvio prof. Pavel Kolar pod mentorstvom pionira neurofiziologije i manualne medicine, prof. Vojte, prof. Lewitta, prof. Velea i prof. Jande.<\/p>\n<p>Zbog iznimne u\u010dinkovitosti u rehabilitaciji, ali i prevenciji ozljeda i pobolj\u0161anju sportskih performansi, ova metoda je brzo postala popularna u vrhunskim rehabilitacijskim i sportskim ustanovama diljem svijeta.<\/p>\n\n\n\n<div class=\"wp-container-28 wp-block-columns\">\n<div class=\"wp-container-26 wp-block-column\">\n<figure class=\"wp-block-image size-large is-resized\"><img loading=\"lazy\" src=\"https:\/\/www.medskvz.org\/web\/wp-content\/uploads\/2020\/10\/emblem-1-1024x322.png\" alt=\"\" class=\"wp-image-11022 colorbox-11044\" width=\"312\" height=\"98\" srcset=\"https:\/\/www.medskvz.org\/web\/wp-content\/uploads\/2020\/10\/emblem-1-1024x322.png 1024w, https:\/\/www.medskvz.org\/web\/wp-content\/uploads\/2020\/10\/emblem-1-300x94.png 300w, https:\/\/www.medskvz.org\/web\/wp-content\/uploads\/2020\/10\/emblem-1-768x242.png 768w, https:\/\/www.medskvz.org\/web\/wp-content\/uploads\/2020\/10\/emblem-1.png 1350w\" sizes=\"(max-width: 312px) 100vw, 312px\" \/><\/figure>\n<\/div>\n\n\n\n<div class=\"wp-container-27 wp-block-column\">\n<p><\/p>\n<p><strong>Jelena Zidar<\/strong>, mag.philol.franc.\/ital.<\/p>\n<p>koordinator stru\u010dnih usavr\u0161avanja i studijskih posjeta<\/p>\n<p><\/p>\n<\/div>\n<\/div>\n\n\n<p><\/p>\n<p style=\"text-align: center;\"><em><span style=\"color: #999999;\">Sadr\u017eaj ove objave isklju\u010diva je odgovornost Medicinske \u0161kole Vara\u017edin.<\/span><\/em><\/p>\n<p style=\"text-align: center;\">\n<\/p><p style=\"text-align: center;\"><\/p>\n\n\n<div style=\"height:245px\" aria-hidden=\"true\" class=\"wp-block-spacer\"><\/div>\n\n\n\n<hr class=\"wp-block-separator is-style-wide\"\/>\n\n\n\n<div class=\"wp-block-image\"><figure class=\"aligncenter size-large is-resized\"><img loading=\"lazy\" src=\"https:\/\/www.medskvz.org\/web\/wp-content\/uploads\/2020\/10\/Emblem-za-web-odrezan-1024x122.png\" alt=\"\" class=\"wp-image-11135 colorbox-11044\" width=\"671\" height=\"80\" srcset=\"https:\/\/www.medskvz.org\/web\/wp-content\/uploads\/2020\/10\/Emblem-za-web-odrezan-1024x122.png 1024w, https:\/\/www.medskvz.org\/web\/wp-content\/uploads\/2020\/10\/Emblem-za-web-odrezan-300x36.png 300w, https:\/\/www.medskvz.org\/web\/wp-content\/uploads\/2020\/10\/Emblem-za-web-odrezan-768x92.png 768w, https:\/\/www.medskvz.org\/web\/wp-content\/uploads\/2020\/10\/Emblem-za-web-odrezan-1536x183.png 1536w, https:\/\/www.medskvz.org\/web\/wp-content\/uploads\/2020\/10\/Emblem-za-web-odrezan-2048x244.png 2048w\" sizes=\"(max-width: 671px) 100vw, 671px\" \/><\/figure><\/div>\n\n\n\n<h5><span style=\"color: #808080;\">Uspostava Regionalnog centra kompetentnosti inovativnih zdravstvenih tehnologija pri Medicinskoj \u0161koli Vara\u017edin<\/span><\/h5>\n\n\n\n<div class=\"wp-block-image is-style-default\"><figure class=\"aligncenter size-full is-resized\"><img loading=\"lazy\" src=\"https:\/\/www.medskvz.org\/web\/wp-content\/uploads\/2022\/04\/hgkdghk.jpg\" alt=\"\" class=\"wp-image-13475 colorbox-11044\" width=\"753\" height=\"743\" srcset=\"https:\/\/www.medskvz.org\/web\/wp-content\/uploads\/2022\/04\/hgkdghk.jpg 593w, https:\/\/www.medskvz.org\/web\/wp-content\/uploads\/2022\/04\/hgkdghk-300x296.jpg 300w\" sizes=\"(max-width: 753px) 100vw, 753px\" \/><\/figure><\/div>\n\n\n\n<h6 style=\"text-align: left;\"><span style=\"color: #999999;\"><em>Autor: Marko Vrtar,31.o\u017eujak 2022.&nbsp; <br><\/em><\/span><\/h6>\n<h1>Job shadowing u Portugalu<\/h1>\n<blockquote>\n<p>U sklopu projektnih aktivnosti&nbsp; uspostave organizacije rada i razvoja regionalnog centra kompetentnosti radi planiranja suradnje i razmjene iskustva s drugim ustanovama za strukovno obrazovanje u RH i izvan RH te me\u0111unarodnim centrima koji djeluju u podru\u010dju strukovnog obrazovanja voditeljica aktivnosti izrada programa stalnog stru\u010dnog usavr\u0161avanja u podru\u010dju metodike, didaktike i upotrebe novih tehnologija, profesorica Nata\u0161a Sajko boravila je od 20. do 27. o\u017eujka 2022. u portugalskom gradi\u0107u Loul\u00e8u u ju\u017enoj pokrajini Faro.<\/p>\n<\/blockquote>\n\n\n\n<figure class=\"wp-container-30 wp-block-gallery-29 wp-block-gallery columns-3 is-cropped\"><ul class=\"blocks-gallery-grid\"><li class=\"blocks-gallery-item\"><figure><img loading=\"lazy\" width=\"300\" height=\"225\" src=\"https:\/\/www.medskvz.org\/web\/wp-content\/uploads\/2022\/04\/1_dan_obilazak-skole_Loule15281.jpg\" alt=\"\" data-id=\"13480\" data-full-url=\"https:\/\/www.medskvz.org\/web\/wp-content\/uploads\/2022\/04\/1_dan_obilazak-skole_Loule15281.jpg\" data-link=\"https:\/\/www.medskvz.org\/web\/clanci-o-projektu\/1_dan_obilazak-skole_loule15281\/\" class=\"wp-image-13480 colorbox-11044\"\/><\/figure><\/li><li class=\"blocks-gallery-item\"><figure><img loading=\"lazy\" width=\"300\" height=\"225\" src=\"https:\/\/www.medskvz.org\/web\/wp-content\/uploads\/2022\/04\/2_Portugal_posjet_mikromreza-skola15279.jpg\" alt=\"\" data-id=\"13482\" data-full-url=\"https:\/\/www.medskvz.org\/web\/wp-content\/uploads\/2022\/04\/2_Portugal_posjet_mikromreza-skola15279.jpg\" data-link=\"https:\/\/www.medskvz.org\/web\/clanci-o-projektu\/2_portugal_posjet_mikromreza-skola15279\/\" class=\"wp-image-13482 colorbox-11044\"\/><\/figure><\/li><li class=\"blocks-gallery-item\"><figure><img loading=\"lazy\" width=\"300\" height=\"225\" src=\"https:\/\/www.medskvz.org\/web\/wp-content\/uploads\/2022\/04\/3_dan_kulturni-obilazak15272.jpg\" alt=\"\" data-id=\"13483\" data-full-url=\"https:\/\/www.medskvz.org\/web\/wp-content\/uploads\/2022\/04\/3_dan_kulturni-obilazak15272.jpg\" data-link=\"https:\/\/www.medskvz.org\/web\/clanci-o-projektu\/3_dan_kulturni-obilazak15272\/\" class=\"wp-image-13483 colorbox-11044\"\/><\/figure><\/li><li class=\"blocks-gallery-item\"><figure><img loading=\"lazy\" width=\"300\" height=\"225\" src=\"https:\/\/www.medskvz.org\/web\/wp-content\/uploads\/2022\/04\/3_dan_kulturni-obilazak_Faro15273.jpg\" alt=\"\" data-id=\"13484\" data-full-url=\"https:\/\/www.medskvz.org\/web\/wp-content\/uploads\/2022\/04\/3_dan_kulturni-obilazak_Faro15273.jpg\" data-link=\"https:\/\/www.medskvz.org\/web\/clanci-o-projektu\/3_dan_kulturni-obilazak_faro15273\/\" class=\"wp-image-13484 colorbox-11044\"\/><\/figure><\/li><li class=\"blocks-gallery-item\"><figure><img loading=\"lazy\" width=\"300\" height=\"225\" src=\"https:\/\/www.medskvz.org\/web\/wp-content\/uploads\/2022\/04\/4_dan_projekti-u-nastavi-biologije15284.jpg\" alt=\"\" data-id=\"13487\" data-full-url=\"https:\/\/www.medskvz.org\/web\/wp-content\/uploads\/2022\/04\/4_dan_projekti-u-nastavi-biologije15284.jpg\" data-link=\"https:\/\/www.medskvz.org\/web\/clanci-o-projektu\/4_dan_projekti-u-nastavi-biologije15284\/\" class=\"wp-image-13487 colorbox-11044\"\/><\/figure><\/li><li class=\"blocks-gallery-item\"><figure><img loading=\"lazy\" width=\"300\" height=\"400\" src=\"https:\/\/www.medskvz.org\/web\/wp-content\/uploads\/2022\/04\/4_dan_projektni-dan_razgovor-s-ucenicom15275.jpg\" alt=\"\" data-id=\"13488\" data-full-url=\"https:\/\/www.medskvz.org\/web\/wp-content\/uploads\/2022\/04\/4_dan_projektni-dan_razgovor-s-ucenicom15275.jpg\" data-link=\"https:\/\/www.medskvz.org\/web\/clanci-o-projektu\/4_dan_projektni-dan_razgovor-s-ucenicom15275\/\" class=\"wp-image-13488 colorbox-11044\" srcset=\"https:\/\/www.medskvz.org\/web\/wp-content\/uploads\/2022\/04\/4_dan_projektni-dan_razgovor-s-ucenicom15275.jpg 300w, https:\/\/www.medskvz.org\/web\/wp-content\/uploads\/2022\/04\/4_dan_projektni-dan_razgovor-s-ucenicom15275-225x300.jpg 225w\" sizes=\"(max-width: 300px) 100vw, 300px\" \/><\/figure><\/li><\/ul><\/figure>\n\n\n\n<p>U tom tjednu opa\u017eala je nastavu i nastavne procese u srednjoj \u0161koli \u201eEscola Secund\u00e1ria de Loul\u00e9\u201c u sklopu job Shadowinga (u\u010denja opa\u017eanjem nastave i \u0161kolskih procesa) u trajanju od 35 \u0161kolskih sati. Tijekom tjedna sura\u0111ivala je s kolegama nastavnicima iz Njema\u010dke, Poljske, \u0160panjolske i \u0160vedske koji su&nbsp; tako\u0111er sudjelovali u istome seminaru.<\/p>\n<p>Srednja \u0161kola \u201eEscola Secund\u00e1ria de Loul\u00e9\u201c&nbsp; \u0161koluje 1500 u\u010denika i zapo\u0161ljava 170 nastavnika u strukovnim i op\u0107eobrazovnim, gimnazijskim programima. Osim toga \u0161kola je i sredi\u0161nje mjesto za cjelo\u017eivotno u\u010denje i stru\u010dno usavr\u0161avanje portugalskih nastavnika. Svaki mjesec u sklopu me\u0111unarodnih razmjena i strukturiranih te\u010dajeva posje\u0107uju i nastavnici iz cijele Europe zahvaljuju\u0107i sredstvima i potpori programa Erasmus +. Osim toga \u0161kola ima i odjel za obrazovanje odraslih\u201cCentro Qualifica\u201c &nbsp;koji u njemu stje\u010du temeljne op\u0107eobrazovne kompetencije i prve kvalifikacije s kojima mogu pristupiti tr\u017ei\u0161tu rada.<\/p>\n<p>Portugalski obrazovni sustav&nbsp; temelji se na izgra\u0111enoj mre\u017ei \u0161kola koje objedinjuju i do 14 \u0161kolskih ustanova u jedinstvenu cjelinu s jednim ravnateljem i nizom njihovih zamjenika.&nbsp; Obvezno \u0161kolovanje u\u010denika traje 9 godina, ali ve\u0107ina u\u010denika nastavlja se \u0161kolovati u srednjim strukovnim i op\u0107eobrazovnim \u0161kolama sljede\u0107e tri godine. U\u010denici nakon toga stje\u010du obrazovne kvalifikacije razine 3 ERF-a ili se nastavljaju \u0161kolovati na visokim u\u010dili\u0161tima.<\/p>\n<p>U srednjoj \u0161koli Loul\u00e8 njeguje se interdisciplinarni pristup &nbsp;u\u010denju i pou\u010davanju te poti\u010de uklju\u010divanje u\u010denika i nastavnika u mno\u0161tvo \u0161kolskih, nacionalnih i me\u0111unarodnih projekata. Trenuta\u010dno aktivno sudjeluju u 14 Erasmus + projekata. Rezultate u\u010denja redovito kvartalno prikazuju na danima otvorenih vrata \u0161kole u koje se uklju\u010duje lokalna zajednica, a i i u\u010denici se poti\u010du na dru\u0161tveno korisno u\u010denje&nbsp; i volontiranje u zajednici osobito na nastavi biologije te strukovnim kvalifikacijama suradnika u nastavi i medijskih tehni\u010dara.<\/p>\n<p>Tijekom stru\u010dnoga posjeta dogovorena je suradnja sa portugalskom \u0161kolom i o\u010dekujemo uzvratni posjet njihove profesorice \u0161panjolskoga jezika na job shadowingu sljede\u0107e \u0161kolske godine.<\/p>\n<p>&nbsp;<\/p>\n<p>&nbsp;<\/p>\n\n\n\n<div class=\"wp-container-33 wp-block-columns\">\n<div class=\"wp-container-31 wp-block-column\">\n<figure class=\"wp-block-image size-large is-resized\"><img loading=\"lazy\" src=\"https:\/\/www.medskvz.org\/web\/wp-content\/uploads\/2020\/10\/emblem-1-1024x322.png\" alt=\"\" class=\"wp-image-11022 colorbox-11044\" width=\"312\" height=\"98\" srcset=\"https:\/\/www.medskvz.org\/web\/wp-content\/uploads\/2020\/10\/emblem-1-1024x322.png 1024w, https:\/\/www.medskvz.org\/web\/wp-content\/uploads\/2020\/10\/emblem-1-300x94.png 300w, https:\/\/www.medskvz.org\/web\/wp-content\/uploads\/2020\/10\/emblem-1-768x242.png 768w, https:\/\/www.medskvz.org\/web\/wp-content\/uploads\/2020\/10\/emblem-1.png 1350w\" sizes=\"(max-width: 312px) 100vw, 312px\" \/><\/figure>\n<\/div>\n\n\n\n<div class=\"wp-container-32 wp-block-column\">\n<p><\/p>\n<p>Nata\u0161a Sajko<\/p>\n<p><\/p>\n<\/div>\n<\/div>\n\n\n<p><\/p>\n<p style=\"text-align: center;\"><em><span style=\"color: #999999;\">Sadr\u017eaj ove objave isklju\u010diva je odgovornost Medicinske \u0161kole Vara\u017edin.<\/span><\/em><\/p>\n<p style=\"text-align: center;\">\n<\/p><p style=\"text-align: center;\"><\/p>\n\n\n<div style=\"height:273px\" aria-hidden=\"true\" class=\"wp-block-spacer\"><\/div>\n\n\n\n<hr class=\"wp-block-separator is-style-wide\"\/>\n\n\n\n\n\n<div class=\"wp-block-image\"><figure class=\"aligncenter size-large is-resized\"><img loading=\"lazy\" src=\"https:\/\/www.medskvz.org\/web\/wp-content\/uploads\/2020\/10\/Emblem-za-web-odrezan-1024x122.png\" alt=\"\" class=\"wp-image-11135 colorbox-11044\" width=\"671\" height=\"80\" srcset=\"https:\/\/www.medskvz.org\/web\/wp-content\/uploads\/2020\/10\/Emblem-za-web-odrezan-1024x122.png 1024w, https:\/\/www.medskvz.org\/web\/wp-content\/uploads\/2020\/10\/Emblem-za-web-odrezan-300x36.png 300w, https:\/\/www.medskvz.org\/web\/wp-content\/uploads\/2020\/10\/Emblem-za-web-odrezan-768x92.png 768w, https:\/\/www.medskvz.org\/web\/wp-content\/uploads\/2020\/10\/Emblem-za-web-odrezan-1536x183.png 1536w, https:\/\/www.medskvz.org\/web\/wp-content\/uploads\/2020\/10\/Emblem-za-web-odrezan-2048x244.png 2048w\" sizes=\"(max-width: 671px) 100vw, 671px\" \/><\/figure><\/div>\n\n\n\n<h5><span style=\"color: #808080;\">Uspostava Regionalnog centra kompetentnosti inovativnih zdravstvenih tehnologija pri Medicinskoj \u0161koli Vara\u017edin<\/span><\/h5>\n\n\n\n<figure class=\"wp-block-image size-large is-resized is-style-rounded\"><img loading=\"lazy\" src=\"https:\/\/www.medskvz.org\/web\/wp-content\/uploads\/2022\/04\/photo-215497-1024x768.jpeg\" alt=\"\" class=\"wp-image-13466 colorbox-11044\" width=\"741\" height=\"555\" srcset=\"https:\/\/www.medskvz.org\/web\/wp-content\/uploads\/2022\/04\/photo-215497-1024x768.jpeg 1024w, https:\/\/www.medskvz.org\/web\/wp-content\/uploads\/2022\/04\/photo-215497-300x225.jpeg 300w, https:\/\/www.medskvz.org\/web\/wp-content\/uploads\/2022\/04\/photo-215497-768x576.jpeg 768w, https:\/\/www.medskvz.org\/web\/wp-content\/uploads\/2022\/04\/photo-215497-1536x1152.jpeg 1536w, https:\/\/www.medskvz.org\/web\/wp-content\/uploads\/2022\/04\/photo-215497-2048x1536.jpeg 2048w\" sizes=\"(max-width: 741px) 100vw, 741px\" \/><\/figure>\n\n\n\n<h6 style=\"text-align: left;\"><span style=\"color: #999999;\"><em>Autor: Marko Vrtar,31.o\u017eujak 2022.&nbsp; <br><\/em><\/span><\/h6>\n<h2><strong>I. modul edukacije Bowen terapije<\/strong><\/h2>\n<blockquote>\n<p>Nastavnici Medicinske \u0161kole Vara\u017edin te \u0161kola partnera iz \u010cakovca i Pregrade sudjelovali su na I. modulu edukacije Bowen terapije 26.- 27. o\u017eujka 2022., koje se odr\u017ealo u hotelu Antunovi\u0107 u Zagrebu.&nbsp;Edukacija se organizirala u suradnji s&nbsp; Akademijom za manualno terapijo iz Ljubljane.<\/p>\n<\/blockquote>\n\n\n\n<p>Bowen tehnika je nje\u017ena, neinvanzivna i veoma u\u010dinkovita manualna terapijska metoda.&nbsp;<\/p>\n<p>Holisti\u010dkog je pristupa i cilj joj je uspostaviti ravnote\u017eu na fizi\u010dkom, emocionalnom i energetskom nivou \u010dovjeka. Izdvaja je specifi\u010dan, nje\u017ean pokret&nbsp; preko mekih tkiva kojem je cilj optimalan rad miofascijalnih segmenata, unaprje\u0111enje funkcije kralje\u0161nice i sredi\u0161njeg \u017eiv\u010danog sustava.<\/p>\n\n\n\n<figure class=\"wp-container-35 wp-block-gallery-34 wp-block-gallery columns-2 is-cropped\"><ul class=\"blocks-gallery-grid\"><li class=\"blocks-gallery-item\"><figure><img loading=\"lazy\" width=\"1024\" height=\"677\" src=\"https:\/\/www.medskvz.org\/web\/wp-content\/uploads\/2022\/04\/photo-315496-1024x677.jpeg\" alt=\"\" data-id=\"13467\" data-full-url=\"https:\/\/www.medskvz.org\/web\/wp-content\/uploads\/2022\/04\/photo-315496.jpeg\" data-link=\"https:\/\/www.medskvz.org\/web\/clanci-o-projektu\/photo-315496\/\" class=\"wp-image-13467 colorbox-11044\" srcset=\"https:\/\/www.medskvz.org\/web\/wp-content\/uploads\/2022\/04\/photo-315496-1024x677.jpeg 1024w, https:\/\/www.medskvz.org\/web\/wp-content\/uploads\/2022\/04\/photo-315496-300x198.jpeg 300w, https:\/\/www.medskvz.org\/web\/wp-content\/uploads\/2022\/04\/photo-315496-768x508.jpeg 768w, https:\/\/www.medskvz.org\/web\/wp-content\/uploads\/2022\/04\/photo-315496.jpeg 1329w\" sizes=\"(max-width: 1024px) 100vw, 1024px\" \/><\/figure><\/li><li class=\"blocks-gallery-item\"><figure><img loading=\"lazy\" width=\"1024\" height=\"423\" src=\"https:\/\/www.medskvz.org\/web\/wp-content\/uploads\/2022\/04\/photo-415498-1024x423.jpeg\" alt=\"\" data-id=\"13468\" data-full-url=\"https:\/\/www.medskvz.org\/web\/wp-content\/uploads\/2022\/04\/photo-415498.jpeg\" data-link=\"https:\/\/www.medskvz.org\/web\/clanci-o-projektu\/photo-415498\/\" class=\"wp-image-13468 colorbox-11044\" srcset=\"https:\/\/www.medskvz.org\/web\/wp-content\/uploads\/2022\/04\/photo-415498-1024x423.jpeg 1024w, https:\/\/www.medskvz.org\/web\/wp-content\/uploads\/2022\/04\/photo-415498-300x124.jpeg 300w, https:\/\/www.medskvz.org\/web\/wp-content\/uploads\/2022\/04\/photo-415498-768x317.jpeg 768w, https:\/\/www.medskvz.org\/web\/wp-content\/uploads\/2022\/04\/photo-415498-1536x634.jpeg 1536w, https:\/\/www.medskvz.org\/web\/wp-content\/uploads\/2022\/04\/photo-415498.jpeg 1919w\" sizes=\"(max-width: 1024px) 100vw, 1024px\" \/><\/figure><\/li><\/ul><\/figure>\n\n\n\n<div class=\"wp-container-38 wp-block-columns\">\n<div class=\"wp-container-36 wp-block-column\">\n<figure class=\"wp-block-image size-large is-resized\"><img loading=\"lazy\" src=\"https:\/\/www.medskvz.org\/web\/wp-content\/uploads\/2020\/10\/emblem-1-1024x322.png\" alt=\"\" class=\"wp-image-11022 colorbox-11044\" width=\"312\" height=\"98\" srcset=\"https:\/\/www.medskvz.org\/web\/wp-content\/uploads\/2020\/10\/emblem-1-1024x322.png 1024w, https:\/\/www.medskvz.org\/web\/wp-content\/uploads\/2020\/10\/emblem-1-300x94.png 300w, https:\/\/www.medskvz.org\/web\/wp-content\/uploads\/2020\/10\/emblem-1-768x242.png 768w, https:\/\/www.medskvz.org\/web\/wp-content\/uploads\/2020\/10\/emblem-1.png 1350w\" sizes=\"(max-width: 312px) 100vw, 312px\" \/><\/figure>\n<\/div>\n\n\n\n<div class=\"wp-container-37 wp-block-column\">\n<p><\/p>\n<p>Vjekoslav Pokos<\/p>\n<p><\/p>\n<\/div>\n<\/div>\n\n\n<p><\/p>\n<p style=\"text-align: center;\"><em><span style=\"color: #999999;\">Sadr\u017eaj ove objave isklju\u010diva je odgovornost Medicinske \u0161kole Vara\u017edin.<\/span><\/em><\/p>\n<p style=\"text-align: center;\">\n<\/p><p style=\"text-align: center;\"><\/p>\n\n\n<div style=\"height:154px\" aria-hidden=\"true\" class=\"wp-block-spacer\"><\/div>\n\n\n\n<hr class=\"wp-block-separator is-style-wide\"\/>\n\n\n\n<div class=\"wp-block-image\"><figure class=\"aligncenter size-large is-resized\"><img loading=\"lazy\" src=\"https:\/\/www.medskvz.org\/web\/wp-content\/uploads\/2020\/10\/Emblem-za-web-odrezan-1024x122.png\" alt=\"\" class=\"wp-image-11135 colorbox-11044\" width=\"671\" height=\"80\" srcset=\"https:\/\/www.medskvz.org\/web\/wp-content\/uploads\/2020\/10\/Emblem-za-web-odrezan-1024x122.png 1024w, https:\/\/www.medskvz.org\/web\/wp-content\/uploads\/2020\/10\/Emblem-za-web-odrezan-300x36.png 300w, https:\/\/www.medskvz.org\/web\/wp-content\/uploads\/2020\/10\/Emblem-za-web-odrezan-768x92.png 768w, https:\/\/www.medskvz.org\/web\/wp-content\/uploads\/2020\/10\/Emblem-za-web-odrezan-1536x183.png 1536w, https:\/\/www.medskvz.org\/web\/wp-content\/uploads\/2020\/10\/Emblem-za-web-odrezan-2048x244.png 2048w\" sizes=\"(max-width: 671px) 100vw, 671px\" \/><\/figure><\/div>\n\n\n\n<h5><span style=\"color: #808080;\">Uspostava Regionalnog centra kompetentnosti inovativnih zdravstvenih tehnologija pri Medicinskoj \u0161koli Vara\u017edin<\/span><\/h5>\n\n\n\n<figure class=\"wp-block-image size-large is-resized is-style-rounded\"><img loading=\"lazy\" src=\"https:\/\/www.medskvz.org\/web\/wp-content\/uploads\/2022\/04\/Naslovna-slika-1024x768.jpg\" alt=\"\" class=\"wp-image-13447 colorbox-11044\" width=\"776\" height=\"582\" srcset=\"https:\/\/www.medskvz.org\/web\/wp-content\/uploads\/2022\/04\/Naslovna-slika-1024x768.jpg 1024w, https:\/\/www.medskvz.org\/web\/wp-content\/uploads\/2022\/04\/Naslovna-slika-300x225.jpg 300w, https:\/\/www.medskvz.org\/web\/wp-content\/uploads\/2022\/04\/Naslovna-slika-768x576.jpg 768w, https:\/\/www.medskvz.org\/web\/wp-content\/uploads\/2022\/04\/Naslovna-slika-1536x1152.jpg 1536w, https:\/\/www.medskvz.org\/web\/wp-content\/uploads\/2022\/04\/Naslovna-slika-2048x1536.jpg 2048w\" sizes=\"(max-width: 776px) 100vw, 776px\" \/><\/figure>\n\n\n\n<h6 style=\"text-align: left;\"><span style=\"color: #999999;\"><em>Autor: Marko Vrtar, 29.o\u017eujak 2022.&nbsp; <br><\/em><\/span><\/h6>\n<h2><strong><b>ZAVR\u0160EN TE\u010cAJ NAPREDNOG ZBRINJAVANJA ODRASLIH OSOBA S HITNIM STANJIMA<\/b><\/strong><\/h2>\n<blockquote>\n<h3><span style=\"color: #000000; font-family: arial, sans-serif;\">Nastavnice Medicinske \u0161kole Vara\u017edin uspje\u0161no su zavr\u0161ile jo\u0161 jedan te\u010daj u podru\u010dju zbrinjavanja&nbsp;hitnih bolesnika odrasle \u017eivotne dobi.&nbsp;Te\u010daj se odr\u017eao&nbsp;od 28. do 29. o\u017eujka 2022. godine u Edukacijsko simulacijskom centru &#8220;EduKa&#8221; koji djeluje u sklopu Zavoda za hitnu medicinu Karlova\u010dke \u017eupanije. Ovaj je te\u010daj jo\u0161 jedan od nekoliko te\u010dajeva u ciklusu stru\u010dnog usavr\u0161avanja nastavnika zdravstvene njege u podru\u010dju hitne medicine.<\/span><\/h3>\n<\/blockquote>\n\n\n\n<p>Te\u010daj pod nazivom &#8220;Napredne mjere odr\u017eavanja \u017eivota odraslih osoba&#8221; obuhva\u0107ao je ponavljanje i stjecanje teorijskog i prakti\u010dnog znanja koje se odnosi na postupke zbrinjavanja odraslih osoba s hitnim stanjima koja su nastala zbog razli\u010ditih potencijalno reverzibilnih uzroka.&nbsp;Nastavnice su po uspje\u0161nom zavr\u0161etku te\u010daja stekle potvrdu o uspje\u0161no zavr\u0161enom te\u010daju.&nbsp;<\/p>\n\n\n\n<figure class=\"wp-container-40 wp-block-gallery-39 wp-block-gallery columns-3 is-cropped\"><ul class=\"blocks-gallery-grid\"><li class=\"blocks-gallery-item\"><figure><img loading=\"lazy\" width=\"1024\" height=\"768\" src=\"https:\/\/www.medskvz.org\/web\/wp-content\/uploads\/2022\/04\/20220328_133039-1024x768.jpg\" alt=\"\" data-id=\"13448\" data-full-url=\"https:\/\/www.medskvz.org\/web\/wp-content\/uploads\/2022\/04\/20220328_133039-scaled.jpg\" data-link=\"https:\/\/www.medskvz.org\/web\/clanci-o-projektu\/20220328_133039\/\" class=\"wp-image-13448 colorbox-11044\" srcset=\"https:\/\/www.medskvz.org\/web\/wp-content\/uploads\/2022\/04\/20220328_133039-1024x768.jpg 1024w, https:\/\/www.medskvz.org\/web\/wp-content\/uploads\/2022\/04\/20220328_133039-300x225.jpg 300w, https:\/\/www.medskvz.org\/web\/wp-content\/uploads\/2022\/04\/20220328_133039-768x576.jpg 768w, https:\/\/www.medskvz.org\/web\/wp-content\/uploads\/2022\/04\/20220328_133039-1536x1152.jpg 1536w, https:\/\/www.medskvz.org\/web\/wp-content\/uploads\/2022\/04\/20220328_133039-2048x1536.jpg 2048w\" sizes=\"(max-width: 1024px) 100vw, 1024px\" \/><\/figure><\/li><li class=\"blocks-gallery-item\"><figure><img loading=\"lazy\" width=\"1024\" height=\"768\" src=\"https:\/\/www.medskvz.org\/web\/wp-content\/uploads\/2022\/04\/20220328_133702-1024x768.jpg\" alt=\"\" data-id=\"13449\" data-full-url=\"https:\/\/www.medskvz.org\/web\/wp-content\/uploads\/2022\/04\/20220328_133702-scaled.jpg\" data-link=\"https:\/\/www.medskvz.org\/web\/clanci-o-projektu\/20220328_133702\/\" class=\"wp-image-13449 colorbox-11044\" srcset=\"https:\/\/www.medskvz.org\/web\/wp-content\/uploads\/2022\/04\/20220328_133702-1024x768.jpg 1024w, https:\/\/www.medskvz.org\/web\/wp-content\/uploads\/2022\/04\/20220328_133702-300x225.jpg 300w, https:\/\/www.medskvz.org\/web\/wp-content\/uploads\/2022\/04\/20220328_133702-768x576.jpg 768w, https:\/\/www.medskvz.org\/web\/wp-content\/uploads\/2022\/04\/20220328_133702-1536x1152.jpg 1536w, https:\/\/www.medskvz.org\/web\/wp-content\/uploads\/2022\/04\/20220328_133702-2048x1536.jpg 2048w\" sizes=\"(max-width: 1024px) 100vw, 1024px\" \/><\/figure><\/li><li class=\"blocks-gallery-item\"><figure><img loading=\"lazy\" width=\"768\" height=\"1024\" src=\"https:\/\/www.medskvz.org\/web\/wp-content\/uploads\/2022\/04\/20220328_134804-768x1024.jpg\" alt=\"\" data-id=\"13450\" data-full-url=\"https:\/\/www.medskvz.org\/web\/wp-content\/uploads\/2022\/04\/20220328_134804-scaled.jpg\" data-link=\"https:\/\/www.medskvz.org\/web\/clanci-o-projektu\/20220328_134804\/\" class=\"wp-image-13450 colorbox-11044\" srcset=\"https:\/\/www.medskvz.org\/web\/wp-content\/uploads\/2022\/04\/20220328_134804-768x1024.jpg 768w, https:\/\/www.medskvz.org\/web\/wp-content\/uploads\/2022\/04\/20220328_134804-225x300.jpg 225w, https:\/\/www.medskvz.org\/web\/wp-content\/uploads\/2022\/04\/20220328_134804-1152x1536.jpg 1152w, https:\/\/www.medskvz.org\/web\/wp-content\/uploads\/2022\/04\/20220328_134804-1536x2048.jpg 1536w, https:\/\/www.medskvz.org\/web\/wp-content\/uploads\/2022\/04\/20220328_134804-scaled.jpg 1920w\" sizes=\"(max-width: 768px) 100vw, 768px\" \/><\/figure><\/li><li class=\"blocks-gallery-item\"><figure><img loading=\"lazy\" width=\"1024\" height=\"768\" src=\"https:\/\/www.medskvz.org\/web\/wp-content\/uploads\/2022\/04\/20220329_100418-1024x768.jpg\" alt=\"\" data-id=\"13451\" data-full-url=\"https:\/\/www.medskvz.org\/web\/wp-content\/uploads\/2022\/04\/20220329_100418-scaled.jpg\" data-link=\"https:\/\/www.medskvz.org\/web\/clanci-o-projektu\/20220329_100418\/\" class=\"wp-image-13451 colorbox-11044\" srcset=\"https:\/\/www.medskvz.org\/web\/wp-content\/uploads\/2022\/04\/20220329_100418-1024x768.jpg 1024w, https:\/\/www.medskvz.org\/web\/wp-content\/uploads\/2022\/04\/20220329_100418-300x225.jpg 300w, https:\/\/www.medskvz.org\/web\/wp-content\/uploads\/2022\/04\/20220329_100418-768x576.jpg 768w, https:\/\/www.medskvz.org\/web\/wp-content\/uploads\/2022\/04\/20220329_100418-1536x1152.jpg 1536w, https:\/\/www.medskvz.org\/web\/wp-content\/uploads\/2022\/04\/20220329_100418-2048x1536.jpg 2048w\" sizes=\"(max-width: 1024px) 100vw, 1024px\" \/><\/figure><\/li><li class=\"blocks-gallery-item\"><figure><img loading=\"lazy\" width=\"1024\" height=\"768\" src=\"https:\/\/www.medskvz.org\/web\/wp-content\/uploads\/2022\/04\/20220329_101140-1024x768.jpg\" alt=\"\" data-id=\"13452\" data-full-url=\"https:\/\/www.medskvz.org\/web\/wp-content\/uploads\/2022\/04\/20220329_101140-scaled.jpg\" data-link=\"https:\/\/www.medskvz.org\/web\/clanci-o-projektu\/20220329_101140\/\" class=\"wp-image-13452 colorbox-11044\" srcset=\"https:\/\/www.medskvz.org\/web\/wp-content\/uploads\/2022\/04\/20220329_101140-1024x768.jpg 1024w, https:\/\/www.medskvz.org\/web\/wp-content\/uploads\/2022\/04\/20220329_101140-300x225.jpg 300w, https:\/\/www.medskvz.org\/web\/wp-content\/uploads\/2022\/04\/20220329_101140-768x576.jpg 768w, https:\/\/www.medskvz.org\/web\/wp-content\/uploads\/2022\/04\/20220329_101140-1536x1152.jpg 1536w, https:\/\/www.medskvz.org\/web\/wp-content\/uploads\/2022\/04\/20220329_101140-2048x1536.jpg 2048w\" sizes=\"(max-width: 1024px) 100vw, 1024px\" \/><\/figure><\/li><li class=\"blocks-gallery-item\"><figure><img loading=\"lazy\" width=\"1024\" height=\"768\" src=\"https:\/\/www.medskvz.org\/web\/wp-content\/uploads\/2022\/04\/20220329_123546-1024x768.jpg\" alt=\"\" data-id=\"13453\" data-full-url=\"https:\/\/www.medskvz.org\/web\/wp-content\/uploads\/2022\/04\/20220329_123546-scaled.jpg\" data-link=\"https:\/\/www.medskvz.org\/web\/clanci-o-projektu\/20220329_123546\/\" class=\"wp-image-13453 colorbox-11044\" srcset=\"https:\/\/www.medskvz.org\/web\/wp-content\/uploads\/2022\/04\/20220329_123546-1024x768.jpg 1024w, https:\/\/www.medskvz.org\/web\/wp-content\/uploads\/2022\/04\/20220329_123546-300x225.jpg 300w, https:\/\/www.medskvz.org\/web\/wp-content\/uploads\/2022\/04\/20220329_123546-768x576.jpg 768w, https:\/\/www.medskvz.org\/web\/wp-content\/uploads\/2022\/04\/20220329_123546-1536x1152.jpg 1536w, https:\/\/www.medskvz.org\/web\/wp-content\/uploads\/2022\/04\/20220329_123546-2048x1536.jpg 2048w\" sizes=\"(max-width: 1024px) 100vw, 1024px\" \/><\/figure><\/li><li class=\"blocks-gallery-item\"><figure><img loading=\"lazy\" width=\"1024\" height=\"768\" src=\"https:\/\/www.medskvz.org\/web\/wp-content\/uploads\/2022\/04\/IMG-3a204d263bc5558a91732076a83f5e0c-V-1024x768.jpg\" alt=\"\" data-id=\"13454\" data-full-url=\"https:\/\/www.medskvz.org\/web\/wp-content\/uploads\/2022\/04\/IMG-3a204d263bc5558a91732076a83f5e0c-V.jpg\" data-link=\"https:\/\/www.medskvz.org\/web\/clanci-o-projektu\/img-3a204d263bc5558a91732076a83f5e0c-v\/\" class=\"wp-image-13454 colorbox-11044\" srcset=\"https:\/\/www.medskvz.org\/web\/wp-content\/uploads\/2022\/04\/IMG-3a204d263bc5558a91732076a83f5e0c-V-1024x768.jpg 1024w, https:\/\/www.medskvz.org\/web\/wp-content\/uploads\/2022\/04\/IMG-3a204d263bc5558a91732076a83f5e0c-V-300x225.jpg 300w, https:\/\/www.medskvz.org\/web\/wp-content\/uploads\/2022\/04\/IMG-3a204d263bc5558a91732076a83f5e0c-V-768x576.jpg 768w, https:\/\/www.medskvz.org\/web\/wp-content\/uploads\/2022\/04\/IMG-3a204d263bc5558a91732076a83f5e0c-V-1536x1152.jpg 1536w, https:\/\/www.medskvz.org\/web\/wp-content\/uploads\/2022\/04\/IMG-3a204d263bc5558a91732076a83f5e0c-V.jpg 1600w\" sizes=\"(max-width: 1024px) 100vw, 1024px\" \/><\/figure><\/li><li class=\"blocks-gallery-item\"><figure><img loading=\"lazy\" width=\"768\" height=\"1024\" src=\"https:\/\/www.medskvz.org\/web\/wp-content\/uploads\/2022\/04\/Velika-slika-2-768x1024.jpg\" alt=\"\" data-id=\"13455\" data-full-url=\"https:\/\/www.medskvz.org\/web\/wp-content\/uploads\/2022\/04\/Velika-slika-2-scaled.jpg\" data-link=\"https:\/\/www.medskvz.org\/web\/clanci-o-projektu\/velika-slika-2-6\/\" class=\"wp-image-13455 colorbox-11044\" srcset=\"https:\/\/www.medskvz.org\/web\/wp-content\/uploads\/2022\/04\/Velika-slika-2-768x1024.jpg 768w, https:\/\/www.medskvz.org\/web\/wp-content\/uploads\/2022\/04\/Velika-slika-2-225x300.jpg 225w, https:\/\/www.medskvz.org\/web\/wp-content\/uploads\/2022\/04\/Velika-slika-2-1152x1536.jpg 1152w, https:\/\/www.medskvz.org\/web\/wp-content\/uploads\/2022\/04\/Velika-slika-2-1536x2048.jpg 1536w, https:\/\/www.medskvz.org\/web\/wp-content\/uploads\/2022\/04\/Velika-slika-2-scaled.jpg 1920w\" sizes=\"(max-width: 768px) 100vw, 768px\" \/><\/figure><\/li><li class=\"blocks-gallery-item\"><figure><img loading=\"lazy\" width=\"1024\" height=\"768\" src=\"https:\/\/www.medskvz.org\/web\/wp-content\/uploads\/2022\/04\/Velika-slika-3-1024x768.jpg\" alt=\"\" data-id=\"13456\" data-full-url=\"https:\/\/www.medskvz.org\/web\/wp-content\/uploads\/2022\/04\/Velika-slika-3-scaled.jpg\" data-link=\"https:\/\/www.medskvz.org\/web\/clanci-o-projektu\/velika-slika-3-4\/\" class=\"wp-image-13456 colorbox-11044\" srcset=\"https:\/\/www.medskvz.org\/web\/wp-content\/uploads\/2022\/04\/Velika-slika-3-1024x768.jpg 1024w, https:\/\/www.medskvz.org\/web\/wp-content\/uploads\/2022\/04\/Velika-slika-3-300x225.jpg 300w, https:\/\/www.medskvz.org\/web\/wp-content\/uploads\/2022\/04\/Velika-slika-3-768x576.jpg 768w, https:\/\/www.medskvz.org\/web\/wp-content\/uploads\/2022\/04\/Velika-slika-3-1536x1152.jpg 1536w, https:\/\/www.medskvz.org\/web\/wp-content\/uploads\/2022\/04\/Velika-slika-3-2048x1536.jpg 2048w\" sizes=\"(max-width: 1024px) 100vw, 1024px\" \/><\/figure><\/li><li class=\"blocks-gallery-item\"><figure><img loading=\"lazy\" width=\"1024\" height=\"768\" src=\"https:\/\/www.medskvz.org\/web\/wp-content\/uploads\/2022\/04\/Velika-slika-1024x768.jpg\" alt=\"\" data-id=\"13457\" data-full-url=\"https:\/\/www.medskvz.org\/web\/wp-content\/uploads\/2022\/04\/Velika-slika-scaled.jpg\" data-link=\"https:\/\/www.medskvz.org\/web\/clanci-o-projektu\/velika-slika-6\/\" class=\"wp-image-13457 colorbox-11044\" srcset=\"https:\/\/www.medskvz.org\/web\/wp-content\/uploads\/2022\/04\/Velika-slika-1024x768.jpg 1024w, https:\/\/www.medskvz.org\/web\/wp-content\/uploads\/2022\/04\/Velika-slika-300x225.jpg 300w, https:\/\/www.medskvz.org\/web\/wp-content\/uploads\/2022\/04\/Velika-slika-768x576.jpg 768w, https:\/\/www.medskvz.org\/web\/wp-content\/uploads\/2022\/04\/Velika-slika-1536x1152.jpg 1536w, https:\/\/www.medskvz.org\/web\/wp-content\/uploads\/2022\/04\/Velika-slika-2048x1536.jpg 2048w\" sizes=\"(max-width: 1024px) 100vw, 1024px\" \/><\/figure><\/li><\/ul><\/figure>\n\n\n\n<p>Na te\u010daju su sudjelovale nastavnice Medicinske \u0161kole Vara\u017edin (Patricija Jakopovi\u0107, Monika Kos Ga\u0161pari\u0107) te partnerskih \u0161kola na projektu: Srednje \u0161kole \u010cakovec (Valentina Fabi\u0107, Zlatka Fleten Sen\u010dar) i Srednje \u0161kole Pregrada (Marinela Ro\u017eaj).&nbsp;<\/p>\n\n\n\n<div class=\"wp-container-43 wp-block-columns\">\n<div class=\"wp-container-41 wp-block-column\">\n<figure class=\"wp-block-image size-large is-resized\"><img loading=\"lazy\" src=\"https:\/\/www.medskvz.org\/web\/wp-content\/uploads\/2020\/10\/emblem-1-1024x322.png\" alt=\"\" class=\"wp-image-11022 colorbox-11044\" width=\"312\" height=\"98\" srcset=\"https:\/\/www.medskvz.org\/web\/wp-content\/uploads\/2020\/10\/emblem-1-1024x322.png 1024w, https:\/\/www.medskvz.org\/web\/wp-content\/uploads\/2020\/10\/emblem-1-300x94.png 300w, https:\/\/www.medskvz.org\/web\/wp-content\/uploads\/2020\/10\/emblem-1-768x242.png 768w, https:\/\/www.medskvz.org\/web\/wp-content\/uploads\/2020\/10\/emblem-1.png 1350w\" sizes=\"(max-width: 312px) 100vw, 312px\" \/><\/figure>\n<\/div>\n\n\n\n<div class=\"wp-container-42 wp-block-column\">\n<p><\/p>\n<p><strong><em>Patricija Jakopovi\u0107, mag. sestrinstva<\/em><\/strong><\/p>\n<h6><strong><em>Koordinator unaprje\u0111enja i provedbe programa obrazovanja<\/em><\/strong><\/h6>\n<\/div>\n<\/div>\n\n\n<p><\/p>\n<ul>\n<li style=\"text-align: center;\"><em><span style=\"color: #999999;\">Sadr\u017eaj ove objave isklju\u010diva je odgovornost Medicinske \u0161kole Vara\u017edin.<\/span><\/em><\/li>\n<\/ul>\n<p style=\"text-align: center;\">\n<\/p><p style=\"text-align: center;\"><\/p>\n\n\n<div style=\"height:285px\" aria-hidden=\"true\" class=\"wp-block-spacer\"><\/div>\n\n\n\n<hr class=\"wp-block-separator is-style-wide\"\/>\n\n\n\n<div class=\"wp-block-image\"><figure class=\"aligncenter size-large is-resized\"><img loading=\"lazy\" src=\"https:\/\/www.medskvz.org\/web\/wp-content\/uploads\/2020\/10\/Emblem-za-web-odrezan-1024x122.png\" alt=\"\" class=\"wp-image-11135 colorbox-11044\" width=\"671\" height=\"80\" srcset=\"https:\/\/www.medskvz.org\/web\/wp-content\/uploads\/2020\/10\/Emblem-za-web-odrezan-1024x122.png 1024w, https:\/\/www.medskvz.org\/web\/wp-content\/uploads\/2020\/10\/Emblem-za-web-odrezan-300x36.png 300w, https:\/\/www.medskvz.org\/web\/wp-content\/uploads\/2020\/10\/Emblem-za-web-odrezan-768x92.png 768w, https:\/\/www.medskvz.org\/web\/wp-content\/uploads\/2020\/10\/Emblem-za-web-odrezan-1536x183.png 1536w, https:\/\/www.medskvz.org\/web\/wp-content\/uploads\/2020\/10\/Emblem-za-web-odrezan-2048x244.png 2048w\" sizes=\"(max-width: 671px) 100vw, 671px\" \/><\/figure><\/div>\n\n\n\n<h5><span style=\"color: #808080;\">Uspostava Regionalnog centra kompetentnosti inovativnih zdravstvenih tehnologija pri Medicinskoj \u0161koli Vara\u017edin<\/span><\/h5>\n\n\n\n<figure class=\"wp-block-image size-large is-resized\"><img loading=\"lazy\" src=\"https:\/\/www.medskvz.org\/web\/wp-content\/uploads\/2022\/04\/20220325_182300-1-1024x567.jpg\" alt=\"\" class=\"wp-image-13424 colorbox-11044\" width=\"763\" height=\"422\" srcset=\"https:\/\/www.medskvz.org\/web\/wp-content\/uploads\/2022\/04\/20220325_182300-1-1024x567.jpg 1024w, https:\/\/www.medskvz.org\/web\/wp-content\/uploads\/2022\/04\/20220325_182300-1-300x166.jpg 300w, https:\/\/www.medskvz.org\/web\/wp-content\/uploads\/2022\/04\/20220325_182300-1-768x426.jpg 768w, https:\/\/www.medskvz.org\/web\/wp-content\/uploads\/2022\/04\/20220325_182300-1-1536x851.jpg 1536w, https:\/\/www.medskvz.org\/web\/wp-content\/uploads\/2022\/04\/20220325_182300-1-2048x1135.jpg 2048w\" sizes=\"(max-width: 763px) 100vw, 763px\" \/><\/figure>\n\n\n\n<h6 style=\"text-align: left;\"><span style=\"color: #999999;\"><em>Autor: Marko Vrtar, 28.o\u017eujak 2022.&nbsp; <br><\/em><\/span><\/h6>\n<h2><strong>ODR\u017dANA PRVA SMOTRA PROJEKATA ZDRAVSTVENIH \u0160KOLA IZ LABORATORIJSKE MEDICINE I DIJAGNOSTIKE<\/strong><\/h2>\n<blockquote>\n<p>U Svetom je Martinu na Muri od 25. do 27. o\u017eujka 2022. godine odr\u017eana prva Smotra projekata zdravstvenih \u0161kola iz podru\u010dja laboratorijske medicine i dijagnostike. Smotra je okupila u\u010denike i mentore zdravstvenih \u0161kola iz Vara\u017edina, Zagreba, \u010cakovca, Maru\u0161evca, Pregrade, Splita i Zadra koji su predstavili razli\u010dite projekte i aktivnosti, a koji su pak bili povezani krovnom temom \u2013 <em>Ljudsko zdravlje.<\/em> Smotra je odr\u017eana u Hotelu Terme Sveti Martin na Muri, a osim u\u017eivo, bilo ju je mogu\u0107e pratiti i u virtualnom okru\u017eenju na platformi Zoom.<\/p>\n<\/blockquote>\n\n\n\n<figure class=\"wp-container-45 wp-block-gallery-44 wp-block-gallery columns-3 is-cropped\"><ul class=\"blocks-gallery-grid\"><li class=\"blocks-gallery-item\"><figure><img loading=\"lazy\" width=\"1024\" height=\"576\" src=\"https:\/\/www.medskvz.org\/web\/wp-content\/uploads\/2022\/04\/20220326_123948-1024x576.jpg\" alt=\"\" data-id=\"13428\" data-full-url=\"https:\/\/www.medskvz.org\/web\/wp-content\/uploads\/2022\/04\/20220326_123948-scaled.jpg\" data-link=\"https:\/\/www.medskvz.org\/web\/clanci-o-projektu\/20220326_123948\/\" class=\"wp-image-13428 colorbox-11044\" srcset=\"https:\/\/www.medskvz.org\/web\/wp-content\/uploads\/2022\/04\/20220326_123948-1024x576.jpg 1024w, https:\/\/www.medskvz.org\/web\/wp-content\/uploads\/2022\/04\/20220326_123948-300x169.jpg 300w, https:\/\/www.medskvz.org\/web\/wp-content\/uploads\/2022\/04\/20220326_123948-768x432.jpg 768w, https:\/\/www.medskvz.org\/web\/wp-content\/uploads\/2022\/04\/20220326_123948-1536x864.jpg 1536w, https:\/\/www.medskvz.org\/web\/wp-content\/uploads\/2022\/04\/20220326_123948-2048x1152.jpg 2048w\" sizes=\"(max-width: 1024px) 100vw, 1024px\" \/><\/figure><\/li><li class=\"blocks-gallery-item\"><figure><img loading=\"lazy\" width=\"1024\" height=\"576\" src=\"https:\/\/www.medskvz.org\/web\/wp-content\/uploads\/2022\/04\/20220325_190226-1024x576.jpg\" alt=\"\" data-id=\"13429\" data-full-url=\"https:\/\/www.medskvz.org\/web\/wp-content\/uploads\/2022\/04\/20220325_190226-scaled.jpg\" data-link=\"https:\/\/www.medskvz.org\/web\/clanci-o-projektu\/20220325_190226\/\" class=\"wp-image-13429 colorbox-11044\" srcset=\"https:\/\/www.medskvz.org\/web\/wp-content\/uploads\/2022\/04\/20220325_190226-1024x576.jpg 1024w, https:\/\/www.medskvz.org\/web\/wp-content\/uploads\/2022\/04\/20220325_190226-300x169.jpg 300w, https:\/\/www.medskvz.org\/web\/wp-content\/uploads\/2022\/04\/20220325_190226-768x432.jpg 768w, https:\/\/www.medskvz.org\/web\/wp-content\/uploads\/2022\/04\/20220325_190226-1536x864.jpg 1536w, https:\/\/www.medskvz.org\/web\/wp-content\/uploads\/2022\/04\/20220325_190226-2048x1152.jpg 2048w\" sizes=\"(max-width: 1024px) 100vw, 1024px\" \/><\/figure><\/li><li class=\"blocks-gallery-item\"><figure><img loading=\"lazy\" width=\"1024\" height=\"576\" src=\"https:\/\/www.medskvz.org\/web\/wp-content\/uploads\/2022\/04\/20220325_182239-1024x576.jpg\" alt=\"\" data-id=\"13430\" data-full-url=\"https:\/\/www.medskvz.org\/web\/wp-content\/uploads\/2022\/04\/20220325_182239-scaled.jpg\" data-link=\"https:\/\/www.medskvz.org\/web\/clanci-o-projektu\/20220325_182239\/\" class=\"wp-image-13430 colorbox-11044\" srcset=\"https:\/\/www.medskvz.org\/web\/wp-content\/uploads\/2022\/04\/20220325_182239-1024x576.jpg 1024w, https:\/\/www.medskvz.org\/web\/wp-content\/uploads\/2022\/04\/20220325_182239-300x169.jpg 300w, https:\/\/www.medskvz.org\/web\/wp-content\/uploads\/2022\/04\/20220325_182239-768x432.jpg 768w, https:\/\/www.medskvz.org\/web\/wp-content\/uploads\/2022\/04\/20220325_182239-1536x864.jpg 1536w, https:\/\/www.medskvz.org\/web\/wp-content\/uploads\/2022\/04\/20220325_182239-2048x1152.jpg 2048w\" sizes=\"(max-width: 1024px) 100vw, 1024px\" \/><\/figure><\/li><li class=\"blocks-gallery-item\"><figure><img loading=\"lazy\" width=\"1024\" height=\"576\" src=\"https:\/\/www.medskvz.org\/web\/wp-content\/uploads\/2022\/04\/20220325_163926-1024x576.jpg\" alt=\"\" data-id=\"13431\" data-full-url=\"https:\/\/www.medskvz.org\/web\/wp-content\/uploads\/2022\/04\/20220325_163926-scaled.jpg\" data-link=\"https:\/\/www.medskvz.org\/web\/clanci-o-projektu\/20220325_163926\/\" class=\"wp-image-13431 colorbox-11044\" srcset=\"https:\/\/www.medskvz.org\/web\/wp-content\/uploads\/2022\/04\/20220325_163926-1024x576.jpg 1024w, https:\/\/www.medskvz.org\/web\/wp-content\/uploads\/2022\/04\/20220325_163926-300x169.jpg 300w, https:\/\/www.medskvz.org\/web\/wp-content\/uploads\/2022\/04\/20220325_163926-768x432.jpg 768w, https:\/\/www.medskvz.org\/web\/wp-content\/uploads\/2022\/04\/20220325_163926-1536x864.jpg 1536w, https:\/\/www.medskvz.org\/web\/wp-content\/uploads\/2022\/04\/20220325_163926-2048x1152.jpg 2048w\" sizes=\"(max-width: 1024px) 100vw, 1024px\" \/><\/figure><\/li><li class=\"blocks-gallery-item\"><figure><img loading=\"lazy\" width=\"1024\" height=\"576\" src=\"https:\/\/www.medskvz.org\/web\/wp-content\/uploads\/2022\/04\/20220325_163529-1024x576.jpg\" alt=\"\" data-id=\"13432\" data-full-url=\"https:\/\/www.medskvz.org\/web\/wp-content\/uploads\/2022\/04\/20220325_163529-scaled.jpg\" data-link=\"https:\/\/www.medskvz.org\/web\/clanci-o-projektu\/20220325_163529\/\" class=\"wp-image-13432 colorbox-11044\" srcset=\"https:\/\/www.medskvz.org\/web\/wp-content\/uploads\/2022\/04\/20220325_163529-1024x576.jpg 1024w, https:\/\/www.medskvz.org\/web\/wp-content\/uploads\/2022\/04\/20220325_163529-300x169.jpg 300w, https:\/\/www.medskvz.org\/web\/wp-content\/uploads\/2022\/04\/20220325_163529-768x432.jpg 768w, https:\/\/www.medskvz.org\/web\/wp-content\/uploads\/2022\/04\/20220325_163529-1536x864.jpg 1536w, https:\/\/www.medskvz.org\/web\/wp-content\/uploads\/2022\/04\/20220325_163529-2048x1152.jpg 2048w\" sizes=\"(max-width: 1024px) 100vw, 1024px\" \/><\/figure><\/li><li class=\"blocks-gallery-item\"><figure><img loading=\"lazy\" width=\"1024\" height=\"576\" src=\"https:\/\/www.medskvz.org\/web\/wp-content\/uploads\/2022\/04\/20220325_163521-1024x576.jpg\" alt=\"\" data-id=\"13433\" data-full-url=\"https:\/\/www.medskvz.org\/web\/wp-content\/uploads\/2022\/04\/20220325_163521-scaled.jpg\" data-link=\"https:\/\/www.medskvz.org\/web\/clanci-o-projektu\/20220325_163521\/\" class=\"wp-image-13433 colorbox-11044\" srcset=\"https:\/\/www.medskvz.org\/web\/wp-content\/uploads\/2022\/04\/20220325_163521-1024x576.jpg 1024w, https:\/\/www.medskvz.org\/web\/wp-content\/uploads\/2022\/04\/20220325_163521-300x169.jpg 300w, https:\/\/www.medskvz.org\/web\/wp-content\/uploads\/2022\/04\/20220325_163521-768x432.jpg 768w, https:\/\/www.medskvz.org\/web\/wp-content\/uploads\/2022\/04\/20220325_163521-1536x864.jpg 1536w, https:\/\/www.medskvz.org\/web\/wp-content\/uploads\/2022\/04\/20220325_163521-2048x1152.jpg 2048w\" sizes=\"(max-width: 1024px) 100vw, 1024px\" \/><\/figure><\/li><li class=\"blocks-gallery-item\"><figure><img loading=\"lazy\" width=\"1024\" height=\"576\" src=\"https:\/\/www.medskvz.org\/web\/wp-content\/uploads\/2022\/04\/20220325_135844-1024x576.jpg\" alt=\"\" data-id=\"13434\" data-full-url=\"https:\/\/www.medskvz.org\/web\/wp-content\/uploads\/2022\/04\/20220325_135844-scaled.jpg\" data-link=\"https:\/\/www.medskvz.org\/web\/clanci-o-projektu\/20220325_135844\/\" class=\"wp-image-13434 colorbox-11044\" srcset=\"https:\/\/www.medskvz.org\/web\/wp-content\/uploads\/2022\/04\/20220325_135844-1024x576.jpg 1024w, https:\/\/www.medskvz.org\/web\/wp-content\/uploads\/2022\/04\/20220325_135844-300x169.jpg 300w, https:\/\/www.medskvz.org\/web\/wp-content\/uploads\/2022\/04\/20220325_135844-768x432.jpg 768w, https:\/\/www.medskvz.org\/web\/wp-content\/uploads\/2022\/04\/20220325_135844-1536x864.jpg 1536w, https:\/\/www.medskvz.org\/web\/wp-content\/uploads\/2022\/04\/20220325_135844-2048x1152.jpg 2048w\" sizes=\"(max-width: 1024px) 100vw, 1024px\" \/><\/figure><\/li><li class=\"blocks-gallery-item\"><figure><img loading=\"lazy\" width=\"1024\" height=\"576\" src=\"https:\/\/www.medskvz.org\/web\/wp-content\/uploads\/2022\/04\/20220325_131837-1024x576.jpg\" alt=\"\" data-id=\"13435\" data-full-url=\"https:\/\/www.medskvz.org\/web\/wp-content\/uploads\/2022\/04\/20220325_131837-scaled.jpg\" data-link=\"https:\/\/www.medskvz.org\/web\/clanci-o-projektu\/20220325_131837\/\" class=\"wp-image-13435 colorbox-11044\" srcset=\"https:\/\/www.medskvz.org\/web\/wp-content\/uploads\/2022\/04\/20220325_131837-1024x576.jpg 1024w, https:\/\/www.medskvz.org\/web\/wp-content\/uploads\/2022\/04\/20220325_131837-300x169.jpg 300w, https:\/\/www.medskvz.org\/web\/wp-content\/uploads\/2022\/04\/20220325_131837-768x432.jpg 768w, https:\/\/www.medskvz.org\/web\/wp-content\/uploads\/2022\/04\/20220325_131837-1536x864.jpg 1536w, https:\/\/www.medskvz.org\/web\/wp-content\/uploads\/2022\/04\/20220325_131837-2048x1152.jpg 2048w\" sizes=\"(max-width: 1024px) 100vw, 1024px\" \/><\/figure><\/li><\/ul><\/figure>\n\n\n\n<p>Ova je smotra jedna od centralnih aktivnosti jednog od dvaju projekata koji su u proteklim dvjema godinama pokrenuti u Medicinskoj \u0161koli Vara\u017edin, a kojima \u0107e \u0161kola izgraditi i uspostaviti Regionalni centar kompetentnosti. Cilj je smotre bio u\u010denicima, svim zaposlenicima \u0161kole, ali i \u0161iroj javnosti prikazati kompetencije koje su u\u010denici stekli u \u0161kolama, u\u010dionicama i laboratorijima te predstaviti korisnost strukovnih zanimanja iz podru\u010dja zdravstva budu\u0107im u\u010denicima, ali i poslodavcima. Predstavljene su teme vezane za mentalno zdravlje, prehranu, zapo\u0161ljivost, celijakiju, \u017eva\u010dni sustav itd.<\/p>\n\n\n\n<figure class=\"wp-container-47 wp-block-gallery-46 wp-block-gallery columns-2 is-cropped\"><ul class=\"blocks-gallery-grid\"><li class=\"blocks-gallery-item\"><figure><img loading=\"lazy\" width=\"1024\" height=\"677\" src=\"https:\/\/www.medskvz.org\/web\/wp-content\/uploads\/2022\/04\/otvaranje3-1-1024x677.jpg\" alt=\"\" data-id=\"13439\" data-full-url=\"https:\/\/www.medskvz.org\/web\/wp-content\/uploads\/2022\/04\/otvaranje3-1.jpg\" data-link=\"https:\/\/www.medskvz.org\/web\/clanci-o-projektu\/otvaranje3-1\/\" class=\"wp-image-13439 colorbox-11044\" srcset=\"https:\/\/www.medskvz.org\/web\/wp-content\/uploads\/2022\/04\/otvaranje3-1-1024x677.jpg 1024w, https:\/\/www.medskvz.org\/web\/wp-content\/uploads\/2022\/04\/otvaranje3-1-300x198.jpg 300w, https:\/\/www.medskvz.org\/web\/wp-content\/uploads\/2022\/04\/otvaranje3-1-768x507.jpg 768w, https:\/\/www.medskvz.org\/web\/wp-content\/uploads\/2022\/04\/otvaranje3-1.jpg 1515w\" sizes=\"(max-width: 1024px) 100vw, 1024px\" \/><\/figure><\/li><li class=\"blocks-gallery-item\"><figure><img loading=\"lazy\" width=\"844\" height=\"1024\" src=\"https:\/\/www.medskvz.org\/web\/wp-content\/uploads\/2022\/04\/20220325_182208-2-844x1024.jpg\" alt=\"\" data-id=\"13440\" data-full-url=\"https:\/\/www.medskvz.org\/web\/wp-content\/uploads\/2022\/04\/20220325_182208-2-scaled.jpg\" data-link=\"https:\/\/www.medskvz.org\/web\/clanci-o-projektu\/20220325_182208-2\/\" class=\"wp-image-13440 colorbox-11044\" srcset=\"https:\/\/www.medskvz.org\/web\/wp-content\/uploads\/2022\/04\/20220325_182208-2-844x1024.jpg 844w, https:\/\/www.medskvz.org\/web\/wp-content\/uploads\/2022\/04\/20220325_182208-2-247x300.jpg 247w, https:\/\/www.medskvz.org\/web\/wp-content\/uploads\/2022\/04\/20220325_182208-2-768x932.jpg 768w, https:\/\/www.medskvz.org\/web\/wp-content\/uploads\/2022\/04\/20220325_182208-2-1266x1536.jpg 1266w, https:\/\/www.medskvz.org\/web\/wp-content\/uploads\/2022\/04\/20220325_182208-2-1688x2048.jpg 1688w\" sizes=\"(max-width: 844px) 100vw, 844px\" \/><\/figure><\/li><\/ul><\/figure>\n\n\n\n<p>Na sve\u010danom su se otvorenju sudionicima kratko obratile i ravnateljica Medicinske \u0161kole Vara\u017edin Mirjana Grabar Kruljac te nastavnica Nata\u0161a Vukovi\u0107, a obje su istaknule va\u017enost ovog i sli\u010dnih doga\u0111aja, pogotovo u izazovnim vremenima epidemije. Na zatvaranju su svim sudionicima podijeljene potvrdnice te je smotra zatvorena neformalnim dru\u017eenjem. Organizatori jo\u0161 jednom svima zahvaljuju na sudjelovanju i nadaju se jo\u0161 ve\u0107em odazivu sljede\u0107e godine na drugoj Smotri projekata zdravstvenih \u0161kola iz podru\u010dja laboratorijske medicine i dijagnostike!<\/p>\n\n\n\n<div class=\"wp-container-50 wp-block-columns\">\n<div class=\"wp-container-48 wp-block-column\">\n<figure class=\"wp-block-image size-large is-resized\"><img loading=\"lazy\" src=\"https:\/\/www.medskvz.org\/web\/wp-content\/uploads\/2020\/10\/emblem-1-1024x322.png\" alt=\"\" class=\"wp-image-11022 colorbox-11044\" width=\"312\" height=\"98\" srcset=\"https:\/\/www.medskvz.org\/web\/wp-content\/uploads\/2020\/10\/emblem-1-1024x322.png 1024w, https:\/\/www.medskvz.org\/web\/wp-content\/uploads\/2020\/10\/emblem-1-300x94.png 300w, https:\/\/www.medskvz.org\/web\/wp-content\/uploads\/2020\/10\/emblem-1-768x242.png 768w, https:\/\/www.medskvz.org\/web\/wp-content\/uploads\/2020\/10\/emblem-1.png 1350w\" sizes=\"(max-width: 312px) 100vw, 312px\" \/><\/figure>\n<\/div>\n\n\n\n<div class=\"wp-container-49 wp-block-column\">\n<p><\/p>\n<p>Darja Divjak, mag. educ. philol. croat.<\/p>\n<h6><strong><em>&nbsp;<\/em><\/strong><\/h6>\n<\/div>\n<\/div>\n\n\n<p><\/p>\n<p style=\"text-align: center;\"><em><span style=\"color: #999999;\">Sadr\u017eaj ove objave isklju\u010diva je odgovornost Medicinske \u0161kole Vara\u017edin.<\/span><\/em><\/p>\n<p style=\"text-align: center;\">\n<\/p><p style=\"text-align: center;\"><\/p>\n\n\n<div style=\"height:263px\" aria-hidden=\"true\" class=\"wp-block-spacer\"><\/div>\n\n\n\n<hr class=\"wp-block-separator is-style-wide\"\/>\n\n\n\n<figure class=\"wp-block-image\"><img class=\"colorbox-11044\"  alt=\"\"\/><\/figure>\n\n\n\n<div class=\"wp-block-image\"><figure class=\"aligncenter size-large is-resized\"><img loading=\"lazy\" src=\"https:\/\/www.medskvz.org\/web\/wp-content\/uploads\/2020\/10\/Emblem-za-web-odrezan-1024x122.png\" alt=\"\" class=\"wp-image-11135 colorbox-11044\" width=\"671\" height=\"80\" srcset=\"https:\/\/www.medskvz.org\/web\/wp-content\/uploads\/2020\/10\/Emblem-za-web-odrezan-1024x122.png 1024w, https:\/\/www.medskvz.org\/web\/wp-content\/uploads\/2020\/10\/Emblem-za-web-odrezan-300x36.png 300w, https:\/\/www.medskvz.org\/web\/wp-content\/uploads\/2020\/10\/Emblem-za-web-odrezan-768x92.png 768w, https:\/\/www.medskvz.org\/web\/wp-content\/uploads\/2020\/10\/Emblem-za-web-odrezan-1536x183.png 1536w, https:\/\/www.medskvz.org\/web\/wp-content\/uploads\/2020\/10\/Emblem-za-web-odrezan-2048x244.png 2048w\" sizes=\"(max-width: 671px) 100vw, 671px\" \/><\/figure><\/div>\n\n\n\n<h5 style=\"text-align: center;\"><span style=\"color: #808080;\">Uspostava Regionalnog centra kompetentnosti inovativnih zdravstvenih tehnologija pri Medicinskoj \u0161koli Vara\u017edin<\/span><\/h5>\n\n\n\n<div class=\"wp-block-image is-style-rounded\"><figure class=\"aligncenter size-large is-resized\"><img src=\"https:\/\/www.medskvz.org\/web\/wp-content\/uploads\/2022\/03\/fhhdf-edited.jpg\" alt=\"\" class=\"wp-image-13349 colorbox-11044\" width=\"690\" srcset=\"https:\/\/www.medskvz.org\/web\/wp-content\/uploads\/2022\/03\/fhhdf-edited.jpg 1200w, https:\/\/www.medskvz.org\/web\/wp-content\/uploads\/2022\/03\/fhhdf-edited-300x188.jpg 300w, https:\/\/www.medskvz.org\/web\/wp-content\/uploads\/2022\/03\/fhhdf-edited-1024x640.jpg 1024w, https:\/\/www.medskvz.org\/web\/wp-content\/uploads\/2022\/03\/fhhdf-edited-768x480.jpg 768w\" sizes=\"(max-width: 1200px) 100vw, 1200px\" \/><\/figure><\/div>\n\n\n\n<h6 style=\"text-align: left;\"><span style=\"color: #999999;\"><em>Autor: Marko Vrtar, 16.o\u017eujak 2022.&nbsp; <br><\/em><\/span><\/h6>\n<h1><span style=\"font-family: 'Times New Roman',serif;\">Nastavnice sudjelovale na simpoziju <\/span><span style=\"font-family: 'Times New Roman',serif;\">\u201ePola stolje\u0107a urologije u Vara\u017edinu\u201d<\/span><\/h1>\n<blockquote>\n<p class=\"Standard\" style=\"text-align: justify; text-justify: inter-ideograph; line-height: 150%;\"><span style=\"font-family: 'Times New Roman',serif;\">Nastavnice Medicinske \u0161kole Vara\u017edin Marija Horvat, Martina \u0110un\u0111ek i Tamara Zadravec od 10. su do 12. o\u017eujka 2022. u Hotelu Trako\u0161\u0107an sudjelovale na simpoziju pod nazivom \u201ePola stolje\u0107a urologije u Vara\u017edinu\u201d u organizaciji Odjela za urologiju Op\u0107e bolnice Vara\u017edin, a pod pokroviteljstvom Hrvatskog urolo\u0161kog dru\u0161tva. Simpozij je organiziran povodom pedesete obljetnice rada i postojanja urolo\u0161kog odjela Op\u0107e bolnice u Vara\u017edinu.<\/span><\/p>\n<\/blockquote>\n\n\n\n<div class=\"wp-block-image\"><figure class=\"aligncenter size-full is-resized\"><img loading=\"lazy\" src=\"https:\/\/www.medskvz.org\/web\/wp-content\/uploads\/2022\/03\/clOc.png\" alt=\"\" class=\"wp-image-13348 colorbox-11044\" width=\"689\" height=\"415\" srcset=\"https:\/\/www.medskvz.org\/web\/wp-content\/uploads\/2022\/03\/clOc.png 604w, https:\/\/www.medskvz.org\/web\/wp-content\/uploads\/2022\/03\/clOc-300x181.png 300w\" sizes=\"(max-width: 689px) 100vw, 689px\" \/><\/figure><\/div>\n\n\n\n<p class=\"Standard\" style=\"text-align: justify; text-justify: inter-ideograph; line-height: 150%;\"><span style=\"font-family: 'Times New Roman',serif;\">Tijekom simpozija odr\u017eana su stru\u010dna predavanja i rasprave iz podru\u010dja urogenitalnih i spolno prenosivih bolesti s ciljem boljeg razumijevanja pristupa pacijentima s urogenitalnim i spolno prenosivim bolestima i podizanja svjesnosti o va\u017enosti ove teme.<\/span><\/p>\n<p class=\"Standard\" style=\"text-align: justify; text-justify: inter-ideograph; line-height: 150%;\"><span style=\"font-family: 'Times New Roman',serif;\">Sudjelovanje na ovom simpoziju pru\u017eilo je sudionicima mogu\u0107nost obnavljanja i pro\u0161irivanja znanja u podru\u010dju urogenitalnih i spolno prenosivih bolesti.<\/span><\/p>\n\n\n\n<div class=\"wp-container-53 wp-block-columns\">\n<div class=\"wp-container-51 wp-block-column\">\n<figure class=\"wp-block-image size-large is-resized\"><img loading=\"lazy\" src=\"https:\/\/www.medskvz.org\/web\/wp-content\/uploads\/2020\/10\/emblem-1-1024x322.png\" alt=\"\" class=\"wp-image-11022 colorbox-11044\" width=\"312\" height=\"98\" srcset=\"https:\/\/www.medskvz.org\/web\/wp-content\/uploads\/2020\/10\/emblem-1-1024x322.png 1024w, https:\/\/www.medskvz.org\/web\/wp-content\/uploads\/2020\/10\/emblem-1-300x94.png 300w, https:\/\/www.medskvz.org\/web\/wp-content\/uploads\/2020\/10\/emblem-1-768x242.png 768w, https:\/\/www.medskvz.org\/web\/wp-content\/uploads\/2020\/10\/emblem-1.png 1350w\" sizes=\"(max-width: 312px) 100vw, 312px\" \/><\/figure>\n<\/div>\n\n\n\n<div class=\"wp-container-52 wp-block-column\">\n<p><\/p>\n<p><strong><em>Martina \u0110un\u0111ek, mag. sestrinstva<\/em><\/strong><\/p>\n<h6><strong><em>&nbsp;<\/em><\/strong><\/h6>\n<\/div>\n<\/div>\n\n\n<p><\/p>\n<p style=\"text-align: center;\"><em><span style=\"color: #999999;\">Sadr\u017eaj ove objave isklju\u010diva je odgovornost Medicinske \u0161kole Vara\u017edin.<\/span><\/em><\/p>\n<p><\/p>\n<p style=\"text-align: center;\"><\/p>\n\n\n<div style=\"height:230px\" aria-hidden=\"true\" class=\"wp-block-spacer\"><\/div>\n\n\n\n<hr class=\"wp-block-separator is-style-wide\"\/>\n\n\n\n<div class=\"wp-block-image is-style-default\"><figure class=\"aligncenter size-large is-resized\"><img loading=\"lazy\" src=\"https:\/\/www.medskvz.org\/web\/wp-content\/uploads\/2020\/10\/Emblem-za-web-odrezan-1024x122.png\" alt=\"\" class=\"wp-image-11135 colorbox-11044\" width=\"671\" height=\"80\" srcset=\"https:\/\/www.medskvz.org\/web\/wp-content\/uploads\/2020\/10\/Emblem-za-web-odrezan-1024x122.png 1024w, https:\/\/www.medskvz.org\/web\/wp-content\/uploads\/2020\/10\/Emblem-za-web-odrezan-300x36.png 300w, https:\/\/www.medskvz.org\/web\/wp-content\/uploads\/2020\/10\/Emblem-za-web-odrezan-768x92.png 768w, https:\/\/www.medskvz.org\/web\/wp-content\/uploads\/2020\/10\/Emblem-za-web-odrezan-1536x183.png 1536w, https:\/\/www.medskvz.org\/web\/wp-content\/uploads\/2020\/10\/Emblem-za-web-odrezan-2048x244.png 2048w\" sizes=\"(max-width: 671px) 100vw, 671px\" \/><\/figure><\/div>\n\n\n\n<h5 style=\"text-align: center;\"><span style=\"color: #808080;\">Uspostava Regionalnog centra kompetentnosti inovativnih zdravstvenih tehnologija pri Medicinskoj \u0161koli Vara\u017edin<\/span><\/h5>\n\n\n\n<figure class=\"wp-block-image size-large is-resized\"><img loading=\"lazy\" src=\"https:\/\/www.medskvz.org\/web\/wp-content\/uploads\/2022\/03\/Naslovna-slika-1-1024x823.jpg\" alt=\"\" class=\"wp-image-13316 colorbox-11044\" width=\"741\" height=\"595\" srcset=\"https:\/\/www.medskvz.org\/web\/wp-content\/uploads\/2022\/03\/Naslovna-slika-1-1024x823.jpg 1024w, https:\/\/www.medskvz.org\/web\/wp-content\/uploads\/2022\/03\/Naslovna-slika-1-300x241.jpg 300w, https:\/\/www.medskvz.org\/web\/wp-content\/uploads\/2022\/03\/Naslovna-slika-1-768x617.jpg 768w, https:\/\/www.medskvz.org\/web\/wp-content\/uploads\/2022\/03\/Naslovna-slika-1-1536x1234.jpg 1536w, https:\/\/www.medskvz.org\/web\/wp-content\/uploads\/2022\/03\/Naslovna-slika-1.jpg 1837w\" sizes=\"(max-width: 741px) 100vw, 741px\" \/><\/figure>\n\n\n\n<h6 style=\"text-align: left;\"><span style=\"color: #999999;\"><em>Autor: Marko Vrtar, 14.o\u017eujak 2022.&nbsp; <br><\/em><\/span><\/h6>\n<h2><strong>SUDJELOVANJE NASTAVNIKA NA TE\u010cAJU ZBRINJAVANJA HITNIH TRAUMATSKIH STANJA<\/strong><\/h2>\n<blockquote>\n<h4 style=\"text-align: left;\"><strong>Nastavnici Medicinske \u0161kole Vara\u017edin i partnerskih \u0161kola na projektu uspje\u0161no su zavr\u0161ili jo\u0161 jedan od te\u010dajeva u podru\u010dju zbrinjavanja&nbsp;hitnih bolesnika odrasle \u017eivotne dobi. Te\u010daj se odr\u017eao&nbsp;od 21. do 22. velja\u010de 2022. godine&nbsp;u Edukacijsko simulacijskom centru <em>&#8220;EduKa&#8221;<\/em> koji djeluje u sklopu Zavoda za hitnu medicinu Karlova\u010dke \u017eupanije. Ovaj je te\u010daj jedan od nekoliko te\u010dajeva u ciklusu stru\u010dnog usavr\u0161avanja nastavnika u podru\u010dju hitne medicine.&nbsp;<\/strong><\/h4>\n<\/blockquote>\n\n\n\n<div class=\"wp-container-60 wp-block-columns\">\n<div class=\"wp-container-58 wp-block-column\">\n<figure class=\"wp-container-55 wp-block-gallery-54 wp-block-gallery columns-3 is-cropped\"><ul class=\"blocks-gallery-grid\"><li class=\"blocks-gallery-item\"><figure><img loading=\"lazy\" width=\"768\" height=\"1024\" src=\"https:\/\/www.medskvz.org\/web\/wp-content\/uploads\/2022\/03\/20220222_125047-1-768x1024.jpg\" alt=\"\" data-id=\"13280\" data-link=\"https:\/\/www.medskvz.org\/web\/clanci-o-projektu\/20220222_125047-1\/\" class=\"wp-image-13280 colorbox-11044\" srcset=\"https:\/\/www.medskvz.org\/web\/wp-content\/uploads\/2022\/03\/20220222_125047-1-768x1024.jpg 768w, https:\/\/www.medskvz.org\/web\/wp-content\/uploads\/2022\/03\/20220222_125047-1-225x300.jpg 225w, https:\/\/www.medskvz.org\/web\/wp-content\/uploads\/2022\/03\/20220222_125047-1-1152x1536.jpg 1152w, https:\/\/www.medskvz.org\/web\/wp-content\/uploads\/2022\/03\/20220222_125047-1-1536x2048.jpg 1536w, https:\/\/www.medskvz.org\/web\/wp-content\/uploads\/2022\/03\/20220222_125047-1-scaled.jpg 1920w\" sizes=\"(max-width: 768px) 100vw, 768px\" \/><\/figure><\/li><li class=\"blocks-gallery-item\"><figure><img loading=\"lazy\" width=\"1024\" height=\"461\" src=\"https:\/\/www.medskvz.org\/web\/wp-content\/uploads\/2022\/03\/1645536379683-1024x461.jpg\" alt=\"\" data-id=\"13281\" data-link=\"https:\/\/www.medskvz.org\/web\/clanci-o-projektu\/attachment\/1645536379683\/\" class=\"wp-image-13281 colorbox-11044\" srcset=\"https:\/\/www.medskvz.org\/web\/wp-content\/uploads\/2022\/03\/1645536379683-1024x461.jpg 1024w, https:\/\/www.medskvz.org\/web\/wp-content\/uploads\/2022\/03\/1645536379683-300x135.jpg 300w, https:\/\/www.medskvz.org\/web\/wp-content\/uploads\/2022\/03\/1645536379683-768x346.jpg 768w, https:\/\/www.medskvz.org\/web\/wp-content\/uploads\/2022\/03\/1645536379683-1536x691.jpg 1536w, https:\/\/www.medskvz.org\/web\/wp-content\/uploads\/2022\/03\/1645536379683-2048x922.jpg 2048w\" sizes=\"(max-width: 1024px) 100vw, 1024px\" \/><\/figure><\/li><li class=\"blocks-gallery-item\"><figure><img loading=\"lazy\" width=\"768\" height=\"1024\" src=\"https:\/\/www.medskvz.org\/web\/wp-content\/uploads\/2022\/03\/Velika-slika-3-1-768x1024.jpg\" alt=\"\" data-id=\"13282\" data-link=\"https:\/\/www.medskvz.org\/web\/clanci-o-projektu\/velika-slika-3-1\/\" class=\"wp-image-13282 colorbox-11044\" srcset=\"https:\/\/www.medskvz.org\/web\/wp-content\/uploads\/2022\/03\/Velika-slika-3-1-768x1024.jpg 768w, https:\/\/www.medskvz.org\/web\/wp-content\/uploads\/2022\/03\/Velika-slika-3-1-225x300.jpg 225w, https:\/\/www.medskvz.org\/web\/wp-content\/uploads\/2022\/03\/Velika-slika-3-1-1152x1536.jpg 1152w, https:\/\/www.medskvz.org\/web\/wp-content\/uploads\/2022\/03\/Velika-slika-3-1-1536x2048.jpg 1536w, https:\/\/www.medskvz.org\/web\/wp-content\/uploads\/2022\/03\/Velika-slika-3-1-scaled.jpg 1920w\" sizes=\"(max-width: 768px) 100vw, 768px\" \/><\/figure><\/li><li class=\"blocks-gallery-item\"><figure><img loading=\"lazy\" width=\"768\" height=\"1024\" src=\"https:\/\/www.medskvz.org\/web\/wp-content\/uploads\/2022\/03\/Velika-slika-4-768x1024.jpg\" alt=\"\" data-id=\"13284\" data-link=\"https:\/\/www.medskvz.org\/web\/clanci-o-projektu\/velika-slika-4\/\" class=\"wp-image-13284 colorbox-11044\" srcset=\"https:\/\/www.medskvz.org\/web\/wp-content\/uploads\/2022\/03\/Velika-slika-4-768x1024.jpg 768w, https:\/\/www.medskvz.org\/web\/wp-content\/uploads\/2022\/03\/Velika-slika-4-225x300.jpg 225w, https:\/\/www.medskvz.org\/web\/wp-content\/uploads\/2022\/03\/Velika-slika-4-1152x1536.jpg 1152w, https:\/\/www.medskvz.org\/web\/wp-content\/uploads\/2022\/03\/Velika-slika-4-1536x2048.jpg 1536w, https:\/\/www.medskvz.org\/web\/wp-content\/uploads\/2022\/03\/Velika-slika-4-scaled.jpg 1920w\" sizes=\"(max-width: 768px) 100vw, 768px\" \/><\/figure><\/li><li class=\"blocks-gallery-item\"><figure><img loading=\"lazy\" width=\"768\" height=\"1024\" src=\"https:\/\/www.medskvz.org\/web\/wp-content\/uploads\/2022\/03\/IMG-926d8bc77c00274e60e18fd3edd18b23-V-768x1024.jpg\" alt=\"\" data-id=\"13296\" data-full-url=\"https:\/\/www.medskvz.org\/web\/wp-content\/uploads\/2022\/03\/IMG-926d8bc77c00274e60e18fd3edd18b23-V.jpg\" data-link=\"https:\/\/www.medskvz.org\/web\/clanci-o-projektu\/img-926d8bc77c00274e60e18fd3edd18b23-v\/\" class=\"wp-image-13296 colorbox-11044\" srcset=\"https:\/\/www.medskvz.org\/web\/wp-content\/uploads\/2022\/03\/IMG-926d8bc77c00274e60e18fd3edd18b23-V-768x1024.jpg 768w, https:\/\/www.medskvz.org\/web\/wp-content\/uploads\/2022\/03\/IMG-926d8bc77c00274e60e18fd3edd18b23-V-225x300.jpg 225w, https:\/\/www.medskvz.org\/web\/wp-content\/uploads\/2022\/03\/IMG-926d8bc77c00274e60e18fd3edd18b23-V-1152x1536.jpg 1152w, https:\/\/www.medskvz.org\/web\/wp-content\/uploads\/2022\/03\/IMG-926d8bc77c00274e60e18fd3edd18b23-V.jpg 1200w\" sizes=\"(max-width: 768px) 100vw, 768px\" \/><\/figure><\/li><\/ul><\/figure>\n\n\n\n<figure class=\"wp-container-57 wp-block-gallery-56 wp-block-gallery columns-0 is-cropped\"><ul class=\"blocks-gallery-grid\"><\/ul><\/figure>\n<\/div>\n\n\n\n<div class=\"wp-container-59 wp-block-column\">\n<p>Te\u010daj pod nazivom &#8220;Napredne mjere zbrinjavanja ozlije\u0111enih osoba&#8221; obuhva\u0107ao je ponavljanje i stjecanje teorijskog i prakti\u010dnog znanja koje se odnosi na postupke zbrinjavanja bolesnika s hitnim stanjima koja su nastala pod utjecajem sila koji dovodi do razornih ozljeda i te\u0161kih traumatskih stanja.&nbsp;Nastavnici su po zavr\u0161etku te\u010daja stekli potvrdu o uspje\u0161no zavr\u0161enom te\u010daju.&nbsp;<\/p>\n<p>Na te\u010daju su sudjelovali nastavnici Medicinske \u0161kole Vara\u017edin (Patricija Jakopovi\u0107, Monika Kos Ga\u0161pari\u0107) te partnerskih \u0161kola na projektu: Srednje \u0161kole \u010cakovec (Valentina Fabi\u0107, Zlatka Fleten Sen\u010dar) i Srednje \u0161kole Pregrada (Marinela Ro\u017eaj).&nbsp;<\/p>\n<\/div>\n<\/div>\n\n\n\n<figure class=\"wp-container-62 wp-block-gallery-61 wp-block-gallery columns-3 is-cropped\"><ul class=\"blocks-gallery-grid\"><li class=\"blocks-gallery-item\"><figure><img loading=\"lazy\" width=\"1024\" height=\"768\" src=\"https:\/\/www.medskvz.org\/web\/wp-content\/uploads\/2022\/03\/20220221_135349-1024x768.jpg\" alt=\"\" data-id=\"13301\" data-link=\"https:\/\/www.medskvz.org\/web\/clanci-o-projektu\/20220221_135349\/\" class=\"wp-image-13301 colorbox-11044\" srcset=\"https:\/\/www.medskvz.org\/web\/wp-content\/uploads\/2022\/03\/20220221_135349-1024x768.jpg 1024w, https:\/\/www.medskvz.org\/web\/wp-content\/uploads\/2022\/03\/20220221_135349-300x225.jpg 300w, https:\/\/www.medskvz.org\/web\/wp-content\/uploads\/2022\/03\/20220221_135349-768x576.jpg 768w, https:\/\/www.medskvz.org\/web\/wp-content\/uploads\/2022\/03\/20220221_135349-1536x1152.jpg 1536w, https:\/\/www.medskvz.org\/web\/wp-content\/uploads\/2022\/03\/20220221_135349-2048x1536.jpg 2048w\" sizes=\"(max-width: 1024px) 100vw, 1024px\" \/><\/figure><\/li><li class=\"blocks-gallery-item\"><figure><img loading=\"lazy\" width=\"1024\" height=\"768\" src=\"https:\/\/www.medskvz.org\/web\/wp-content\/uploads\/2022\/03\/Velika-slika-2-1-1024x768.jpg\" alt=\"\" data-id=\"13302\" data-link=\"https:\/\/www.medskvz.org\/web\/clanci-o-projektu\/velika-slika-2-1\/\" class=\"wp-image-13302 colorbox-11044\" srcset=\"https:\/\/www.medskvz.org\/web\/wp-content\/uploads\/2022\/03\/Velika-slika-2-1-1024x768.jpg 1024w, https:\/\/www.medskvz.org\/web\/wp-content\/uploads\/2022\/03\/Velika-slika-2-1-300x225.jpg 300w, https:\/\/www.medskvz.org\/web\/wp-content\/uploads\/2022\/03\/Velika-slika-2-1-768x576.jpg 768w, https:\/\/www.medskvz.org\/web\/wp-content\/uploads\/2022\/03\/Velika-slika-2-1-1536x1152.jpg 1536w, https:\/\/www.medskvz.org\/web\/wp-content\/uploads\/2022\/03\/Velika-slika-2-1-2048x1536.jpg 2048w\" sizes=\"(max-width: 1024px) 100vw, 1024px\" \/><\/figure><\/li><li class=\"blocks-gallery-item\"><figure><img loading=\"lazy\" width=\"1024\" height=\"461\" src=\"https:\/\/www.medskvz.org\/web\/wp-content\/uploads\/2022\/03\/1645536379683-1-1024x461.jpg\" alt=\"\" data-id=\"13309\" data-full-url=\"https:\/\/www.medskvz.org\/web\/wp-content\/uploads\/2022\/03\/1645536379683-1-scaled.jpg\" data-link=\"https:\/\/www.medskvz.org\/web\/clanci-o-projektu\/1645536379683-1\/\" class=\"wp-image-13309 colorbox-11044\" srcset=\"https:\/\/www.medskvz.org\/web\/wp-content\/uploads\/2022\/03\/1645536379683-1-1024x461.jpg 1024w, https:\/\/www.medskvz.org\/web\/wp-content\/uploads\/2022\/03\/1645536379683-1-300x135.jpg 300w, https:\/\/www.medskvz.org\/web\/wp-content\/uploads\/2022\/03\/1645536379683-1-768x346.jpg 768w, https:\/\/www.medskvz.org\/web\/wp-content\/uploads\/2022\/03\/1645536379683-1-1536x691.jpg 1536w, https:\/\/www.medskvz.org\/web\/wp-content\/uploads\/2022\/03\/1645536379683-1-2048x922.jpg 2048w\" sizes=\"(max-width: 1024px) 100vw, 1024px\" \/><\/figure><\/li><li class=\"blocks-gallery-item\"><figure><img loading=\"lazy\" width=\"1024\" height=\"768\" src=\"https:\/\/www.medskvz.org\/web\/wp-content\/uploads\/2022\/03\/Velika-slika-1-1024x768.jpg\" alt=\"\" data-id=\"13308\" data-link=\"https:\/\/www.medskvz.org\/web\/clanci-o-projektu\/velika-slika-1-2\/\" class=\"wp-image-13308 colorbox-11044\" srcset=\"https:\/\/www.medskvz.org\/web\/wp-content\/uploads\/2022\/03\/Velika-slika-1-1024x768.jpg 1024w, https:\/\/www.medskvz.org\/web\/wp-content\/uploads\/2022\/03\/Velika-slika-1-300x225.jpg 300w, https:\/\/www.medskvz.org\/web\/wp-content\/uploads\/2022\/03\/Velika-slika-1-768x576.jpg 768w, https:\/\/www.medskvz.org\/web\/wp-content\/uploads\/2022\/03\/Velika-slika-1.jpg 1316w\" sizes=\"(max-width: 1024px) 100vw, 1024px\" \/><\/figure><\/li><\/ul><\/figure>\n\n\n\n<figure class=\"wp-block-image size-large is-resized\"><img loading=\"lazy\" src=\"https:\/\/www.medskvz.org\/web\/wp-content\/uploads\/2022\/03\/1645536310503-1024x853.jpg\" alt=\"\" class=\"wp-image-13319 colorbox-11044\" width=\"742\" height=\"617\" srcset=\"https:\/\/www.medskvz.org\/web\/wp-content\/uploads\/2022\/03\/1645536310503-1024x853.jpg 1024w, https:\/\/www.medskvz.org\/web\/wp-content\/uploads\/2022\/03\/1645536310503-300x250.jpg 300w, https:\/\/www.medskvz.org\/web\/wp-content\/uploads\/2022\/03\/1645536310503-768x640.jpg 768w, https:\/\/www.medskvz.org\/web\/wp-content\/uploads\/2022\/03\/1645536310503.jpg 1404w\" sizes=\"(max-width: 742px) 100vw, 742px\" \/><\/figure>\n\n\n\n<div class=\"wp-container-65 wp-block-columns\">\n<div class=\"wp-container-63 wp-block-column\">\n<figure class=\"wp-block-image size-large is-resized\"><img loading=\"lazy\" src=\"https:\/\/www.medskvz.org\/web\/wp-content\/uploads\/2020\/10\/emblem-1-1024x322.png\" alt=\"\" class=\"wp-image-11022 colorbox-11044\" width=\"312\" height=\"98\" srcset=\"https:\/\/www.medskvz.org\/web\/wp-content\/uploads\/2020\/10\/emblem-1-1024x322.png 1024w, https:\/\/www.medskvz.org\/web\/wp-content\/uploads\/2020\/10\/emblem-1-300x94.png 300w, https:\/\/www.medskvz.org\/web\/wp-content\/uploads\/2020\/10\/emblem-1-768x242.png 768w, https:\/\/www.medskvz.org\/web\/wp-content\/uploads\/2020\/10\/emblem-1.png 1350w\" sizes=\"(max-width: 312px) 100vw, 312px\" \/><\/figure>\n<\/div>\n\n\n\n<div class=\"wp-container-64 wp-block-column\">\n<p><\/p>\n<p><strong><em>Patricija Jakopovi\u0107, mag. sestrinstva<\/em><\/strong><\/p>\n<h6><strong><em>Koordinator unaprje\u0111enja i provedbe programa obrazovanja<\/em><\/strong><\/h6>\n<\/div>\n<\/div>\n\n\n<p><\/p>\n<p style=\"text-align: center;\"><em><span style=\"color: #999999;\">Sadr\u017eaj ove objave isklju\u010diva je odgovornost Medicinske \u0161kole Vara\u017edin.<\/span><\/em><\/p>\n<p><\/p>\n<p style=\"text-align: center;\"><\/p>\n\n\n<div style=\"height:217px\" aria-hidden=\"true\" class=\"wp-block-spacer\"><\/div>\n\n\n\n<hr class=\"wp-block-separator is-style-wide\"\/>\n\n\n\n<div class=\"wp-block-image\"><figure class=\"aligncenter size-large is-resized\"><img loading=\"lazy\" src=\"https:\/\/www.medskvz.org\/web\/wp-content\/uploads\/2020\/10\/Emblem-za-web-odrezan-1024x122.png\" alt=\"\" class=\"wp-image-11135 colorbox-11044\" width=\"671\" height=\"80\" srcset=\"https:\/\/www.medskvz.org\/web\/wp-content\/uploads\/2020\/10\/Emblem-za-web-odrezan-1024x122.png 1024w, https:\/\/www.medskvz.org\/web\/wp-content\/uploads\/2020\/10\/Emblem-za-web-odrezan-300x36.png 300w, https:\/\/www.medskvz.org\/web\/wp-content\/uploads\/2020\/10\/Emblem-za-web-odrezan-768x92.png 768w, https:\/\/www.medskvz.org\/web\/wp-content\/uploads\/2020\/10\/Emblem-za-web-odrezan-1536x183.png 1536w, https:\/\/www.medskvz.org\/web\/wp-content\/uploads\/2020\/10\/Emblem-za-web-odrezan-2048x244.png 2048w\" sizes=\"(max-width: 671px) 100vw, 671px\" \/><\/figure><\/div>\n\n\n\n<h5 style=\"text-align: center;\"><span style=\"color: #808080;\">Uspostava Regionalnog centra kompetentnosti inovativnih zdravstvenih tehnologija pri Medicinskoj \u0161koli Vara\u017edin<\/span><\/h5>\n\n\n\n<h6 style=\"text-align: left;\"><span style=\"color: #999999;\"><em>Autor: Marko Vrtar, 03. o\u017eujak&nbsp; 2022.&nbsp; <br><\/em><\/span><\/h6>\n\n\n\n<figure class=\"wp-block-image size-large is-resized\"><img loading=\"lazy\" src=\"https:\/\/www.medskvz.org\/web\/wp-content\/uploads\/2022\/03\/Bez-naslova-1024x649.png\" alt=\"\" class=\"wp-image-13211 colorbox-11044\" width=\"740\" height=\"469\" srcset=\"https:\/\/www.medskvz.org\/web\/wp-content\/uploads\/2022\/03\/Bez-naslova-1024x649.png 1024w, https:\/\/www.medskvz.org\/web\/wp-content\/uploads\/2022\/03\/Bez-naslova-300x190.png 300w, https:\/\/www.medskvz.org\/web\/wp-content\/uploads\/2022\/03\/Bez-naslova-768x487.png 768w, https:\/\/www.medskvz.org\/web\/wp-content\/uploads\/2022\/03\/Bez-naslova-1536x974.png 1536w, https:\/\/www.medskvz.org\/web\/wp-content\/uploads\/2022\/03\/Bez-naslova-2048x1299.png 2048w\" sizes=\"(max-width: 740px) 100vw, 740px\" \/><\/figure>\n\n\n\n<blockquote class=\"wp-block-quote is-style-default\"><p><em><strong><em><em>Nastavnici Medicinske \u0161kole Vara\u017edin i partnerskih \u0161kola na projektu uspje\u0161no su sudjelovali na stru\u010dnom usavr\u0161avanju u&nbsp;podru\u010dju simulacijskog u\u010denja u medicini s naglaskom na kori\u0161tenje&nbsp;<em>briefinga <\/em>i <em>debriefinga<\/em>. Stru\u010dno usavr\u0161avanje&nbsp;odr\u017ealo&nbsp;se u simulacijskom centru Medicinskog fakulteta na Sveu\u010dili\u0161tu Masaryk u Brnu (\u010ce\u0161ka Republika) od 3. do 5. velja\u010de 2022. godine. Zavr\u0161ena edukacija predstavlja drugu od ukupno triju edukacija u podru\u010dju simulacije u modernoj medicini.&nbsp;<\/em><\/em><\/strong><\/em><\/p><\/blockquote>\n\n\n\n<figure class=\"wp-container-67 wp-block-gallery-66 wp-block-gallery columns-2 is-cropped\"><ul class=\"blocks-gallery-grid\"><li class=\"blocks-gallery-item\"><figure><img loading=\"lazy\" width=\"1024\" height=\"768\" src=\"https:\/\/www.medskvz.org\/web\/wp-content\/uploads\/2022\/03\/20220203_164543-1024x768.jpg\" alt=\"\" data-id=\"13215\" data-full-url=\"https:\/\/www.medskvz.org\/web\/wp-content\/uploads\/2022\/03\/20220203_164543-scaled.jpg\" data-link=\"https:\/\/www.medskvz.org\/web\/clanci-o-projektu\/20220203_164543\/\" class=\"wp-image-13215 colorbox-11044\" srcset=\"https:\/\/www.medskvz.org\/web\/wp-content\/uploads\/2022\/03\/20220203_164543-1024x768.jpg 1024w, https:\/\/www.medskvz.org\/web\/wp-content\/uploads\/2022\/03\/20220203_164543-300x225.jpg 300w, https:\/\/www.medskvz.org\/web\/wp-content\/uploads\/2022\/03\/20220203_164543-768x576.jpg 768w, https:\/\/www.medskvz.org\/web\/wp-content\/uploads\/2022\/03\/20220203_164543-1536x1152.jpg 1536w, https:\/\/www.medskvz.org\/web\/wp-content\/uploads\/2022\/03\/20220203_164543-2048x1536.jpg 2048w\" sizes=\"(max-width: 1024px) 100vw, 1024px\" \/><\/figure><\/li><li class=\"blocks-gallery-item\"><figure><img loading=\"lazy\" width=\"1024\" height=\"768\" src=\"https:\/\/www.medskvz.org\/web\/wp-content\/uploads\/2022\/03\/20220203_165932-1024x768.jpg\" alt=\"\" data-id=\"13216\" data-full-url=\"https:\/\/www.medskvz.org\/web\/wp-content\/uploads\/2022\/03\/20220203_165932-scaled.jpg\" data-link=\"https:\/\/www.medskvz.org\/web\/clanci-o-projektu\/20220203_165932\/\" class=\"wp-image-13216 colorbox-11044\" srcset=\"https:\/\/www.medskvz.org\/web\/wp-content\/uploads\/2022\/03\/20220203_165932-1024x768.jpg 1024w, https:\/\/www.medskvz.org\/web\/wp-content\/uploads\/2022\/03\/20220203_165932-300x225.jpg 300w, https:\/\/www.medskvz.org\/web\/wp-content\/uploads\/2022\/03\/20220203_165932-768x576.jpg 768w, https:\/\/www.medskvz.org\/web\/wp-content\/uploads\/2022\/03\/20220203_165932-1536x1152.jpg 1536w, https:\/\/www.medskvz.org\/web\/wp-content\/uploads\/2022\/03\/20220203_165932-2048x1536.jpg 2048w\" sizes=\"(max-width: 1024px) 100vw, 1024px\" \/><\/figure><\/li><\/ul><\/figure>\n\n\n\n<p>Stru\u010dno usavr\u0161avanje omogu\u0107ilo je stjecanje&nbsp;naprednog teorijskog i prakti\u010dnog znanja u&nbsp;umjetno stvorenim i realisti\u010dnim imitacijama raznih klini\u010dkih scenarija. Upotrebljavali&nbsp;su se razra\u0111eni i&nbsp;medicinski dokumentirani scenariji,&nbsp;umjesto stvarnih su se pacijenata za vje\u017ebu&nbsp;koristili sinteti\u010dki realisti\u010dni modeli lutaka ili&nbsp;kompjuterski vo\u0111ene interaktivne lutke, a primjenjivala se specijalizirana audiovizualna oprema za&nbsp;<em>briefing <\/em>i <em>debriefing<\/em>. Po zavr\u0161etku stru\u010dnog usavr\u0161avanja nastavnici su stekli me\u0111unarodni certifikat koji osigurava vidljivost i potvr\u0111uje njihove kompetencije u razvoju i primjeni simulacijskog u\u010denja i kori\u0161tenju sofisticirane simulacijske opreme u budu\u0107im specijaliziranim kabinetima RCK-a&nbsp;Medicinske \u0161kole Vara\u017edin.&nbsp;<\/p>\n\n\n\n<figure class=\"wp-container-69 wp-block-gallery-68 wp-block-gallery columns-3 is-cropped\"><ul class=\"blocks-gallery-grid\"><li class=\"blocks-gallery-item\"><figure><img loading=\"lazy\" width=\"768\" height=\"1024\" src=\"https:\/\/www.medskvz.org\/web\/wp-content\/uploads\/2022\/03\/20220203_171852-768x1024.jpg\" alt=\"\" data-id=\"13217\" data-full-url=\"https:\/\/www.medskvz.org\/web\/wp-content\/uploads\/2022\/03\/20220203_171852-scaled.jpg\" data-link=\"https:\/\/www.medskvz.org\/web\/clanci-o-projektu\/20220203_171852\/\" class=\"wp-image-13217 colorbox-11044\" srcset=\"https:\/\/www.medskvz.org\/web\/wp-content\/uploads\/2022\/03\/20220203_171852-768x1024.jpg 768w, https:\/\/www.medskvz.org\/web\/wp-content\/uploads\/2022\/03\/20220203_171852-225x300.jpg 225w, https:\/\/www.medskvz.org\/web\/wp-content\/uploads\/2022\/03\/20220203_171852-1152x1536.jpg 1152w, https:\/\/www.medskvz.org\/web\/wp-content\/uploads\/2022\/03\/20220203_171852-1536x2048.jpg 1536w, https:\/\/www.medskvz.org\/web\/wp-content\/uploads\/2022\/03\/20220203_171852-scaled.jpg 1920w\" sizes=\"(max-width: 768px) 100vw, 768px\" \/><\/figure><\/li><li class=\"blocks-gallery-item\"><figure><img loading=\"lazy\" width=\"768\" height=\"1024\" src=\"https:\/\/www.medskvz.org\/web\/wp-content\/uploads\/2022\/03\/20220203_172016-768x1024.jpg\" alt=\"\" data-id=\"13218\" data-full-url=\"https:\/\/www.medskvz.org\/web\/wp-content\/uploads\/2022\/03\/20220203_172016-scaled.jpg\" data-link=\"https:\/\/www.medskvz.org\/web\/clanci-o-projektu\/20220203_172016\/\" class=\"wp-image-13218 colorbox-11044\" srcset=\"https:\/\/www.medskvz.org\/web\/wp-content\/uploads\/2022\/03\/20220203_172016-768x1024.jpg 768w, https:\/\/www.medskvz.org\/web\/wp-content\/uploads\/2022\/03\/20220203_172016-225x300.jpg 225w, https:\/\/www.medskvz.org\/web\/wp-content\/uploads\/2022\/03\/20220203_172016-1152x1536.jpg 1152w, https:\/\/www.medskvz.org\/web\/wp-content\/uploads\/2022\/03\/20220203_172016-1536x2048.jpg 1536w, https:\/\/www.medskvz.org\/web\/wp-content\/uploads\/2022\/03\/20220203_172016-scaled.jpg 1920w\" sizes=\"(max-width: 768px) 100vw, 768px\" \/><\/figure><\/li><li class=\"blocks-gallery-item\"><figure><img loading=\"lazy\" width=\"766\" height=\"1024\" src=\"https:\/\/www.medskvz.org\/web\/wp-content\/uploads\/2022\/03\/IMG-41b3448c88c2e7be9cfe84d5dc69760f-V-766x1024.jpg\" alt=\"\" data-id=\"13219\" data-full-url=\"https:\/\/www.medskvz.org\/web\/wp-content\/uploads\/2022\/03\/IMG-41b3448c88c2e7be9cfe84d5dc69760f-V.jpg\" data-link=\"https:\/\/www.medskvz.org\/web\/clanci-o-projektu\/img-41b3448c88c2e7be9cfe84d5dc69760f-v\/\" class=\"wp-image-13219 colorbox-11044\" srcset=\"https:\/\/www.medskvz.org\/web\/wp-content\/uploads\/2022\/03\/IMG-41b3448c88c2e7be9cfe84d5dc69760f-V-766x1024.jpg 766w, https:\/\/www.medskvz.org\/web\/wp-content\/uploads\/2022\/03\/IMG-41b3448c88c2e7be9cfe84d5dc69760f-V-224x300.jpg 224w, https:\/\/www.medskvz.org\/web\/wp-content\/uploads\/2022\/03\/IMG-41b3448c88c2e7be9cfe84d5dc69760f-V-768x1027.jpg 768w, https:\/\/www.medskvz.org\/web\/wp-content\/uploads\/2022\/03\/IMG-41b3448c88c2e7be9cfe84d5dc69760f-V-1149x1536.jpg 1149w, https:\/\/www.medskvz.org\/web\/wp-content\/uploads\/2022\/03\/IMG-41b3448c88c2e7be9cfe84d5dc69760f-V.jpg 1197w\" sizes=\"(max-width: 766px) 100vw, 766px\" \/><\/figure><\/li><li class=\"blocks-gallery-item\"><figure><img loading=\"lazy\" width=\"768\" height=\"1024\" src=\"https:\/\/www.medskvz.org\/web\/wp-content\/uploads\/2022\/03\/IMG-650d219d2cb633e0b291cf9a4ffc39e1-V-768x1024.jpg\" alt=\"\" data-id=\"13220\" data-full-url=\"https:\/\/www.medskvz.org\/web\/wp-content\/uploads\/2022\/03\/IMG-650d219d2cb633e0b291cf9a4ffc39e1-V.jpg\" data-link=\"https:\/\/www.medskvz.org\/web\/clanci-o-projektu\/img-650d219d2cb633e0b291cf9a4ffc39e1-v\/\" class=\"wp-image-13220 colorbox-11044\" srcset=\"https:\/\/www.medskvz.org\/web\/wp-content\/uploads\/2022\/03\/IMG-650d219d2cb633e0b291cf9a4ffc39e1-V-768x1024.jpg 768w, https:\/\/www.medskvz.org\/web\/wp-content\/uploads\/2022\/03\/IMG-650d219d2cb633e0b291cf9a4ffc39e1-V-225x300.jpg 225w, https:\/\/www.medskvz.org\/web\/wp-content\/uploads\/2022\/03\/IMG-650d219d2cb633e0b291cf9a4ffc39e1-V-1152x1536.jpg 1152w, https:\/\/www.medskvz.org\/web\/wp-content\/uploads\/2022\/03\/IMG-650d219d2cb633e0b291cf9a4ffc39e1-V.jpg 1200w\" sizes=\"(max-width: 768px) 100vw, 768px\" \/><\/figure><\/li><li class=\"blocks-gallery-item\"><figure><img loading=\"lazy\" width=\"768\" height=\"1024\" src=\"https:\/\/www.medskvz.org\/web\/wp-content\/uploads\/2022\/03\/Velika-slika-2-768x1024.jpg\" alt=\"\" data-id=\"13221\" data-full-url=\"https:\/\/www.medskvz.org\/web\/wp-content\/uploads\/2022\/03\/Velika-slika-2-scaled.jpg\" data-link=\"https:\/\/www.medskvz.org\/web\/clanci-o-projektu\/velika-slika-2-5\/\" class=\"wp-image-13221 colorbox-11044\" srcset=\"https:\/\/www.medskvz.org\/web\/wp-content\/uploads\/2022\/03\/Velika-slika-2-768x1024.jpg 768w, https:\/\/www.medskvz.org\/web\/wp-content\/uploads\/2022\/03\/Velika-slika-2-225x300.jpg 225w, https:\/\/www.medskvz.org\/web\/wp-content\/uploads\/2022\/03\/Velika-slika-2-1152x1536.jpg 1152w, https:\/\/www.medskvz.org\/web\/wp-content\/uploads\/2022\/03\/Velika-slika-2-1536x2048.jpg 1536w, https:\/\/www.medskvz.org\/web\/wp-content\/uploads\/2022\/03\/Velika-slika-2-scaled.jpg 1920w\" sizes=\"(max-width: 768px) 100vw, 768px\" \/><\/figure><\/li><li class=\"blocks-gallery-item\"><figure><img loading=\"lazy\" width=\"766\" height=\"1024\" src=\"https:\/\/www.medskvz.org\/web\/wp-content\/uploads\/2022\/03\/Velika-slika-3-766x1024.jpg\" alt=\"\" data-id=\"13222\" data-full-url=\"https:\/\/www.medskvz.org\/web\/wp-content\/uploads\/2022\/03\/Velika-slika-3.jpg\" data-link=\"https:\/\/www.medskvz.org\/web\/clanci-o-projektu\/velika-slika-3-3\/\" class=\"wp-image-13222 colorbox-11044\" srcset=\"https:\/\/www.medskvz.org\/web\/wp-content\/uploads\/2022\/03\/Velika-slika-3-766x1024.jpg 766w, https:\/\/www.medskvz.org\/web\/wp-content\/uploads\/2022\/03\/Velika-slika-3-224x300.jpg 224w, https:\/\/www.medskvz.org\/web\/wp-content\/uploads\/2022\/03\/Velika-slika-3-768x1027.jpg 768w, https:\/\/www.medskvz.org\/web\/wp-content\/uploads\/2022\/03\/Velika-slika-3-1149x1536.jpg 1149w, https:\/\/www.medskvz.org\/web\/wp-content\/uploads\/2022\/03\/Velika-slika-3.jpg 1197w\" sizes=\"(max-width: 766px) 100vw, 766px\" \/><\/figure><\/li><\/ul><\/figure>\n\n\n<p>Na stru\u010dnom su usavr\u0161avanju sudjelovali: ravnateljica Medicinske \u0161kole Vara\u017edin Mirjana Grabar Kruljac,&nbsp;nastavnici Medicinske \u0161kole Vara\u017edin (Patricija Jakopovi\u0107, Marijana Dugi, Monika Kos Ga\u0161pari\u0107, Vjekoslav Pokos, Tamara Zadravec, Iva Delonga Habek, Ksenija Janju\u0161evi\u0107, Ivana Martinec i Tomislav Martinu\u0161) te nastavnici partnerskih \u0161kola na projektu: Srednje \u0161kole \u010cakovec i Srednje \u0161kole Pregrada.&nbsp;<\/p>\n\n\n<div class=\"wp-container-72 wp-block-columns\">\n<div class=\"wp-container-70 wp-block-column\">\n<figure class=\"wp-block-image size-large is-resized\"><img loading=\"lazy\" src=\"https:\/\/www.medskvz.org\/web\/wp-content\/uploads\/2020\/10\/emblem-1-1024x322.png\" alt=\"\" class=\"wp-image-11022 colorbox-11044\" width=\"312\" height=\"98\" srcset=\"https:\/\/www.medskvz.org\/web\/wp-content\/uploads\/2020\/10\/emblem-1-1024x322.png 1024w, https:\/\/www.medskvz.org\/web\/wp-content\/uploads\/2020\/10\/emblem-1-300x94.png 300w, https:\/\/www.medskvz.org\/web\/wp-content\/uploads\/2020\/10\/emblem-1-768x242.png 768w, https:\/\/www.medskvz.org\/web\/wp-content\/uploads\/2020\/10\/emblem-1.png 1350w\" sizes=\"(max-width: 312px) 100vw, 312px\" \/><\/figure>\n<\/div>\n\n\n\n<div class=\"wp-container-71 wp-block-column\">\n<p><\/p>\n<p><strong><em>Patricija Jakopovi\u0107, mag. sestrinstva<\/em><\/strong><\/p>\n<h6><strong><em>Koordinator unaprje\u0111enja i provedbe programa obrazovanja<\/em><\/strong><\/h6>\n<\/div>\n<\/div>\n\n\n<p><\/p>\n<p style=\"text-align: center;\"><em><span style=\"color: #999999;\">Sadr\u017eaj ove objave isklju\u010diva je odgovornost Medicinske \u0161kole Vara\u017edin.<\/span><\/em><\/p>\n<p><\/p>\n<p style=\"text-align: center;\"><\/p>\n\n\n<div style=\"height:215px\" aria-hidden=\"true\" class=\"wp-block-spacer\"><\/div>\n\n\n\n<hr class=\"wp-block-separator is-style-wide\"\/>\n\n\n\n<div class=\"wp-block-image\"><figure class=\"aligncenter size-large is-resized\"><img loading=\"lazy\" src=\"https:\/\/www.medskvz.org\/web\/wp-content\/uploads\/2020\/10\/Emblem-za-web-odrezan-1024x122.png\" alt=\"\" class=\"wp-image-11135 colorbox-11044\" width=\"671\" height=\"80\" srcset=\"https:\/\/www.medskvz.org\/web\/wp-content\/uploads\/2020\/10\/Emblem-za-web-odrezan-1024x122.png 1024w, https:\/\/www.medskvz.org\/web\/wp-content\/uploads\/2020\/10\/Emblem-za-web-odrezan-300x36.png 300w, https:\/\/www.medskvz.org\/web\/wp-content\/uploads\/2020\/10\/Emblem-za-web-odrezan-768x92.png 768w, https:\/\/www.medskvz.org\/web\/wp-content\/uploads\/2020\/10\/Emblem-za-web-odrezan-1536x183.png 1536w, https:\/\/www.medskvz.org\/web\/wp-content\/uploads\/2020\/10\/Emblem-za-web-odrezan-2048x244.png 2048w\" sizes=\"(max-width: 671px) 100vw, 671px\" \/><\/figure><\/div>\n\n\n\n<h5 style=\"text-align: center;\"><span style=\"color: #808080;\">Uspostava Regionalnog centra kompetentnosti inovativnih zdravstvenih tehnologija pri Medicinskoj \u0161koli Vara\u017edin<\/span><\/h5>\n\n\n\n<h6 style=\"text-align: left;\"><span style=\"color: #999999;\"><em>Autor: Marko Vrtar, 31. sije\u010danj&nbsp; 2022.&nbsp; <br><\/em><\/span><\/h6>\n\n\n\n<figure class=\"wp-block-image size-large is-resized\"><img loading=\"lazy\" src=\"https:\/\/www.medskvz.org\/web\/wp-content\/uploads\/2022\/02\/MYOTRIGG-photo-6-2-1-1024x678.jpg\" alt=\"\" class=\"wp-image-13143 colorbox-11044\" width=\"750\" height=\"496\" srcset=\"https:\/\/www.medskvz.org\/web\/wp-content\/uploads\/2022\/02\/MYOTRIGG-photo-6-2-1-1024x678.jpg 1024w, https:\/\/www.medskvz.org\/web\/wp-content\/uploads\/2022\/02\/MYOTRIGG-photo-6-2-1-300x199.jpg 300w, https:\/\/www.medskvz.org\/web\/wp-content\/uploads\/2022\/02\/MYOTRIGG-photo-6-2-1-768x509.jpg 768w, https:\/\/www.medskvz.org\/web\/wp-content\/uploads\/2022\/02\/MYOTRIGG-photo-6-2-1-1536x1017.jpg 1536w, https:\/\/www.medskvz.org\/web\/wp-content\/uploads\/2022\/02\/MYOTRIGG-photo-6-2-1-2048x1356.jpg 2048w\" sizes=\"(max-width: 750px) 100vw, 750px\" \/><\/figure>\n\n\n\n<blockquote class=\"wp-block-quote is-style-default\"><p><em><strong><em><em>Na\u0161i&nbsp;suradnici na projektu RCK-a, Margareta Kocman i Miroslav Jamni\u0107 iz <em>LM fizikalne terapije i rehabilitacije <\/em>iz Ivanca sudjelovali su od 29. do 30.1.2022. u Opatiji na te\u010daju &#8220;Myofascial&nbsp;Trigger Points&#8221;&nbsp; u organizaciji U\u010dili\u0161ta Lovran &#8211; ustanove za obrazovanje odraslih.<\/em><\/em><\/strong><\/em><\/p><\/blockquote>\n\n\n\n<p>Cilj radionice je bio detekcija i uspje\u0161no otklanjanje bolnih regia ili to\u010daka unutar mi\u0161i\u0107a.&nbsp; Te\u010daj se sastojao od teorijskog dijela predavanja te intenzivnog prakti\u010dnog rada.&nbsp;<\/p>\n<p>Na te\u010daju se dobio kvalitetan alat u pristupu i terapiji problema sa mi\u0161i\u0107nim sustavom.&nbsp;<\/p>\n<p>&nbsp;<\/p>\n\n\n\n<figure class=\"wp-container-74 wp-block-gallery-73 wp-block-gallery columns-3 is-cropped\"><ul class=\"blocks-gallery-grid\"><li class=\"blocks-gallery-item\"><figure><img loading=\"lazy\" width=\"1024\" height=\"869\" src=\"https:\/\/www.medskvz.org\/web\/wp-content\/uploads\/2022\/02\/MYOTRIGG-photo-2-1024x869.jpg\" alt=\"\" data-id=\"13150\" data-full-url=\"https:\/\/www.medskvz.org\/web\/wp-content\/uploads\/2022\/02\/MYOTRIGG-photo-2-scaled.jpg\" data-link=\"https:\/\/www.medskvz.org\/web\/clanci-o-projektu\/myotrigg-photo-2\/\" class=\"wp-image-13150 colorbox-11044\" srcset=\"https:\/\/www.medskvz.org\/web\/wp-content\/uploads\/2022\/02\/MYOTRIGG-photo-2-1024x869.jpg 1024w, https:\/\/www.medskvz.org\/web\/wp-content\/uploads\/2022\/02\/MYOTRIGG-photo-2-300x255.jpg 300w, https:\/\/www.medskvz.org\/web\/wp-content\/uploads\/2022\/02\/MYOTRIGG-photo-2-768x652.jpg 768w, https:\/\/www.medskvz.org\/web\/wp-content\/uploads\/2022\/02\/MYOTRIGG-photo-2-1536x1303.jpg 1536w, https:\/\/www.medskvz.org\/web\/wp-content\/uploads\/2022\/02\/MYOTRIGG-photo-2-2048x1738.jpg 2048w\" sizes=\"(max-width: 1024px) 100vw, 1024px\" \/><\/figure><\/li><li class=\"blocks-gallery-item\"><figure><img loading=\"lazy\" width=\"1024\" height=\"725\" src=\"https:\/\/www.medskvz.org\/web\/wp-content\/uploads\/2022\/02\/MYOTRIGG-photo-4-1024x725.jpg\" alt=\"\" data-id=\"13152\" data-full-url=\"https:\/\/www.medskvz.org\/web\/wp-content\/uploads\/2022\/02\/MYOTRIGG-photo-4-scaled.jpg\" data-link=\"https:\/\/www.medskvz.org\/web\/clanci-o-projektu\/myotrigg-photo-4\/\" class=\"wp-image-13152 colorbox-11044\" srcset=\"https:\/\/www.medskvz.org\/web\/wp-content\/uploads\/2022\/02\/MYOTRIGG-photo-4-1024x725.jpg 1024w, https:\/\/www.medskvz.org\/web\/wp-content\/uploads\/2022\/02\/MYOTRIGG-photo-4-300x212.jpg 300w, https:\/\/www.medskvz.org\/web\/wp-content\/uploads\/2022\/02\/MYOTRIGG-photo-4-768x544.jpg 768w, https:\/\/www.medskvz.org\/web\/wp-content\/uploads\/2022\/02\/MYOTRIGG-photo-4-1536x1087.jpg 1536w, https:\/\/www.medskvz.org\/web\/wp-content\/uploads\/2022\/02\/MYOTRIGG-photo-4-2048x1450.jpg 2048w\" sizes=\"(max-width: 1024px) 100vw, 1024px\" \/><\/figure><\/li><li class=\"blocks-gallery-item\"><figure><img loading=\"lazy\" width=\"1024\" height=\"678\" src=\"https:\/\/www.medskvz.org\/web\/wp-content\/uploads\/2022\/02\/MYOTRIGG-photo-6-2-2-1024x678.jpg\" alt=\"\" data-id=\"13154\" data-full-url=\"https:\/\/www.medskvz.org\/web\/wp-content\/uploads\/2022\/02\/MYOTRIGG-photo-6-2-2.jpg\" data-link=\"https:\/\/www.medskvz.org\/web\/clanci-o-projektu\/myotrigg-photo-6-2-2\/\" class=\"wp-image-13154 colorbox-11044\" srcset=\"https:\/\/www.medskvz.org\/web\/wp-content\/uploads\/2022\/02\/MYOTRIGG-photo-6-2-2-1024x678.jpg 1024w, https:\/\/www.medskvz.org\/web\/wp-content\/uploads\/2022\/02\/MYOTRIGG-photo-6-2-2-300x199.jpg 300w, https:\/\/www.medskvz.org\/web\/wp-content\/uploads\/2022\/02\/MYOTRIGG-photo-6-2-2-768x509.jpg 768w, https:\/\/www.medskvz.org\/web\/wp-content\/uploads\/2022\/02\/MYOTRIGG-photo-6-2-2-1536x1017.jpg 1536w, https:\/\/www.medskvz.org\/web\/wp-content\/uploads\/2022\/02\/MYOTRIGG-photo-6-2-2-2048x1356.jpg 2048w\" sizes=\"(max-width: 1024px) 100vw, 1024px\" \/><\/figure><\/li><li class=\"blocks-gallery-item\"><figure><img loading=\"lazy\" width=\"1024\" height=\"768\" src=\"https:\/\/www.medskvz.org\/web\/wp-content\/uploads\/2022\/02\/MYOTRIGG-photo-7-1024x768.jpg\" alt=\"\" data-id=\"13156\" data-full-url=\"https:\/\/www.medskvz.org\/web\/wp-content\/uploads\/2022\/02\/MYOTRIGG-photo-7-scaled.jpg\" data-link=\"https:\/\/www.medskvz.org\/web\/clanci-o-projektu\/myotrigg-photo-7\/\" class=\"wp-image-13156 colorbox-11044\" srcset=\"https:\/\/www.medskvz.org\/web\/wp-content\/uploads\/2022\/02\/MYOTRIGG-photo-7-1024x768.jpg 1024w, https:\/\/www.medskvz.org\/web\/wp-content\/uploads\/2022\/02\/MYOTRIGG-photo-7-300x225.jpg 300w, https:\/\/www.medskvz.org\/web\/wp-content\/uploads\/2022\/02\/MYOTRIGG-photo-7-768x576.jpg 768w, https:\/\/www.medskvz.org\/web\/wp-content\/uploads\/2022\/02\/MYOTRIGG-photo-7-1536x1152.jpg 1536w, https:\/\/www.medskvz.org\/web\/wp-content\/uploads\/2022\/02\/MYOTRIGG-photo-7-2048x1536.jpg 2048w\" sizes=\"(max-width: 1024px) 100vw, 1024px\" \/><\/figure><\/li><li class=\"blocks-gallery-item\"><figure><img loading=\"lazy\" width=\"1024\" height=\"768\" src=\"https:\/\/www.medskvz.org\/web\/wp-content\/uploads\/2022\/02\/MYOTRIGG-photo-8-1024x768.jpg\" alt=\"\" data-id=\"13157\" data-full-url=\"https:\/\/www.medskvz.org\/web\/wp-content\/uploads\/2022\/02\/MYOTRIGG-photo-8-scaled.jpg\" data-link=\"https:\/\/www.medskvz.org\/web\/clanci-o-projektu\/myotrigg-photo-8\/\" class=\"wp-image-13157 colorbox-11044\" srcset=\"https:\/\/www.medskvz.org\/web\/wp-content\/uploads\/2022\/02\/MYOTRIGG-photo-8-1024x768.jpg 1024w, https:\/\/www.medskvz.org\/web\/wp-content\/uploads\/2022\/02\/MYOTRIGG-photo-8-300x225.jpg 300w, https:\/\/www.medskvz.org\/web\/wp-content\/uploads\/2022\/02\/MYOTRIGG-photo-8-768x576.jpg 768w, https:\/\/www.medskvz.org\/web\/wp-content\/uploads\/2022\/02\/MYOTRIGG-photo-8-1536x1152.jpg 1536w, https:\/\/www.medskvz.org\/web\/wp-content\/uploads\/2022\/02\/MYOTRIGG-photo-8-2048x1536.jpg 2048w\" sizes=\"(max-width: 1024px) 100vw, 1024px\" \/><\/figure><\/li><li class=\"blocks-gallery-item\"><figure><img loading=\"lazy\" width=\"1024\" height=\"768\" src=\"https:\/\/www.medskvz.org\/web\/wp-content\/uploads\/2022\/02\/MYOTRIGG-photo-10-1024x768.jpg\" alt=\"\" data-id=\"13159\" data-full-url=\"https:\/\/www.medskvz.org\/web\/wp-content\/uploads\/2022\/02\/MYOTRIGG-photo-10-scaled.jpg\" data-link=\"https:\/\/www.medskvz.org\/web\/clanci-o-projektu\/myotrigg-photo-10\/\" class=\"wp-image-13159 colorbox-11044\" srcset=\"https:\/\/www.medskvz.org\/web\/wp-content\/uploads\/2022\/02\/MYOTRIGG-photo-10-1024x768.jpg 1024w, https:\/\/www.medskvz.org\/web\/wp-content\/uploads\/2022\/02\/MYOTRIGG-photo-10-300x225.jpg 300w, https:\/\/www.medskvz.org\/web\/wp-content\/uploads\/2022\/02\/MYOTRIGG-photo-10-768x576.jpg 768w, https:\/\/www.medskvz.org\/web\/wp-content\/uploads\/2022\/02\/MYOTRIGG-photo-10-1536x1152.jpg 1536w, https:\/\/www.medskvz.org\/web\/wp-content\/uploads\/2022\/02\/MYOTRIGG-photo-10-2048x1536.jpg 2048w\" sizes=\"(max-width: 1024px) 100vw, 1024px\" \/><\/figure><\/li><\/ul><\/figure>\n\n\n\n<div class=\"wp-container-77 wp-block-columns\">\n<div class=\"wp-container-75 wp-block-column\">\n<figure class=\"wp-block-image size-large is-resized\"><img loading=\"lazy\" src=\"https:\/\/www.medskvz.org\/web\/wp-content\/uploads\/2020\/10\/emblem-1-1024x322.png\" alt=\"\" class=\"wp-image-11022 colorbox-11044\" width=\"368\" height=\"116\" srcset=\"https:\/\/www.medskvz.org\/web\/wp-content\/uploads\/2020\/10\/emblem-1-1024x322.png 1024w, https:\/\/www.medskvz.org\/web\/wp-content\/uploads\/2020\/10\/emblem-1-300x94.png 300w, https:\/\/www.medskvz.org\/web\/wp-content\/uploads\/2020\/10\/emblem-1-768x242.png 768w, https:\/\/www.medskvz.org\/web\/wp-content\/uploads\/2020\/10\/emblem-1.png 1350w\" sizes=\"(max-width: 368px) 100vw, 368px\" \/><\/figure>\n<\/div>\n\n\n\n<div class=\"wp-container-76 wp-block-column\">\n<p><\/p>\n<p><strong><em>Miroslav Jamni\u0107, bacc.physioth., <\/em><\/strong><\/p>\n<h6>vlasnik LM fizikalna terapija i rehabilitacija<\/h6>\n<\/div>\n<\/div>\n\n\n<p><\/p>\n<p style=\"text-align: center;\"><em><span style=\"color: #999999;\">Sadr\u017eaj ove objave isklju\u010diva je odgovornost Medicinske \u0161kole Vara\u017edin.<\/span><\/em><\/p>\n<p><\/p>\n<p style=\"text-align: center;\"><\/p>\n\n\n<div style=\"height:282px\" aria-hidden=\"true\" class=\"wp-block-spacer\"><\/div>\n\n\n\n<hr class=\"wp-block-separator is-style-wide\"\/>\n\n\n\n<div class=\"wp-block-image\"><figure class=\"aligncenter size-large is-resized\"><img loading=\"lazy\" src=\"https:\/\/www.medskvz.org\/web\/wp-content\/uploads\/2020\/10\/Emblem-za-web-odrezan-1024x122.png\" alt=\"\" class=\"wp-image-11135 colorbox-11044\" width=\"671\" height=\"80\" srcset=\"https:\/\/www.medskvz.org\/web\/wp-content\/uploads\/2020\/10\/Emblem-za-web-odrezan-1024x122.png 1024w, https:\/\/www.medskvz.org\/web\/wp-content\/uploads\/2020\/10\/Emblem-za-web-odrezan-300x36.png 300w, https:\/\/www.medskvz.org\/web\/wp-content\/uploads\/2020\/10\/Emblem-za-web-odrezan-768x92.png 768w, https:\/\/www.medskvz.org\/web\/wp-content\/uploads\/2020\/10\/Emblem-za-web-odrezan-1536x183.png 1536w, https:\/\/www.medskvz.org\/web\/wp-content\/uploads\/2020\/10\/Emblem-za-web-odrezan-2048x244.png 2048w\" sizes=\"(max-width: 671px) 100vw, 671px\" \/><\/figure><\/div>\n\n\n\n<h5 style=\"text-align: center;\"><span style=\"color: #808080;\">Uspostava Regionalnog centra kompetentnosti inovativnih zdravstvenih tehnologija pri Medicinskoj \u0161koli Vara\u017edin<\/span><\/h5>\n\n\n\n<div class=\"wp-block-image\"><figure class=\"aligncenter size-full is-resized\"><img loading=\"lazy\" src=\"https:\/\/www.medskvz.org\/web\/wp-content\/uploads\/2022\/01\/8df88dcd7c264ec8aea9201e13461b52_gallery_single_view.jpg\" alt=\"\" class=\"wp-image-13069 colorbox-11044\" width=\"730\" height=\"486\" srcset=\"https:\/\/www.medskvz.org\/web\/wp-content\/uploads\/2022\/01\/8df88dcd7c264ec8aea9201e13461b52_gallery_single_view.jpg 960w, https:\/\/www.medskvz.org\/web\/wp-content\/uploads\/2022\/01\/8df88dcd7c264ec8aea9201e13461b52_gallery_single_view-300x200.jpg 300w, https:\/\/www.medskvz.org\/web\/wp-content\/uploads\/2022\/01\/8df88dcd7c264ec8aea9201e13461b52_gallery_single_view-768x512.jpg 768w\" sizes=\"(max-width: 730px) 100vw, 730px\" \/><\/figure><\/div>\n\n\n\n<h6 style=\"text-align: left;\"><span style=\"color: #999999;\"><em>Autor: Marko Vrtar, 28. prosinac 2021.&nbsp; <br><\/em><\/span><\/h6>\n<h1 style=\"text-align: left;\"><strong><strong><em><strong><em><strong><strong><strong><em><strong><strong><em><strong><em><strong><em><strong><em><strong><em><strong><em><strong><em><strong><strong><em><strong><em><strong><strong><strong>Premijer Plenkovi\u0107 u posjeti Medicinskoj \u0161koli Vara\u017edin<\/strong><\/strong><\/strong><\/em><\/strong><\/em><\/strong><\/strong><\/em><\/strong><\/em><\/strong><\/em><\/strong><\/em><\/strong><\/em><\/strong><\/em><\/strong><\/em><\/strong><\/strong><\/em><\/strong><\/strong><\/strong><\/em><\/strong><\/em><\/strong><\/strong><\/h1>\n\n\n\n<blockquote class=\"wp-block-quote is-style-default\"><p><em><strong><em><em>Premijer&nbsp;<strong>Andrej Plenkovi\u0107<\/strong>&nbsp;je u ponedjeljak 27. prosinca posjetio Medicinsku \u0161kolu Vara\u017edin. Uz njega \u0161kolu su obi\u0161li i ministrica poljoprivrede Marija Vu\u010dkovi\u0107, ministar znanosti i obrazovanja Radovan Fuchs, te ministar zdravstva Vili Bero\u0161.<\/em><\/em><\/strong><\/em><\/p><\/blockquote>\n\n\n\n<p>Ravnateljica Medicinske \u0161kole Vara\u017edin Mirjana Grabar Kruljac upoznala je premjera i ministre sa projektima koji \u0107e budu\u0107i Regionalni centar kompetentnosti inovativnih zdravstvenih tehnologija svrstati u sam vrh obrazovanja zdravstvenih djelatnika ovog djela Europe.<\/p>\n<p>Budu\u0107i Regionalni centar kompetentnosti inovativnih zdravstvenih tehnologija pri Medicinskoj \u0161koli Vara\u017edin sastoji se od dva projekta ukupne vrijednosti 90 milijuna kuna. Prvi je rekonstrukcija i dogradnja Medicinske \u0161kole vrijedna 42 milijuna kuna, a drugi projekt je Uspostava centra vrijedna 48 milijuna kuna i u potpunosti se financira novcem Europske unije.<\/p>\n\n\n\n<figure class=\"wp-container-79 wp-block-gallery-78 wp-block-gallery columns-2 is-cropped\"><ul class=\"blocks-gallery-grid\"><li class=\"blocks-gallery-item\"><figure><img loading=\"lazy\" width=\"960\" height=\"640\" src=\"https:\/\/www.medskvz.org\/web\/wp-content\/uploads\/2022\/01\/daee5452aee8f86fa1d25599449a9f09_gallery_single_view.jpg\" alt=\"\" data-id=\"13075\" data-link=\"https:\/\/www.medskvz.org\/web\/clanci-o-projektu\/daee5452aee8f86fa1d25599449a9f09_gallery_single_view\/\" class=\"wp-image-13075 colorbox-11044\" srcset=\"https:\/\/www.medskvz.org\/web\/wp-content\/uploads\/2022\/01\/daee5452aee8f86fa1d25599449a9f09_gallery_single_view.jpg 960w, https:\/\/www.medskvz.org\/web\/wp-content\/uploads\/2022\/01\/daee5452aee8f86fa1d25599449a9f09_gallery_single_view-300x200.jpg 300w, https:\/\/www.medskvz.org\/web\/wp-content\/uploads\/2022\/01\/daee5452aee8f86fa1d25599449a9f09_gallery_single_view-768x512.jpg 768w\" sizes=\"(max-width: 960px) 100vw, 960px\" \/><\/figure><\/li><li class=\"blocks-gallery-item\"><figure><img loading=\"lazy\" width=\"1024\" height=\"576\" src=\"https:\/\/www.medskvz.org\/web\/wp-content\/uploads\/2022\/01\/20211227_102943-1024x576.jpg\" alt=\"\" data-id=\"13076\" data-full-url=\"https:\/\/www.medskvz.org\/web\/wp-content\/uploads\/2022\/01\/20211227_102943-scaled.jpg\" data-link=\"https:\/\/www.medskvz.org\/web\/clanci-o-projektu\/20211227_102943\/\" class=\"wp-image-13076 colorbox-11044\" srcset=\"https:\/\/www.medskvz.org\/web\/wp-content\/uploads\/2022\/01\/20211227_102943-1024x576.jpg 1024w, https:\/\/www.medskvz.org\/web\/wp-content\/uploads\/2022\/01\/20211227_102943-300x169.jpg 300w, https:\/\/www.medskvz.org\/web\/wp-content\/uploads\/2022\/01\/20211227_102943-768x432.jpg 768w, https:\/\/www.medskvz.org\/web\/wp-content\/uploads\/2022\/01\/20211227_102943-1536x864.jpg 1536w, https:\/\/www.medskvz.org\/web\/wp-content\/uploads\/2022\/01\/20211227_102943-2048x1152.jpg 2048w\" sizes=\"(max-width: 1024px) 100vw, 1024px\" \/><\/figure><\/li><\/ul><\/figure>\n\n\n\n<figure class=\"wp-block-image\"><img class=\"colorbox-11044\"  alt=\"\"\/><\/figure>\n\n\n\n<p class=\"n-extra\"><span style=\"font-size: revert; color: initial;\">Nakon razgleda gradili\u0161ta, premjer se uputio u postoje\u0107u \u0161kolu te se kratko zadr\u017eao u dru\u017eenju sa nastavnicima.<\/span><\/p>\n<p class=\"n-extra\"><span style=\"font-size: revert; color: initial;\"> <em><strong>Zadovoljan vi\u0111enim premijer je dao kratku izjavu za medije:<\/strong><\/em><\/span><\/p>\n<p class=\"n-extra\"><em>Dvije tisu\u0107e petsto dodatnih kvadrata plus investicija u sadr\u017eaj, obrazovanje i podizanje kvalitete Medicinske \u0161kole koja je jedna od najboljih u Hrvatskoj, ozna\u010dava daljnji doprinos u profiliranju Grada Vara\u017edina kao grada mladih i grada obrazovanja i sveu\u010dili\u0161ta. Mislim da je to profiliranje, uz sve ono \u0161to zna\u010de ba\u0161tina i kultura na sjeveru Hrvatske, pravi put konkurentnosti i lovljenja koraka s \u010detvrtom industrijskom revolucijom. &nbsp;<\/em><\/p>\n\n\n\n<div class=\"wp-container-82 wp-block-columns\">\n<div class=\"wp-container-80 wp-block-column\">\n<figure class=\"wp-block-image size-large is-resized\"><img loading=\"lazy\" src=\"https:\/\/www.medskvz.org\/web\/wp-content\/uploads\/2020\/10\/emblem-1-1024x322.png\" alt=\"\" class=\"wp-image-11022 colorbox-11044\" width=\"368\" height=\"116\" srcset=\"https:\/\/www.medskvz.org\/web\/wp-content\/uploads\/2020\/10\/emblem-1-1024x322.png 1024w, https:\/\/www.medskvz.org\/web\/wp-content\/uploads\/2020\/10\/emblem-1-300x94.png 300w, https:\/\/www.medskvz.org\/web\/wp-content\/uploads\/2020\/10\/emblem-1-768x242.png 768w, https:\/\/www.medskvz.org\/web\/wp-content\/uploads\/2020\/10\/emblem-1.png 1350w\" sizes=\"(max-width: 368px) 100vw, 368px\" \/><\/figure>\n<\/div>\n\n\n\n<div class=\"wp-container-81 wp-block-column\">\n<p><\/p>\n<p><strong><em>Marko Vrtar<\/em><\/strong><\/p>\n<h6>Osoba za promid\u017ebu i vidljivost&nbsp;projekta&nbsp;<\/h6>\n<\/div>\n<\/div>\n\n\n<p><\/p>\n<p style=\"text-align: center;\"><em><span style=\"color: #999999;\">Sadr\u017eaj ove objave isklju\u010diva je odgovornost Medicinske \u0161kole Vara\u017edin.<\/span><\/em><\/p>\n<p><\/p>\n<p style=\"text-align: center;\"><\/p>\n\n\n<div style=\"height:259px\" aria-hidden=\"true\" class=\"wp-block-spacer\"><\/div>\n\n\n\n<hr class=\"wp-block-separator is-style-wide\"\/>\n\n\n\n<div class=\"wp-block-image\"><figure class=\"aligncenter size-large is-resized\"><img loading=\"lazy\" src=\"https:\/\/www.medskvz.org\/web\/wp-content\/uploads\/2020\/10\/Emblem-za-web-odrezan-1024x122.png\" alt=\"\" class=\"wp-image-11135 colorbox-11044\" width=\"671\" height=\"80\" srcset=\"https:\/\/www.medskvz.org\/web\/wp-content\/uploads\/2020\/10\/Emblem-za-web-odrezan-1024x122.png 1024w, https:\/\/www.medskvz.org\/web\/wp-content\/uploads\/2020\/10\/Emblem-za-web-odrezan-300x36.png 300w, https:\/\/www.medskvz.org\/web\/wp-content\/uploads\/2020\/10\/Emblem-za-web-odrezan-768x92.png 768w, https:\/\/www.medskvz.org\/web\/wp-content\/uploads\/2020\/10\/Emblem-za-web-odrezan-1536x183.png 1536w, https:\/\/www.medskvz.org\/web\/wp-content\/uploads\/2020\/10\/Emblem-za-web-odrezan-2048x244.png 2048w\" sizes=\"(max-width: 671px) 100vw, 671px\" \/><\/figure><\/div>\n\n\n\n<h5 style=\"text-align: center;\"><span style=\"color: #808080;\">Uspostava Regionalnog centra kompetentnosti inovativnih zdravstvenih tehnologija pri Medicinskoj \u0161koli Vara\u017edin<\/span><\/h5>\n\n\n\n<div class=\"wp-block-image\"><figure class=\"aligncenter size-large is-resized\"><img loading=\"lazy\" src=\"https:\/\/www.medskvz.org\/web\/wp-content\/uploads\/2022\/01\/Naslovna-slika-2-edited-scaled.jpg\" alt=\"\" class=\"wp-image-13055 colorbox-11044\" width=\"735\" height=\"413\" srcset=\"https:\/\/www.medskvz.org\/web\/wp-content\/uploads\/2022\/01\/Naslovna-slika-2-edited-scaled.jpg 2560w, https:\/\/www.medskvz.org\/web\/wp-content\/uploads\/2022\/01\/Naslovna-slika-2-edited-300x169.jpg 300w, https:\/\/www.medskvz.org\/web\/wp-content\/uploads\/2022\/01\/Naslovna-slika-2-edited-1024x575.jpg 1024w, https:\/\/www.medskvz.org\/web\/wp-content\/uploads\/2022\/01\/Naslovna-slika-2-edited-768x431.jpg 768w, https:\/\/www.medskvz.org\/web\/wp-content\/uploads\/2022\/01\/Naslovna-slika-2-edited-1536x863.jpg 1536w, https:\/\/www.medskvz.org\/web\/wp-content\/uploads\/2022\/01\/Naslovna-slika-2-edited-2048x1150.jpg 2048w\" sizes=\"(max-width: 735px) 100vw, 735px\" \/><\/figure><\/div>\n\n\n\n<h6><span style=\"color: #999999;\"><em>Autor: Marko Vrtar, 27. prosinac 2021.&nbsp; <br><\/em><\/span><\/h6>\n\n\n\n<h1><strong><strong><em><strong><em><strong><strong><strong><em><strong><strong><em><strong><em><strong><em><strong><em><strong><em><strong><em><strong><em><strong><strong><em><strong><em><strong><strong><strong>NASTAVNICI USPJE\u0160NO ZAVR\u0160ILI TE\u010cAJ: <\/strong><\/strong><\/strong><\/em><\/strong><\/em><\/strong><\/strong><\/em><\/strong><\/em><\/strong><\/em><\/strong><\/em><\/strong><\/em><\/strong><\/em><\/strong><\/em><\/strong><\/strong><\/em><\/strong><\/strong><\/strong><\/em><\/strong><\/em><\/strong><\/strong><\/h1>\n\n\n\n<h1><strong><strong><em><strong><em><strong><strong><strong><em><strong><strong><em><strong><em><strong><em><strong><em><strong><em><strong><em><strong><em><strong><strong><em><strong><em><strong><strong><strong>&#8220;Osnovni postupci odr\u017eavanja \u017eivota odraslih osoba uz primjenu AVD-a&#8221;<\/strong><\/strong><\/strong><\/em><\/strong><\/em><\/strong><\/strong><\/em><\/strong><\/em><\/strong><\/em><\/strong><\/em><\/strong><\/em><\/strong><\/em><\/strong><\/em><\/strong><\/strong><\/em><\/strong><\/strong><\/strong><\/em><\/strong><\/em><\/strong><\/strong><\/h1>\n\n\n\n<blockquote class=\"wp-block-quote\"><p><em><strong><em><em>Nastavnici Medicinske \u0161kole Vara\u017edin i partnerskih \u0161kola na projektu uspje\u0161no su sudjelovali na prvom stru\u010dnom usavr\u0161avanju u podru\u010dju zbrinjavanja hitnih bolesnika starije \u017eivotne dobi.&nbsp;Te\u010daj se odr\u017eao&nbsp;17. prosinca 2021. godine&nbsp;u Edukacijsko simulacijskom centru &#8220;EduKa&#8221; koji djeluje u sklopu Zavoda za hitnu medicinu Karlova\u010dke \u017eupanije.&nbsp;Zavr\u0161eni te\u010daj jedan je od ukupno \u0161est stru\u010dnih usavr\u0161avanja u podru\u010dju hitnog zbrinjavanja odraslih i djece.<\/em><\/em><\/strong><\/em><\/p><\/blockquote>\n\n\n\n<figure class=\"wp-container-84 wp-block-gallery-83 wp-block-gallery columns-2 is-cropped\"><ul class=\"blocks-gallery-grid\"><li class=\"blocks-gallery-item\"><figure><img loading=\"lazy\" width=\"1024\" height=\"768\" src=\"https:\/\/www.medskvz.org\/web\/wp-content\/uploads\/2022\/01\/20211217_095911-1024x768.jpg\" alt=\"\" data-id=\"13061\" data-full-url=\"https:\/\/www.medskvz.org\/web\/wp-content\/uploads\/2022\/01\/20211217_095911-scaled.jpg\" data-link=\"https:\/\/www.medskvz.org\/web\/clanci-o-projektu\/20211217_095911\/\" class=\"wp-image-13061 colorbox-11044\" srcset=\"https:\/\/www.medskvz.org\/web\/wp-content\/uploads\/2022\/01\/20211217_095911-1024x768.jpg 1024w, https:\/\/www.medskvz.org\/web\/wp-content\/uploads\/2022\/01\/20211217_095911-300x225.jpg 300w, https:\/\/www.medskvz.org\/web\/wp-content\/uploads\/2022\/01\/20211217_095911-768x576.jpg 768w, https:\/\/www.medskvz.org\/web\/wp-content\/uploads\/2022\/01\/20211217_095911-1536x1152.jpg 1536w, https:\/\/www.medskvz.org\/web\/wp-content\/uploads\/2022\/01\/20211217_095911-2048x1536.jpg 2048w\" sizes=\"(max-width: 1024px) 100vw, 1024px\" \/><\/figure><\/li><li class=\"blocks-gallery-item\"><figure><img loading=\"lazy\" width=\"768\" height=\"1024\" src=\"https:\/\/www.medskvz.org\/web\/wp-content\/uploads\/2022\/01\/20211217_102708-768x1024.jpg\" alt=\"\" data-id=\"13062\" data-full-url=\"https:\/\/www.medskvz.org\/web\/wp-content\/uploads\/2022\/01\/20211217_102708-scaled.jpg\" data-link=\"https:\/\/www.medskvz.org\/web\/clanci-o-projektu\/20211217_102708\/\" class=\"wp-image-13062 colorbox-11044\" srcset=\"https:\/\/www.medskvz.org\/web\/wp-content\/uploads\/2022\/01\/20211217_102708-768x1024.jpg 768w, https:\/\/www.medskvz.org\/web\/wp-content\/uploads\/2022\/01\/20211217_102708-225x300.jpg 225w, https:\/\/www.medskvz.org\/web\/wp-content\/uploads\/2022\/01\/20211217_102708-1152x1536.jpg 1152w, https:\/\/www.medskvz.org\/web\/wp-content\/uploads\/2022\/01\/20211217_102708-1536x2048.jpg 1536w, https:\/\/www.medskvz.org\/web\/wp-content\/uploads\/2022\/01\/20211217_102708-scaled.jpg 1920w\" sizes=\"(max-width: 768px) 100vw, 768px\" \/><\/figure><\/li><\/ul><\/figure>\n\n\n<p><em>Te\u010daj pod nazivom &#8220;Osnovni postupci odr\u017eavanja \u017eivota odraslih osoba uz primjenu AVD-a&#8221; obuhva\u0107ao je ponavljanje i stjecanje teorijskog i prakti\u010dnog znanja koje uklju\u010duje postupke zbrinjavanja kardiopulmonalnog aresta uz primjenu automatskog vanjskog defibrilatora te zbrinjavanje&nbsp;nesvjesnog stanja i mehani\u010dkog gu\u0161enja. Nastavnici su na kraju te\u010daja pristupili ispitu znanja koji su uspje\u0161no polo\u017eili te su time stekli potvrdu o uspje\u0161no zavr\u0161enom te\u010daju.&nbsp;<\/em><\/p>\n<p><em>Na te\u010daju su sudjelovali nastavnici Medicinske \u0161kole Vara\u017edin (Patricija Jakopovi\u0107, Monika Kos Ga\u0161pari\u0107 i Smiljana Furdi) te partnerskih \u0161kola na projektu: Srednje \u0161kole \u010cakovec (Valentina Fabi\u0107) i Srednje \u0161kole Pregrada (Marinela Ro\u017eaj).&nbsp;<\/em><\/p>\n<p><\/p>\n\n\n<figure class=\"wp-container-86 wp-block-gallery-85 wp-block-gallery columns-3 is-cropped\"><ul class=\"blocks-gallery-grid\"><li class=\"blocks-gallery-item\"><figure><img loading=\"lazy\" width=\"768\" height=\"1024\" src=\"https:\/\/www.medskvz.org\/web\/wp-content\/uploads\/2022\/01\/20211217_102733-768x1024.jpg\" alt=\"\" data-id=\"13064\" data-full-url=\"https:\/\/www.medskvz.org\/web\/wp-content\/uploads\/2022\/01\/20211217_102733-scaled.jpg\" data-link=\"https:\/\/www.medskvz.org\/web\/clanci-o-projektu\/20211217_102733\/\" class=\"wp-image-13064 colorbox-11044\" srcset=\"https:\/\/www.medskvz.org\/web\/wp-content\/uploads\/2022\/01\/20211217_102733-768x1024.jpg 768w, https:\/\/www.medskvz.org\/web\/wp-content\/uploads\/2022\/01\/20211217_102733-225x300.jpg 225w, https:\/\/www.medskvz.org\/web\/wp-content\/uploads\/2022\/01\/20211217_102733-1152x1536.jpg 1152w, https:\/\/www.medskvz.org\/web\/wp-content\/uploads\/2022\/01\/20211217_102733-1536x2048.jpg 1536w, https:\/\/www.medskvz.org\/web\/wp-content\/uploads\/2022\/01\/20211217_102733-scaled.jpg 1920w\" sizes=\"(max-width: 768px) 100vw, 768px\" \/><\/figure><\/li><li class=\"blocks-gallery-item\"><figure><img loading=\"lazy\" width=\"768\" height=\"1024\" src=\"https:\/\/www.medskvz.org\/web\/wp-content\/uploads\/2022\/01\/20211217_103517-768x1024.jpg\" alt=\"\" data-id=\"13065\" data-full-url=\"https:\/\/www.medskvz.org\/web\/wp-content\/uploads\/2022\/01\/20211217_103517-scaled.jpg\" data-link=\"https:\/\/www.medskvz.org\/web\/clanci-o-projektu\/20211217_103517\/\" class=\"wp-image-13065 colorbox-11044\" srcset=\"https:\/\/www.medskvz.org\/web\/wp-content\/uploads\/2022\/01\/20211217_103517-768x1024.jpg 768w, https:\/\/www.medskvz.org\/web\/wp-content\/uploads\/2022\/01\/20211217_103517-225x300.jpg 225w, https:\/\/www.medskvz.org\/web\/wp-content\/uploads\/2022\/01\/20211217_103517-1152x1536.jpg 1152w, https:\/\/www.medskvz.org\/web\/wp-content\/uploads\/2022\/01\/20211217_103517-1536x2048.jpg 1536w, https:\/\/www.medskvz.org\/web\/wp-content\/uploads\/2022\/01\/20211217_103517-scaled.jpg 1920w\" sizes=\"(max-width: 768px) 100vw, 768px\" \/><\/figure><\/li><li class=\"blocks-gallery-item\"><figure><img loading=\"lazy\" width=\"1024\" height=\"768\" src=\"https:\/\/www.medskvz.org\/web\/wp-content\/uploads\/2022\/01\/20211217_111945-1024x768.jpg\" alt=\"\" data-id=\"13066\" data-full-url=\"https:\/\/www.medskvz.org\/web\/wp-content\/uploads\/2022\/01\/20211217_111945-scaled.jpg\" data-link=\"https:\/\/www.medskvz.org\/web\/clanci-o-projektu\/20211217_111945\/\" class=\"wp-image-13066 colorbox-11044\" srcset=\"https:\/\/www.medskvz.org\/web\/wp-content\/uploads\/2022\/01\/20211217_111945-1024x768.jpg 1024w, https:\/\/www.medskvz.org\/web\/wp-content\/uploads\/2022\/01\/20211217_111945-300x225.jpg 300w, https:\/\/www.medskvz.org\/web\/wp-content\/uploads\/2022\/01\/20211217_111945-768x576.jpg 768w, https:\/\/www.medskvz.org\/web\/wp-content\/uploads\/2022\/01\/20211217_111945-1536x1152.jpg 1536w, https:\/\/www.medskvz.org\/web\/wp-content\/uploads\/2022\/01\/20211217_111945-2048x1536.jpg 2048w\" sizes=\"(max-width: 1024px) 100vw, 1024px\" \/><\/figure><\/li><li class=\"blocks-gallery-item\"><figure><img loading=\"lazy\" width=\"1024\" height=\"768\" src=\"https:\/\/www.medskvz.org\/web\/wp-content\/uploads\/2022\/01\/IMG-17db25c640a57e57652bdde8adbc8262-V-1024x768.jpg\" alt=\"\" data-id=\"13067\" data-full-url=\"https:\/\/www.medskvz.org\/web\/wp-content\/uploads\/2022\/01\/IMG-17db25c640a57e57652bdde8adbc8262-V.jpg\" data-link=\"https:\/\/www.medskvz.org\/web\/clanci-o-projektu\/img-17db25c640a57e57652bdde8adbc8262-v\/\" class=\"wp-image-13067 colorbox-11044\" srcset=\"https:\/\/www.medskvz.org\/web\/wp-content\/uploads\/2022\/01\/IMG-17db25c640a57e57652bdde8adbc8262-V-1024x768.jpg 1024w, https:\/\/www.medskvz.org\/web\/wp-content\/uploads\/2022\/01\/IMG-17db25c640a57e57652bdde8adbc8262-V-300x225.jpg 300w, https:\/\/www.medskvz.org\/web\/wp-content\/uploads\/2022\/01\/IMG-17db25c640a57e57652bdde8adbc8262-V-768x576.jpg 768w, https:\/\/www.medskvz.org\/web\/wp-content\/uploads\/2022\/01\/IMG-17db25c640a57e57652bdde8adbc8262-V-1536x1152.jpg 1536w, https:\/\/www.medskvz.org\/web\/wp-content\/uploads\/2022\/01\/IMG-17db25c640a57e57652bdde8adbc8262-V.jpg 1600w\" sizes=\"(max-width: 1024px) 100vw, 1024px\" \/><\/figure><\/li><\/ul><\/figure>\n\n\n\n<div class=\"wp-container-89 wp-block-columns\">\n<div class=\"wp-container-87 wp-block-column\">\n<figure class=\"wp-block-image size-large is-resized\"><img loading=\"lazy\" src=\"https:\/\/www.medskvz.org\/web\/wp-content\/uploads\/2020\/10\/emblem-1-1024x322.png\" alt=\"\" class=\"wp-image-11022 colorbox-11044\" width=\"312\" height=\"98\" srcset=\"https:\/\/www.medskvz.org\/web\/wp-content\/uploads\/2020\/10\/emblem-1-1024x322.png 1024w, https:\/\/www.medskvz.org\/web\/wp-content\/uploads\/2020\/10\/emblem-1-300x94.png 300w, https:\/\/www.medskvz.org\/web\/wp-content\/uploads\/2020\/10\/emblem-1-768x242.png 768w, https:\/\/www.medskvz.org\/web\/wp-content\/uploads\/2020\/10\/emblem-1.png 1350w\" sizes=\"(max-width: 312px) 100vw, 312px\" \/><\/figure>\n<\/div>\n\n\n\n<div class=\"wp-container-88 wp-block-column\">\n<p><\/p>\n<p><strong><em>Patricija Jakopovi\u0107, mag. sestrinstva<\/em><\/strong><\/p>\n<h6><strong><em>Koordinator unaprje\u0111enja i provedbe programa obrazovanja<\/em><\/strong><\/h6>\n<\/div>\n<\/div>\n\n\n<p><\/p>\n<p style=\"text-align: center;\"><em><span style=\"color: #999999;\">Sadr\u017eaj ove objave isklju\u010diva je odgovornost Medicinske \u0161kole Vara\u017edin.<\/span><\/em><\/p>\n<p><\/p>\n<p style=\"text-align: center;\"><\/p>\n\n\n<div style=\"height:260px\" aria-hidden=\"true\" class=\"wp-block-spacer\"><\/div>\n\n\n\n<hr class=\"wp-block-separator is-style-wide\"\/>\n\n\n\n<div class=\"wp-block-image\"><figure class=\"aligncenter size-large is-resized\"><img loading=\"lazy\" src=\"https:\/\/www.medskvz.org\/web\/wp-content\/uploads\/2020\/10\/Emblem-za-web-odrezan-1024x122.png\" alt=\"\" class=\"wp-image-11135 colorbox-11044\" width=\"671\" height=\"80\" srcset=\"https:\/\/www.medskvz.org\/web\/wp-content\/uploads\/2020\/10\/Emblem-za-web-odrezan-1024x122.png 1024w, https:\/\/www.medskvz.org\/web\/wp-content\/uploads\/2020\/10\/Emblem-za-web-odrezan-300x36.png 300w, https:\/\/www.medskvz.org\/web\/wp-content\/uploads\/2020\/10\/Emblem-za-web-odrezan-768x92.png 768w, https:\/\/www.medskvz.org\/web\/wp-content\/uploads\/2020\/10\/Emblem-za-web-odrezan-1536x183.png 1536w, https:\/\/www.medskvz.org\/web\/wp-content\/uploads\/2020\/10\/Emblem-za-web-odrezan-2048x244.png 2048w\" sizes=\"(max-width: 671px) 100vw, 671px\" \/><\/figure><\/div>\n\n\n\n<h5 style=\"text-align: center;\"><span style=\"color: #808080;\">Uspostava Regionalnog centra kompetentnosti inovativnih zdravstvenih tehnologija pri Medicinskoj \u0161koli Vara\u017edin<\/span><\/h5>\n\n\n\n<div class=\"wp-block-image\"><figure class=\"aligncenter size-large is-resized\"><img loading=\"lazy\" src=\"https:\/\/www.medskvz.org\/web\/wp-content\/uploads\/2022\/01\/Naslovna-slika-edited-1-scaled.jpg\" alt=\"\" class=\"wp-image-13050 colorbox-11044\" width=\"793\" height=\"445\"\/><\/figure><\/div>\n\n\n\n<h6><span style=\"color: #999999;\"><em>Autor: Marko Vrtar, 27. prosinac 2021.&nbsp; <br><\/em><\/span><\/h6>\n\n\n\n<h1><strong><strong><em><strong><em><strong><strong><strong><em><strong><strong><em><strong><em><strong><em><strong><em><strong><em><strong><em><strong><em><strong><strong><em><strong><em><strong><strong>SUDJELOVANJE PREDSTAVNIKA MEDICINSKE \u0160KOLE VARA\u017dDIN NA RADIONICI AGENCIJE ZA STRUKOVNO OBRAZOVANJE I OBRAZOVANJE ODRASLIH<\/strong><\/strong><\/em><\/strong><\/em><\/strong><\/strong><\/em><\/strong><\/em><\/strong><\/em><\/strong><\/em><\/strong><\/em><\/strong><\/em><\/strong><\/em><\/strong><\/strong><\/em><\/strong><\/strong><\/strong><\/em><\/strong><\/em><\/strong><\/strong><\/h1>\n\n\n\n<blockquote class=\"wp-block-quote\"><p><em><strong><em>Ravnatelj ASOO-a Mile \u017div\u010di\u0107 i pomo\u0107nica ravnatelja za razvoj strukovnog obrazovanja Vesna An\u0111eli\u0107 odr\u017eali su metodi\u010dku radionicu za predstavnike RCK-a. Tema radionice bila je &#8220;<\/em>Izrada standarda kvalifikacija i modularnih strukovnih kurikuluma<em>\u201c&nbsp;te je namijenjena timovima koji izra\u0111uju standarde zanimanja, standarde kvalifikacija te modularne strukovne kurikulume.<\/em><\/strong><\/em><\/p><\/blockquote>\n\n\n<p>Cilj radionice bio je usmjeravanje predstavnika RCK-a u primjenu metodologije za izradu standarda zanimanja, davanje smjernica za izradu standarda&nbsp;kvalifikacija i strukovnih kurikuluma te nastavak trajne podr\u0161ke i stru\u010dne koordinacije procesa projektnih aktivnosti u unaprje\u0111enju strukovnog odgoja i obrazovanja.&nbsp;<\/p>\n<p><\/p>\n\n\n<figure class=\"wp-container-91 wp-block-gallery-90 wp-block-gallery columns-2 is-cropped\"><ul class=\"blocks-gallery-grid\"><li class=\"blocks-gallery-item\"><figure><img loading=\"lazy\" width=\"1024\" height=\"768\" src=\"https:\/\/www.medskvz.org\/web\/wp-content\/uploads\/2022\/01\/20211214_115302-1024x768.jpg\" alt=\"\" data-id=\"13041\" data-link=\"https:\/\/www.medskvz.org\/web\/clanci-o-projektu\/20211214_115302\/\" class=\"wp-image-13041 colorbox-11044\" srcset=\"https:\/\/www.medskvz.org\/web\/wp-content\/uploads\/2022\/01\/20211214_115302-1024x768.jpg 1024w, https:\/\/www.medskvz.org\/web\/wp-content\/uploads\/2022\/01\/20211214_115302-300x225.jpg 300w, https:\/\/www.medskvz.org\/web\/wp-content\/uploads\/2022\/01\/20211214_115302-768x576.jpg 768w, https:\/\/www.medskvz.org\/web\/wp-content\/uploads\/2022\/01\/20211214_115302-1536x1152.jpg 1536w, https:\/\/www.medskvz.org\/web\/wp-content\/uploads\/2022\/01\/20211214_115302-2048x1536.jpg 2048w\" sizes=\"(max-width: 1024px) 100vw, 1024px\" \/><\/figure><\/li><li class=\"blocks-gallery-item\"><figure><img loading=\"lazy\" width=\"1024\" height=\"768\" src=\"https:\/\/www.medskvz.org\/web\/wp-content\/uploads\/2022\/01\/20211214_115318-1024x768.jpg\" alt=\"\" data-id=\"13042\" data-link=\"https:\/\/www.medskvz.org\/web\/clanci-o-projektu\/20211214_115318\/\" class=\"wp-image-13042 colorbox-11044\" srcset=\"https:\/\/www.medskvz.org\/web\/wp-content\/uploads\/2022\/01\/20211214_115318-1024x768.jpg 1024w, https:\/\/www.medskvz.org\/web\/wp-content\/uploads\/2022\/01\/20211214_115318-300x225.jpg 300w, https:\/\/www.medskvz.org\/web\/wp-content\/uploads\/2022\/01\/20211214_115318-768x576.jpg 768w, https:\/\/www.medskvz.org\/web\/wp-content\/uploads\/2022\/01\/20211214_115318-1536x1152.jpg 1536w, https:\/\/www.medskvz.org\/web\/wp-content\/uploads\/2022\/01\/20211214_115318-2048x1536.jpg 2048w\" sizes=\"(max-width: 1024px) 100vw, 1024px\" \/><\/figure><\/li><\/ul><\/figure>\n\n\n\n<div class=\"wp-block-image\"><figure class=\"aligncenter size-large is-resized\"><img loading=\"lazy\" src=\"https:\/\/www.medskvz.org\/web\/wp-content\/uploads\/2022\/01\/20211214_115249-2-edited-scaled.jpg\" alt=\"\" class=\"wp-image-13047 colorbox-11044\" width=\"767\" height=\"431\" srcset=\"https:\/\/www.medskvz.org\/web\/wp-content\/uploads\/2022\/01\/20211214_115249-2-edited-scaled.jpg 2560w, https:\/\/www.medskvz.org\/web\/wp-content\/uploads\/2022\/01\/20211214_115249-2-edited-300x169.jpg 300w, https:\/\/www.medskvz.org\/web\/wp-content\/uploads\/2022\/01\/20211214_115249-2-edited-1024x576.jpg 1024w, https:\/\/www.medskvz.org\/web\/wp-content\/uploads\/2022\/01\/20211214_115249-2-edited-768x432.jpg 768w, https:\/\/www.medskvz.org\/web\/wp-content\/uploads\/2022\/01\/20211214_115249-2-edited-1536x864.jpg 1536w, https:\/\/www.medskvz.org\/web\/wp-content\/uploads\/2022\/01\/20211214_115249-2-edited-2048x1152.jpg 2048w\" sizes=\"(max-width: 767px) 100vw, 767px\" \/><\/figure><\/div>\n\n\n<p>Radionica je odr\u017eana 14. prosinca 2021. godine u 11:30 sati u Vara\u017edinu. Na radionici su sudjelovale ravnateljica Medicinske \u0161kole Vara\u017edin i voditeljica projekta Mirjana Grabar Kruljac, koordinatorica unaprje\u0111enja i provedbe programa obrazovanja Patricija Jakopovi\u0107&nbsp;te svi \u010dlanovi timova izrade standarda zanimanja\/kvalifikacije: Tamara Zadravec, Marijana Dugi, Martina \u0110un\u0111ek, Valentina Fabi\u0107, Mirko&nbsp;Ga\u0161pari\u0107 i Marinela Ro\u017eaj.<\/p>\n\n\n<div class=\"wp-container-94 wp-block-columns\">\n<div class=\"wp-container-92 wp-block-column\">\n<figure class=\"wp-block-image size-large is-resized\"><img loading=\"lazy\" src=\"https:\/\/www.medskvz.org\/web\/wp-content\/uploads\/2020\/10\/emblem-1-1024x322.png\" alt=\"\" class=\"wp-image-11022 colorbox-11044\" width=\"312\" height=\"98\" srcset=\"https:\/\/www.medskvz.org\/web\/wp-content\/uploads\/2020\/10\/emblem-1-1024x322.png 1024w, https:\/\/www.medskvz.org\/web\/wp-content\/uploads\/2020\/10\/emblem-1-300x94.png 300w, https:\/\/www.medskvz.org\/web\/wp-content\/uploads\/2020\/10\/emblem-1-768x242.png 768w, https:\/\/www.medskvz.org\/web\/wp-content\/uploads\/2020\/10\/emblem-1.png 1350w\" sizes=\"(max-width: 312px) 100vw, 312px\" \/><\/figure>\n<\/div>\n\n\n\n<div class=\"wp-container-93 wp-block-column\">\n<p><\/p>\n<p><strong><em>Patricija Jakopovi\u0107, mag. sestrinstva<\/em><\/strong><\/p>\n<h6><strong><em>Koordinator unaprje\u0111enja i provedbe programa obrazovanja<\/em><\/strong><\/h6>\n<\/div>\n<\/div>\n\n\n<p><\/p>\n<p style=\"text-align: center;\"><em><span style=\"color: #999999;\">Sadr\u017eaj ove objave isklju\u010diva je odgovornost Medicinske \u0161kole Vara\u017edin.<\/span><\/em><\/p>\n<p><\/p>\n<p style=\"text-align: center;\"><\/p>\n\n\n<div style=\"height:193px\" aria-hidden=\"true\" class=\"wp-block-spacer\"><\/div>\n\n\n\n<hr class=\"wp-block-separator is-style-wide\"\/>\n\n\n\n<div class=\"wp-block-image\"><figure class=\"aligncenter size-large is-resized\"><img loading=\"lazy\" src=\"https:\/\/www.medskvz.org\/web\/wp-content\/uploads\/2020\/10\/Emblem-za-web-odrezan-1024x122.png\" alt=\"\" class=\"wp-image-11135 colorbox-11044\" width=\"671\" height=\"80\" srcset=\"https:\/\/www.medskvz.org\/web\/wp-content\/uploads\/2020\/10\/Emblem-za-web-odrezan-1024x122.png 1024w, https:\/\/www.medskvz.org\/web\/wp-content\/uploads\/2020\/10\/Emblem-za-web-odrezan-300x36.png 300w, https:\/\/www.medskvz.org\/web\/wp-content\/uploads\/2020\/10\/Emblem-za-web-odrezan-768x92.png 768w, https:\/\/www.medskvz.org\/web\/wp-content\/uploads\/2020\/10\/Emblem-za-web-odrezan-1536x183.png 1536w, https:\/\/www.medskvz.org\/web\/wp-content\/uploads\/2020\/10\/Emblem-za-web-odrezan-2048x244.png 2048w\" sizes=\"(max-width: 671px) 100vw, 671px\" \/><\/figure><\/div>\n\n\n\n<h5 style=\"text-align: center;\"><span style=\"color: #808080;\">Uspostava Regionalnog centra kompetentnosti inovativnih zdravstvenih tehnologija pri Medicinskoj \u0161koli Vara\u017edin<\/span><\/h5>\n\n\n\n<div class=\"wp-block-image\"><figure class=\"aligncenter size-full is-resized\"><img loading=\"lazy\" src=\"https:\/\/www.medskvz.org\/web\/wp-content\/uploads\/2021\/12\/02-1.jpg\" alt=\"\" class=\"wp-image-13000 colorbox-11044\" width=\"789\" height=\"443\" srcset=\"https:\/\/www.medskvz.org\/web\/wp-content\/uploads\/2021\/12\/02-1.jpg 1000w, https:\/\/www.medskvz.org\/web\/wp-content\/uploads\/2021\/12\/02-1-300x169.jpg 300w, https:\/\/www.medskvz.org\/web\/wp-content\/uploads\/2021\/12\/02-1-768x432.jpg 768w\" sizes=\"(max-width: 789px) 100vw, 789px\" \/><\/figure><\/div>\n\n\n\n<h6><span style=\"color: #999999;\"><em>Autor: Marko Vrtar, 21. prosinac 2021.&nbsp; <br><\/em><\/span><\/h6>\n\n\n\n<h1><strong><strong><em><strong><em><strong><strong><strong><em><strong><strong><em><strong><em><strong><em><strong><em><strong><em><strong><em><strong><em><strong><strong><em><strong><em><strong>Hrvatska radiotelevizija u posjetu Medicinskoj \u0161koli<\/strong><\/em><\/strong><\/em><\/strong><\/strong><\/em><\/strong><\/em><\/strong><\/em><\/strong><\/em><\/strong><\/em><\/strong><\/em><\/strong><\/em><\/strong><\/strong><\/em><\/strong><\/strong><\/strong><\/em><\/strong><\/em><\/strong><\/strong><\/h1>\n\n\n\n<blockquote class=\"wp-block-quote\"><p><em>U sklopu prve konferencije kojom se predstavlja projekt uspostava Regionalnog centra kompetentnosti inovativnih zdravstvenih tehnologija 13. prosinca 2021. Medicinsku \u0161kolu Vara\u017edin posjetila je novinarska ekipa Hrvatske radiotelevizije.<\/em><\/p><\/blockquote>\n\n\n<p>U specijaliziranoj u\u010dionici za izvo\u0111enje nastave zdravstvene njege u\u010denici 5. a razreda smjera medicinska sestra op\u0107e njege \/ medicinski tehni\u010dar op\u0107e njege, Petra Pomper, Ana Bubnjar, Kristijan Kapitan, Dominik Slunjski, Eva Varga, Lorena Fri\u0161\u010di\u0107 i Mihael Jur\u0161i\u010d u pratnji svojih nastavnica Marijane Dugi i Tamare Zadravec, prikazali su na\u010din izvo\u0111enja nekih medicinsko-tehni\u010dkih zahvata koji su dio nastavnih sadr\u017eaja u obrazovanju medicinskih sestara kako bi se istakla \u010dinjenica da je medicinsko obrazovanje kompleksno i da je ovaj Projekt iznimno va\u017ean za \u0161kolu, u\u010denike, \u0161iru dru\u0161tvenu zajednicu kao i za cijelu Hrvatsku.<\/p>\n<p>U\u010denica Petra Pomper obratila se novinarima izjavom kako je zadovoljna poha\u0111anjem ove \u0161kole i da se kvaliteta njezina obrazovanja najvi\u0161e uo\u010dava na klini\u010dkoj nastavi u Op\u0107oj bolnici Vara\u017edin. Nastavnica Zadravec istaknula je promjene koje \u0107e se uvelike odraziti na \u017eivot i rad u \u0161koli. Ovim projektom dobit \u0107e se dvostruko vi\u0161e prostora, postoje\u0107a zgrada bit \u0107e pretvorena u malu oglednu bolnicu s bolesni\u010dkim sobama, operacijskim salama, laboratorijima i raznim drugim kabinetima. Tijekom svojeg \u0161kolovanja u\u010denici \u0107e se educirati u tehnolo\u0161ki najopremljenim zdravstvenim ustanovama. U\u010denicima, budu\u0107im zdravstvenim djelatnicima, omogu\u0107it \u0107e se najsuvremenije obrazovanje u sklopu redovnog obrazovanja, stru\u010dnih usavr\u0161avanja ili programa cjelo\u017eivotnog obrazovanja.<\/p>\n<p>Unato\u010d postoje\u0107im uvjetima obrazovanja nastavnica Zadravec istaknula je kako su u\u010denici Medicinske \u0161kole Vara\u017edin i dosad postizali izvrsne rezultate na nacionalnom ispitu iz Zdravstvene njege i na ispitima dr\u017eavne mature. Velik broj u\u010denika upisuje \u017eeljene fakultete, a oni koji se odlu\u010duju za rad u sustavu, priznati su kao kvalitetno educirani zdravstveni kadar.<\/p>\n\n\n<figure class=\"wp-block-embed aligncenter is-type-video is-provider-youtube wp-block-embed-youtube wp-embed-aspect-16-9 wp-has-aspect-ratio\"><div class=\"wp-block-embed__wrapper\">\n<iframe loading=\"lazy\" title=\"Hrvatska radiotelevizija u posjetu Medicinskoj \u0161koli\" width=\"500\" height=\"281\" src=\"https:\/\/www.youtube.com\/embed\/PMkqDKIU63E?feature=oembed\" frameborder=\"0\" allow=\"accelerometer; autoplay; clipboard-write; encrypted-media; gyroscope; picture-in-picture; web-share\" referrerpolicy=\"strict-origin-when-cross-origin\" allowfullscreen><\/iframe>\n<\/div><\/figure>\n\n\n\n<div class=\"wp-container-97 wp-block-columns\">\n<div class=\"wp-container-95 wp-block-column\">\n<figure class=\"wp-block-image size-large is-resized\"><img loading=\"lazy\" src=\"https:\/\/www.medskvz.org\/web\/wp-content\/uploads\/2020\/10\/emblem-1-1024x322.png\" alt=\"\" class=\"wp-image-11022 colorbox-11044\" width=\"312\" height=\"98\" srcset=\"https:\/\/www.medskvz.org\/web\/wp-content\/uploads\/2020\/10\/emblem-1-1024x322.png 1024w, https:\/\/www.medskvz.org\/web\/wp-content\/uploads\/2020\/10\/emblem-1-300x94.png 300w, https:\/\/www.medskvz.org\/web\/wp-content\/uploads\/2020\/10\/emblem-1-768x242.png 768w, https:\/\/www.medskvz.org\/web\/wp-content\/uploads\/2020\/10\/emblem-1.png 1350w\" sizes=\"(max-width: 312px) 100vw, 312px\" \/><\/figure>\n<\/div>\n\n\n\n<div class=\"wp-container-96 wp-block-column\">\n<p><\/p>\n<p>&nbsp;&nbsp;&nbsp;&nbsp;&nbsp;&nbsp;&nbsp;&nbsp; Tamara Zadravec, mag. sestrinstva<\/p>\n<\/div>\n<\/div>\n\n\n<p><\/p>\n<p style=\"text-align: center;\"><em><span style=\"color: #999999;\">Sadr\u017eaj ove objave isklju\u010diva je odgovornost Medicinske \u0161kole Vara\u017edin.<\/span><\/em><\/p>\n<p><\/p>\n<p style=\"text-align: center;\"><\/p>\n\n\n<div style=\"height:193px\" aria-hidden=\"true\" class=\"wp-block-spacer\"><\/div>\n\n\n\n<hr class=\"wp-block-separator is-style-wide\"\/>\n\n\n\n<div class=\"wp-block-image\"><figure class=\"aligncenter size-large is-resized\"><img loading=\"lazy\" src=\"https:\/\/www.medskvz.org\/web\/wp-content\/uploads\/2020\/10\/Emblem-za-web-odrezan-1024x122.png\" alt=\"\" class=\"wp-image-11135 colorbox-11044\" width=\"671\" height=\"80\" srcset=\"https:\/\/www.medskvz.org\/web\/wp-content\/uploads\/2020\/10\/Emblem-za-web-odrezan-1024x122.png 1024w, https:\/\/www.medskvz.org\/web\/wp-content\/uploads\/2020\/10\/Emblem-za-web-odrezan-300x36.png 300w, https:\/\/www.medskvz.org\/web\/wp-content\/uploads\/2020\/10\/Emblem-za-web-odrezan-768x92.png 768w, https:\/\/www.medskvz.org\/web\/wp-content\/uploads\/2020\/10\/Emblem-za-web-odrezan-1536x183.png 1536w, https:\/\/www.medskvz.org\/web\/wp-content\/uploads\/2020\/10\/Emblem-za-web-odrezan-2048x244.png 2048w\" sizes=\"(max-width: 671px) 100vw, 671px\" \/><\/figure><\/div>\n\n\n\n<h5 style=\"text-align: center;\"><span style=\"color: #808080;\">Uspostava Regionalnog centra kompetentnosti inovativnih zdravstvenih tehnologija pri Medicinskoj \u0161koli Vara\u017edin<\/span><\/h5>\n\n\n\n<div class=\"wp-block-image\"><figure class=\"aligncenter size-full is-resized\"><a href=\"https:\/\/regionalni.com\/medicinska-skola-sve-je-blize-najmodernijem-sredistu-za-obrazovanje-buducih-zdravstvenih-djelatnika\/\" target=\"_blank\" rel=\"noopener\"><img loading=\"lazy\" src=\"https:\/\/www.medskvz.org\/web\/wp-content\/uploads\/2021\/12\/Medicinska_skola_konferencija-1.jpg\" alt=\"\" class=\"wp-image-12936 colorbox-11044\" width=\"771\" height=\"433\" srcset=\"https:\/\/www.medskvz.org\/web\/wp-content\/uploads\/2021\/12\/Medicinska_skola_konferencija-1.jpg 1000w, https:\/\/www.medskvz.org\/web\/wp-content\/uploads\/2021\/12\/Medicinska_skola_konferencija-1-300x168.jpg 300w, https:\/\/www.medskvz.org\/web\/wp-content\/uploads\/2021\/12\/Medicinska_skola_konferencija-1-768x431.jpg 768w\" sizes=\"(max-width: 771px) 100vw, 771px\" \/><\/a><figcaption>Reprodukcija slike sa regionalni.com<\/figcaption><\/figure><\/div>\n\n\n\n<h6><span style=\"color: #999999;\"><em>Autor: Marko Vrtar, 17. prosinac 2021.&nbsp; <br><\/em><\/span><\/h6>\n\n\n\n<h1><strong><strong><em><strong><em><strong><strong><strong><em><strong><strong><em><strong><em><strong><em><strong><em><strong><em><strong><em><strong><em><strong><strong><em><strong><em>ODR\u017dANA UVODNA KONFERENCIJA<\/em><\/strong><\/em><\/strong><\/strong><\/em><\/strong><\/em><\/strong><\/em><\/strong><\/em><\/strong><\/em><\/strong><\/em><\/strong><\/em><\/strong><\/strong><\/em><\/strong><\/strong><\/strong><\/em><\/strong><\/em><\/strong><\/strong><\/h1>\n\n\n\n<p><strong>MEDICINSKA \u0160KOLA VARA\u017dDIN \u2013 ZDRAVSTVO UKORAK S IZAZOVIMA BUDU\u0106NOSTI<\/strong><\/p>\n\n\n\n<blockquote class=\"wp-block-quote\"><p><em>Na sveop\u0107e zadovoljstvo u\u010denika i djelatnika Medicinske \u0161kole Vara\u017edin javnosti se uz velik broj uzvanika predstavio projekt pod nazivom \u201eUspostava Regionalnog centra kompetentnosti inovativnih zdravstvenih tehnologija pri Medicinskoj \u0161koli Vara\u017edin\u201c.Projekt je vrijedan 48.799.878,03 kn, a u potpunosti je financiran sredstvima Europskog socijalnog fonda (ESF) kroz operativni program U\u010dinkoviti ljudski potencijali 2014. \u2013 2020.<\/em><\/p><\/blockquote>\n\n\n\n<figure class=\"wp-container-99 wp-block-gallery-98 wp-block-gallery columns-3 is-cropped\"><ul class=\"blocks-gallery-grid\"><li class=\"blocks-gallery-item\"><figure><img loading=\"lazy\" width=\"1024\" height=\"683\" src=\"https:\/\/www.medskvz.org\/web\/wp-content\/uploads\/2021\/12\/1H1A9257-1024x683.jpg\" alt=\"\" data-id=\"12943\" data-full-url=\"https:\/\/www.medskvz.org\/web\/wp-content\/uploads\/2021\/12\/1H1A9257.jpg\" data-link=\"https:\/\/www.medskvz.org\/web\/clanci-o-projektu\/1h1a9257\/\" class=\"wp-image-12943 colorbox-11044\" srcset=\"https:\/\/www.medskvz.org\/web\/wp-content\/uploads\/2021\/12\/1H1A9257-1024x683.jpg 1024w, https:\/\/www.medskvz.org\/web\/wp-content\/uploads\/2021\/12\/1H1A9257-300x200.jpg 300w, https:\/\/www.medskvz.org\/web\/wp-content\/uploads\/2021\/12\/1H1A9257-768x512.jpg 768w, https:\/\/www.medskvz.org\/web\/wp-content\/uploads\/2021\/12\/1H1A9257-1536x1024.jpg 1536w, https:\/\/www.medskvz.org\/web\/wp-content\/uploads\/2021\/12\/1H1A9257-2048x1366.jpg 2048w\" sizes=\"(max-width: 1024px) 100vw, 1024px\" \/><\/figure><\/li><li class=\"blocks-gallery-item\"><figure><img loading=\"lazy\" width=\"1024\" height=\"683\" src=\"https:\/\/www.medskvz.org\/web\/wp-content\/uploads\/2021\/12\/1H1A9314-1024x683.jpg\" alt=\"\" data-id=\"12946\" data-full-url=\"https:\/\/www.medskvz.org\/web\/wp-content\/uploads\/2021\/12\/1H1A9314.jpg\" data-link=\"https:\/\/www.medskvz.org\/web\/clanci-o-projektu\/1h1a9314\/\" class=\"wp-image-12946 colorbox-11044\" srcset=\"https:\/\/www.medskvz.org\/web\/wp-content\/uploads\/2021\/12\/1H1A9314-1024x683.jpg 1024w, https:\/\/www.medskvz.org\/web\/wp-content\/uploads\/2021\/12\/1H1A9314-300x200.jpg 300w, https:\/\/www.medskvz.org\/web\/wp-content\/uploads\/2021\/12\/1H1A9314-768x512.jpg 768w, https:\/\/www.medskvz.org\/web\/wp-content\/uploads\/2021\/12\/1H1A9314-1536x1024.jpg 1536w, https:\/\/www.medskvz.org\/web\/wp-content\/uploads\/2021\/12\/1H1A9314-2048x1366.jpg 2048w\" sizes=\"(max-width: 1024px) 100vw, 1024px\" \/><\/figure><\/li><li class=\"blocks-gallery-item\"><figure><img loading=\"lazy\" width=\"1024\" height=\"683\" src=\"https:\/\/www.medskvz.org\/web\/wp-content\/uploads\/2021\/12\/1H1A9316-1024x683.jpg\" alt=\"\" data-id=\"12947\" data-full-url=\"https:\/\/www.medskvz.org\/web\/wp-content\/uploads\/2021\/12\/1H1A9316.jpg\" data-link=\"https:\/\/www.medskvz.org\/web\/clanci-o-projektu\/1h1a9316\/\" class=\"wp-image-12947 colorbox-11044\" srcset=\"https:\/\/www.medskvz.org\/web\/wp-content\/uploads\/2021\/12\/1H1A9316-1024x683.jpg 1024w, https:\/\/www.medskvz.org\/web\/wp-content\/uploads\/2021\/12\/1H1A9316-300x200.jpg 300w, https:\/\/www.medskvz.org\/web\/wp-content\/uploads\/2021\/12\/1H1A9316-768x512.jpg 768w, https:\/\/www.medskvz.org\/web\/wp-content\/uploads\/2021\/12\/1H1A9316-1536x1024.jpg 1536w, https:\/\/www.medskvz.org\/web\/wp-content\/uploads\/2021\/12\/1H1A9316-2048x1366.jpg 2048w\" sizes=\"(max-width: 1024px) 100vw, 1024px\" \/><\/figure><\/li><li class=\"blocks-gallery-item\"><figure><img loading=\"lazy\" width=\"1024\" height=\"683\" src=\"https:\/\/www.medskvz.org\/web\/wp-content\/uploads\/2021\/12\/1H1A9330-1024x683.jpg\" alt=\"\" data-id=\"12948\" data-full-url=\"https:\/\/www.medskvz.org\/web\/wp-content\/uploads\/2021\/12\/1H1A9330.jpg\" data-link=\"https:\/\/www.medskvz.org\/web\/clanci-o-projektu\/1h1a9330\/\" class=\"wp-image-12948 colorbox-11044\" srcset=\"https:\/\/www.medskvz.org\/web\/wp-content\/uploads\/2021\/12\/1H1A9330-1024x683.jpg 1024w, https:\/\/www.medskvz.org\/web\/wp-content\/uploads\/2021\/12\/1H1A9330-300x200.jpg 300w, https:\/\/www.medskvz.org\/web\/wp-content\/uploads\/2021\/12\/1H1A9330-768x512.jpg 768w, https:\/\/www.medskvz.org\/web\/wp-content\/uploads\/2021\/12\/1H1A9330-1536x1024.jpg 1536w, https:\/\/www.medskvz.org\/web\/wp-content\/uploads\/2021\/12\/1H1A9330-2048x1366.jpg 2048w\" sizes=\"(max-width: 1024px) 100vw, 1024px\" \/><\/figure><\/li><li class=\"blocks-gallery-item\"><figure><img loading=\"lazy\" width=\"1024\" height=\"683\" src=\"https:\/\/www.medskvz.org\/web\/wp-content\/uploads\/2021\/12\/1H1A9338-1024x683.jpg\" alt=\"\" data-id=\"12949\" data-full-url=\"https:\/\/www.medskvz.org\/web\/wp-content\/uploads\/2021\/12\/1H1A9338.jpg\" data-link=\"https:\/\/www.medskvz.org\/web\/clanci-o-projektu\/1h1a9338\/\" class=\"wp-image-12949 colorbox-11044\" srcset=\"https:\/\/www.medskvz.org\/web\/wp-content\/uploads\/2021\/12\/1H1A9338-1024x683.jpg 1024w, https:\/\/www.medskvz.org\/web\/wp-content\/uploads\/2021\/12\/1H1A9338-300x200.jpg 300w, https:\/\/www.medskvz.org\/web\/wp-content\/uploads\/2021\/12\/1H1A9338-768x512.jpg 768w, https:\/\/www.medskvz.org\/web\/wp-content\/uploads\/2021\/12\/1H1A9338-1536x1024.jpg 1536w, https:\/\/www.medskvz.org\/web\/wp-content\/uploads\/2021\/12\/1H1A9338-2048x1366.jpg 2048w\" sizes=\"(max-width: 1024px) 100vw, 1024px\" \/><\/figure><\/li><li class=\"blocks-gallery-item\"><figure><img loading=\"lazy\" width=\"1024\" height=\"683\" src=\"https:\/\/www.medskvz.org\/web\/wp-content\/uploads\/2021\/12\/1H1A9349-1024x683.jpg\" alt=\"\" data-id=\"12950\" data-full-url=\"https:\/\/www.medskvz.org\/web\/wp-content\/uploads\/2021\/12\/1H1A9349.jpg\" data-link=\"https:\/\/www.medskvz.org\/web\/clanci-o-projektu\/1h1a9349\/\" class=\"wp-image-12950 colorbox-11044\" srcset=\"https:\/\/www.medskvz.org\/web\/wp-content\/uploads\/2021\/12\/1H1A9349-1024x683.jpg 1024w, https:\/\/www.medskvz.org\/web\/wp-content\/uploads\/2021\/12\/1H1A9349-300x200.jpg 300w, https:\/\/www.medskvz.org\/web\/wp-content\/uploads\/2021\/12\/1H1A9349-768x512.jpg 768w, https:\/\/www.medskvz.org\/web\/wp-content\/uploads\/2021\/12\/1H1A9349-1536x1024.jpg 1536w, https:\/\/www.medskvz.org\/web\/wp-content\/uploads\/2021\/12\/1H1A9349-2048x1366.jpg 2048w\" sizes=\"(max-width: 1024px) 100vw, 1024px\" \/><\/figure><\/li><li class=\"blocks-gallery-item\"><figure><img loading=\"lazy\" width=\"1024\" height=\"683\" src=\"https:\/\/www.medskvz.org\/web\/wp-content\/uploads\/2021\/12\/1H1A9363-1024x683.jpg\" alt=\"\" data-id=\"12951\" data-full-url=\"https:\/\/www.medskvz.org\/web\/wp-content\/uploads\/2021\/12\/1H1A9363.jpg\" data-link=\"https:\/\/www.medskvz.org\/web\/clanci-o-projektu\/1h1a9363\/\" class=\"wp-image-12951 colorbox-11044\" srcset=\"https:\/\/www.medskvz.org\/web\/wp-content\/uploads\/2021\/12\/1H1A9363-1024x683.jpg 1024w, https:\/\/www.medskvz.org\/web\/wp-content\/uploads\/2021\/12\/1H1A9363-300x200.jpg 300w, https:\/\/www.medskvz.org\/web\/wp-content\/uploads\/2021\/12\/1H1A9363-768x512.jpg 768w, https:\/\/www.medskvz.org\/web\/wp-content\/uploads\/2021\/12\/1H1A9363-1536x1024.jpg 1536w, https:\/\/www.medskvz.org\/web\/wp-content\/uploads\/2021\/12\/1H1A9363-2048x1366.jpg 2048w\" sizes=\"(max-width: 1024px) 100vw, 1024px\" \/><\/figure><\/li><li class=\"blocks-gallery-item\"><figure><img loading=\"lazy\" width=\"1024\" height=\"683\" src=\"https:\/\/www.medskvz.org\/web\/wp-content\/uploads\/2021\/12\/1H1A9364-1024x683.jpg\" alt=\"\" data-id=\"12952\" data-full-url=\"https:\/\/www.medskvz.org\/web\/wp-content\/uploads\/2021\/12\/1H1A9364.jpg\" data-link=\"https:\/\/www.medskvz.org\/web\/clanci-o-projektu\/1h1a9364\/\" class=\"wp-image-12952 colorbox-11044\" srcset=\"https:\/\/www.medskvz.org\/web\/wp-content\/uploads\/2021\/12\/1H1A9364-1024x683.jpg 1024w, https:\/\/www.medskvz.org\/web\/wp-content\/uploads\/2021\/12\/1H1A9364-300x200.jpg 300w, https:\/\/www.medskvz.org\/web\/wp-content\/uploads\/2021\/12\/1H1A9364-768x512.jpg 768w, https:\/\/www.medskvz.org\/web\/wp-content\/uploads\/2021\/12\/1H1A9364-1536x1024.jpg 1536w, https:\/\/www.medskvz.org\/web\/wp-content\/uploads\/2021\/12\/1H1A9364-2048x1366.jpg 2048w\" sizes=\"(max-width: 1024px) 100vw, 1024px\" \/><\/figure><\/li><li class=\"blocks-gallery-item\"><figure><img loading=\"lazy\" width=\"1024\" height=\"683\" src=\"https:\/\/www.medskvz.org\/web\/wp-content\/uploads\/2021\/12\/1H1A9387-1024x683.jpg\" alt=\"\" data-id=\"12953\" data-full-url=\"https:\/\/www.medskvz.org\/web\/wp-content\/uploads\/2021\/12\/1H1A9387.jpg\" data-link=\"https:\/\/www.medskvz.org\/web\/clanci-o-projektu\/1h1a9387\/\" class=\"wp-image-12953 colorbox-11044\" srcset=\"https:\/\/www.medskvz.org\/web\/wp-content\/uploads\/2021\/12\/1H1A9387-1024x683.jpg 1024w, https:\/\/www.medskvz.org\/web\/wp-content\/uploads\/2021\/12\/1H1A9387-300x200.jpg 300w, https:\/\/www.medskvz.org\/web\/wp-content\/uploads\/2021\/12\/1H1A9387-768x512.jpg 768w, https:\/\/www.medskvz.org\/web\/wp-content\/uploads\/2021\/12\/1H1A9387-1536x1024.jpg 1536w, https:\/\/www.medskvz.org\/web\/wp-content\/uploads\/2021\/12\/1H1A9387-2048x1366.jpg 2048w\" sizes=\"(max-width: 1024px) 100vw, 1024px\" \/><\/figure><\/li><\/ul><\/figure>\n\n\n\n<p>U dvorani Hotela Park, ali i u virtualnom okru\u017eenju preko videokonferencijske veze, bilo je 14. prosinca 2021. mnogo sudionika \u010dija je uloga u projektu iznimno va\u017ena i koji su govorili iz svoje perspektive o Projektu. Osim ravnateljice Mirjane Grabar Kruljac, predstavnika Vije\u0107a u\u010denika Luke Laba\u0161a, predstavnice Vije\u0107a roditelja Tatjane Novosel Herceg i predsjednice \u0160kolskog odbora Sun\u010dice Podore\u0161ki, koja se uime svih djelatnika obratila prisutnima, o va\u017enosti Projekta govorila je i zamjenica \u017eupana Silvija Zagorec isti\u010du\u0107i da \u017dupanija vara\u017edinska posebnu va\u017enost pridaje strukovnom obrazovanju i strukovnim centrima izvrsnosti. Budu\u0107i da je \u0161kola usko povezana i s dvama ministarstvima i Agencijom za strukovno obrazovanje, sudionicima se prigodno obratila dr. Vera Katalini\u0107-Jankovi\u0107, posebna savjetnica ministra zdravstva, a videovezom i dr\u017eavni tajnik Ministarstva znanosti i obrazovanja Tomislav Paljak.<\/p>\n<p>Projektne aktivnosti ne bi se mogle uspje\u0161no realizirati da \u0161kola nema svoje partnere i vanjske suradnike. Stoga su o uspje\u0161noj suradnji i viziji govorili i prorektor Sveu\u010dili\u0161ta Sjever Damir Vusi\u0107 i ravnateljica Vilmica Kapac uime partnerskih \u0161kola Srednje \u0161kole Pregrada i Gimnazije Josip Slavenski \u010cakovec.<\/p>\n<p>Mnogi su govornici isticali \u010dinjenicu da \u0107e se unutar prvog dijela projekta rekonstrukcije i dogradnje u\u010dionice i \u0161kolski laboratoriji opremiti najsuvremenijom tehnologijom za izvo\u0111enje prakti\u010dne i teorijske nastave, \u0161to je preduvjet da se velik broj projektnih aktivnosti u koje su uklju\u010deni gotovo svi djelatnici Medicinske \u0161kole nastavi provoditi i dalje. U tom \u0107e se prostoru uz primjenu suvremenih metoda pou\u010davanja obrazovati generacije mladih ljudi u zdravstvu, a \u0161kola \u0107e se, zahvaljuju\u0107i stru\u010dnom kadru i razvoju novih standarda zanimanja, otvoriti za specifi\u010dne zdravstvene usluge i javnosti. Istaknuto je da se ovaj veliki iskorak u Medicinskoj \u0161koli mogao dogoditi zahvaljuju\u0107i tradiciji kvalitete u obrazovanju u\u010denika svih zdravstvenih zanimanja. Ta tradicija obuhva\u0107a razvoj znanja i vje\u0161tina u\u010denika kao budu\u0107ih zdravstvenih djelatnika, ali i odgoj u duhu humanizma i altruizma.<\/p>\n<p>U zajedni\u0161tvu u\u010denika, djelatnika i suradnika Medicinska \u0107e se \u0161kola i nakon zavr\u0161etka Projekta krajem 2023. godine i dalje truditi opravdati \u010dinjenicu da je progla\u0161ena najboljom \u0161kolom u podru\u010dju zdravstava u Republici Hrvatskoj i da stoji uz bok najboljim europskim strukovnim zdravstvenim \u0161kolama.<\/p>\n\n\n\n<figure class=\"wp-container-101 wp-block-gallery-100 wp-block-gallery columns-3 is-cropped\"><ul class=\"blocks-gallery-grid\"><li class=\"blocks-gallery-item\"><figure><img loading=\"lazy\" width=\"1024\" height=\"683\" src=\"https:\/\/www.medskvz.org\/web\/wp-content\/uploads\/2021\/12\/1H1A9201-1024x683.jpg\" alt=\"\" data-id=\"12956\" data-full-url=\"https:\/\/www.medskvz.org\/web\/wp-content\/uploads\/2021\/12\/1H1A9201.jpg\" data-link=\"https:\/\/www.medskvz.org\/web\/clanci-o-projektu\/1h1a9201\/\" class=\"wp-image-12956 colorbox-11044\" srcset=\"https:\/\/www.medskvz.org\/web\/wp-content\/uploads\/2021\/12\/1H1A9201-1024x683.jpg 1024w, https:\/\/www.medskvz.org\/web\/wp-content\/uploads\/2021\/12\/1H1A9201-300x200.jpg 300w, https:\/\/www.medskvz.org\/web\/wp-content\/uploads\/2021\/12\/1H1A9201-768x512.jpg 768w, https:\/\/www.medskvz.org\/web\/wp-content\/uploads\/2021\/12\/1H1A9201-1536x1024.jpg 1536w, https:\/\/www.medskvz.org\/web\/wp-content\/uploads\/2021\/12\/1H1A9201-2048x1366.jpg 2048w\" sizes=\"(max-width: 1024px) 100vw, 1024px\" \/><\/figure><\/li><li class=\"blocks-gallery-item\"><figure><img loading=\"lazy\" width=\"1024\" height=\"683\" src=\"https:\/\/www.medskvz.org\/web\/wp-content\/uploads\/2021\/12\/1H1A9267-1024x683.jpg\" alt=\"\" data-id=\"12957\" data-full-url=\"https:\/\/www.medskvz.org\/web\/wp-content\/uploads\/2021\/12\/1H1A9267.jpg\" data-link=\"https:\/\/www.medskvz.org\/web\/clanci-o-projektu\/1h1a9267\/\" class=\"wp-image-12957 colorbox-11044\" srcset=\"https:\/\/www.medskvz.org\/web\/wp-content\/uploads\/2021\/12\/1H1A9267-1024x683.jpg 1024w, https:\/\/www.medskvz.org\/web\/wp-content\/uploads\/2021\/12\/1H1A9267-300x200.jpg 300w, https:\/\/www.medskvz.org\/web\/wp-content\/uploads\/2021\/12\/1H1A9267-768x512.jpg 768w, https:\/\/www.medskvz.org\/web\/wp-content\/uploads\/2021\/12\/1H1A9267-1536x1024.jpg 1536w, https:\/\/www.medskvz.org\/web\/wp-content\/uploads\/2021\/12\/1H1A9267-2048x1366.jpg 2048w\" sizes=\"(max-width: 1024px) 100vw, 1024px\" \/><\/figure><\/li><li class=\"blocks-gallery-item\"><figure><img loading=\"lazy\" width=\"1024\" height=\"683\" src=\"https:\/\/www.medskvz.org\/web\/wp-content\/uploads\/2021\/12\/1H1A9401-1024x683.jpg\" alt=\"\" data-id=\"12959\" data-full-url=\"https:\/\/www.medskvz.org\/web\/wp-content\/uploads\/2021\/12\/1H1A9401.jpg\" data-link=\"https:\/\/www.medskvz.org\/web\/clanci-o-projektu\/1h1a9401\/\" class=\"wp-image-12959 colorbox-11044\" srcset=\"https:\/\/www.medskvz.org\/web\/wp-content\/uploads\/2021\/12\/1H1A9401-1024x683.jpg 1024w, https:\/\/www.medskvz.org\/web\/wp-content\/uploads\/2021\/12\/1H1A9401-300x200.jpg 300w, https:\/\/www.medskvz.org\/web\/wp-content\/uploads\/2021\/12\/1H1A9401-768x512.jpg 768w, https:\/\/www.medskvz.org\/web\/wp-content\/uploads\/2021\/12\/1H1A9401-1536x1024.jpg 1536w, https:\/\/www.medskvz.org\/web\/wp-content\/uploads\/2021\/12\/1H1A9401-2048x1366.jpg 2048w\" sizes=\"(max-width: 1024px) 100vw, 1024px\" \/><\/figure><\/li><li class=\"blocks-gallery-item\"><figure><img loading=\"lazy\" width=\"1024\" height=\"683\" src=\"https:\/\/www.medskvz.org\/web\/wp-content\/uploads\/2021\/12\/1H1A9425-1024x683.jpg\" alt=\"\" data-id=\"12960\" data-full-url=\"https:\/\/www.medskvz.org\/web\/wp-content\/uploads\/2021\/12\/1H1A9425.jpg\" data-link=\"https:\/\/www.medskvz.org\/web\/clanci-o-projektu\/1h1a9425\/\" class=\"wp-image-12960 colorbox-11044\" srcset=\"https:\/\/www.medskvz.org\/web\/wp-content\/uploads\/2021\/12\/1H1A9425-1024x683.jpg 1024w, https:\/\/www.medskvz.org\/web\/wp-content\/uploads\/2021\/12\/1H1A9425-300x200.jpg 300w, https:\/\/www.medskvz.org\/web\/wp-content\/uploads\/2021\/12\/1H1A9425-768x512.jpg 768w, https:\/\/www.medskvz.org\/web\/wp-content\/uploads\/2021\/12\/1H1A9425-1536x1024.jpg 1536w, https:\/\/www.medskvz.org\/web\/wp-content\/uploads\/2021\/12\/1H1A9425-2048x1366.jpg 2048w\" sizes=\"(max-width: 1024px) 100vw, 1024px\" \/><\/figure><\/li><li class=\"blocks-gallery-item\"><figure><img loading=\"lazy\" width=\"1024\" height=\"683\" src=\"https:\/\/www.medskvz.org\/web\/wp-content\/uploads\/2021\/12\/1H1A9433-1024x683.jpg\" alt=\"\" data-id=\"12961\" data-full-url=\"https:\/\/www.medskvz.org\/web\/wp-content\/uploads\/2021\/12\/1H1A9433.jpg\" data-link=\"https:\/\/www.medskvz.org\/web\/clanci-o-projektu\/1h1a9433\/\" class=\"wp-image-12961 colorbox-11044\" srcset=\"https:\/\/www.medskvz.org\/web\/wp-content\/uploads\/2021\/12\/1H1A9433-1024x683.jpg 1024w, https:\/\/www.medskvz.org\/web\/wp-content\/uploads\/2021\/12\/1H1A9433-300x200.jpg 300w, https:\/\/www.medskvz.org\/web\/wp-content\/uploads\/2021\/12\/1H1A9433-768x512.jpg 768w, https:\/\/www.medskvz.org\/web\/wp-content\/uploads\/2021\/12\/1H1A9433-1536x1024.jpg 1536w, https:\/\/www.medskvz.org\/web\/wp-content\/uploads\/2021\/12\/1H1A9433-2048x1366.jpg 2048w\" sizes=\"(max-width: 1024px) 100vw, 1024px\" \/><\/figure><\/li><\/ul><\/figure>\n\n\n\n<div class=\"wp-container-104 wp-block-columns\">\n<div class=\"wp-container-102 wp-block-column\">\n<figure class=\"wp-block-image size-large is-resized\"><img loading=\"lazy\" src=\"https:\/\/www.medskvz.org\/web\/wp-content\/uploads\/2020\/10\/emblem-1-1024x322.png\" alt=\"\" class=\"wp-image-11022 colorbox-11044\" width=\"312\" height=\"98\" srcset=\"https:\/\/www.medskvz.org\/web\/wp-content\/uploads\/2020\/10\/emblem-1-1024x322.png 1024w, https:\/\/www.medskvz.org\/web\/wp-content\/uploads\/2020\/10\/emblem-1-300x94.png 300w, https:\/\/www.medskvz.org\/web\/wp-content\/uploads\/2020\/10\/emblem-1-768x242.png 768w, https:\/\/www.medskvz.org\/web\/wp-content\/uploads\/2020\/10\/emblem-1.png 1350w\" sizes=\"(max-width: 312px) 100vw, 312px\" \/><\/figure>\n<\/div>\n\n\n\n<div class=\"wp-container-103 wp-block-column\">\n<p><\/p>\n<p>&nbsp;&nbsp;&nbsp;&nbsp;&nbsp;&nbsp;&nbsp;&nbsp; Sun\u010dica Podore\u0161ki, prof.<\/p>\n<\/div>\n<\/div>\n\n\n<p><\/p>\n<p style=\"text-align: center;\"><em><span style=\"color: #999999;\">Sadr\u017eaj ove objave isklju\u010diva je odgovornost Medicinske \u0161kole Vara\u017edin.<\/span><\/em><\/p>\n<p><\/p>\n<p style=\"text-align: center;\"><\/p>\n\n\n<div style=\"height:193px\" aria-hidden=\"true\" class=\"wp-block-spacer\"><\/div>\n\n\n\n<div class=\"wp-container-108 wp-block-columns\">\n<div class=\"wp-container-105 wp-block-column\">\n<figure class=\"wp-block-image size-full\"><a href=\"https:\/\/regionalni.com\/medicinska-skola-sve-je-blize-najmodernijem-sredistu-za-obrazovanje-buducih-zdravstvenih-djelatnika\/\" target=\"_blank\" rel=\"noopener\"><img loading=\"lazy\" width=\"348\" height=\"91\" src=\"https:\/\/www.medskvz.org\/web\/wp-content\/uploads\/2021\/12\/regionalni.jpg\" alt=\"\" class=\"wp-image-12970 colorbox-11044\" srcset=\"https:\/\/www.medskvz.org\/web\/wp-content\/uploads\/2021\/12\/regionalni.jpg 348w, https:\/\/www.medskvz.org\/web\/wp-content\/uploads\/2021\/12\/regionalni-300x78.jpg 300w\" sizes=\"(max-width: 348px) 100vw, 348px\" \/><\/a><\/figure>\n<\/div>\n\n\n\n<div class=\"wp-container-106 wp-block-column\">\n<figure class=\"wp-block-image size-full\"><a href=\"https:\/\/www.varazdinske-vijesti.hr\/drustvo\/medicinska-skola-postat-ce-najmodernije-srediste-za-obrazovanje-buducih-zdravstvenih-djelatnika-54380\" target=\"_blank\" rel=\"noopener\"><img loading=\"lazy\" width=\"321\" height=\"96\" src=\"https:\/\/www.medskvz.org\/web\/wp-content\/uploads\/2021\/12\/Varazdinec.png\" alt=\"\" class=\"wp-image-12971 colorbox-11044\" srcset=\"https:\/\/www.medskvz.org\/web\/wp-content\/uploads\/2021\/12\/Varazdinec.png 321w, https:\/\/www.medskvz.org\/web\/wp-content\/uploads\/2021\/12\/Varazdinec-300x90.png 300w\" sizes=\"(max-width: 321px) 100vw, 321px\" \/><\/a><\/figure>\n<\/div>\n\n\n\n<div class=\"wp-container-107 wp-block-column\">\n<figure class=\"wp-block-image size-full is-resized\"><a href=\"https:\/\/www.tportal.hr\/vijesti\/clanak\/foto-projekt-od-49-milijuna-kuna-medicinska-skola-varazdin-postaje-najsuvremenije-obrazovno-srediste-za-buduce-zdravstvene-djelatnike-foto-20211215\" target=\"_blank\" rel=\"noopener\"><img loading=\"lazy\" src=\"https:\/\/www.medskvz.org\/web\/wp-content\/uploads\/2021\/12\/tportal.jpg\" alt=\"\" class=\"wp-image-12975 colorbox-11044\" width=\"215\" height=\"74\"\/><\/a><\/figure>\n<\/div>\n<\/div>\n\n\n\n<div class=\"wp-block-image\"><figure class=\"aligncenter size-full\"><a href=\"https:\/\/evarazdin.hr\/etv\/etv-projekt-dogradnje-medicinske-skole-i-uspostava-centra-kompentencija-vrijedan-je-90-milijuna-394865\/\" target=\"_blank\" rel=\"noopener\"><img loading=\"lazy\" width=\"182\" height=\"118\" src=\"https:\/\/www.medskvz.org\/web\/wp-content\/uploads\/2021\/12\/e-varazdin.jpg\" alt=\"\" class=\"wp-image-12977 colorbox-11044\"\/><\/a><\/figure><\/div>\n\n\n\n<div style=\"height:304px\" aria-hidden=\"true\" class=\"wp-block-spacer\"><\/div>\n\n\n\n<hr class=\"wp-block-separator aligncenter is-style-wide\"\/>\n\n\n\n<div class=\"wp-block-image\"><figure class=\"aligncenter size-large is-resized\"><img loading=\"lazy\" src=\"https:\/\/www.medskvz.org\/web\/wp-content\/uploads\/2020\/10\/Emblem-za-web-odrezan-1024x122.png\" alt=\"\" class=\"wp-image-11135 colorbox-11044\" width=\"671\" height=\"80\" srcset=\"https:\/\/www.medskvz.org\/web\/wp-content\/uploads\/2020\/10\/Emblem-za-web-odrezan-1024x122.png 1024w, https:\/\/www.medskvz.org\/web\/wp-content\/uploads\/2020\/10\/Emblem-za-web-odrezan-300x36.png 300w, https:\/\/www.medskvz.org\/web\/wp-content\/uploads\/2020\/10\/Emblem-za-web-odrezan-768x92.png 768w, https:\/\/www.medskvz.org\/web\/wp-content\/uploads\/2020\/10\/Emblem-za-web-odrezan-1536x183.png 1536w, https:\/\/www.medskvz.org\/web\/wp-content\/uploads\/2020\/10\/Emblem-za-web-odrezan-2048x244.png 2048w\" sizes=\"(max-width: 671px) 100vw, 671px\" \/><\/figure><\/div>\n\n\n\n<h5 style=\"text-align: center;\"><span style=\"color: #808080;\">Uspostava Regionalnog centra kompetentnosti inovativnih zdravstvenih tehnologija pri Medicinskoj \u0161koli Vara\u017edin<\/span><\/h5>\n\n\n\n<div class=\"wp-block-image\"><figure class=\"aligncenter size-large is-resized\"><img loading=\"lazy\" src=\"https:\/\/www.medskvz.org\/web\/wp-content\/uploads\/2021\/12\/Velika-slika-113407-768x1024.jpg\" alt=\"\" class=\"wp-image-12912 colorbox-11044\" width=\"755\" height=\"1007\" srcset=\"https:\/\/www.medskvz.org\/web\/wp-content\/uploads\/2021\/12\/Velika-slika-113407-768x1024.jpg 768w, https:\/\/www.medskvz.org\/web\/wp-content\/uploads\/2021\/12\/Velika-slika-113407-225x300.jpg 225w, https:\/\/www.medskvz.org\/web\/wp-content\/uploads\/2021\/12\/Velika-slika-113407-1152x1536.jpg 1152w, https:\/\/www.medskvz.org\/web\/wp-content\/uploads\/2021\/12\/Velika-slika-113407.jpg 1200w\" sizes=\"(max-width: 755px) 100vw, 755px\" \/><\/figure><\/div>\n\n\n\n<h6><span style=\"color: #999999;\"><em>Autor: Marko Vrtar, 9. prosinac 2021.&nbsp; <br><\/em><\/span><\/h6>\n\n\n\n<h2><strong><strong><em><strong><em><strong><strong><strong><em><strong><strong><em><strong><em><strong><em><strong><em><strong><em><strong><em><strong><em><strong><strong><em><strong><em>USPJE\u0160NO POLO\u017dEN ZAVR\u0160NI ISPIT I ZAVR\u0160ENO STRU\u010cNO USAVR\u0160AVANJE: Te\u010daj stru\u010dnog medicinskog engleskog jezika<\/em><\/strong><\/em><\/strong><\/strong><\/em><\/strong><\/em><\/strong><\/em><\/strong><\/em><\/strong><\/em><\/strong><\/em><\/strong><\/em><\/strong><\/strong><\/em><\/strong><\/strong><\/strong><\/em><\/strong><\/em><\/strong><\/strong><\/h2>\n\n\n\n<blockquote class=\"wp-block-quote\"><p><em>Nastavnice Medicinske \u0161kole Vara\u017edin Iva Delonga Habek, Tamara Zadravec, Patricija Jakopovi\u0107, Martina \u0110un\u0111ek i Marijana Dugi uspje\u0161no su zavr\u0161ile Te\u010daj stru\u010dnog medicinskog engleskog jezika u trajanju od 70 sati. Te\u010daj se zbog epidemiolo\u0161kih uvjeta uglavnom odr\u017eavao na virtualnoj platformi. Zavr\u0161ni ispit odr\u017eao se u \u0160koli stranih&nbsp;jezika \u017diger u Vara\u017edinu 25. i 30. studenog 2021. godine.&nbsp;<\/em><\/p><\/blockquote>\n\n\n\n<div class=\"wp-block-image\"><figure class=\"aligncenter size-large is-resized\"><img loading=\"lazy\" src=\"https:\/\/www.medskvz.org\/web\/wp-content\/uploads\/2021\/12\/Manja-slika13406-1024x576.jpg\" alt=\"\" class=\"wp-image-12913 colorbox-11044\" width=\"790\" height=\"444\" srcset=\"https:\/\/www.medskvz.org\/web\/wp-content\/uploads\/2021\/12\/Manja-slika13406-1024x576.jpg 1024w, https:\/\/www.medskvz.org\/web\/wp-content\/uploads\/2021\/12\/Manja-slika13406-300x169.jpg 300w, https:\/\/www.medskvz.org\/web\/wp-content\/uploads\/2021\/12\/Manja-slika13406-768x432.jpg 768w, https:\/\/www.medskvz.org\/web\/wp-content\/uploads\/2021\/12\/Manja-slika13406-1536x864.jpg 1536w, https:\/\/www.medskvz.org\/web\/wp-content\/uploads\/2021\/12\/Manja-slika13406.jpg 1920w\" sizes=\"(max-width: 790px) 100vw, 790px\" \/><\/figure><\/div>\n\n\n\n<p>Te\u010daj je polaznicama unaprijedio kori\u0161tenje stru\u010dnog medicinskog engleskog jezika u govoru, slu\u0161anju, pismu i \u010ditanju, a pru\u017eio im je i dodatno usavr\u0161avanje u podru\u010dju primjene stru\u010dnog medicinskog engleskog jezika u svrhu izrade standarda zanimanja\/kvalifikacije.<\/p>\n<p>Usavr\u0161avanje nastavnika u podru\u010dju poznavanja&nbsp;i kori\u0161tenja stranog jezika predstavlja trajnu vrijednost te alat koji \u0107e u budu\u0107nosti omogu\u0107iti podizanje pou\u010davanja na vi\u0161u razinu.&nbsp;<\/p>\n<p>Po uspje\u0161nom zavr\u0161etku te\u010daja nastavnice su stekle potvrdu o zavr\u0161enom te\u010daju te&nbsp;me\u0111unarodnu&nbsp;EAQUALS svjedod\u017ebu.&nbsp;<\/p>\n\n\n\n<figure class=\"wp-block-image size-large is-resized\"><img loading=\"lazy\" src=\"https:\/\/www.medskvz.org\/web\/wp-content\/uploads\/2021\/12\/Velika-slika-213408-768x1024.jpg\" alt=\"\" class=\"wp-image-12914 colorbox-11044\" width=\"741\" height=\"988\" srcset=\"https:\/\/www.medskvz.org\/web\/wp-content\/uploads\/2021\/12\/Velika-slika-213408-768x1024.jpg 768w, https:\/\/www.medskvz.org\/web\/wp-content\/uploads\/2021\/12\/Velika-slika-213408-225x300.jpg 225w, https:\/\/www.medskvz.org\/web\/wp-content\/uploads\/2021\/12\/Velika-slika-213408-1152x1536.jpg 1152w, https:\/\/www.medskvz.org\/web\/wp-content\/uploads\/2021\/12\/Velika-slika-213408-1536x2048.jpg 1536w, https:\/\/www.medskvz.org\/web\/wp-content\/uploads\/2021\/12\/Velika-slika-213408-scaled.jpg 1920w\" sizes=\"(max-width: 741px) 100vw, 741px\" \/><\/figure>\n\n\n\n<div class=\"wp-container-111 wp-block-columns\">\n<div class=\"wp-container-109 wp-block-column\">\n<figure class=\"wp-block-image size-large is-resized\"><img loading=\"lazy\" src=\"https:\/\/www.medskvz.org\/web\/wp-content\/uploads\/2020\/10\/emblem-1-1024x322.png\" alt=\"\" class=\"wp-image-11022 colorbox-11044\" width=\"312\" height=\"98\" srcset=\"https:\/\/www.medskvz.org\/web\/wp-content\/uploads\/2020\/10\/emblem-1-1024x322.png 1024w, https:\/\/www.medskvz.org\/web\/wp-content\/uploads\/2020\/10\/emblem-1-300x94.png 300w, https:\/\/www.medskvz.org\/web\/wp-content\/uploads\/2020\/10\/emblem-1-768x242.png 768w, https:\/\/www.medskvz.org\/web\/wp-content\/uploads\/2020\/10\/emblem-1.png 1350w\" sizes=\"(max-width: 312px) 100vw, 312px\" \/><\/figure>\n<\/div>\n\n\n\n<div class=\"wp-container-110 wp-block-column\">\n<p><\/p>\n<p><strong><em>Patricija Jakopovi\u0107, mag. sestrinstva<\/em><\/strong><\/p>\n<h6><strong><em>Koordinator unaprje\u0111enja i provedbe programa obrazovanja<\/em><\/strong><\/h6>\n<\/div>\n<\/div>\n\n\n<p><\/p>\n<p style=\"text-align: center;\"><em><span style=\"color: #999999;\">Sadr\u017eaj ove objave isklju\u010diva je odgovornost Medicinske \u0161kole Vara\u017edin.<\/span><\/em><\/p>\n<p><\/p>\n<p style=\"text-align: center;\"><\/p>\n\n\n<div style=\"height:193px\" aria-hidden=\"true\" class=\"wp-block-spacer\"><\/div>\n\n\n\n<hr class=\"wp-block-separator aligncenter is-style-wide\"\/>\n\n\n\n<div class=\"wp-block-image\"><figure class=\"aligncenter size-large is-resized\"><img loading=\"lazy\" src=\"https:\/\/www.medskvz.org\/web\/wp-content\/uploads\/2020\/10\/Emblem-za-web-odrezan-1024x122.png\" alt=\"\" class=\"wp-image-11135 colorbox-11044\" width=\"671\" height=\"80\" srcset=\"https:\/\/www.medskvz.org\/web\/wp-content\/uploads\/2020\/10\/Emblem-za-web-odrezan-1024x122.png 1024w, https:\/\/www.medskvz.org\/web\/wp-content\/uploads\/2020\/10\/Emblem-za-web-odrezan-300x36.png 300w, https:\/\/www.medskvz.org\/web\/wp-content\/uploads\/2020\/10\/Emblem-za-web-odrezan-768x92.png 768w, https:\/\/www.medskvz.org\/web\/wp-content\/uploads\/2020\/10\/Emblem-za-web-odrezan-1536x183.png 1536w, https:\/\/www.medskvz.org\/web\/wp-content\/uploads\/2020\/10\/Emblem-za-web-odrezan-2048x244.png 2048w\" sizes=\"(max-width: 671px) 100vw, 671px\" \/><\/figure><\/div>\n\n\n\n<h5 style=\"text-align: center;\"><span style=\"color: #808080;\">Uspostava Regionalnog centra kompetentnosti inovativnih zdravstvenih tehnologija pri Medicinskoj \u0161koli Vara\u017edin<\/span><\/h5>\n\n\n\n<div class=\"wp-block-image is-style-rounded\"><figure class=\"aligncenter size-large is-resized\"><img loading=\"lazy\" src=\"https:\/\/www.medskvz.org\/web\/wp-content\/uploads\/2021\/12\/20211117_12394013357-1-1024x768.jpg\" alt=\"\" class=\"wp-image-12881 colorbox-11044\" width=\"734\" height=\"551\" srcset=\"https:\/\/www.medskvz.org\/web\/wp-content\/uploads\/2021\/12\/20211117_12394013357-1-1024x768.jpg 1024w, https:\/\/www.medskvz.org\/web\/wp-content\/uploads\/2021\/12\/20211117_12394013357-1-300x225.jpg 300w, https:\/\/www.medskvz.org\/web\/wp-content\/uploads\/2021\/12\/20211117_12394013357-1-768x576.jpg 768w, https:\/\/www.medskvz.org\/web\/wp-content\/uploads\/2021\/12\/20211117_12394013357-1-1536x1152.jpg 1536w, https:\/\/www.medskvz.org\/web\/wp-content\/uploads\/2021\/12\/20211117_12394013357-1-2048x1536.jpg 2048w\" sizes=\"(max-width: 734px) 100vw, 734px\" \/><\/figure><\/div>\n\n\n\n<h6><span style=\"color: #999999;\"><em>Autor: Marko Vrtar, 3. prosinac 2021.&nbsp; <br><\/em><\/span><\/h6>\n\n\n\n<h2><strong><strong><em><strong><em><strong><strong><strong><em><strong><strong><em><strong><em><strong><em><strong><em><strong><em><strong><em><strong><em><strong><strong><em>ZAVR\u0160ILO STRU\u010cNO USAVR\u0160AVANJE U PODRU\u010cJU ENTEROSTOMALNE TERAPIJE<\/em><\/strong><\/strong><\/em><\/strong><\/em><\/strong><\/em><\/strong><\/em><\/strong><\/em><\/strong><\/em><\/strong><\/em><\/strong><\/strong><\/em><\/strong><\/strong><\/strong><\/em><\/strong><\/em><\/strong><\/strong><\/h2>\n\n\n\n<p><\/p>\n\n\n\n<blockquote class=\"wp-block-quote\"><p><em>Nakon ukupno&nbsp;sedam&nbsp;odr\u017eanih turnusa stru\u010dnog usavr\u0161avanja, odra\u0111enih 180 sati predavanja, 180 sati klini\u010dkih vje\u017ebi, 25 sati seminara te nakon uspje\u0161no polo\u017eenog zavr\u0161nog ispita, s ponosom mo\u017eemo re\u0107i kako su sudionici stru\u010dnog usavr\u0161avanja u podru\u010dju enterostomalne terapije stekli sve kompetencije i kako su postali kvalificirani enterostomalni terapeuti. Nastavnici Medicinske \u0161kole Vara\u017edin i partnerskih \u0161kola&nbsp;17. studenog 2021.&nbsp;polo\u017eili su zavr\u0161ni ispit&nbsp;na Fakultetu zdravstvenih studija Sveu\u010dili\u0161ta u Rijeci.&nbsp;<\/em><\/p><\/blockquote>\n\n\n<p><em>Po\u010detkom 2022. godine nastavnice Tamara Zadravec, Patricija Jakopovi\u0107, Marijana Dugi, Martina \u0110un\u0111ek i Monika Kos Ga\u0161pari\u0107 \u0107e, osim potvrdnica o zavr\u0161enom stru\u010dnom usavr\u0161avanju, ste\u0107i i&nbsp;me\u0111unarodni certifikat enterostomalnih terapeuta koji&nbsp;<\/em><em>je&nbsp;<\/em><em>priznaje WCET&nbsp; (Svjetsko vije\u0107e enterostomalnih terapeuta). Tako\u0111er, nastavnici su stru\u010dnim usavr\u0161avanja stekli 27,5 ECTS bodova.&nbsp;<\/em><\/p>\n<p><\/p>\n<p><em>Stru\u010dno usavr\u0161avanje uspje\u0161no su zavr\u0161ili nastavnici Medicinske \u0161kole Vara\u017edin te partnerskih \u0161kola na projektu: Srednje \u0161kole \u010cakovec i Srednje \u0161kole Pregrada.&nbsp;<\/em><\/p>\n\n\n<div class=\"wp-container-114 wp-block-columns\">\n<div class=\"wp-container-112 wp-block-column\">\n<figure class=\"wp-block-image size-large is-resized\"><img loading=\"lazy\" src=\"https:\/\/www.medskvz.org\/web\/wp-content\/uploads\/2020\/10\/emblem-1-1024x322.png\" alt=\"\" class=\"wp-image-11022 colorbox-11044\" width=\"312\" height=\"98\" srcset=\"https:\/\/www.medskvz.org\/web\/wp-content\/uploads\/2020\/10\/emblem-1-1024x322.png 1024w, https:\/\/www.medskvz.org\/web\/wp-content\/uploads\/2020\/10\/emblem-1-300x94.png 300w, https:\/\/www.medskvz.org\/web\/wp-content\/uploads\/2020\/10\/emblem-1-768x242.png 768w, https:\/\/www.medskvz.org\/web\/wp-content\/uploads\/2020\/10\/emblem-1.png 1350w\" sizes=\"(max-width: 312px) 100vw, 312px\" \/><\/figure>\n<\/div>\n\n\n\n<div class=\"wp-container-113 wp-block-column\">\n<p><\/p>\n<p><strong><em>Patricija Jakopovi\u0107, mag. sestrinstva<\/em><\/strong><\/p>\n<h6><strong><em>Koordinator unaprje\u0111enja i provedbe programa obrazovanja<\/em><\/strong><\/h6>\n<\/div>\n<\/div>\n\n\n<p><\/p>\n<p style=\"text-align: center;\"><em><span style=\"color: #999999;\">Sadr\u017eaj ove objave isklju\u010diva je odgovornost Medicinske \u0161kole Vara\u017edin.<\/span><\/em><\/p>\n<p><\/p>\n<p style=\"text-align: center;\"><\/p>\n\n\n<div style=\"height:193px\" aria-hidden=\"true\" class=\"wp-block-spacer\"><\/div>\n\n\n\n<hr class=\"wp-block-separator aligncenter is-style-wide\"\/>\n\n\n\n<div class=\"wp-block-image\"><figure class=\"aligncenter size-large is-resized\"><img loading=\"lazy\" src=\"https:\/\/www.medskvz.org\/web\/wp-content\/uploads\/2020\/10\/Emblem-za-web-odrezan-1024x122.png\" alt=\"\" class=\"wp-image-11135 colorbox-11044\" width=\"671\" height=\"80\" srcset=\"https:\/\/www.medskvz.org\/web\/wp-content\/uploads\/2020\/10\/Emblem-za-web-odrezan-1024x122.png 1024w, https:\/\/www.medskvz.org\/web\/wp-content\/uploads\/2020\/10\/Emblem-za-web-odrezan-300x36.png 300w, https:\/\/www.medskvz.org\/web\/wp-content\/uploads\/2020\/10\/Emblem-za-web-odrezan-768x92.png 768w, https:\/\/www.medskvz.org\/web\/wp-content\/uploads\/2020\/10\/Emblem-za-web-odrezan-1536x183.png 1536w, https:\/\/www.medskvz.org\/web\/wp-content\/uploads\/2020\/10\/Emblem-za-web-odrezan-2048x244.png 2048w\" sizes=\"(max-width: 671px) 100vw, 671px\" \/><\/figure><\/div>\n\n\n\n<h5 style=\"text-align: center;\"><span style=\"color: #808080;\">Uspostava Regionalnog centra kompetentnosti inovativnih zdravstvenih tehnologija pri Medicinskoj \u0161koli Vara\u017edin<\/span><\/h5>\n\n\n\n<div class=\"wp-block-image\"><figure class=\"aligncenter size-large is-resized\"><img loading=\"lazy\" src=\"https:\/\/www.medskvz.org\/web\/wp-content\/uploads\/2021\/11\/viber_slika_2021-11-11_11-22-51-247-edited.jpg\" alt=\"\" class=\"wp-image-12759 colorbox-11044\" width=\"755\" height=\"471\" srcset=\"https:\/\/www.medskvz.org\/web\/wp-content\/uploads\/2021\/11\/viber_slika_2021-11-11_11-22-51-247-edited.jpg 1440w, https:\/\/www.medskvz.org\/web\/wp-content\/uploads\/2021\/11\/viber_slika_2021-11-11_11-22-51-247-edited-300x188.jpg 300w, https:\/\/www.medskvz.org\/web\/wp-content\/uploads\/2021\/11\/viber_slika_2021-11-11_11-22-51-247-edited-1024x640.jpg 1024w, https:\/\/www.medskvz.org\/web\/wp-content\/uploads\/2021\/11\/viber_slika_2021-11-11_11-22-51-247-edited-768x480.jpg 768w\" sizes=\"(max-width: 755px) 100vw, 755px\" \/><\/figure><\/div>\n\n\n\n<h6><span style=\"color: #999999;\"><em>Autor: Marko Vrtar, 10. studeni 2021.&nbsp; <br><\/em><\/span><\/h6>\n\n\n\n<h2><strong><strong><em><strong><em><strong><strong><strong><em><strong><strong><em><strong><em><strong><em><strong><em><strong><em><strong><em><strong><em><strong>Medicinska \u0161kola Vara\u017edin sudjelovala na    <\/strong><\/em><\/strong><\/em><\/strong><\/em><\/strong><\/em><\/strong><\/em><\/strong><\/em><\/strong><\/em><\/strong><\/strong><\/em><\/strong><\/strong><\/strong><\/em><\/strong><\/em><\/strong><\/strong><\/h2>\n\n\n\n<h2><strong><strong><em><strong><em><strong><strong><strong><em><strong><strong><em><strong><em><strong><em><strong><em><strong><em><strong><em><strong><em><strong>23. CARNET-ovoj konferenciji \u201cCUC 2021 : Nove prilike\u201c<\/strong><\/em><\/strong><\/em><\/strong><\/em><\/strong><\/em><\/strong><\/em><\/strong><\/em><\/strong><\/em><\/strong><\/strong><\/em><\/strong><\/strong><\/strong><\/em><\/strong><\/em><\/strong><\/strong><\/h2>\n\n\n\n<blockquote class=\"wp-block-quote\">\n<p><em>Od 27. do 29. listopada 2021. godine u Konvencijskom centru hotelskog kompleksa Amadria Park Solaris u \u0160ibeniku odr\u017eala se 23. CARNET-ova konferencija pod nazivom \u201eCUC 2021: Nove prilike\u201c na kojoj je sudjelovalo 28 nastavnika Medicinske \u0161kole Vara\u017edin zajedno s ravnateljicom&nbsp;mr. sc. Mirjanom Grabar Kruljac, prof. <\/em><\/p>\n<\/blockquote>\n\n\n\n<figure class=\"wp-container-116 wp-block-gallery-115 wp-block-gallery columns-3 is-cropped\"><ul class=\"blocks-gallery-grid\"><li class=\"blocks-gallery-item\"><figure><img loading=\"lazy\" width=\"1024\" height=\"683\" src=\"https:\/\/www.medskvz.org\/web\/wp-content\/uploads\/2021\/11\/interaktivno-izlaganje-112932-1024x683.jpg\" alt=\"\" data-id=\"12762\" data-full-url=\"https:\/\/www.medskvz.org\/web\/wp-content\/uploads\/2021\/11\/interaktivno-izlaganje-112932.jpg\" data-link=\"https:\/\/www.medskvz.org\/web\/clanci-o-projektu\/interaktivno-izlaganje-112932\/\" class=\"wp-image-12762 colorbox-11044\" srcset=\"https:\/\/www.medskvz.org\/web\/wp-content\/uploads\/2021\/11\/interaktivno-izlaganje-112932-1024x683.jpg 1024w, https:\/\/www.medskvz.org\/web\/wp-content\/uploads\/2021\/11\/interaktivno-izlaganje-112932-300x200.jpg 300w, https:\/\/www.medskvz.org\/web\/wp-content\/uploads\/2021\/11\/interaktivno-izlaganje-112932-768x512.jpg 768w, https:\/\/www.medskvz.org\/web\/wp-content\/uploads\/2021\/11\/interaktivno-izlaganje-112932.jpg 1080w\" sizes=\"(max-width: 1024px) 100vw, 1024px\" \/><\/figure><\/li><li class=\"blocks-gallery-item\"><figure><img loading=\"lazy\" width=\"1024\" height=\"683\" src=\"https:\/\/www.medskvz.org\/web\/wp-content\/uploads\/2021\/11\/otvaranje-konferencije-312934-1024x683.jpg\" alt=\"\" data-id=\"12763\" data-full-url=\"https:\/\/www.medskvz.org\/web\/wp-content\/uploads\/2021\/11\/otvaranje-konferencije-312934.jpg\" data-link=\"https:\/\/www.medskvz.org\/web\/clanci-o-projektu\/otvaranje-konferencije-312934\/\" class=\"wp-image-12763 colorbox-11044\" srcset=\"https:\/\/www.medskvz.org\/web\/wp-content\/uploads\/2021\/11\/otvaranje-konferencije-312934-1024x683.jpg 1024w, https:\/\/www.medskvz.org\/web\/wp-content\/uploads\/2021\/11\/otvaranje-konferencije-312934-300x200.jpg 300w, https:\/\/www.medskvz.org\/web\/wp-content\/uploads\/2021\/11\/otvaranje-konferencije-312934-768x512.jpg 768w, https:\/\/www.medskvz.org\/web\/wp-content\/uploads\/2021\/11\/otvaranje-konferencije-312934-1536x1024.jpg 1536w, https:\/\/www.medskvz.org\/web\/wp-content\/uploads\/2021\/11\/otvaranje-konferencije-312934.jpg 1600w\" sizes=\"(max-width: 1024px) 100vw, 1024px\" \/><\/figure><\/li><li class=\"blocks-gallery-item\"><figure><img loading=\"lazy\" width=\"1024\" height=\"576\" src=\"https:\/\/www.medskvz.org\/web\/wp-content\/uploads\/2021\/11\/viber_slika_2021-11-11_11-41-11-204-1024x576.jpg\" alt=\"\" data-id=\"12764\" data-full-url=\"https:\/\/www.medskvz.org\/web\/wp-content\/uploads\/2021\/11\/viber_slika_2021-11-11_11-41-11-204.jpg\" data-link=\"https:\/\/www.medskvz.org\/web\/clanci-o-projektu\/viber_slika_2021-11-11_11-41-11-204\/\" class=\"wp-image-12764 colorbox-11044\" srcset=\"https:\/\/www.medskvz.org\/web\/wp-content\/uploads\/2021\/11\/viber_slika_2021-11-11_11-41-11-204-1024x576.jpg 1024w, https:\/\/www.medskvz.org\/web\/wp-content\/uploads\/2021\/11\/viber_slika_2021-11-11_11-41-11-204-300x169.jpg 300w, https:\/\/www.medskvz.org\/web\/wp-content\/uploads\/2021\/11\/viber_slika_2021-11-11_11-41-11-204-768x432.jpg 768w, https:\/\/www.medskvz.org\/web\/wp-content\/uploads\/2021\/11\/viber_slika_2021-11-11_11-41-11-204-1536x864.jpg 1536w, https:\/\/www.medskvz.org\/web\/wp-content\/uploads\/2021\/11\/viber_slika_2021-11-11_11-41-11-204.jpg 1600w\" sizes=\"(max-width: 1024px) 100vw, 1024px\" \/><\/figure><\/li><li class=\"blocks-gallery-item\"><figure><img loading=\"lazy\" width=\"1024\" height=\"576\" src=\"https:\/\/www.medskvz.org\/web\/wp-content\/uploads\/2021\/11\/viber_slika_2021-11-11_11-41-11-284-1024x576.jpg\" alt=\"\" data-id=\"12765\" data-full-url=\"https:\/\/www.medskvz.org\/web\/wp-content\/uploads\/2021\/11\/viber_slika_2021-11-11_11-41-11-284.jpg\" data-link=\"https:\/\/www.medskvz.org\/web\/clanci-o-projektu\/viber_slika_2021-11-11_11-41-11-284\/\" class=\"wp-image-12765 colorbox-11044\" srcset=\"https:\/\/www.medskvz.org\/web\/wp-content\/uploads\/2021\/11\/viber_slika_2021-11-11_11-41-11-284-1024x576.jpg 1024w, https:\/\/www.medskvz.org\/web\/wp-content\/uploads\/2021\/11\/viber_slika_2021-11-11_11-41-11-284-300x169.jpg 300w, https:\/\/www.medskvz.org\/web\/wp-content\/uploads\/2021\/11\/viber_slika_2021-11-11_11-41-11-284-768x432.jpg 768w, https:\/\/www.medskvz.org\/web\/wp-content\/uploads\/2021\/11\/viber_slika_2021-11-11_11-41-11-284-1536x864.jpg 1536w, https:\/\/www.medskvz.org\/web\/wp-content\/uploads\/2021\/11\/viber_slika_2021-11-11_11-41-11-284.jpg 1600w\" sizes=\"(max-width: 1024px) 100vw, 1024px\" \/><\/figure><\/li><li class=\"blocks-gallery-item\"><figure><img loading=\"lazy\" width=\"1024\" height=\"576\" src=\"https:\/\/www.medskvz.org\/web\/wp-content\/uploads\/2021\/11\/viber_slika_2021-11-11_11-37-28-762-1024x576.jpg\" alt=\"\" data-id=\"12766\" data-full-url=\"https:\/\/www.medskvz.org\/web\/wp-content\/uploads\/2021\/11\/viber_slika_2021-11-11_11-37-28-762.jpg\" data-link=\"https:\/\/www.medskvz.org\/web\/clanci-o-projektu\/viber_slika_2021-11-11_11-37-28-762\/\" class=\"wp-image-12766 colorbox-11044\" srcset=\"https:\/\/www.medskvz.org\/web\/wp-content\/uploads\/2021\/11\/viber_slika_2021-11-11_11-37-28-762-1024x576.jpg 1024w, https:\/\/www.medskvz.org\/web\/wp-content\/uploads\/2021\/11\/viber_slika_2021-11-11_11-37-28-762-300x169.jpg 300w, https:\/\/www.medskvz.org\/web\/wp-content\/uploads\/2021\/11\/viber_slika_2021-11-11_11-37-28-762-768x432.jpg 768w, https:\/\/www.medskvz.org\/web\/wp-content\/uploads\/2021\/11\/viber_slika_2021-11-11_11-37-28-762-1536x864.jpg 1536w, https:\/\/www.medskvz.org\/web\/wp-content\/uploads\/2021\/11\/viber_slika_2021-11-11_11-37-28-762.jpg 1600w\" sizes=\"(max-width: 1024px) 100vw, 1024px\" \/><\/figure><\/li><li class=\"blocks-gallery-item\"><figure><img loading=\"lazy\" width=\"1024\" height=\"576\" src=\"https:\/\/www.medskvz.org\/web\/wp-content\/uploads\/2021\/11\/viber_slika_2021-11-11_11-37-13-758-1024x576.jpg\" alt=\"\" data-id=\"12767\" data-full-url=\"https:\/\/www.medskvz.org\/web\/wp-content\/uploads\/2021\/11\/viber_slika_2021-11-11_11-37-13-758.jpg\" data-link=\"https:\/\/www.medskvz.org\/web\/clanci-o-projektu\/viber_slika_2021-11-11_11-37-13-758\/\" class=\"wp-image-12767 colorbox-11044\" srcset=\"https:\/\/www.medskvz.org\/web\/wp-content\/uploads\/2021\/11\/viber_slika_2021-11-11_11-37-13-758-1024x576.jpg 1024w, https:\/\/www.medskvz.org\/web\/wp-content\/uploads\/2021\/11\/viber_slika_2021-11-11_11-37-13-758-300x169.jpg 300w, https:\/\/www.medskvz.org\/web\/wp-content\/uploads\/2021\/11\/viber_slika_2021-11-11_11-37-13-758-768x432.jpg 768w, https:\/\/www.medskvz.org\/web\/wp-content\/uploads\/2021\/11\/viber_slika_2021-11-11_11-37-13-758-1536x864.jpg 1536w, https:\/\/www.medskvz.org\/web\/wp-content\/uploads\/2021\/11\/viber_slika_2021-11-11_11-37-13-758.jpg 1600w\" sizes=\"(max-width: 1024px) 100vw, 1024px\" \/><\/figure><\/li><\/ul><\/figure>\n\n\n\n<p>Nastavnici \u0161kole sudjelovali su na konferenciji u sklopu stru\u010dnog usavr\u0161avanja iz STEM podru\u010dja unutar&nbsp;RCK projekta u svrhu dijeljenja iskustava i ja\u010danja kompetencija iz podru\u010dja upotrebe IKT-a u nastavi. Kroz razna su interaktivna izlaganja i radionice nau\u010dili mnogo o inovativnim tehnologijama u podru\u010dju nastave na daljinu kao i o njihovoj primjeni, a obogatili su svoje znanje i pristupa\u010dnim digitalnim alatima te razmijenili svoja i u\u010deni\u010dka iskustva i projekte kroz program digitalnog obrazovanja. Tako\u0111er, velik dio nastavnika Medicinske \u0161kole Vara\u017edin pratio je konferenciju na daljinu prijenosom na platformi Hopin. Konferencija je bila veoma motiviraju\u0107a, a nastavnici se raduju ponovnom sudjelovanju idu\u0107e godine.<\/p>\n\n\n\n<div class=\"wp-container-119 wp-block-columns\">\n<div class=\"wp-container-117 wp-block-column\">\n<figure class=\"wp-block-image size-large is-resized\"><img loading=\"lazy\" src=\"https:\/\/www.medskvz.org\/web\/wp-content\/uploads\/2020\/10\/emblem-1-1024x322.png\" alt=\"\" class=\"wp-image-11022 colorbox-11044\" width=\"312\" height=\"98\" srcset=\"https:\/\/www.medskvz.org\/web\/wp-content\/uploads\/2020\/10\/emblem-1-1024x322.png 1024w, https:\/\/www.medskvz.org\/web\/wp-content\/uploads\/2020\/10\/emblem-1-300x94.png 300w, https:\/\/www.medskvz.org\/web\/wp-content\/uploads\/2020\/10\/emblem-1-768x242.png 768w, https:\/\/www.medskvz.org\/web\/wp-content\/uploads\/2020\/10\/emblem-1.png 1350w\" sizes=\"(max-width: 312px) 100vw, 312px\" \/><\/figure>\n<\/div>\n\n\n\n<div class=\"wp-container-118 wp-block-column\">\n<p><\/p>\n<p><strong>Jelena Zidar<\/strong>, mag.philol.franc.\/ital.<\/p>\n<p>koordinator stru\u010dnih usavr\u0161avanja i studijskih posjeta<\/p>\n<p><strong><em>&nbsp;<\/em><\/strong><\/p>\n<h6><strong><em>&nbsp;<\/em><\/strong><\/h6>\n<\/div>\n<\/div>\n\n\n<p><\/p>\n<p style=\"text-align: center;\"><em><span style=\"color: #999999;\">Sadr\u017eaj ove objave isklju\u010diva je odgovornost Medicinske \u0161kole Vara\u017edin.<\/span><\/em><\/p>\n<p><\/p>\n<p style=\"text-align: center;\"><span style=\"color: #0000ff;\"><a href=\"https:\/\/www.varazdinske-vijesti.hr\/drustvo\/medicinska-skola-varazdin-na-23-carnet-ovoj-konferenciji-cuc-2021-nove-prilike-53306\" target=\"_blank\" rel=\"noopener\">varazdinske-vijesti<\/a><\/span><\/p>\n\n\n<div style=\"height:193px\" aria-hidden=\"true\" class=\"wp-block-spacer\"><\/div>\n\n\n\n<hr class=\"wp-block-separator aligncenter is-style-wide\"\/>\n\n\n\n<div class=\"wp-block-image\"><figure class=\"aligncenter size-large is-resized\"><img loading=\"lazy\" src=\"https:\/\/www.medskvz.org\/web\/wp-content\/uploads\/2020\/10\/Emblem-za-web-odrezan-1024x122.png\" alt=\"\" class=\"wp-image-11135 colorbox-11044\" width=\"671\" height=\"80\" srcset=\"https:\/\/www.medskvz.org\/web\/wp-content\/uploads\/2020\/10\/Emblem-za-web-odrezan-1024x122.png 1024w, https:\/\/www.medskvz.org\/web\/wp-content\/uploads\/2020\/10\/Emblem-za-web-odrezan-300x36.png 300w, https:\/\/www.medskvz.org\/web\/wp-content\/uploads\/2020\/10\/Emblem-za-web-odrezan-768x92.png 768w, https:\/\/www.medskvz.org\/web\/wp-content\/uploads\/2020\/10\/Emblem-za-web-odrezan-1536x183.png 1536w, https:\/\/www.medskvz.org\/web\/wp-content\/uploads\/2020\/10\/Emblem-za-web-odrezan-2048x244.png 2048w\" sizes=\"(max-width: 671px) 100vw, 671px\" \/><\/figure><\/div>\n\n\n\n<h5 style=\"text-align: center;\"><span style=\"color: #808080;\">Uspostava Regionalnog centra kompetentnosti inovativnih zdravstvenih tehnologija pri Medicinskoj \u0161koli Vara\u017edin<\/span><\/h5>\n\n\n\n<div class=\"wp-block-image\"><figure class=\"aligncenter size-large is-resized\"><img loading=\"lazy\" src=\"https:\/\/www.medskvz.org\/web\/wp-content\/uploads\/2021\/10\/Naslovna-slika-edited-scaled.jpg\" alt=\"\" class=\"wp-image-12567 colorbox-11044\" width=\"805\" height=\"452\" srcset=\"https:\/\/www.medskvz.org\/web\/wp-content\/uploads\/2021\/10\/Naslovna-slika-edited-scaled.jpg 2560w, https:\/\/www.medskvz.org\/web\/wp-content\/uploads\/2021\/10\/Naslovna-slika-edited-300x169.jpg 300w, https:\/\/www.medskvz.org\/web\/wp-content\/uploads\/2021\/10\/Naslovna-slika-edited-1024x576.jpg 1024w, https:\/\/www.medskvz.org\/web\/wp-content\/uploads\/2021\/10\/Naslovna-slika-edited-768x432.jpg 768w, https:\/\/www.medskvz.org\/web\/wp-content\/uploads\/2021\/10\/Naslovna-slika-edited-1536x864.jpg 1536w, https:\/\/www.medskvz.org\/web\/wp-content\/uploads\/2021\/10\/Naslovna-slika-edited-2048x1152.jpg 2048w\" sizes=\"(max-width: 805px) 100vw, 805px\" \/><\/figure><\/div>\n\n\n\n<h6><span style=\"color: #999999;\"><em>Autor: Marko Vrtar, 6. listopada 2021.<\/em><\/span><\/h6>\n\n\n\n<h2><strong><strong><em><strong><em><strong><strong><strong><em><strong><strong><em><strong><em><strong><em><strong><em><strong><em><strong><em><strong><em>ZAVR\u0160IO POSLJEDNJI TURNUS STRU\u010cNOG USAVR\u0160AVANJA U PODRU\u010cJU ENTEROSTOMALNE TERAPIJE<\/em><\/strong><\/em><\/strong><\/em><\/strong><\/em><\/strong><\/em><\/strong><\/em><\/strong><\/em><\/strong><\/strong><\/em><\/strong><\/strong><\/strong><\/em><\/strong><\/em><\/strong><\/strong><\/h2>\n\n\n\n<blockquote class=\"wp-block-quote\">\n<p><em>Nastavnici Medicinske \u0161kole Vara\u017edin i partnerskih \u0161kola na projektu uspje\u0161no su sudjelovali na posljednjem, sedmom turnusu&nbsp;stru\u010dnog usavr\u0161avanje u podru\u010dju enterostomalne terapije.&nbsp;Nastava se odr\u017eavala na Fakultetu zdravstvenih studija Sveu\u010dili\u0161ta u Rijeci od 27. do 30. rujna 2021. godine.&nbsp;<\/em><\/p>\n<\/blockquote>\n\n\n\n<figure class=\"wp-container-121 wp-block-gallery-120 wp-block-gallery columns-3 is-cropped\"><ul class=\"blocks-gallery-grid\"><li class=\"blocks-gallery-item\"><figure><img loading=\"lazy\" width=\"1024\" height=\"768\" src=\"https:\/\/www.medskvz.org\/web\/wp-content\/uploads\/2021\/10\/20210929_091034-1024x768.jpg\" alt=\"\" data-id=\"12568\" data-full-url=\"https:\/\/www.medskvz.org\/web\/wp-content\/uploads\/2021\/10\/20210929_091034-scaled.jpg\" data-link=\"https:\/\/www.medskvz.org\/web\/clanci-o-projektu\/20210929_091034\/\" class=\"wp-image-12568 colorbox-11044\" srcset=\"https:\/\/www.medskvz.org\/web\/wp-content\/uploads\/2021\/10\/20210929_091034-1024x768.jpg 1024w, https:\/\/www.medskvz.org\/web\/wp-content\/uploads\/2021\/10\/20210929_091034-300x225.jpg 300w, https:\/\/www.medskvz.org\/web\/wp-content\/uploads\/2021\/10\/20210929_091034-768x576.jpg 768w, https:\/\/www.medskvz.org\/web\/wp-content\/uploads\/2021\/10\/20210929_091034-1536x1152.jpg 1536w, https:\/\/www.medskvz.org\/web\/wp-content\/uploads\/2021\/10\/20210929_091034-2048x1536.jpg 2048w\" sizes=\"(max-width: 1024px) 100vw, 1024px\" \/><\/figure><\/li><li class=\"blocks-gallery-item\"><figure><img loading=\"lazy\" width=\"1024\" height=\"768\" src=\"https:\/\/www.medskvz.org\/web\/wp-content\/uploads\/2021\/10\/20210929_092744-1024x768.jpg\" alt=\"\" data-id=\"12569\" data-full-url=\"https:\/\/www.medskvz.org\/web\/wp-content\/uploads\/2021\/10\/20210929_092744-scaled.jpg\" data-link=\"https:\/\/www.medskvz.org\/web\/clanci-o-projektu\/20210929_092744\/\" class=\"wp-image-12569 colorbox-11044\" srcset=\"https:\/\/www.medskvz.org\/web\/wp-content\/uploads\/2021\/10\/20210929_092744-1024x768.jpg 1024w, https:\/\/www.medskvz.org\/web\/wp-content\/uploads\/2021\/10\/20210929_092744-300x225.jpg 300w, https:\/\/www.medskvz.org\/web\/wp-content\/uploads\/2021\/10\/20210929_092744-768x576.jpg 768w, https:\/\/www.medskvz.org\/web\/wp-content\/uploads\/2021\/10\/20210929_092744-1536x1152.jpg 1536w, https:\/\/www.medskvz.org\/web\/wp-content\/uploads\/2021\/10\/20210929_092744-2048x1536.jpg 2048w\" sizes=\"(max-width: 1024px) 100vw, 1024px\" \/><\/figure><\/li><li class=\"blocks-gallery-item\"><figure><img loading=\"lazy\" width=\"1024\" height=\"768\" src=\"https:\/\/www.medskvz.org\/web\/wp-content\/uploads\/2021\/10\/20210929_094713-1024x768.jpg\" alt=\"\" data-id=\"12570\" data-full-url=\"https:\/\/www.medskvz.org\/web\/wp-content\/uploads\/2021\/10\/20210929_094713-scaled.jpg\" data-link=\"https:\/\/www.medskvz.org\/web\/clanci-o-projektu\/20210929_094713\/\" class=\"wp-image-12570 colorbox-11044\" srcset=\"https:\/\/www.medskvz.org\/web\/wp-content\/uploads\/2021\/10\/20210929_094713-1024x768.jpg 1024w, https:\/\/www.medskvz.org\/web\/wp-content\/uploads\/2021\/10\/20210929_094713-300x225.jpg 300w, https:\/\/www.medskvz.org\/web\/wp-content\/uploads\/2021\/10\/20210929_094713-768x576.jpg 768w, https:\/\/www.medskvz.org\/web\/wp-content\/uploads\/2021\/10\/20210929_094713-1536x1152.jpg 1536w, https:\/\/www.medskvz.org\/web\/wp-content\/uploads\/2021\/10\/20210929_094713-2048x1536.jpg 2048w\" sizes=\"(max-width: 1024px) 100vw, 1024px\" \/><\/figure><\/li><li class=\"blocks-gallery-item\"><figure><img loading=\"lazy\" width=\"1024\" height=\"768\" src=\"https:\/\/www.medskvz.org\/web\/wp-content\/uploads\/2021\/10\/20210929_112843-1024x768.jpg\" alt=\"\" data-id=\"12571\" data-full-url=\"https:\/\/www.medskvz.org\/web\/wp-content\/uploads\/2021\/10\/20210929_112843-scaled.jpg\" data-link=\"https:\/\/www.medskvz.org\/web\/clanci-o-projektu\/20210929_112843\/\" class=\"wp-image-12571 colorbox-11044\" srcset=\"https:\/\/www.medskvz.org\/web\/wp-content\/uploads\/2021\/10\/20210929_112843-1024x768.jpg 1024w, https:\/\/www.medskvz.org\/web\/wp-content\/uploads\/2021\/10\/20210929_112843-300x225.jpg 300w, https:\/\/www.medskvz.org\/web\/wp-content\/uploads\/2021\/10\/20210929_112843-768x576.jpg 768w, https:\/\/www.medskvz.org\/web\/wp-content\/uploads\/2021\/10\/20210929_112843-1536x1152.jpg 1536w, https:\/\/www.medskvz.org\/web\/wp-content\/uploads\/2021\/10\/20210929_112843-2048x1536.jpg 2048w\" sizes=\"(max-width: 1024px) 100vw, 1024px\" \/><\/figure><\/li><\/ul><\/figure>\n\n\n\n<p><em>Nastavnici su na stru\u010dnom usavr\u0161avanju stekli i usavr\u0161ili vje\u0161tine enterostomalnih terapeuta u podru\u010dju psihosocijalne podr\u0161ke, zdravstvene edukacije osoba sa stomom te u procesu zdravstvene njege. Uspje\u0161no su polo\u017eili preostale ispite stru\u010dnog usavr\u0161avanja, a u tijeku su pripreme nastavnika za polaganje zavr\u0161nog ispita koji \u0107e rezultirati stjecanjem me\u0111unarodnog certifikata enterostomalnih terapeuta.&nbsp;<\/em><\/p>\n<p>&nbsp;<\/p>\n<p><em>Predavanja na Fakultetu zdravstvenih studija odr\u017eali su stru\u010dnjaci u podru\u010dju sestrinstva i psihologije.&nbsp;<\/em><\/p>\n<p>&nbsp;<\/p>\n<p><em>Na sedmom turnusu stru\u010dnog usavr\u0161avanja sudjelovali su nastavnici Medicinske \u0161kole Vara\u017edin te nastavnici iz partnerskih \u0161kola na projektu: Srednje \u0161kole \u010cakovec i Srednje \u0161kole Pregrada.&nbsp;<\/em><\/p>\n<p>&nbsp;<\/p>\n<p>&nbsp;<\/p>\n<p>&nbsp;<\/p>\n\n\n\n<div class=\"wp-container-124 wp-block-columns\">\n<div class=\"wp-container-122 wp-block-column\">\n<figure class=\"wp-block-image size-large is-resized\"><img loading=\"lazy\" src=\"https:\/\/www.medskvz.org\/web\/wp-content\/uploads\/2020\/10\/emblem-1-1024x322.png\" alt=\"\" class=\"wp-image-11022 colorbox-11044\" width=\"312\" height=\"98\" srcset=\"https:\/\/www.medskvz.org\/web\/wp-content\/uploads\/2020\/10\/emblem-1-1024x322.png 1024w, https:\/\/www.medskvz.org\/web\/wp-content\/uploads\/2020\/10\/emblem-1-300x94.png 300w, https:\/\/www.medskvz.org\/web\/wp-content\/uploads\/2020\/10\/emblem-1-768x242.png 768w, https:\/\/www.medskvz.org\/web\/wp-content\/uploads\/2020\/10\/emblem-1.png 1350w\" sizes=\"(max-width: 312px) 100vw, 312px\" \/><\/figure>\n<\/div>\n\n\n\n<div class=\"wp-container-123 wp-block-column\">\n<p><\/p>\n<p><strong><em>Patricija Jakopovi\u0107, mag. sestrinstva<\/em><\/strong><\/p>\n<h6><strong><em>Koordinator unaprje\u0111enja i provedbe programa obrazovanja<\/em><\/strong><\/h6>\n<\/div>\n<\/div>\n\n\n<p><\/p>\n<p style=\"text-align: center;\"><em><span style=\"color: #999999;\">Sadr\u017eaj ove objave isklju\u010diva je odgovornost Medicinske \u0161kole Vara\u017edin.<\/span><\/em><\/p>\n<p><\/p>\n\n\n<div style=\"height:193px\" aria-hidden=\"true\" class=\"wp-block-spacer\"><\/div>\n\n\n\n<hr class=\"wp-block-separator aligncenter is-style-wide\"\/>\n\n\n\n<div class=\"wp-block-image\"><figure class=\"aligncenter size-large is-resized\"><img loading=\"lazy\" src=\"https:\/\/www.medskvz.org\/web\/wp-content\/uploads\/2020\/10\/Emblem-za-web-odrezan-1024x122.png\" alt=\"\" class=\"wp-image-11135 colorbox-11044\" width=\"671\" height=\"80\" srcset=\"https:\/\/www.medskvz.org\/web\/wp-content\/uploads\/2020\/10\/Emblem-za-web-odrezan-1024x122.png 1024w, https:\/\/www.medskvz.org\/web\/wp-content\/uploads\/2020\/10\/Emblem-za-web-odrezan-300x36.png 300w, https:\/\/www.medskvz.org\/web\/wp-content\/uploads\/2020\/10\/Emblem-za-web-odrezan-768x92.png 768w, https:\/\/www.medskvz.org\/web\/wp-content\/uploads\/2020\/10\/Emblem-za-web-odrezan-1536x183.png 1536w, https:\/\/www.medskvz.org\/web\/wp-content\/uploads\/2020\/10\/Emblem-za-web-odrezan-2048x244.png 2048w\" sizes=\"(max-width: 671px) 100vw, 671px\" \/><\/figure><\/div>\n\n\n\n<h5 style=\"text-align: center;\"><span style=\"color: #808080;\">Uspostava Regionalnog centra kompetentnosti inovativnih zdravstvenih tehnologija pri Medicinskoj \u0161koli Vara\u017edin<\/span><\/h5>\n\n\n\n<div class=\"wp-block-image\"><figure class=\"aligncenter size-large is-resized\"><img loading=\"lazy\" src=\"https:\/\/www.medskvz.org\/web\/wp-content\/uploads\/2021\/09\/20210906_164302-edited-scaled.jpg\" alt=\"\" class=\"wp-image-12508 colorbox-11044\" width=\"765\" height=\"430\" srcset=\"https:\/\/www.medskvz.org\/web\/wp-content\/uploads\/2021\/09\/20210906_164302-edited-scaled.jpg 2560w, https:\/\/www.medskvz.org\/web\/wp-content\/uploads\/2021\/09\/20210906_164302-edited-300x169.jpg 300w, https:\/\/www.medskvz.org\/web\/wp-content\/uploads\/2021\/09\/20210906_164302-edited-1024x576.jpg 1024w, https:\/\/www.medskvz.org\/web\/wp-content\/uploads\/2021\/09\/20210906_164302-edited-768x432.jpg 768w, https:\/\/www.medskvz.org\/web\/wp-content\/uploads\/2021\/09\/20210906_164302-edited-1536x864.jpg 1536w, https:\/\/www.medskvz.org\/web\/wp-content\/uploads\/2021\/09\/20210906_164302-edited-2048x1152.jpg 2048w\" sizes=\"(max-width: 765px) 100vw, 765px\" \/><\/figure><\/div>\n\n\n\n<h6><span style=\"color: #999999;\"><em>Autor: Marko Vrtar, 22. rujna 2021.<\/em><\/span><\/h6>\n\n\n\n<h2><strong><strong><em><strong><em><strong><strong><strong><em><strong><strong><em><strong><em><strong><em><strong><em><strong><em>USPJE\u0160NO ZAVR\u0160IO I 6. TURNUS STRU\u010cNOG USAVR\u0160AVANJA IZ PODRU\u010cJA ENTEROSTOMALNE TERAPIJE<\/em><\/strong><\/em><\/strong><\/em><\/strong><\/em><\/strong><\/em><\/strong><\/strong><\/em><\/strong><\/strong><\/strong><\/em><\/strong><\/em><\/strong><\/strong><\/h2>\n\n\n\n<blockquote class=\"wp-block-quote\">\n<p><em>U periodu od 6. do 11. rujna 2021. godine nastavnici Medicinske \u0161kole Vara\u017edin sudjelovali su na \u0161estom turnusu stru\u010dnog usavr\u0161avanje iz podru\u010dja enterostomalne terapije. Nastava se odr\u017eavala na Fakultetu zdravstvenih studija u Rijeci te na Klinici za radioterapiju i onkologiju.<\/em><\/p>\n<\/blockquote>\n\n\n\n<div class=\"wp-block-image is-style-rounded\"><figure class=\"aligncenter size-large is-resized\"><img loading=\"lazy\" src=\"https:\/\/www.medskvz.org\/web\/wp-content\/uploads\/2021\/09\/20210908_082903-edited-scaled.jpg\" alt=\"\" class=\"wp-image-12510 colorbox-11044\" width=\"733\" height=\"412\" srcset=\"https:\/\/www.medskvz.org\/web\/wp-content\/uploads\/2021\/09\/20210908_082903-edited-scaled.jpg 2560w, https:\/\/www.medskvz.org\/web\/wp-content\/uploads\/2021\/09\/20210908_082903-edited-300x169.jpg 300w, https:\/\/www.medskvz.org\/web\/wp-content\/uploads\/2021\/09\/20210908_082903-edited-1024x576.jpg 1024w, https:\/\/www.medskvz.org\/web\/wp-content\/uploads\/2021\/09\/20210908_082903-edited-768x432.jpg 768w, https:\/\/www.medskvz.org\/web\/wp-content\/uploads\/2021\/09\/20210908_082903-edited-1536x864.jpg 1536w, https:\/\/www.medskvz.org\/web\/wp-content\/uploads\/2021\/09\/20210908_082903-edited-2048x1152.jpg 2048w\" sizes=\"(max-width: 733px) 100vw, 733px\" \/><\/figure><\/div>\n\n\n\n<p>&nbsp;<\/p>\n<p><em>Nastavnici koji sudjeluju na stru\u010dnom usavr\u0161avanju stekli su i usavr\u0161ili vje\u0161tine enterostomalnih terapeuta na podru\u010dju psihosocijalne podr\u0161ke i zdravstvene edukacije osoba sa stomom, procesa zdravstvene njege te skrbi za osobe oboljele od onkolo\u0161kih bolesti.&nbsp;<\/em><\/p>\n<p><em>Klini\u010dku nastavu u KBC-u Rijeka te predavanja na Fakultetu zdravstvenih studija odr\u017eali su stru\u010dnjaci na podru\u010dju sestrinstva, psihologije i onkologije.&nbsp;<\/em><\/p>\n<p><em>Na 6. turnusu stru\u010dnog usavr\u0161avanja sudjelovali su nastavnici Medicinske \u0161kole Vara\u017edin te \u0161kola partnera na projektu: Srednje \u0161kole \u010cakovec i Srednje \u0161kole Pregrada.&nbsp;<\/em><\/p>\n<p>&nbsp;<\/p>\n\n\n\n<div class=\"wp-container-127 wp-block-columns\">\n<div class=\"wp-container-125 wp-block-column\">\n<figure class=\"wp-block-image size-large is-resized\"><img loading=\"lazy\" src=\"https:\/\/www.medskvz.org\/web\/wp-content\/uploads\/2020\/10\/emblem-1-1024x322.png\" alt=\"\" class=\"wp-image-11022 colorbox-11044\" width=\"312\" height=\"98\" srcset=\"https:\/\/www.medskvz.org\/web\/wp-content\/uploads\/2020\/10\/emblem-1-1024x322.png 1024w, https:\/\/www.medskvz.org\/web\/wp-content\/uploads\/2020\/10\/emblem-1-300x94.png 300w, https:\/\/www.medskvz.org\/web\/wp-content\/uploads\/2020\/10\/emblem-1-768x242.png 768w, https:\/\/www.medskvz.org\/web\/wp-content\/uploads\/2020\/10\/emblem-1.png 1350w\" sizes=\"(max-width: 312px) 100vw, 312px\" \/><\/figure>\n<\/div>\n\n\n\n<div class=\"wp-container-126 wp-block-column\">\n<p><\/p>\n<p><strong><em>Patricija Jakopovi\u0107, mag. sestrinstva<\/em><\/strong><\/p>\n<h6><strong><em>Koordinator unaprje\u0111enja i provedbe programa obrazovanja<\/em><\/strong><\/h6>\n<\/div>\n<\/div>\n\n\n<p><\/p>\n<p style=\"text-align: center;\"><em><span style=\"color: #999999;\">Sadr\u017eaj ove objave isklju\u010diva je odgovornost Medicinske \u0161kole Vara\u017edin.<\/span><\/em><\/p>\n<p><\/p>\n\n\n<div style=\"height:193px\" aria-hidden=\"true\" class=\"wp-block-spacer\"><\/div>\n\n\n\n<hr class=\"wp-block-separator aligncenter is-style-wide\"\/>\n\n\n\n<div class=\"wp-block-image\"><figure class=\"aligncenter size-large is-resized\"><img loading=\"lazy\" src=\"https:\/\/www.medskvz.org\/web\/wp-content\/uploads\/2020\/10\/Emblem-za-web-odrezan-1024x122.png\" alt=\"\" class=\"wp-image-11135 colorbox-11044\" width=\"671\" height=\"80\" srcset=\"https:\/\/www.medskvz.org\/web\/wp-content\/uploads\/2020\/10\/Emblem-za-web-odrezan-1024x122.png 1024w, https:\/\/www.medskvz.org\/web\/wp-content\/uploads\/2020\/10\/Emblem-za-web-odrezan-300x36.png 300w, https:\/\/www.medskvz.org\/web\/wp-content\/uploads\/2020\/10\/Emblem-za-web-odrezan-768x92.png 768w, https:\/\/www.medskvz.org\/web\/wp-content\/uploads\/2020\/10\/Emblem-za-web-odrezan-1536x183.png 1536w, https:\/\/www.medskvz.org\/web\/wp-content\/uploads\/2020\/10\/Emblem-za-web-odrezan-2048x244.png 2048w\" sizes=\"(max-width: 671px) 100vw, 671px\" \/><\/figure><\/div>\n\n\n\n<h5 style=\"text-align: center;\"><span style=\"color: #808080;\">Uspostava Regionalnog centra kompetentnosti inovativnih zdravstvenih tehnologija pri Medicinskoj \u0161koli Vara\u017edin<\/span><\/h5>\n\n\n\n<h2><strong><strong><em><strong><em><strong><strong><strong><em><strong><strong><em><strong><em>Dokumentacija o postupku jednostavne nabave &#8211; smje\u0161taj enterostoma (7. turnus) <\/em><\/strong><\/em><\/strong><\/strong><\/em><\/strong><\/strong><\/strong><\/em><\/strong><\/em><\/strong><\/strong><\/h2>\n\n\n\n<h6><span style=\"color: #999999;\"><em>8.rujna 2021.<\/em><\/span><\/h6>\n\n\n\n<div class=\"wp-block-file\"><object class=\"wp-block-file__embed\" data=\"https:\/\/www.medskvz.org\/web\/wp-content\/uploads\/2021\/09\/Poziv_JN_RCK-S-05-3_sedmi-turnus-enterostome-Rijeka.pdf\" type=\"application\/pdf\" style=\"width:100%;height:600px\" aria-label=\"Ugra\u0111eno Poziv_JN_RCK-S-05-3_sedmi-turnus-enterostome-Rijeka.\"><\/object><a href=\"https:\/\/www.medskvz.org\/web\/wp-content\/uploads\/2021\/09\/Poziv_JN_RCK-S-05-3_sedmi-turnus-enterostome-Rijeka.pdf\">Poziv_JN_RCK-S-05-3_sedmi-turnus-enterostome-Rijeka<\/a><a href=\"https:\/\/www.medskvz.org\/web\/wp-content\/uploads\/2021\/09\/Poziv_JN_RCK-S-05-3_sedmi-turnus-enterostome-Rijeka.pdf\" class=\"wp-block-file__button\" download>Preuzmi<\/a><\/div>\n\n\n\n<div class=\"wp-block-file\"><a href=\"https:\/\/www.medskvz.org\/web\/wp-content\/uploads\/2021\/09\/RCK-S-05-3_Ugovor_smjestaj-enterostoma-7.-turnus.docx\">RCK-S-05-3_Ugovor_smjestaj-enterostoma-7.-turnus<\/a><a href=\"https:\/\/www.medskvz.org\/web\/wp-content\/uploads\/2021\/09\/RCK-S-05-3_Ugovor_smjestaj-enterostoma-7.-turnus.docx\" class=\"wp-block-file__button\" download>Preuzmi<\/a><\/div>\n\n\n\n<div class=\"wp-block-file\"><a href=\"https:\/\/www.medskvz.org\/web\/wp-content\/uploads\/2021\/09\/POZIV_JN_RCK-S-05-3_sedmi-turnus-enterostome-Rijeka.docx\">POZIV_JN_RCK-S-05-3_sedmi-turnus-enterostome-Rijeka<\/a><a href=\"https:\/\/www.medskvz.org\/web\/wp-content\/uploads\/2021\/09\/POZIV_JN_RCK-S-05-3_sedmi-turnus-enterostome-Rijeka.docx\" class=\"wp-block-file__button\" download>Preuzmi<\/a><\/div>\n\n\n\n<div class=\"wp-block-image\"><figure class=\"aligncenter size-large is-resized\"><img loading=\"lazy\" src=\"https:\/\/www.medskvz.org\/web\/wp-content\/uploads\/2020\/10\/emblem-1-1024x322.png\" alt=\"\" class=\"wp-image-11022 colorbox-11044\" width=\"627\" height=\"197\" srcset=\"https:\/\/www.medskvz.org\/web\/wp-content\/uploads\/2020\/10\/emblem-1-1024x322.png 1024w, https:\/\/www.medskvz.org\/web\/wp-content\/uploads\/2020\/10\/emblem-1-300x94.png 300w, https:\/\/www.medskvz.org\/web\/wp-content\/uploads\/2020\/10\/emblem-1-768x242.png 768w, https:\/\/www.medskvz.org\/web\/wp-content\/uploads\/2020\/10\/emblem-1.png 1350w\" sizes=\"(max-width: 627px) 100vw, 627px\" \/><\/figure><\/div>\n\n\n<p><\/p>\n<p style=\"text-align: center;\"><em><span style=\"color: #999999;\">Sadr\u017eaj ove objave isklju\u010diva je odgovornost Medicinske \u0161kole Vara\u017edin.<\/span><\/em><\/p>\n<p><\/p>\n\n\n<div style=\"height:193px\" aria-hidden=\"true\" class=\"wp-block-spacer\"><\/div>\n\n\n\n<hr class=\"wp-block-separator aligncenter is-style-wide\"\/>\n\n\n\n<div class=\"wp-block-image\"><figure class=\"aligncenter size-large is-resized\"><img loading=\"lazy\" src=\"https:\/\/www.medskvz.org\/web\/wp-content\/uploads\/2020\/10\/Emblem-za-web-odrezan-1024x122.png\" alt=\"\" class=\"wp-image-11135 colorbox-11044\" width=\"671\" height=\"80\" srcset=\"https:\/\/www.medskvz.org\/web\/wp-content\/uploads\/2020\/10\/Emblem-za-web-odrezan-1024x122.png 1024w, https:\/\/www.medskvz.org\/web\/wp-content\/uploads\/2020\/10\/Emblem-za-web-odrezan-300x36.png 300w, https:\/\/www.medskvz.org\/web\/wp-content\/uploads\/2020\/10\/Emblem-za-web-odrezan-768x92.png 768w, https:\/\/www.medskvz.org\/web\/wp-content\/uploads\/2020\/10\/Emblem-za-web-odrezan-1536x183.png 1536w, https:\/\/www.medskvz.org\/web\/wp-content\/uploads\/2020\/10\/Emblem-za-web-odrezan-2048x244.png 2048w\" sizes=\"(max-width: 671px) 100vw, 671px\" \/><\/figure><\/div>\n\n\n\n<h5 style=\"text-align: center;\"><span style=\"color: #808080;\">Uspostava Regionalnog centra kompetentnosti inovativnih zdravstvenih tehnologija pri Medicinskoj \u0161koli Vara\u017edin<\/span><\/h5>\n\n\n\n<div class=\"wp-block-image\"><figure class=\"aligncenter size-large is-resized\"><img loading=\"lazy\" src=\"https:\/\/www.medskvz.org\/web\/wp-content\/uploads\/2021\/08\/NASLOVNA-VELIKA-1-edited-scaled.jpg\" alt=\"\" class=\"wp-image-12436 colorbox-11044\" width=\"733\" height=\"458\" srcset=\"https:\/\/www.medskvz.org\/web\/wp-content\/uploads\/2021\/08\/NASLOVNA-VELIKA-1-edited-scaled.jpg 2560w, https:\/\/www.medskvz.org\/web\/wp-content\/uploads\/2021\/08\/NASLOVNA-VELIKA-1-edited-300x188.jpg 300w, https:\/\/www.medskvz.org\/web\/wp-content\/uploads\/2021\/08\/NASLOVNA-VELIKA-1-edited-1024x640.jpg 1024w, https:\/\/www.medskvz.org\/web\/wp-content\/uploads\/2021\/08\/NASLOVNA-VELIKA-1-edited-768x480.jpg 768w, https:\/\/www.medskvz.org\/web\/wp-content\/uploads\/2021\/08\/NASLOVNA-VELIKA-1-edited-1536x960.jpg 1536w, https:\/\/www.medskvz.org\/web\/wp-content\/uploads\/2021\/08\/NASLOVNA-VELIKA-1-edited-2048x1281.jpg 2048w\" sizes=\"(max-width: 733px) 100vw, 733px\" \/><\/figure><\/div>\n\n\n\n<h6><span style=\"color: #999999;\"><em>Autor: Marko Vrtar, 30. kolovoza 2021.<\/em><\/span><\/h6>\n\n\n\n<h2><strong><strong><em><strong><em><strong><strong><strong><em><strong><strong><em><strong><em><strong><em><strong><em>SIMULACIJA U MODERNOJ MEDICINI &#8211; ZNA\u010cAJNA EDUKACIJA&nbsp; NASTAVNIKA MEDICINSKE \u0160KOLE VARA\u017dDIN I \u0160KOLA PARTNERA<\/em><\/strong><\/em><\/strong><\/em><\/strong><\/em><\/strong><\/strong><\/em><\/strong><\/strong><\/strong><\/em><\/strong><\/em><\/strong><\/strong><\/h2>\n\n\n\n<blockquote class=\"wp-block-quote\">\n<p><em>U Medicinskoj \u0161koli Vara\u017edin odr\u017eano je vrlo zna\u010dajno stru\u010dno usavr\u0161avanje nastavnika iz podru\u010dja simulacije u modernoj medicini od 5. do 6. srpnja 2021. godine. Edukaciju je vodio dr. Lukas Drabauer, lije\u010dnik specijalist hitne medicine posebno certificiran za edukacije s medicinskim simulatorima od strane me\u0111unarodnih organizacija za medicinsku simulaciju.&nbsp;<\/em><\/p>\n<\/blockquote>\n\n\n\n<figure class=\"wp-container-129 wp-block-gallery-128 wp-block-gallery columns-2 is-cropped\"><ul class=\"blocks-gallery-grid\"><li class=\"blocks-gallery-item\"><figure><img loading=\"lazy\" width=\"1024\" height=\"684\" src=\"https:\/\/www.medskvz.org\/web\/wp-content\/uploads\/2021\/08\/NULTA-VELIKA-1024x684.jpg\" alt=\"\" data-id=\"12437\" data-full-url=\"https:\/\/www.medskvz.org\/web\/wp-content\/uploads\/2021\/08\/NULTA-VELIKA-scaled.jpg\" data-link=\"https:\/\/www.medskvz.org\/web\/clanci-o-projektu\/nulta-velika\/\" class=\"wp-image-12437 colorbox-11044\" srcset=\"https:\/\/www.medskvz.org\/web\/wp-content\/uploads\/2021\/08\/NULTA-VELIKA-1024x684.jpg 1024w, https:\/\/www.medskvz.org\/web\/wp-content\/uploads\/2021\/08\/NULTA-VELIKA-300x200.jpg 300w, https:\/\/www.medskvz.org\/web\/wp-content\/uploads\/2021\/08\/NULTA-VELIKA-768x513.jpg 768w, https:\/\/www.medskvz.org\/web\/wp-content\/uploads\/2021\/08\/NULTA-VELIKA-1536x1025.jpg 1536w, https:\/\/www.medskvz.org\/web\/wp-content\/uploads\/2021\/08\/NULTA-VELIKA-2048x1367.jpg 2048w\" sizes=\"(max-width: 1024px) 100vw, 1024px\" \/><\/figure><\/li><li class=\"blocks-gallery-item\"><figure><img loading=\"lazy\" width=\"1024\" height=\"576\" src=\"https:\/\/www.medskvz.org\/web\/wp-content\/uploads\/2021\/08\/PRVA-VELIKA-1024x576.jpg\" alt=\"\" data-id=\"12438\" data-full-url=\"https:\/\/www.medskvz.org\/web\/wp-content\/uploads\/2021\/08\/PRVA-VELIKA-scaled.jpg\" data-link=\"https:\/\/www.medskvz.org\/web\/clanci-o-projektu\/prva-velika\/\" class=\"wp-image-12438 colorbox-11044\" srcset=\"https:\/\/www.medskvz.org\/web\/wp-content\/uploads\/2021\/08\/PRVA-VELIKA-1024x576.jpg 1024w, https:\/\/www.medskvz.org\/web\/wp-content\/uploads\/2021\/08\/PRVA-VELIKA-300x169.jpg 300w, https:\/\/www.medskvz.org\/web\/wp-content\/uploads\/2021\/08\/PRVA-VELIKA-768x432.jpg 768w, https:\/\/www.medskvz.org\/web\/wp-content\/uploads\/2021\/08\/PRVA-VELIKA-1536x864.jpg 1536w, https:\/\/www.medskvz.org\/web\/wp-content\/uploads\/2021\/08\/PRVA-VELIKA-2048x1152.jpg 2048w\" sizes=\"(max-width: 1024px) 100vw, 1024px\" \/><\/figure><\/li><\/ul><\/figure>\n\n\n\n<p>&nbsp;<\/p>\n<p><em>Stru\u010dno usavr\u0161avanje bilo je usmjereno oja\u010davanju odgojno-obrazovnih kompetencija na podru\u010dju implementacije simulacije kao metode u\u010denja i pou\u010davanja unutar strukovnog odgoja i obrazovanja.&nbsp;<\/em><\/p>\n<p><em>Nastavnici su tako\u0111er stekli i vje\u0161tine u radu sa najmodernijom opremom i medicinskim simulatorima koji nude mnogo mogu\u0107nosti kreiranja autenti\u010dnih simulacijskih okru\u017eenja i scenarija u postizanju strukovnih kompetencija.<\/em><\/p>\n<p><em>Realisti\u010dni scenariji&nbsp;u u\u010denju i stjecanju strukovnih vje\u0161tina omogu\u0107uju u\u010denicima usavr\u0161avanje vje\u0161tina na najvi\u0161oj razini prije reprodukcije i izvo\u0111enja istih neposrednu uz pacijenta u zdravstvenoj ustanovi.&nbsp;<\/em><\/p>\n<p><em>Iz tog razloga, edukacija iz podru\u010dja simulacije u medicini predstavlja&nbsp;veliku dodanu vrijednost ukupnom osna\u017eivanju nastavnika unutar Regionalnog centra kompetentnosti pri Medicinskoj \u0161koli Vara\u017edin koji \u0107e svojim u\u010denicima omogu\u0107iti najmodernije na\u010dine pou\u010davanja u strukovnom odgoju i obrazovanju.<\/em><\/p>\n\n\n\n<figure class=\"wp-container-131 wp-block-gallery-130 wp-block-gallery columns-3 is-cropped\"><ul class=\"blocks-gallery-grid\"><li class=\"blocks-gallery-item\"><figure><img loading=\"lazy\" width=\"1024\" height=\"576\" src=\"https:\/\/www.medskvz.org\/web\/wp-content\/uploads\/2021\/08\/CETVRTA-VELIKA-1024x576.jpg\" alt=\"\" data-id=\"12439\" data-full-url=\"https:\/\/www.medskvz.org\/web\/wp-content\/uploads\/2021\/08\/CETVRTA-VELIKA-scaled.jpg\" data-link=\"https:\/\/www.medskvz.org\/web\/clanci-o-projektu\/cetvrta-velika\/\" class=\"wp-image-12439 colorbox-11044\" srcset=\"https:\/\/www.medskvz.org\/web\/wp-content\/uploads\/2021\/08\/CETVRTA-VELIKA-1024x576.jpg 1024w, https:\/\/www.medskvz.org\/web\/wp-content\/uploads\/2021\/08\/CETVRTA-VELIKA-300x169.jpg 300w, https:\/\/www.medskvz.org\/web\/wp-content\/uploads\/2021\/08\/CETVRTA-VELIKA-768x432.jpg 768w, https:\/\/www.medskvz.org\/web\/wp-content\/uploads\/2021\/08\/CETVRTA-VELIKA-1536x864.jpg 1536w, https:\/\/www.medskvz.org\/web\/wp-content\/uploads\/2021\/08\/CETVRTA-VELIKA-2048x1152.jpg 2048w\" sizes=\"(max-width: 1024px) 100vw, 1024px\" \/><\/figure><\/li><li class=\"blocks-gallery-item\"><figure><img loading=\"lazy\" width=\"1024\" height=\"684\" src=\"https:\/\/www.medskvz.org\/web\/wp-content\/uploads\/2021\/08\/DRUGA-VELIKA-1024x684.jpg\" alt=\"\" data-id=\"12440\" data-full-url=\"https:\/\/www.medskvz.org\/web\/wp-content\/uploads\/2021\/08\/DRUGA-VELIKA-scaled.jpg\" data-link=\"https:\/\/www.medskvz.org\/web\/clanci-o-projektu\/druga-velika\/\" class=\"wp-image-12440 colorbox-11044\" srcset=\"https:\/\/www.medskvz.org\/web\/wp-content\/uploads\/2021\/08\/DRUGA-VELIKA-1024x684.jpg 1024w, https:\/\/www.medskvz.org\/web\/wp-content\/uploads\/2021\/08\/DRUGA-VELIKA-300x200.jpg 300w, https:\/\/www.medskvz.org\/web\/wp-content\/uploads\/2021\/08\/DRUGA-VELIKA-768x513.jpg 768w, https:\/\/www.medskvz.org\/web\/wp-content\/uploads\/2021\/08\/DRUGA-VELIKA-1536x1025.jpg 1536w, https:\/\/www.medskvz.org\/web\/wp-content\/uploads\/2021\/08\/DRUGA-VELIKA-2048x1367.jpg 2048w\" sizes=\"(max-width: 1024px) 100vw, 1024px\" \/><\/figure><\/li><li class=\"blocks-gallery-item\"><figure><img loading=\"lazy\" width=\"1024\" height=\"684\" src=\"https:\/\/www.medskvz.org\/web\/wp-content\/uploads\/2021\/08\/mala-3-1024x684.jpg\" alt=\"\" data-id=\"12441\" data-full-url=\"https:\/\/www.medskvz.org\/web\/wp-content\/uploads\/2021\/08\/mala-3-scaled.jpg\" data-link=\"https:\/\/www.medskvz.org\/web\/clanci-o-projektu\/mala-3\/\" class=\"wp-image-12441 colorbox-11044\" srcset=\"https:\/\/www.medskvz.org\/web\/wp-content\/uploads\/2021\/08\/mala-3-1024x684.jpg 1024w, https:\/\/www.medskvz.org\/web\/wp-content\/uploads\/2021\/08\/mala-3-300x200.jpg 300w, https:\/\/www.medskvz.org\/web\/wp-content\/uploads\/2021\/08\/mala-3-768x513.jpg 768w, https:\/\/www.medskvz.org\/web\/wp-content\/uploads\/2021\/08\/mala-3-1536x1025.jpg 1536w, https:\/\/www.medskvz.org\/web\/wp-content\/uploads\/2021\/08\/mala-3-2048x1367.jpg 2048w\" sizes=\"(max-width: 1024px) 100vw, 1024px\" \/><\/figure><\/li><li class=\"blocks-gallery-item\"><figure><img loading=\"lazy\" width=\"1024\" height=\"684\" src=\"https:\/\/www.medskvz.org\/web\/wp-content\/uploads\/2021\/08\/mala-4-1024x684.jpg\" alt=\"\" data-id=\"12442\" data-full-url=\"https:\/\/www.medskvz.org\/web\/wp-content\/uploads\/2021\/08\/mala-4-scaled.jpg\" data-link=\"https:\/\/www.medskvz.org\/web\/clanci-o-projektu\/mala-4\/\" class=\"wp-image-12442 colorbox-11044\" srcset=\"https:\/\/www.medskvz.org\/web\/wp-content\/uploads\/2021\/08\/mala-4-1024x684.jpg 1024w, https:\/\/www.medskvz.org\/web\/wp-content\/uploads\/2021\/08\/mala-4-300x200.jpg 300w, https:\/\/www.medskvz.org\/web\/wp-content\/uploads\/2021\/08\/mala-4-768x513.jpg 768w, https:\/\/www.medskvz.org\/web\/wp-content\/uploads\/2021\/08\/mala-4-1536x1025.jpg 1536w, https:\/\/www.medskvz.org\/web\/wp-content\/uploads\/2021\/08\/mala-4-2048x1367.jpg 2048w\" sizes=\"(max-width: 1024px) 100vw, 1024px\" \/><\/figure><\/li><li class=\"blocks-gallery-item\"><figure><img loading=\"lazy\" width=\"1024\" height=\"673\" src=\"https:\/\/www.medskvz.org\/web\/wp-content\/uploads\/2021\/08\/mala-5-1024x673.jpg\" alt=\"\" data-id=\"12443\" data-full-url=\"https:\/\/www.medskvz.org\/web\/wp-content\/uploads\/2021\/08\/mala-5-scaled.jpg\" data-link=\"https:\/\/www.medskvz.org\/web\/clanci-o-projektu\/mala-5\/\" class=\"wp-image-12443 colorbox-11044\" srcset=\"https:\/\/www.medskvz.org\/web\/wp-content\/uploads\/2021\/08\/mala-5-1024x673.jpg 1024w, https:\/\/www.medskvz.org\/web\/wp-content\/uploads\/2021\/08\/mala-5-300x197.jpg 300w, https:\/\/www.medskvz.org\/web\/wp-content\/uploads\/2021\/08\/mala-5-768x504.jpg 768w, https:\/\/www.medskvz.org\/web\/wp-content\/uploads\/2021\/08\/mala-5-1536x1009.jpg 1536w, https:\/\/www.medskvz.org\/web\/wp-content\/uploads\/2021\/08\/mala-5-2048x1345.jpg 2048w\" sizes=\"(max-width: 1024px) 100vw, 1024px\" \/><\/figure><\/li><li class=\"blocks-gallery-item\"><figure><img loading=\"lazy\" width=\"1024\" height=\"684\" src=\"https:\/\/www.medskvz.org\/web\/wp-content\/uploads\/2021\/08\/mala-6-1024x684.jpg\" alt=\"\" data-id=\"12444\" data-full-url=\"https:\/\/www.medskvz.org\/web\/wp-content\/uploads\/2021\/08\/mala-6-scaled.jpg\" data-link=\"https:\/\/www.medskvz.org\/web\/clanci-o-projektu\/mala-6\/\" class=\"wp-image-12444 colorbox-11044\" srcset=\"https:\/\/www.medskvz.org\/web\/wp-content\/uploads\/2021\/08\/mala-6-1024x684.jpg 1024w, https:\/\/www.medskvz.org\/web\/wp-content\/uploads\/2021\/08\/mala-6-300x200.jpg 300w, https:\/\/www.medskvz.org\/web\/wp-content\/uploads\/2021\/08\/mala-6-768x513.jpg 768w, https:\/\/www.medskvz.org\/web\/wp-content\/uploads\/2021\/08\/mala-6-1536x1025.jpg 1536w, https:\/\/www.medskvz.org\/web\/wp-content\/uploads\/2021\/08\/mala-6-2048x1367.jpg 2048w\" sizes=\"(max-width: 1024px) 100vw, 1024px\" \/><\/figure><\/li><li class=\"blocks-gallery-item\"><figure><img loading=\"lazy\" width=\"1024\" height=\"684\" src=\"https:\/\/www.medskvz.org\/web\/wp-content\/uploads\/2021\/08\/mala-7-1024x684.jpg\" alt=\"\" data-id=\"12445\" data-full-url=\"https:\/\/www.medskvz.org\/web\/wp-content\/uploads\/2021\/08\/mala-7-scaled.jpg\" data-link=\"https:\/\/www.medskvz.org\/web\/clanci-o-projektu\/mala-7\/\" class=\"wp-image-12445 colorbox-11044\" srcset=\"https:\/\/www.medskvz.org\/web\/wp-content\/uploads\/2021\/08\/mala-7-1024x684.jpg 1024w, https:\/\/www.medskvz.org\/web\/wp-content\/uploads\/2021\/08\/mala-7-300x200.jpg 300w, https:\/\/www.medskvz.org\/web\/wp-content\/uploads\/2021\/08\/mala-7-768x513.jpg 768w, https:\/\/www.medskvz.org\/web\/wp-content\/uploads\/2021\/08\/mala-7-1536x1025.jpg 1536w, https:\/\/www.medskvz.org\/web\/wp-content\/uploads\/2021\/08\/mala-7-2048x1367.jpg 2048w\" sizes=\"(max-width: 1024px) 100vw, 1024px\" \/><\/figure><\/li><li class=\"blocks-gallery-item\"><figure><img loading=\"lazy\" width=\"1024\" height=\"576\" src=\"https:\/\/www.medskvz.org\/web\/wp-content\/uploads\/2021\/08\/mala-1024x576.jpg\" alt=\"\" data-id=\"12447\" data-full-url=\"https:\/\/www.medskvz.org\/web\/wp-content\/uploads\/2021\/08\/mala-scaled.jpg\" data-link=\"https:\/\/www.medskvz.org\/web\/clanci-o-projektu\/mala\/\" class=\"wp-image-12447 colorbox-11044\" srcset=\"https:\/\/www.medskvz.org\/web\/wp-content\/uploads\/2021\/08\/mala-1024x576.jpg 1024w, https:\/\/www.medskvz.org\/web\/wp-content\/uploads\/2021\/08\/mala-300x169.jpg 300w, https:\/\/www.medskvz.org\/web\/wp-content\/uploads\/2021\/08\/mala-768x432.jpg 768w, https:\/\/www.medskvz.org\/web\/wp-content\/uploads\/2021\/08\/mala-1536x864.jpg 1536w, https:\/\/www.medskvz.org\/web\/wp-content\/uploads\/2021\/08\/mala-2048x1152.jpg 2048w\" sizes=\"(max-width: 1024px) 100vw, 1024px\" \/><\/figure><\/li><li class=\"blocks-gallery-item\"><figure><img loading=\"lazy\" width=\"768\" height=\"1024\" src=\"https:\/\/www.medskvz.org\/web\/wp-content\/uploads\/2021\/08\/TRECA-VELIKA-768x1024.jpg\" alt=\"\" data-id=\"12451\" data-full-url=\"https:\/\/www.medskvz.org\/web\/wp-content\/uploads\/2021\/08\/TRECA-VELIKA.jpg\" data-link=\"https:\/\/www.medskvz.org\/web\/clanci-o-projektu\/treca-velika\/\" class=\"wp-image-12451 colorbox-11044\" srcset=\"https:\/\/www.medskvz.org\/web\/wp-content\/uploads\/2021\/08\/TRECA-VELIKA-768x1024.jpg 768w, https:\/\/www.medskvz.org\/web\/wp-content\/uploads\/2021\/08\/TRECA-VELIKA-225x300.jpg 225w, https:\/\/www.medskvz.org\/web\/wp-content\/uploads\/2021\/08\/TRECA-VELIKA.jpg 960w\" sizes=\"(max-width: 768px) 100vw, 768px\" \/><\/figure><\/li><li class=\"blocks-gallery-item\"><figure><img loading=\"lazy\" width=\"1024\" height=\"768\" src=\"https:\/\/www.medskvz.org\/web\/wp-content\/uploads\/2021\/08\/ZADNJA-VELIKA-CK-1024x768.jpg\" alt=\"\" data-id=\"12452\" data-full-url=\"https:\/\/www.medskvz.org\/web\/wp-content\/uploads\/2021\/08\/ZADNJA-VELIKA-CK-scaled.jpg\" data-link=\"https:\/\/www.medskvz.org\/web\/clanci-o-projektu\/zadnja-velika-ck\/\" class=\"wp-image-12452 colorbox-11044\" srcset=\"https:\/\/www.medskvz.org\/web\/wp-content\/uploads\/2021\/08\/ZADNJA-VELIKA-CK-1024x768.jpg 1024w, https:\/\/www.medskvz.org\/web\/wp-content\/uploads\/2021\/08\/ZADNJA-VELIKA-CK-300x225.jpg 300w, https:\/\/www.medskvz.org\/web\/wp-content\/uploads\/2021\/08\/ZADNJA-VELIKA-CK-768x576.jpg 768w, https:\/\/www.medskvz.org\/web\/wp-content\/uploads\/2021\/08\/ZADNJA-VELIKA-CK-1536x1152.jpg 1536w, https:\/\/www.medskvz.org\/web\/wp-content\/uploads\/2021\/08\/ZADNJA-VELIKA-CK-2048x1536.jpg 2048w\" sizes=\"(max-width: 1024px) 100vw, 1024px\" \/><\/figure><\/li><li class=\"blocks-gallery-item\"><figure><img loading=\"lazy\" width=\"1024\" height=\"493\" src=\"https:\/\/www.medskvz.org\/web\/wp-content\/uploads\/2021\/08\/ZADNJA-VELIKA-PR-1024x493.jpg\" alt=\"\" data-id=\"12453\" data-full-url=\"https:\/\/www.medskvz.org\/web\/wp-content\/uploads\/2021\/08\/ZADNJA-VELIKA-PR-scaled.jpg\" data-link=\"https:\/\/www.medskvz.org\/web\/clanci-o-projektu\/qrf-2\/\" class=\"wp-image-12453 colorbox-11044\" srcset=\"https:\/\/www.medskvz.org\/web\/wp-content\/uploads\/2021\/08\/ZADNJA-VELIKA-PR-1024x493.jpg 1024w, https:\/\/www.medskvz.org\/web\/wp-content\/uploads\/2021\/08\/ZADNJA-VELIKA-PR-300x144.jpg 300w, https:\/\/www.medskvz.org\/web\/wp-content\/uploads\/2021\/08\/ZADNJA-VELIKA-PR-768x369.jpg 768w, https:\/\/www.medskvz.org\/web\/wp-content\/uploads\/2021\/08\/ZADNJA-VELIKA-PR-1536x739.jpg 1536w, https:\/\/www.medskvz.org\/web\/wp-content\/uploads\/2021\/08\/ZADNJA-VELIKA-PR-2048x985.jpg 2048w\" sizes=\"(max-width: 1024px) 100vw, 1024px\" \/><figcaption class=\"blocks-gallery-item__caption\">qrf<\/figcaption><\/figure><\/li><\/ul><\/figure>\n\n\n\n<p><em>U stru\u010dnom usavr\u0161avanju sudjelovalo je ukupno 10 nastavnika Stru\u010dnog aktiva nastavnika zdravstvene njege te fizioterapije iz Medicinske \u0161kole Vara\u017edin.&nbsp;<\/em><\/p>\n<p><em>Osim u Medicinskoj \u0161koli Vara\u017edin, stru\u010dno usavr\u0161avanje odr\u017ealo se u \u0161kolama partnerima na projektu: Srednjoj \u0161koli \u010cakovec te Srednjoj \u0161koli Pregrada. U \u0161kolama partnerima na stru\u010dnom uisavr\u0161avanju ukupno je sudjelovalo 20 nastavnika zdravstvene njege i fizioterapije.&nbsp;<\/em><\/p>\n<p>&nbsp;<\/p>\n\n\n\n<div class=\"wp-container-134 wp-block-columns\">\n<div class=\"wp-container-132 wp-block-column\">\n<figure class=\"wp-block-image size-large is-resized\"><img loading=\"lazy\" src=\"https:\/\/www.medskvz.org\/web\/wp-content\/uploads\/2020\/10\/emblem-1-1024x322.png\" alt=\"\" class=\"wp-image-11022 colorbox-11044\" width=\"312\" height=\"98\" srcset=\"https:\/\/www.medskvz.org\/web\/wp-content\/uploads\/2020\/10\/emblem-1-1024x322.png 1024w, https:\/\/www.medskvz.org\/web\/wp-content\/uploads\/2020\/10\/emblem-1-300x94.png 300w, https:\/\/www.medskvz.org\/web\/wp-content\/uploads\/2020\/10\/emblem-1-768x242.png 768w, https:\/\/www.medskvz.org\/web\/wp-content\/uploads\/2020\/10\/emblem-1.png 1350w\" sizes=\"(max-width: 312px) 100vw, 312px\" \/><\/figure>\n<\/div>\n\n\n\n<div class=\"wp-container-133 wp-block-column\">\n<p><\/p>\n<p><strong><em>Patricija Jakopovi\u0107, mag. sestrinstva<\/em><\/strong><\/p>\n<h6><strong><em>Koordinator unaprje\u0111enja i provedbe programa obrazovanja<\/em><\/strong><\/h6>\n<\/div>\n<\/div>\n\n\n<p><\/p>\n<p style=\"text-align: center;\"><em><span style=\"color: #999999;\">Sadr\u017eaj ove objave isklju\u010diva je odgovornost Medicinske \u0161kole Vara\u017edin.<\/span><\/em><\/p>\n<p><\/p>\n\n\n<div style=\"height:193px\" aria-hidden=\"true\" class=\"wp-block-spacer\"><\/div>\n\n\n\n<hr class=\"wp-block-separator aligncenter is-style-wide\"\/>\n\n\n\n<div class=\"wp-block-image\"><figure class=\"aligncenter size-large is-resized\"><img loading=\"lazy\" src=\"https:\/\/www.medskvz.org\/web\/wp-content\/uploads\/2020\/10\/Emblem-za-web-odrezan-1024x122.png\" alt=\"\" class=\"wp-image-11135 colorbox-11044\" width=\"671\" height=\"80\" srcset=\"https:\/\/www.medskvz.org\/web\/wp-content\/uploads\/2020\/10\/Emblem-za-web-odrezan-1024x122.png 1024w, https:\/\/www.medskvz.org\/web\/wp-content\/uploads\/2020\/10\/Emblem-za-web-odrezan-300x36.png 300w, https:\/\/www.medskvz.org\/web\/wp-content\/uploads\/2020\/10\/Emblem-za-web-odrezan-768x92.png 768w, https:\/\/www.medskvz.org\/web\/wp-content\/uploads\/2020\/10\/Emblem-za-web-odrezan-1536x183.png 1536w, https:\/\/www.medskvz.org\/web\/wp-content\/uploads\/2020\/10\/Emblem-za-web-odrezan-2048x244.png 2048w\" sizes=\"(max-width: 671px) 100vw, 671px\" \/><\/figure><\/div>\n\n\n\n<h5 style=\"text-align: center;\"><span style=\"color: #808080;\">Uspostava Regionalnog centra kompetentnosti inovativnih zdravstvenih tehnologija pri Medicinskoj \u0161koli Vara\u017edin<\/span><\/h5>\n\n\n\n<div class=\"wp-block-image\"><figure class=\"aligncenter size-large is-resized\"><img loading=\"lazy\" src=\"https:\/\/www.medskvz.org\/web\/wp-content\/uploads\/2021\/08\/Naslovna-slika-1024x768.jpg\" alt=\"\" class=\"wp-image-12418 colorbox-11044\" width=\"788\" height=\"591\" srcset=\"https:\/\/www.medskvz.org\/web\/wp-content\/uploads\/2021\/08\/Naslovna-slika-1024x768.jpg 1024w, https:\/\/www.medskvz.org\/web\/wp-content\/uploads\/2021\/08\/Naslovna-slika-300x225.jpg 300w, https:\/\/www.medskvz.org\/web\/wp-content\/uploads\/2021\/08\/Naslovna-slika-768x576.jpg 768w, https:\/\/www.medskvz.org\/web\/wp-content\/uploads\/2021\/08\/Naslovna-slika-1536x1152.jpg 1536w, https:\/\/www.medskvz.org\/web\/wp-content\/uploads\/2021\/08\/Naslovna-slika-2048x1536.jpg 2048w\" sizes=\"(max-width: 788px) 100vw, 788px\" \/><\/figure><\/div>\n\n\n\n<h6><span style=\"color: #999999;\"><em>Autor: Marko Vrtar, 23. kolovoza 2021.<\/em><\/span><\/h6>\n\n\n\n<h2><strong><strong><em><strong><em><strong><strong><strong><em><strong><strong><em><strong><em><strong><em>ZAVR\u0160IO 5. TURNUS STRU\u010cNOG USAVR\u0160AVANJA IZ PODRU\u010cJA ENTEROSTOMALNE TERAPIJE<\/em><\/strong><\/em><\/strong><\/em><\/strong><\/strong><\/em><\/strong><\/strong><\/strong><\/em><\/strong><\/em><\/strong><\/strong><\/h2>\n\n\n\n<blockquote class=\"wp-block-quote\">\n<p><em>Nastavnici Medicinske \u0161kole Vara\u017edin uspje\u0161no su sudjelovali na petom turnusu stru\u010dnog usavr\u0161avanja iz podru\u010dja enterostomalne terapije. Turnus se odr\u017eao na Fakultetu zdravstvenih studija u Rijeci, Zavodu za intenzivnu kirur\u0161ku njegu i ambulanti za enterostomalnu terapiju Klini\u010dkog bolni\u010dkog centra Rijeka, u periodu od 12. do 16. srpnja 2021. godine. <\/em><\/p>\n<\/blockquote>\n\n\n\n<figure class=\"wp-container-136 wp-block-gallery-135 wp-block-gallery columns-2 is-cropped\"><ul class=\"blocks-gallery-grid\"><li class=\"blocks-gallery-item\"><figure><img loading=\"lazy\" width=\"1024\" height=\"768\" src=\"https:\/\/www.medskvz.org\/web\/wp-content\/uploads\/2021\/08\/20210712_172704-1024x768.jpg\" alt=\"\" data-id=\"12419\" data-full-url=\"https:\/\/www.medskvz.org\/web\/wp-content\/uploads\/2021\/08\/20210712_172704-scaled.jpg\" data-link=\"https:\/\/www.medskvz.org\/web\/clanci-o-projektu\/20210712_172704\/\" class=\"wp-image-12419 colorbox-11044\" srcset=\"https:\/\/www.medskvz.org\/web\/wp-content\/uploads\/2021\/08\/20210712_172704-1024x768.jpg 1024w, https:\/\/www.medskvz.org\/web\/wp-content\/uploads\/2021\/08\/20210712_172704-300x225.jpg 300w, https:\/\/www.medskvz.org\/web\/wp-content\/uploads\/2021\/08\/20210712_172704-768x576.jpg 768w, https:\/\/www.medskvz.org\/web\/wp-content\/uploads\/2021\/08\/20210712_172704-1536x1152.jpg 1536w, https:\/\/www.medskvz.org\/web\/wp-content\/uploads\/2021\/08\/20210712_172704-2048x1536.jpg 2048w\" sizes=\"(max-width: 1024px) 100vw, 1024px\" \/><\/figure><\/li><li class=\"blocks-gallery-item\"><figure><img loading=\"lazy\" width=\"1024\" height=\"768\" src=\"https:\/\/www.medskvz.org\/web\/wp-content\/uploads\/2021\/08\/20210712_172825-1024x768.jpg\" alt=\"\" data-id=\"12420\" data-full-url=\"https:\/\/www.medskvz.org\/web\/wp-content\/uploads\/2021\/08\/20210712_172825-scaled.jpg\" data-link=\"https:\/\/www.medskvz.org\/web\/clanci-o-projektu\/20210712_172825\/\" class=\"wp-image-12420 colorbox-11044\" srcset=\"https:\/\/www.medskvz.org\/web\/wp-content\/uploads\/2021\/08\/20210712_172825-1024x768.jpg 1024w, https:\/\/www.medskvz.org\/web\/wp-content\/uploads\/2021\/08\/20210712_172825-300x225.jpg 300w, https:\/\/www.medskvz.org\/web\/wp-content\/uploads\/2021\/08\/20210712_172825-768x576.jpg 768w, https:\/\/www.medskvz.org\/web\/wp-content\/uploads\/2021\/08\/20210712_172825-1536x1152.jpg 1536w, https:\/\/www.medskvz.org\/web\/wp-content\/uploads\/2021\/08\/20210712_172825-2048x1536.jpg 2048w\" sizes=\"(max-width: 1024px) 100vw, 1024px\" \/><\/figure><\/li><\/ul><\/figure>\n\n\n\n<p>Peti turnus u ve\u0107em se dijelu odr\u017eao u okru\u017eenju stjecanja klini\u010dkih vje\u0161tina. <br>Nastavnici koji sudjeluju na stru\u010dnom usavr\u0161avanju stekli su i usavr\u0161ili vje\u0161tine entetostomalnih terapeuta u zbrinjavanja stoma i fistula, primjeni ostomijskih pomagala te edukaciji enterostomalnih pacijenata.<\/p>\n<p>Klini\u010dku nastavu i vje\u017ebe u KBC-u Rijeka te predavanja na Fakultetu zdravstvenih studija odr\u017eali su stru\u010dnjaci na podru\u010dju sestrinstva.<\/p>\n<p>U odr\u017eavanju 5. turnusa stru\u010dnog usavr\u0161avanja sudjelovali su nastavnici Medicinske \u0161kole Vara\u017edin te \u0161kola partnera na projektu: Srednje \u0161kole \u010cakovec i Srednje \u0161kole Pregrada.<\/p>\n\n\n\n<div class=\"wp-container-139 wp-block-columns\">\n<div class=\"wp-container-137 wp-block-column\">\n<figure class=\"wp-block-image size-large is-resized\"><img loading=\"lazy\" src=\"https:\/\/www.medskvz.org\/web\/wp-content\/uploads\/2020\/10\/emblem-1-1024x322.png\" alt=\"\" class=\"wp-image-11022 colorbox-11044\" width=\"312\" height=\"98\" srcset=\"https:\/\/www.medskvz.org\/web\/wp-content\/uploads\/2020\/10\/emblem-1-1024x322.png 1024w, https:\/\/www.medskvz.org\/web\/wp-content\/uploads\/2020\/10\/emblem-1-300x94.png 300w, https:\/\/www.medskvz.org\/web\/wp-content\/uploads\/2020\/10\/emblem-1-768x242.png 768w, https:\/\/www.medskvz.org\/web\/wp-content\/uploads\/2020\/10\/emblem-1.png 1350w\" sizes=\"(max-width: 312px) 100vw, 312px\" \/><\/figure>\n<\/div>\n\n\n\n<div class=\"wp-container-138 wp-block-column\">\n<p><\/p>\n<p><strong><em>Patricija Jakopovi\u0107, mag. sestrinstva<\/em><\/strong><\/p>\n<h6><strong><em>Koordinator unaprje\u0111enja i provedbe programa obrazovanja<\/em><\/strong><\/h6>\n<\/div>\n<\/div>\n\n\n<p><\/p>\n<p style=\"text-align: center;\"><em><span style=\"color: #999999;\">Sadr\u017eaj ove objave isklju\u010diva je odgovornost Medicinske \u0161kole Vara\u017edin.<\/span><\/em><\/p>\n<p><\/p>\n\n\n<div style=\"height:193px\" aria-hidden=\"true\" class=\"wp-block-spacer\"><\/div>\n\n\n\n<hr class=\"wp-block-separator aligncenter is-style-wide\"\/>\n\n\n\n<div class=\"wp-block-image\"><figure class=\"aligncenter size-large is-resized\"><img loading=\"lazy\" src=\"https:\/\/www.medskvz.org\/web\/wp-content\/uploads\/2020\/10\/Emblem-za-web-odrezan-1024x122.png\" alt=\"\" class=\"wp-image-11135 colorbox-11044\" width=\"671\" height=\"80\" srcset=\"https:\/\/www.medskvz.org\/web\/wp-content\/uploads\/2020\/10\/Emblem-za-web-odrezan-1024x122.png 1024w, https:\/\/www.medskvz.org\/web\/wp-content\/uploads\/2020\/10\/Emblem-za-web-odrezan-300x36.png 300w, https:\/\/www.medskvz.org\/web\/wp-content\/uploads\/2020\/10\/Emblem-za-web-odrezan-768x92.png 768w, https:\/\/www.medskvz.org\/web\/wp-content\/uploads\/2020\/10\/Emblem-za-web-odrezan-1536x183.png 1536w, https:\/\/www.medskvz.org\/web\/wp-content\/uploads\/2020\/10\/Emblem-za-web-odrezan-2048x244.png 2048w\" sizes=\"(max-width: 671px) 100vw, 671px\" \/><\/figure><\/div>\n\n\n\n<h5 style=\"text-align: center;\"><span style=\"color: #808080;\">Uspostava Regionalnog centra kompetentnosti inovativnih zdravstvenih tehnologija pri Medicinskoj \u0161koli Vara\u017edin<\/span><\/h5>\n\n\n\n<h2><strong><strong><em><strong><em><strong><strong><strong><em><strong><strong><em><strong><em>Dokumentacija o postupku jednostavne nabave &#8211; smje\u0161taj enterostoma (6. turnus) <\/em><\/strong><\/em><\/strong><\/strong><\/em><\/strong><\/strong><\/strong><\/em><\/strong><\/em><\/strong><\/strong><\/h2>\n\n\n\n<p><\/p>\n\n\n\n<h6><span style=\"color: #999999;\"><em>17. kolovoz 2021.<\/em><\/span><\/h6>\n\n\n\n<div class=\"wp-block-file\"><object class=\"wp-block-file__embed\" data=\"https:\/\/www.medskvz.org\/web\/wp-content\/uploads\/2021\/08\/POZIV_JN_RCK-S-05-2_sesti-turnus-enterostome-Rijeka10874.pdf\" type=\"application\/pdf\" style=\"width:100%;height:600px\" aria-label=\"Ugra\u0111eno POZIV_JN_RCK-S-05-2_sesti-turnus-enterostome-Rijeka10874.\"><\/object><a href=\"https:\/\/www.medskvz.org\/web\/wp-content\/uploads\/2021\/08\/POZIV_JN_RCK-S-05-2_sesti-turnus-enterostome-Rijeka10874.pdf\">POZIV_JN_RCK-S-05-2_sesti-turnus-enterostome-Rijeka10874<\/a><a href=\"https:\/\/www.medskvz.org\/web\/wp-content\/uploads\/2021\/08\/POZIV_JN_RCK-S-05-2_sesti-turnus-enterostome-Rijeka10874.pdf\" class=\"wp-block-file__button\" download>Preuzmi<\/a><\/div>\n\n\n\n<div class=\"wp-block-file\"><a href=\"https:\/\/www.medskvz.org\/web\/wp-content\/uploads\/2021\/08\/POZIV_JN_RCK-S-05-2_sesti-turnus-enterostome-Rijeka10873.docx\">POZIV_JN_RCK-S-05-2_sesti-turnus-enterostome-Rijeka10873<\/a><a href=\"https:\/\/www.medskvz.org\/web\/wp-content\/uploads\/2021\/08\/POZIV_JN_RCK-S-05-2_sesti-turnus-enterostome-Rijeka10873.docx\" class=\"wp-block-file__button\" download>Preuzmi<\/a><\/div>\n\n\n\n<div class=\"wp-block-file\"><a href=\"https:\/\/www.medskvz.org\/web\/wp-content\/uploads\/2021\/08\/RCK-S-05-2_Ugovor_smjestaj-enterostoma-sesti-turnus10875.docx\">RCK-S-05-2_Ugovor_smjestaj-enterostoma-sesti-turnus10875<\/a><a href=\"https:\/\/www.medskvz.org\/web\/wp-content\/uploads\/2021\/08\/RCK-S-05-2_Ugovor_smjestaj-enterostoma-sesti-turnus10875.docx\" class=\"wp-block-file__button\" download>Preuzmi<\/a><\/div>\n\n\n\n<div class=\"wp-block-image\"><figure class=\"aligncenter size-large is-resized\"><img loading=\"lazy\" src=\"https:\/\/www.medskvz.org\/web\/wp-content\/uploads\/2020\/10\/emblem-1-1024x322.png\" alt=\"\" class=\"wp-image-11022 colorbox-11044\" width=\"627\" height=\"197\" srcset=\"https:\/\/www.medskvz.org\/web\/wp-content\/uploads\/2020\/10\/emblem-1-1024x322.png 1024w, https:\/\/www.medskvz.org\/web\/wp-content\/uploads\/2020\/10\/emblem-1-300x94.png 300w, https:\/\/www.medskvz.org\/web\/wp-content\/uploads\/2020\/10\/emblem-1-768x242.png 768w, https:\/\/www.medskvz.org\/web\/wp-content\/uploads\/2020\/10\/emblem-1.png 1350w\" sizes=\"(max-width: 627px) 100vw, 627px\" \/><\/figure><\/div>\n\n\n<p><\/p>\n<p style=\"text-align: center;\"><em><span style=\"color: #999999;\">Sadr\u017eaj ove objave isklju\u010diva je odgovornost Medicinske \u0161kole Vara\u017edin.<\/span><\/em><\/p>\n<p><\/p>\n\n\n<div style=\"height:193px\" aria-hidden=\"true\" class=\"wp-block-spacer\"><\/div>\n\n\n\n<hr class=\"wp-block-separator aligncenter is-style-wide\"\/>\n\n\n\n<div class=\"wp-block-image\"><figure class=\"aligncenter size-large is-resized\"><img loading=\"lazy\" src=\"https:\/\/www.medskvz.org\/web\/wp-content\/uploads\/2020\/10\/Emblem-za-web-odrezan-1024x122.png\" alt=\"\" class=\"wp-image-11135 colorbox-11044\" width=\"671\" height=\"80\" srcset=\"https:\/\/www.medskvz.org\/web\/wp-content\/uploads\/2020\/10\/Emblem-za-web-odrezan-1024x122.png 1024w, https:\/\/www.medskvz.org\/web\/wp-content\/uploads\/2020\/10\/Emblem-za-web-odrezan-300x36.png 300w, https:\/\/www.medskvz.org\/web\/wp-content\/uploads\/2020\/10\/Emblem-za-web-odrezan-768x92.png 768w, https:\/\/www.medskvz.org\/web\/wp-content\/uploads\/2020\/10\/Emblem-za-web-odrezan-1536x183.png 1536w, https:\/\/www.medskvz.org\/web\/wp-content\/uploads\/2020\/10\/Emblem-za-web-odrezan-2048x244.png 2048w\" sizes=\"(max-width: 671px) 100vw, 671px\" \/><\/figure><\/div>\n\n\n\n<h5 style=\"text-align: center;\"><span style=\"color: #808080;\">Uspostava Regionalnog centra kompetentnosti inovativnih zdravstvenih tehnologija pri Medicinskoj \u0161koli Vara\u017edin<\/span><\/h5>\n\n\n\n<div class=\"wp-block-image\"><figure class=\"aligncenter size-large is-resized\"><img loading=\"lazy\" src=\"https:\/\/www.medskvz.org\/web\/wp-content\/uploads\/2021\/07\/Velika-slika-2-edited-scaled.jpg\" alt=\"\" class=\"wp-image-12336 colorbox-11044\" width=\"784\" height=\"440\" srcset=\"https:\/\/www.medskvz.org\/web\/wp-content\/uploads\/2021\/07\/Velika-slika-2-edited-scaled.jpg 2560w, https:\/\/www.medskvz.org\/web\/wp-content\/uploads\/2021\/07\/Velika-slika-2-edited-300x169.jpg 300w, https:\/\/www.medskvz.org\/web\/wp-content\/uploads\/2021\/07\/Velika-slika-2-edited-1024x576.jpg 1024w, https:\/\/www.medskvz.org\/web\/wp-content\/uploads\/2021\/07\/Velika-slika-2-edited-768x432.jpg 768w, https:\/\/www.medskvz.org\/web\/wp-content\/uploads\/2021\/07\/Velika-slika-2-edited-1536x864.jpg 1536w, https:\/\/www.medskvz.org\/web\/wp-content\/uploads\/2021\/07\/Velika-slika-2-edited-2048x1152.jpg 2048w\" sizes=\"(max-width: 784px) 100vw, 784px\" \/><\/figure><\/div>\n\n\n\n<h6><span style=\"color: #999999;\"><em>Autor: Marko Vrtar, 01. srpanj 2021.<\/em><\/span><\/h6>\n\n\n\n<h2><strong><strong><em><strong><em><strong><strong><strong><em><strong><strong><em><strong><em>NASTAVNICI AKTIVNO SUDJELOVALI NA&nbsp;&nbsp;9. KONGRESU HRVATSKE UDRUGE MEDICINSKIH SESTARA S ME\u0110UNARODNIM SUDJELOVANJEM: &#8220;SESTRINSTVO BEZ GRANICA&#8221;<\/em><\/strong><\/em><\/strong><\/strong><\/em><\/strong><\/strong><\/strong><\/em><\/strong><\/em><\/strong><\/strong><\/h2>\n\n\n\n<blockquote class=\"wp-block-quote\">\n<p><em>Nastavnici zdravstvene njege Medicinske \u0161kole Vara\u017edin te Srednje \u0161kole \u010cakovec i Srednje \u0161kole Pregrada u sklopu projekta Medicinske \u0161kole Vara\u017edin sudjelovali su&nbsp;na me\u0111unarodnome kongresu u organizaciji&nbsp;Hrvatske udruge medicinskih sestra. Ukupno je sudjelovalo 8 nastavnika. Kongres je odr\u017ean u Opatiji u Milenij Grand hotelu 4 opatijska cvijeta u kongresnom centru, a trajao je od 17. do 20. lipnja 2021. godine.<\/em><\/p>\n<\/blockquote>\n\n\n\n<figure class=\"wp-container-141 wp-block-gallery-140 wp-block-gallery columns-2 is-cropped\"><ul class=\"blocks-gallery-grid\"><li class=\"blocks-gallery-item\"><figure><img loading=\"lazy\" width=\"1024\" height=\"1018\" src=\"https:\/\/www.medskvz.org\/web\/wp-content\/uploads\/2021\/07\/SLIKA-PATRICIJA-JAKOPOVIC-1-1024x1018.jpg\" alt=\"\" data-id=\"12339\" data-full-url=\"https:\/\/www.medskvz.org\/web\/wp-content\/uploads\/2021\/07\/SLIKA-PATRICIJA-JAKOPOVIC-1-scaled.jpg\" data-link=\"https:\/\/www.medskvz.org\/web\/clanci-o-projektu\/slika-patricija-jakopovic-1\/\" class=\"wp-image-12339 colorbox-11044\" srcset=\"https:\/\/www.medskvz.org\/web\/wp-content\/uploads\/2021\/07\/SLIKA-PATRICIJA-JAKOPOVIC-1-1024x1018.jpg 1024w, https:\/\/www.medskvz.org\/web\/wp-content\/uploads\/2021\/07\/SLIKA-PATRICIJA-JAKOPOVIC-1-300x298.jpg 300w, https:\/\/www.medskvz.org\/web\/wp-content\/uploads\/2021\/07\/SLIKA-PATRICIJA-JAKOPOVIC-1-150x150.jpg 150w, https:\/\/www.medskvz.org\/web\/wp-content\/uploads\/2021\/07\/SLIKA-PATRICIJA-JAKOPOVIC-1-768x763.jpg 768w, https:\/\/www.medskvz.org\/web\/wp-content\/uploads\/2021\/07\/SLIKA-PATRICIJA-JAKOPOVIC-1-1536x1527.jpg 1536w, https:\/\/www.medskvz.org\/web\/wp-content\/uploads\/2021\/07\/SLIKA-PATRICIJA-JAKOPOVIC-1-2048x2036.jpg 2048w\" sizes=\"(max-width: 1024px) 100vw, 1024px\" \/><\/figure><\/li><li class=\"blocks-gallery-item\"><figure><img loading=\"lazy\" width=\"1024\" height=\"768\" src=\"https:\/\/www.medskvz.org\/web\/wp-content\/uploads\/2021\/07\/SLIKA-IVA-DELONGA-HABEK-1024x768.jpg\" alt=\"\" data-id=\"12340\" data-full-url=\"https:\/\/www.medskvz.org\/web\/wp-content\/uploads\/2021\/07\/SLIKA-IVA-DELONGA-HABEK-scaled.jpg\" data-link=\"https:\/\/www.medskvz.org\/web\/clanci-o-projektu\/slika-iva-delonga-habek\/\" class=\"wp-image-12340 colorbox-11044\" srcset=\"https:\/\/www.medskvz.org\/web\/wp-content\/uploads\/2021\/07\/SLIKA-IVA-DELONGA-HABEK-1024x768.jpg 1024w, https:\/\/www.medskvz.org\/web\/wp-content\/uploads\/2021\/07\/SLIKA-IVA-DELONGA-HABEK-300x225.jpg 300w, https:\/\/www.medskvz.org\/web\/wp-content\/uploads\/2021\/07\/SLIKA-IVA-DELONGA-HABEK-768x576.jpg 768w, https:\/\/www.medskvz.org\/web\/wp-content\/uploads\/2021\/07\/SLIKA-IVA-DELONGA-HABEK-1536x1152.jpg 1536w, https:\/\/www.medskvz.org\/web\/wp-content\/uploads\/2021\/07\/SLIKA-IVA-DELONGA-HABEK-2048x1536.jpg 2048w\" sizes=\"(max-width: 1024px) 100vw, 1024px\" \/><\/figure><\/li><\/ul><\/figure>\n\n\n\n<p><em>Nastavnice Patricija Jakopovi\u0107 i Iva Delonga Habek na kongresu su sudjelovale kao aktivni sudionici te su odr\u017eale predavanja o provedenim znanstvenim&nbsp;istra\u017eivanjima na podru\u010dju odgoja i obrazovanja u zdravstvenoj njezi.&nbsp;<\/em><\/p>\n<p><em>Nastavnica Jakopovi\u0107 odr\u017eala je predavanje na temu: Pojavnost anksioznosti i mehanizmi suo\u010davanja u\u010denika zavr\u0161noga razreda smjera medicinska sestra\/tehni\u010dar op\u0107e njege, \u010detverogodi\u0161njega strukovnog usmjerenja te zavr\u0161noga razreda gimnazije.&nbsp;<\/em><\/p>\n<p><em>Tema predavanja nastavnice Delonge Habek glasila je: Mi\u0161ljenja o u\u010denju i navike u\u010denja u\u010denika Medicinske \u0161kole Vara\u017edin<\/em><\/p>\n<p><em>&nbsp;<\/em><\/p>\n\n\n\n<figure class=\"wp-container-143 wp-block-gallery-142 wp-block-gallery columns-2 is-cropped\"><ul class=\"blocks-gallery-grid\"><li class=\"blocks-gallery-item\"><figure><img loading=\"lazy\" width=\"1024\" height=\"768\" src=\"https:\/\/www.medskvz.org\/web\/wp-content\/uploads\/2021\/07\/Mala-slika-1024x768.jpg\" alt=\"\" data-id=\"12341\" data-full-url=\"https:\/\/www.medskvz.org\/web\/wp-content\/uploads\/2021\/07\/Mala-slika-scaled.jpg\" data-link=\"https:\/\/www.medskvz.org\/web\/clanci-o-projektu\/mala-slika\/\" class=\"wp-image-12341 colorbox-11044\" srcset=\"https:\/\/www.medskvz.org\/web\/wp-content\/uploads\/2021\/07\/Mala-slika-1024x768.jpg 1024w, https:\/\/www.medskvz.org\/web\/wp-content\/uploads\/2021\/07\/Mala-slika-300x225.jpg 300w, https:\/\/www.medskvz.org\/web\/wp-content\/uploads\/2021\/07\/Mala-slika-768x576.jpg 768w, https:\/\/www.medskvz.org\/web\/wp-content\/uploads\/2021\/07\/Mala-slika-1536x1152.jpg 1536w, https:\/\/www.medskvz.org\/web\/wp-content\/uploads\/2021\/07\/Mala-slika-2048x1536.jpg 2048w\" sizes=\"(max-width: 1024px) 100vw, 1024px\" \/><\/figure><\/li><li class=\"blocks-gallery-item\"><figure><img loading=\"lazy\" width=\"1024\" height=\"768\" src=\"https:\/\/www.medskvz.org\/web\/wp-content\/uploads\/2021\/07\/Velika-slika-svi-1024x768.jpg\" alt=\"\" data-id=\"12342\" data-full-url=\"https:\/\/www.medskvz.org\/web\/wp-content\/uploads\/2021\/07\/Velika-slika-svi-scaled.jpg\" data-link=\"https:\/\/www.medskvz.org\/web\/clanci-o-projektu\/velika-slika-svi\/\" class=\"wp-image-12342 colorbox-11044\" srcset=\"https:\/\/www.medskvz.org\/web\/wp-content\/uploads\/2021\/07\/Velika-slika-svi-1024x768.jpg 1024w, https:\/\/www.medskvz.org\/web\/wp-content\/uploads\/2021\/07\/Velika-slika-svi-300x225.jpg 300w, https:\/\/www.medskvz.org\/web\/wp-content\/uploads\/2021\/07\/Velika-slika-svi-768x576.jpg 768w, https:\/\/www.medskvz.org\/web\/wp-content\/uploads\/2021\/07\/Velika-slika-svi-1536x1152.jpg 1536w, https:\/\/www.medskvz.org\/web\/wp-content\/uploads\/2021\/07\/Velika-slika-svi-2048x1536.jpg 2048w\" sizes=\"(max-width: 1024px) 100vw, 1024px\" \/><\/figure><\/li><\/ul><\/figure>\n\n\n\n<p><em>Opse\u017ean program kongresa omogu\u0107io je nastavnicima cjelodnevno sudjelovanje na brojnim stru\u010dnim predavanjima iz razli\u010ditih podru\u010dja sestrinstva. Predstavljena su mnogobrojna nova saznanja na podru\u010dju zdravstvene njege i podu\u010davanja&nbsp;u zdravstvenoj njezi.&nbsp;<\/em><\/p>\n<p><em>Plenarni predava\u010di kongresa te drugi aktivni sudionici kongresa bili su stru\u010dnjaci iz podru\u010dja sestrinstva i medicine.&nbsp;<\/em><\/p>\n<p><em>Sudjelovanje nastavnika na ovom kongresu velik je doprinos ukupnom osna\u017eivanju nastavnika unutar Regionalnog centra kompetentnosti inovativnih zdravstvenih tehnologija pri Medicinskoj \u0161koli Vara\u017edin te dodatna motivacija nastavnika u svakodnevnome radu.&nbsp;<\/em><\/p>\n<p>&nbsp;<\/p>\n\n\n\n\n\n<div class=\"wp-container-146 wp-block-columns\">\n<div class=\"wp-container-144 wp-block-column\">\n<figure class=\"wp-block-image size-large is-resized\"><img loading=\"lazy\" src=\"https:\/\/www.medskvz.org\/web\/wp-content\/uploads\/2020\/10\/emblem-1-1024x322.png\" alt=\"\" class=\"wp-image-11022 colorbox-11044\" width=\"312\" height=\"98\" srcset=\"https:\/\/www.medskvz.org\/web\/wp-content\/uploads\/2020\/10\/emblem-1-1024x322.png 1024w, https:\/\/www.medskvz.org\/web\/wp-content\/uploads\/2020\/10\/emblem-1-300x94.png 300w, https:\/\/www.medskvz.org\/web\/wp-content\/uploads\/2020\/10\/emblem-1-768x242.png 768w, https:\/\/www.medskvz.org\/web\/wp-content\/uploads\/2020\/10\/emblem-1.png 1350w\" sizes=\"(max-width: 312px) 100vw, 312px\" \/><\/figure>\n<\/div>\n\n\n\n<div class=\"wp-container-145 wp-block-column\">\n<p><\/p>\n<p><strong><em>Patricija Jakopovi\u0107, mag. sestrinstva<\/em><\/strong><\/p>\n<h6><strong><em>Koordinator unaprje\u0111enja i provedbe programa obrazovanja<\/em><\/strong><\/h6>\n<\/div>\n<\/div>\n\n\n<p><\/p>\n<p style=\"text-align: center;\"><em><span style=\"color: #999999;\">Sadr\u017eaj ove objave isklju\u010diva je odgovornost Medicinske \u0161kole Vara\u017edin.<\/span><\/em><\/p>\n<p><\/p>\n\n\n<div style=\"height:193px\" aria-hidden=\"true\" class=\"wp-block-spacer\"><\/div>\n\n\n\n<hr class=\"wp-block-separator aligncenter is-style-wide\"\/>\n\n\n\n<div class=\"wp-block-image\"><figure class=\"aligncenter size-large is-resized\"><img loading=\"lazy\" src=\"https:\/\/www.medskvz.org\/web\/wp-content\/uploads\/2020\/10\/Emblem-za-web-odrezan-1024x122.png\" alt=\"\" class=\"wp-image-11135 colorbox-11044\" width=\"671\" height=\"80\" srcset=\"https:\/\/www.medskvz.org\/web\/wp-content\/uploads\/2020\/10\/Emblem-za-web-odrezan-1024x122.png 1024w, https:\/\/www.medskvz.org\/web\/wp-content\/uploads\/2020\/10\/Emblem-za-web-odrezan-300x36.png 300w, https:\/\/www.medskvz.org\/web\/wp-content\/uploads\/2020\/10\/Emblem-za-web-odrezan-768x92.png 768w, https:\/\/www.medskvz.org\/web\/wp-content\/uploads\/2020\/10\/Emblem-za-web-odrezan-1536x183.png 1536w, https:\/\/www.medskvz.org\/web\/wp-content\/uploads\/2020\/10\/Emblem-za-web-odrezan-2048x244.png 2048w\" sizes=\"(max-width: 671px) 100vw, 671px\" \/><\/figure><\/div>\n\n\n\n<h5 style=\"text-align: center;\"><span style=\"color: #808080;\">Uspostava Regionalnog centra kompetentnosti inovativnih zdravstvenih tehnologija pri Medicinskoj \u0161koli Vara\u017edin<\/span><\/h5>\n\n\n\n<figure class=\"wp-block-image size-large is-resized\"><img src=\"https:\/\/www.medskvz.org\/web\/wp-content\/uploads\/2021\/06\/VELIKA-SLIKA-2-edited-scaled.jpg\" alt=\"\" class=\"wp-image-12295 colorbox-11044\" width=\"804\" srcset=\"https:\/\/www.medskvz.org\/web\/wp-content\/uploads\/2021\/06\/VELIKA-SLIKA-2-edited-scaled.jpg 2560w, https:\/\/www.medskvz.org\/web\/wp-content\/uploads\/2021\/06\/VELIKA-SLIKA-2-edited-300x169.jpg 300w, https:\/\/www.medskvz.org\/web\/wp-content\/uploads\/2021\/06\/VELIKA-SLIKA-2-edited-1024x576.jpg 1024w, https:\/\/www.medskvz.org\/web\/wp-content\/uploads\/2021\/06\/VELIKA-SLIKA-2-edited-768x432.jpg 768w, https:\/\/www.medskvz.org\/web\/wp-content\/uploads\/2021\/06\/VELIKA-SLIKA-2-edited-1536x865.jpg 1536w, https:\/\/www.medskvz.org\/web\/wp-content\/uploads\/2021\/06\/VELIKA-SLIKA-2-edited-2048x1153.jpg 2048w\" sizes=\"(max-width: 2560px) 100vw, 2560px\" \/><\/figure>\n\n\n\n<h6><span style=\"color: #999999;\"><em>Autor: Marko Vrtar, 30. lipnja&nbsp; 2021.<\/em><\/span><\/h6>\n\n\n\n<h2><strong><strong><em><strong><em><strong><strong><strong><em><strong><strong><em>SUDJELOVANJE NASTAVNIKA NA&nbsp;14. ME\u0110UNARODNOM KONGRESU HRVATSKOG DRU\u0160TVA MEDICINSKIH SESTARA ANESTEZIJE, REANIMACIJE, INTENZIVNE SKRBI I TRANSFUZIJE<\/em><\/strong><\/strong><\/em><\/strong><\/strong><\/strong><\/em><\/strong><\/em><\/strong><\/strong><\/h2>\n\n\n\n<blockquote class=\"wp-block-quote\">\n<p>Me\u0111unarodni kongres u organizaciji Hrvatskog dru\u0161tva medicinskih sestara anestezije, reanimacije, intenzivne skrbi i transfuzije odr\u017ean je u \u0160ibeniku u kongresnom centru Amadria Park Hotela Ivan, a trajao je od 24. do 26. lipnja 2021. godine.<\/p>\n<\/blockquote>\n\n\n\n<figure class=\"wp-container-148 wp-block-gallery-147 wp-block-gallery aligncenter columns-3 is-cropped\"><ul class=\"blocks-gallery-grid\"><li class=\"blocks-gallery-item\"><figure><img loading=\"lazy\" width=\"1024\" height=\"768\" src=\"https:\/\/www.medskvz.org\/web\/wp-content\/uploads\/2021\/06\/MALA-SLIKA-5-1024x768.jpg\" alt=\"\" data-id=\"12306\" data-full-url=\"https:\/\/www.medskvz.org\/web\/wp-content\/uploads\/2021\/06\/MALA-SLIKA-5-scaled.jpg\" data-link=\"https:\/\/www.medskvz.org\/web\/clanci-o-projektu\/mala-slika-5\/\" class=\"wp-image-12306 colorbox-11044\" srcset=\"https:\/\/www.medskvz.org\/web\/wp-content\/uploads\/2021\/06\/MALA-SLIKA-5-1024x768.jpg 1024w, https:\/\/www.medskvz.org\/web\/wp-content\/uploads\/2021\/06\/MALA-SLIKA-5-300x225.jpg 300w, https:\/\/www.medskvz.org\/web\/wp-content\/uploads\/2021\/06\/MALA-SLIKA-5-768x576.jpg 768w, https:\/\/www.medskvz.org\/web\/wp-content\/uploads\/2021\/06\/MALA-SLIKA-5-1536x1152.jpg 1536w, https:\/\/www.medskvz.org\/web\/wp-content\/uploads\/2021\/06\/MALA-SLIKA-5-2048x1536.jpg 2048w\" sizes=\"(max-width: 1024px) 100vw, 1024px\" \/><\/figure><\/li><li class=\"blocks-gallery-item\"><figure><img loading=\"lazy\" width=\"1024\" height=\"768\" src=\"https:\/\/www.medskvz.org\/web\/wp-content\/uploads\/2021\/06\/MALA-SLIKA-2-1024x768.jpg\" alt=\"\" data-id=\"12303\" data-full-url=\"https:\/\/www.medskvz.org\/web\/wp-content\/uploads\/2021\/06\/MALA-SLIKA-2-scaled.jpg\" data-link=\"https:\/\/www.medskvz.org\/web\/clanci-o-projektu\/mala-slika-2\/\" class=\"wp-image-12303 colorbox-11044\" srcset=\"https:\/\/www.medskvz.org\/web\/wp-content\/uploads\/2021\/06\/MALA-SLIKA-2-1024x768.jpg 1024w, https:\/\/www.medskvz.org\/web\/wp-content\/uploads\/2021\/06\/MALA-SLIKA-2-300x225.jpg 300w, https:\/\/www.medskvz.org\/web\/wp-content\/uploads\/2021\/06\/MALA-SLIKA-2-768x576.jpg 768w, https:\/\/www.medskvz.org\/web\/wp-content\/uploads\/2021\/06\/MALA-SLIKA-2-1536x1152.jpg 1536w, https:\/\/www.medskvz.org\/web\/wp-content\/uploads\/2021\/06\/MALA-SLIKA-2-2048x1536.jpg 2048w\" sizes=\"(max-width: 1024px) 100vw, 1024px\" \/><\/figure><\/li><li class=\"blocks-gallery-item\"><figure><img loading=\"lazy\" width=\"1024\" height=\"768\" src=\"https:\/\/www.medskvz.org\/web\/wp-content\/uploads\/2021\/06\/MALA-SLIKA-3-1024x768.jpg\" alt=\"\" data-id=\"12304\" data-full-url=\"https:\/\/www.medskvz.org\/web\/wp-content\/uploads\/2021\/06\/MALA-SLIKA-3-scaled.jpg\" data-link=\"https:\/\/www.medskvz.org\/web\/clanci-o-projektu\/mala-slika-3\/\" class=\"wp-image-12304 colorbox-11044\" srcset=\"https:\/\/www.medskvz.org\/web\/wp-content\/uploads\/2021\/06\/MALA-SLIKA-3-1024x768.jpg 1024w, https:\/\/www.medskvz.org\/web\/wp-content\/uploads\/2021\/06\/MALA-SLIKA-3-300x225.jpg 300w, https:\/\/www.medskvz.org\/web\/wp-content\/uploads\/2021\/06\/MALA-SLIKA-3-768x576.jpg 768w, https:\/\/www.medskvz.org\/web\/wp-content\/uploads\/2021\/06\/MALA-SLIKA-3-1536x1152.jpg 1536w, https:\/\/www.medskvz.org\/web\/wp-content\/uploads\/2021\/06\/MALA-SLIKA-3-2048x1536.jpg 2048w\" sizes=\"(max-width: 1024px) 100vw, 1024px\" \/><\/figure><\/li><li class=\"blocks-gallery-item\"><figure><img loading=\"lazy\" width=\"1024\" height=\"768\" src=\"https:\/\/www.medskvz.org\/web\/wp-content\/uploads\/2021\/06\/MALA-SLIKA-1-1024x768.jpg\" alt=\"\" data-id=\"12302\" data-full-url=\"https:\/\/www.medskvz.org\/web\/wp-content\/uploads\/2021\/06\/MALA-SLIKA-1-scaled.jpg\" data-link=\"https:\/\/www.medskvz.org\/web\/clanci-o-projektu\/mala-slika-1\/\" class=\"wp-image-12302 colorbox-11044\" srcset=\"https:\/\/www.medskvz.org\/web\/wp-content\/uploads\/2021\/06\/MALA-SLIKA-1-1024x768.jpg 1024w, https:\/\/www.medskvz.org\/web\/wp-content\/uploads\/2021\/06\/MALA-SLIKA-1-300x225.jpg 300w, https:\/\/www.medskvz.org\/web\/wp-content\/uploads\/2021\/06\/MALA-SLIKA-1-768x576.jpg 768w, https:\/\/www.medskvz.org\/web\/wp-content\/uploads\/2021\/06\/MALA-SLIKA-1-1536x1152.jpg 1536w, https:\/\/www.medskvz.org\/web\/wp-content\/uploads\/2021\/06\/MALA-SLIKA-1-2048x1536.jpg 2048w\" sizes=\"(max-width: 1024px) 100vw, 1024px\" \/><\/figure><\/li><li class=\"blocks-gallery-item\"><figure><img loading=\"lazy\" width=\"768\" height=\"1024\" src=\"https:\/\/www.medskvz.org\/web\/wp-content\/uploads\/2021\/06\/MALA-SLIKA-CETIRI-768x1024.jpg\" alt=\"\" data-id=\"12317\" data-full-url=\"https:\/\/www.medskvz.org\/web\/wp-content\/uploads\/2021\/06\/MALA-SLIKA-CETIRI-scaled.jpg\" data-link=\"https:\/\/www.medskvz.org\/web\/clanci-o-projektu\/mala-slika-cetiri\/\" class=\"wp-image-12317 colorbox-11044\" srcset=\"https:\/\/www.medskvz.org\/web\/wp-content\/uploads\/2021\/06\/MALA-SLIKA-CETIRI-768x1024.jpg 768w, https:\/\/www.medskvz.org\/web\/wp-content\/uploads\/2021\/06\/MALA-SLIKA-CETIRI-225x300.jpg 225w, https:\/\/www.medskvz.org\/web\/wp-content\/uploads\/2021\/06\/MALA-SLIKA-CETIRI-1152x1536.jpg 1152w, https:\/\/www.medskvz.org\/web\/wp-content\/uploads\/2021\/06\/MALA-SLIKA-CETIRI-1536x2048.jpg 1536w, https:\/\/www.medskvz.org\/web\/wp-content\/uploads\/2021\/06\/MALA-SLIKA-CETIRI-scaled.jpg 1920w\" sizes=\"(max-width: 768px) 100vw, 768px\" \/><\/figure><\/li><\/ul><\/figure>\n\n\n\n<p>Na kongresu je sudjelovalo 10 nastavnika Medicinske \u0161kole Vara\u017edin iz stru\u010dnih aktiva nastavnika zdravstvene njege, nastavnika fizioterapije te nastavnika medicinsko-laboratorijske dijagnostike.<\/p>\n<p>Na kongresu je ukupno sudjelovalo 20 nastavnika me\u0111u kojima je bilo petero nastavnika Srednje \u0161kole \u010cakovec i Srednje \u0161kole Pregrada. Stru\u010dno usavr\u0161avanje provedeno je u sklopu projekta Medicinske \u0161kole Vara\u017edin.<\/p>\n\n\n\n<div class=\"wp-block-image\"><figure class=\"aligncenter size-large is-resized\"><img loading=\"lazy\" src=\"https:\/\/www.medskvz.org\/web\/wp-content\/uploads\/2021\/06\/Velika-slika-3-edited-scaled.jpg\" alt=\"\" class=\"wp-image-12308 colorbox-11044\" width=\"790\" height=\"444\" srcset=\"https:\/\/www.medskvz.org\/web\/wp-content\/uploads\/2021\/06\/Velika-slika-3-edited-scaled.jpg 2560w, https:\/\/www.medskvz.org\/web\/wp-content\/uploads\/2021\/06\/Velika-slika-3-edited-300x169.jpg 300w, https:\/\/www.medskvz.org\/web\/wp-content\/uploads\/2021\/06\/Velika-slika-3-edited-1024x576.jpg 1024w, https:\/\/www.medskvz.org\/web\/wp-content\/uploads\/2021\/06\/Velika-slika-3-edited-768x432.jpg 768w, https:\/\/www.medskvz.org\/web\/wp-content\/uploads\/2021\/06\/Velika-slika-3-edited-1536x864.jpg 1536w, https:\/\/www.medskvz.org\/web\/wp-content\/uploads\/2021\/06\/Velika-slika-3-edited-2048x1152.jpg 2048w\" sizes=\"(max-width: 790px) 100vw, 790px\" \/><\/figure><\/div>\n\n\n\n<p>Nastavnica Marija Horvat na kongresu je aktivno sudjelovala te odr\u017eala predavanje na temu <em>Uloga medicinske sestre u borbi protiv Covid-19.<\/em><\/p>\n\n\n\n<div class=\"wp-block-image\"><figure class=\"aligncenter size-large is-resized\"><img loading=\"lazy\" src=\"https:\/\/www.medskvz.org\/web\/wp-content\/uploads\/2021\/06\/SLIKA-MARIJA-HORVAT-1-edited-1.jpg\" alt=\"\" class=\"wp-image-12327 colorbox-11044\" width=\"767\" height=\"575\" srcset=\"https:\/\/www.medskvz.org\/web\/wp-content\/uploads\/2021\/06\/SLIKA-MARIJA-HORVAT-1-edited-1.jpg 1701w, https:\/\/www.medskvz.org\/web\/wp-content\/uploads\/2021\/06\/SLIKA-MARIJA-HORVAT-1-edited-1-300x225.jpg 300w, https:\/\/www.medskvz.org\/web\/wp-content\/uploads\/2021\/06\/SLIKA-MARIJA-HORVAT-1-edited-1-1024x768.jpg 1024w, https:\/\/www.medskvz.org\/web\/wp-content\/uploads\/2021\/06\/SLIKA-MARIJA-HORVAT-1-edited-1-768x576.jpg 768w, https:\/\/www.medskvz.org\/web\/wp-content\/uploads\/2021\/06\/SLIKA-MARIJA-HORVAT-1-edited-1-1536x1152.jpg 1536w\" sizes=\"(max-width: 767px) 100vw, 767px\" \/><\/figure><\/div>\n\n\n\n<p>Program kongresa bio je ispunjen brojnim i razli\u010ditim predavanjima na podru\u010dju prijeoperacijskoga i&nbsp; poslijeoperacijskoga zbrinjavanja pacijenata. Omogu\u0107io je nastavnicima cjelodnevno sudjelovanje na brojnim stru\u010dnim predavanjima s razli\u010ditim temama unutar intenzivnoga lije\u010denja i intenzivne zdravstvene njege. Provedene su i stru\u010dne radionice na temu mjerenja intraabdominalnog tlaka, novih pristupa u lije\u010denju duboke venske tromboze, laringoskopije i anestezije. Predstavljena su mnogobrojna nova saznanja na podru\u010dju poslova anestezijskoga tehni\u010dara.&nbsp;<\/p>\n\n\n\n<figure class=\"wp-container-150 wp-block-gallery-149 wp-block-gallery columns-3 is-cropped\"><ul class=\"blocks-gallery-grid\"><li class=\"blocks-gallery-item\"><figure><img loading=\"lazy\" width=\"768\" height=\"1024\" src=\"https:\/\/www.medskvz.org\/web\/wp-content\/uploads\/2021\/06\/RADIONICA-3-768x1024.jpg\" alt=\"\" data-id=\"12313\" data-full-url=\"https:\/\/www.medskvz.org\/web\/wp-content\/uploads\/2021\/06\/RADIONICA-3.jpg\" data-link=\"https:\/\/www.medskvz.org\/web\/clanci-o-projektu\/radionica-3\/\" class=\"wp-image-12313 colorbox-11044\" srcset=\"https:\/\/www.medskvz.org\/web\/wp-content\/uploads\/2021\/06\/RADIONICA-3-768x1024.jpg 768w, https:\/\/www.medskvz.org\/web\/wp-content\/uploads\/2021\/06\/RADIONICA-3-225x300.jpg 225w, https:\/\/www.medskvz.org\/web\/wp-content\/uploads\/2021\/06\/RADIONICA-3-1152x1536.jpg 1152w, https:\/\/www.medskvz.org\/web\/wp-content\/uploads\/2021\/06\/RADIONICA-3.jpg 1200w\" sizes=\"(max-width: 768px) 100vw, 768px\" \/><\/figure><\/li><li class=\"blocks-gallery-item\"><figure><img loading=\"lazy\" width=\"1024\" height=\"768\" src=\"https:\/\/www.medskvz.org\/web\/wp-content\/uploads\/2021\/06\/RADIONICA-2-1024x768.jpg\" alt=\"\" data-id=\"12314\" data-full-url=\"https:\/\/www.medskvz.org\/web\/wp-content\/uploads\/2021\/06\/RADIONICA-2-scaled.jpg\" data-link=\"https:\/\/www.medskvz.org\/web\/clanci-o-projektu\/radionica-2\/\" class=\"wp-image-12314 colorbox-11044\" srcset=\"https:\/\/www.medskvz.org\/web\/wp-content\/uploads\/2021\/06\/RADIONICA-2-1024x768.jpg 1024w, https:\/\/www.medskvz.org\/web\/wp-content\/uploads\/2021\/06\/RADIONICA-2-300x225.jpg 300w, https:\/\/www.medskvz.org\/web\/wp-content\/uploads\/2021\/06\/RADIONICA-2-768x576.jpg 768w, https:\/\/www.medskvz.org\/web\/wp-content\/uploads\/2021\/06\/RADIONICA-2-1536x1152.jpg 1536w, https:\/\/www.medskvz.org\/web\/wp-content\/uploads\/2021\/06\/RADIONICA-2-2048x1536.jpg 2048w\" sizes=\"(max-width: 1024px) 100vw, 1024px\" \/><\/figure><\/li><li class=\"blocks-gallery-item\"><figure><img loading=\"lazy\" width=\"768\" height=\"1024\" src=\"https:\/\/www.medskvz.org\/web\/wp-content\/uploads\/2021\/06\/RADIONICA-1-2-768x1024.jpg\" alt=\"\" data-id=\"12315\" data-full-url=\"https:\/\/www.medskvz.org\/web\/wp-content\/uploads\/2021\/06\/RADIONICA-1-2-scaled.jpg\" data-link=\"https:\/\/www.medskvz.org\/web\/clanci-o-projektu\/radionica-1-2\/\" class=\"wp-image-12315 colorbox-11044\" srcset=\"https:\/\/www.medskvz.org\/web\/wp-content\/uploads\/2021\/06\/RADIONICA-1-2-768x1024.jpg 768w, https:\/\/www.medskvz.org\/web\/wp-content\/uploads\/2021\/06\/RADIONICA-1-2-225x300.jpg 225w, https:\/\/www.medskvz.org\/web\/wp-content\/uploads\/2021\/06\/RADIONICA-1-2-1152x1536.jpg 1152w, https:\/\/www.medskvz.org\/web\/wp-content\/uploads\/2021\/06\/RADIONICA-1-2-1536x2048.jpg 1536w, https:\/\/www.medskvz.org\/web\/wp-content\/uploads\/2021\/06\/RADIONICA-1-2-scaled.jpg 1920w\" sizes=\"(max-width: 768px) 100vw, 768px\" \/><\/figure><\/li><\/ul><\/figure>\n\n\n\n<p>Plenarni predava\u010di kongresa te drugi aktivni sudionici kongresa bili su stru\u010dnjaci iz podru\u010dja sestrinstva i medicine.<\/p>\n<p>Prilika za sudjelovanje na ovom kongresu omogu\u0107ila je nastavnicima stjecanje novih i suvremenih znanja i vje\u0161tina iz podru\u010dja kirur\u0161ke zdravstvene njege, hitnih medicinskih postupaka, kirurgije, anestezije, zdravstvene njege u operacijskom bloku te u poslijeoperacijskom oporavku.<\/p>\n\n\n\n<div class=\"wp-container-153 wp-block-columns\">\n<div class=\"wp-container-151 wp-block-column\">\n<figure class=\"wp-block-image size-large is-resized\"><img loading=\"lazy\" src=\"https:\/\/www.medskvz.org\/web\/wp-content\/uploads\/2020\/10\/emblem-1-1024x322.png\" alt=\"\" class=\"wp-image-11022 colorbox-11044\" width=\"312\" height=\"98\" srcset=\"https:\/\/www.medskvz.org\/web\/wp-content\/uploads\/2020\/10\/emblem-1-1024x322.png 1024w, https:\/\/www.medskvz.org\/web\/wp-content\/uploads\/2020\/10\/emblem-1-300x94.png 300w, https:\/\/www.medskvz.org\/web\/wp-content\/uploads\/2020\/10\/emblem-1-768x242.png 768w, https:\/\/www.medskvz.org\/web\/wp-content\/uploads\/2020\/10\/emblem-1.png 1350w\" sizes=\"(max-width: 312px) 100vw, 312px\" \/><\/figure>\n<\/div>\n\n\n\n<div class=\"wp-container-152 wp-block-column\">\n<p><\/p>\n<p><strong><em>Patricija Jakopovi\u0107, mag. sestrinstva<\/em><\/strong><\/p>\n<h6><strong><em>Koordinator unaprje\u0111enja i provedbe programa obrazovanja<\/em><\/strong><\/h6>\n<\/div>\n<\/div>\n\n\n<p><\/p>\n<p style=\"text-align: center;\"><em><span style=\"color: #999999;\">Sadr\u017eaj ove objave isklju\u010diva je odgovornost Medicinske \u0161kole Vara\u017edin.<\/span><\/em><\/p>\n<p><\/p>\n\n\n<div style=\"height:193px\" aria-hidden=\"true\" class=\"wp-block-spacer\"><\/div>\n\n\n\n<hr class=\"wp-block-separator aligncenter is-style-wide\"\/>\n\n\n\n<div class=\"wp-block-image\"><figure class=\"aligncenter size-large is-resized\"><img loading=\"lazy\" src=\"https:\/\/www.medskvz.org\/web\/wp-content\/uploads\/2020\/10\/Emblem-za-web-odrezan-1024x122.png\" alt=\"\" class=\"wp-image-11135 colorbox-11044\" width=\"671\" height=\"80\" srcset=\"https:\/\/www.medskvz.org\/web\/wp-content\/uploads\/2020\/10\/Emblem-za-web-odrezan-1024x122.png 1024w, https:\/\/www.medskvz.org\/web\/wp-content\/uploads\/2020\/10\/Emblem-za-web-odrezan-300x36.png 300w, https:\/\/www.medskvz.org\/web\/wp-content\/uploads\/2020\/10\/Emblem-za-web-odrezan-768x92.png 768w, https:\/\/www.medskvz.org\/web\/wp-content\/uploads\/2020\/10\/Emblem-za-web-odrezan-1536x183.png 1536w, https:\/\/www.medskvz.org\/web\/wp-content\/uploads\/2020\/10\/Emblem-za-web-odrezan-2048x244.png 2048w\" sizes=\"(max-width: 671px) 100vw, 671px\" \/><\/figure><\/div>\n\n\n\n<h5 style=\"text-align: center;\"><span style=\"color: #808080;\">Uspostava Regionalnog centra kompetentnosti inovativnih zdravstvenih tehnologija pri Medicinskoj \u0161koli Vara\u017edin<\/span><\/h5>\n\n\n\n<div class=\"wp-block-image\"><figure class=\"aligncenter size-large is-resized\"><img loading=\"lazy\" src=\"https:\/\/www.medskvz.org\/web\/wp-content\/uploads\/2021\/06\/Naslovna-slika-1-1024x576.jpg\" alt=\"\" class=\"wp-image-12268 colorbox-11044\" width=\"831\" height=\"467\" srcset=\"https:\/\/www.medskvz.org\/web\/wp-content\/uploads\/2021\/06\/Naslovna-slika-1-1024x576.jpg 1024w, https:\/\/www.medskvz.org\/web\/wp-content\/uploads\/2021\/06\/Naslovna-slika-1-300x169.jpg 300w, https:\/\/www.medskvz.org\/web\/wp-content\/uploads\/2021\/06\/Naslovna-slika-1-768x432.jpg 768w, https:\/\/www.medskvz.org\/web\/wp-content\/uploads\/2021\/06\/Naslovna-slika-1-1536x864.jpg 1536w, https:\/\/www.medskvz.org\/web\/wp-content\/uploads\/2021\/06\/Naslovna-slika-1.jpg 1920w\" sizes=\"(max-width: 831px) 100vw, 831px\" \/><\/figure><\/div>\n\n\n\n<h6><span style=\"color: #999999;\"><em>Autor: Marko Vrtar, 18. lipnja&nbsp; 2021.<\/em><\/span><\/h6>\n\n\n\n<h1><strong><strong><em><strong><em><strong><strong><strong><em><strong>ODR\u017dANA RADIONICA MINISTARSTVA ZNANOSTI I OBRAZOVANJA I&nbsp;RCK MEDICINSKE \u0160KOLE VARA\u017dDIN<\/strong><\/em><\/strong><\/strong><\/strong><\/em><\/strong><\/em><\/strong><\/strong><\/h1>\n\n\n\n<blockquote class=\"wp-block-quote\">\n<p><em><strong><em>Ministarstvo znanosti i obrazovanja u suradnji s prof. dr. sc. Josipom Buru\u0161i\u0107em s Instituta dru\u0161tvenih znanosti \u201eIvo Pilar\u201c organiziralo je online radionicu \u201ePrimjena Metodologije za izradu standarda zanimanja\u201c namijenjenu regionalnim centrima kompetentnosti. Odr\u017eavanjem radionice Ministarstvo znanosti i obrazovanja potvrdilo je i daljnji&nbsp;nastavak kontinuirane&nbsp;suradnje i podr\u0161ke na podru\u010dju&nbsp;izrade standarda zanimanja, standarda kvalifikacije te modernizacije strukovnih kurikuluma.&nbsp;<\/em><\/strong><\/em><\/p>\n<\/blockquote>\n\n\n\n<figure class=\"wp-container-155 wp-block-gallery-154 wp-block-gallery columns-2 is-cropped\"><ul class=\"blocks-gallery-grid\"><li class=\"blocks-gallery-item\"><figure><img loading=\"lazy\" width=\"1024\" height=\"576\" src=\"https:\/\/www.medskvz.org\/web\/wp-content\/uploads\/2021\/06\/Velika-4-1024x576.jpg\" alt=\"\" data-id=\"12271\" data-full-url=\"https:\/\/www.medskvz.org\/web\/wp-content\/uploads\/2021\/06\/Velika-4.jpg\" data-link=\"https:\/\/www.medskvz.org\/web\/clanci-o-projektu\/velika-4\/\" class=\"wp-image-12271 colorbox-11044\" srcset=\"https:\/\/www.medskvz.org\/web\/wp-content\/uploads\/2021\/06\/Velika-4-1024x576.jpg 1024w, https:\/\/www.medskvz.org\/web\/wp-content\/uploads\/2021\/06\/Velika-4-300x169.jpg 300w, https:\/\/www.medskvz.org\/web\/wp-content\/uploads\/2021\/06\/Velika-4-768x432.jpg 768w, https:\/\/www.medskvz.org\/web\/wp-content\/uploads\/2021\/06\/Velika-4-1536x864.jpg 1536w, https:\/\/www.medskvz.org\/web\/wp-content\/uploads\/2021\/06\/Velika-4.jpg 1920w\" sizes=\"(max-width: 1024px) 100vw, 1024px\" \/><\/figure><\/li><li class=\"blocks-gallery-item\"><figure><img loading=\"lazy\" width=\"1024\" height=\"576\" src=\"https:\/\/www.medskvz.org\/web\/wp-content\/uploads\/2021\/06\/Velika-1024x576.jpg\" alt=\"\" data-id=\"12274\" data-full-url=\"https:\/\/www.medskvz.org\/web\/wp-content\/uploads\/2021\/06\/Velika.jpg\" data-link=\"https:\/\/www.medskvz.org\/web\/clanci-o-projektu\/velika\/\" class=\"wp-image-12274 colorbox-11044\" srcset=\"https:\/\/www.medskvz.org\/web\/wp-content\/uploads\/2021\/06\/Velika-1024x576.jpg 1024w, https:\/\/www.medskvz.org\/web\/wp-content\/uploads\/2021\/06\/Velika-300x169.jpg 300w, https:\/\/www.medskvz.org\/web\/wp-content\/uploads\/2021\/06\/Velika-768x432.jpg 768w, https:\/\/www.medskvz.org\/web\/wp-content\/uploads\/2021\/06\/Velika-1536x864.jpg 1536w, https:\/\/www.medskvz.org\/web\/wp-content\/uploads\/2021\/06\/Velika.jpg 1920w\" sizes=\"(max-width: 1024px) 100vw, 1024px\" \/><\/figure><\/li><\/ul><\/figure>\n\n\n\n<p><strong><em>Radionica je odr\u017eana putem online konferencije&nbsp;8. lipnja 2021. godine od 9:00 do 11:00 sati. Na radionici je sudjelovala ravnateljica i voditeljica projekta Mirjana Grabar Kruljac, koordinatorica unaprje\u0111enja i provedbe programa obrazovanja Patricija Jakopovi\u0107, predstavnica projektnih timova&nbsp;modernizacije strukovnih kurikuluma Nata\u0161a Sajko, predstavnica timova izrade standarda zanimanja\/kvalifikacije Tamara Zadravec,&nbsp;koordinatorica \u0161kole partnera Srednje \u0161kola \u010cakovec, Dunja Brljak Ga\u0161pari\u0107 te Srednje \u0161kole Pregrada, Marinela Ro\u017eaj.<\/em><\/strong><\/p>\n\n\n\n<div class=\"wp-container-158 wp-block-columns\">\n<div class=\"wp-container-156 wp-block-column\">\n<figure class=\"wp-block-image size-large is-resized\"><img loading=\"lazy\" src=\"https:\/\/www.medskvz.org\/web\/wp-content\/uploads\/2020\/10\/emblem-1-1024x322.png\" alt=\"\" class=\"wp-image-11022 colorbox-11044\" width=\"312\" height=\"98\" srcset=\"https:\/\/www.medskvz.org\/web\/wp-content\/uploads\/2020\/10\/emblem-1-1024x322.png 1024w, https:\/\/www.medskvz.org\/web\/wp-content\/uploads\/2020\/10\/emblem-1-300x94.png 300w, https:\/\/www.medskvz.org\/web\/wp-content\/uploads\/2020\/10\/emblem-1-768x242.png 768w, https:\/\/www.medskvz.org\/web\/wp-content\/uploads\/2020\/10\/emblem-1.png 1350w\" sizes=\"(max-width: 312px) 100vw, 312px\" \/><\/figure>\n<\/div>\n\n\n\n<div class=\"wp-container-157 wp-block-column\">\n<p><\/p>\n<p><strong><em>Patricija Jakopovi\u0107, mag. sestrinstva<\/em><\/strong><\/p>\n<h6><strong><em>Koordinator unaprje\u0111enja i provedbe programa obrazovanja<\/em><\/strong><\/h6>\n<\/div>\n<\/div>\n\n\n<p><\/p>\n<p style=\"text-align: center;\"><em><span style=\"color: #999999;\">Sadr\u017eaj ove objave isklju\u010diva je odgovornost Medicinske \u0161kole Vara\u017edin.<\/span><\/em><\/p>\n<p><\/p>\n\n\n<div style=\"height:193px\" aria-hidden=\"true\" class=\"wp-block-spacer\"><\/div>\n\n\n\n<hr class=\"wp-block-separator aligncenter is-style-wide\"\/>\n\n\n\n<div class=\"wp-block-image\"><figure class=\"aligncenter size-large is-resized\"><img loading=\"lazy\" src=\"https:\/\/www.medskvz.org\/web\/wp-content\/uploads\/2020\/10\/Emblem-za-web-odrezan-1024x122.png\" alt=\"\" class=\"wp-image-11135 colorbox-11044\" width=\"671\" height=\"80\" srcset=\"https:\/\/www.medskvz.org\/web\/wp-content\/uploads\/2020\/10\/Emblem-za-web-odrezan-1024x122.png 1024w, https:\/\/www.medskvz.org\/web\/wp-content\/uploads\/2020\/10\/Emblem-za-web-odrezan-300x36.png 300w, https:\/\/www.medskvz.org\/web\/wp-content\/uploads\/2020\/10\/Emblem-za-web-odrezan-768x92.png 768w, https:\/\/www.medskvz.org\/web\/wp-content\/uploads\/2020\/10\/Emblem-za-web-odrezan-1536x183.png 1536w, https:\/\/www.medskvz.org\/web\/wp-content\/uploads\/2020\/10\/Emblem-za-web-odrezan-2048x244.png 2048w\" sizes=\"(max-width: 671px) 100vw, 671px\" \/><\/figure><\/div>\n\n\n\n<h5 style=\"text-align: center;\"><span style=\"color: #808080;\">Uspostava Regionalnog centra kompetentnosti inovativnih zdravstvenih tehnologija pri Medicinskoj \u0161koli Vara\u017edin<\/span><\/h5>\n\n\n\n<figure class=\"wp-block-image size-large is-resized\"><img src=\"https:\/\/www.medskvz.org\/web\/wp-content\/uploads\/2021\/06\/Naslovna-slika-edited-scaled.jpg\" alt=\"\" class=\"wp-image-12259 colorbox-11044\" width=\"841\" srcset=\"https:\/\/www.medskvz.org\/web\/wp-content\/uploads\/2021\/06\/Naslovna-slika-edited-scaled.jpg 2560w, https:\/\/www.medskvz.org\/web\/wp-content\/uploads\/2021\/06\/Naslovna-slika-edited-300x169.jpg 300w, https:\/\/www.medskvz.org\/web\/wp-content\/uploads\/2021\/06\/Naslovna-slika-edited-1024x576.jpg 1024w, https:\/\/www.medskvz.org\/web\/wp-content\/uploads\/2021\/06\/Naslovna-slika-edited-768x432.jpg 768w, https:\/\/www.medskvz.org\/web\/wp-content\/uploads\/2021\/06\/Naslovna-slika-edited-1536x864.jpg 1536w, https:\/\/www.medskvz.org\/web\/wp-content\/uploads\/2021\/06\/Naslovna-slika-edited-2048x1152.jpg 2048w\" sizes=\"(max-width: 2560px) 100vw, 2560px\" \/><\/figure>\n\n\n\n<h6><span style=\"color: #999999;\"><em>Autor: Marko Vrtar, 18. lipnja&nbsp; 2021.<\/em><\/span><\/h6>\n\n\n\n<h1><strong><strong><em><strong><em><strong><strong><strong><em>USPJE\u0160NO SUDJELOVANJE NASTAVNIKA NA  4. TURNUSU STRU\u010cNOG USAVR\u0160AVANJA IZ PODRU\u010cJA ENTEROSTOMALNE TERAPIJE<\/em><\/strong><\/strong><\/strong><\/em><\/strong><\/em><\/strong><\/strong><\/h1>\n\n\n\n<blockquote class=\"wp-block-quote\"><p><em>Uspje\u0161no je zavr\u0161io i \u010detvrti turnus stru\u010dnog usavr\u0161avanje iz podru\u010dja enterostomalne terapije. Odr\u017ean je u potpunosti na Fakultetu zdravstvenih studija u Rijeci, u periodu od 7. do 11. lipnja 2021. godine.&nbsp;<\/em><\/p><\/blockquote>\n\n\n\n<p><em>Tijekom odr\u017eavanja \u010detvrtog turnusa stru\u010dnog usavr\u0161avanja nastavnici koji sudjeluju u na stru\u010dnom usavr\u0161avanju stekli su nova znanja i vje\u0161tine na podru\u010dju dermatovenerologije, eti\u010dkih aspekata komunikacije, zbrinjavanja stoma i fistula te primjene ostomijskih pomagala.<\/em><\/p>\n<p><em>Predavanja na Fakultetu zdravstvenih studija odr\u017eali su stru\u010dnjaci na podru\u010dju sestrinstva, psihijatrije, psihologije te dermatovenerologije.<\/em><\/p>\n<p><em>Nastavnici koji sudjeluju na stru\u010dnom usavr\u0161avanju uspje\u0161no su polo\u017eili predstoje\u0107e ispite stru\u010dnog usavr\u0161avanja na Fakultetu zdravstvenih studija u Rijeci te time ponovno potvrdili kontinuitet motivacije i truda koji ula\u017eu u pripremne aktivnosti koje se provode u vremenu izme\u0111u odr\u017eavanju turnusa.&nbsp;<\/em><\/p>\n<p style=\"text-align: left;\"><em>U odr\u017eavanju 4. turnusa stru\u010dnog usavr\u0161avanja sudjelovali su nastavnici Medicinske \u0161kole Vara\u017edin te \u0161kola partnera na projektu: Srednje \u0161kole \u010cakovec i Srednje \u0161kole Pregrada. <\/em><\/p>\n\n\n\n<figure class=\"wp-container-160 wp-block-gallery-159 wp-block-gallery columns-3 is-cropped\"><ul class=\"blocks-gallery-grid\"><li class=\"blocks-gallery-item\"><figure><img loading=\"lazy\" width=\"768\" height=\"1024\" src=\"https:\/\/www.medskvz.org\/web\/wp-content\/uploads\/2021\/06\/20210610_150623-768x1024.jpg\" alt=\"\" data-id=\"12262\" data-full-url=\"https:\/\/www.medskvz.org\/web\/wp-content\/uploads\/2021\/06\/20210610_150623-scaled.jpg\" data-link=\"https:\/\/www.medskvz.org\/web\/clanci-o-projektu\/20210610_150623\/\" class=\"wp-image-12262 colorbox-11044\" srcset=\"https:\/\/www.medskvz.org\/web\/wp-content\/uploads\/2021\/06\/20210610_150623-768x1024.jpg 768w, https:\/\/www.medskvz.org\/web\/wp-content\/uploads\/2021\/06\/20210610_150623-225x300.jpg 225w, https:\/\/www.medskvz.org\/web\/wp-content\/uploads\/2021\/06\/20210610_150623-1152x1536.jpg 1152w, https:\/\/www.medskvz.org\/web\/wp-content\/uploads\/2021\/06\/20210610_150623-1536x2048.jpg 1536w, https:\/\/www.medskvz.org\/web\/wp-content\/uploads\/2021\/06\/20210610_150623-scaled.jpg 1920w\" sizes=\"(max-width: 768px) 100vw, 768px\" \/><\/figure><\/li><li class=\"blocks-gallery-item\"><figure><img loading=\"lazy\" width=\"1024\" height=\"768\" src=\"https:\/\/www.medskvz.org\/web\/wp-content\/uploads\/2021\/06\/Velika-slika-1024x768.jpg\" alt=\"\" data-id=\"12263\" data-full-url=\"https:\/\/www.medskvz.org\/web\/wp-content\/uploads\/2021\/06\/Velika-slika-scaled.jpg\" data-link=\"https:\/\/www.medskvz.org\/web\/clanci-o-projektu\/velika-slika\/\" class=\"wp-image-12263 colorbox-11044\" srcset=\"https:\/\/www.medskvz.org\/web\/wp-content\/uploads\/2021\/06\/Velika-slika-1024x768.jpg 1024w, https:\/\/www.medskvz.org\/web\/wp-content\/uploads\/2021\/06\/Velika-slika-300x225.jpg 300w, https:\/\/www.medskvz.org\/web\/wp-content\/uploads\/2021\/06\/Velika-slika-768x576.jpg 768w, https:\/\/www.medskvz.org\/web\/wp-content\/uploads\/2021\/06\/Velika-slika-1536x1152.jpg 1536w, https:\/\/www.medskvz.org\/web\/wp-content\/uploads\/2021\/06\/Velika-slika-2048x1536.jpg 2048w\" sizes=\"(max-width: 1024px) 100vw, 1024px\" \/><\/figure><\/li><li class=\"blocks-gallery-item\"><figure><img loading=\"lazy\" width=\"1024\" height=\"768\" src=\"https:\/\/www.medskvz.org\/web\/wp-content\/uploads\/2021\/06\/Velika-slika_2-1024x768.jpg\" alt=\"\" data-id=\"12264\" data-full-url=\"https:\/\/www.medskvz.org\/web\/wp-content\/uploads\/2021\/06\/Velika-slika_2-scaled.jpg\" data-link=\"https:\/\/www.medskvz.org\/web\/clanci-o-projektu\/velika-slika_2\/\" class=\"wp-image-12264 colorbox-11044\" srcset=\"https:\/\/www.medskvz.org\/web\/wp-content\/uploads\/2021\/06\/Velika-slika_2-1024x768.jpg 1024w, https:\/\/www.medskvz.org\/web\/wp-content\/uploads\/2021\/06\/Velika-slika_2-300x225.jpg 300w, https:\/\/www.medskvz.org\/web\/wp-content\/uploads\/2021\/06\/Velika-slika_2-768x576.jpg 768w, https:\/\/www.medskvz.org\/web\/wp-content\/uploads\/2021\/06\/Velika-slika_2-1536x1152.jpg 1536w, https:\/\/www.medskvz.org\/web\/wp-content\/uploads\/2021\/06\/Velika-slika_2-2048x1536.jpg 2048w\" sizes=\"(max-width: 1024px) 100vw, 1024px\" \/><\/figure><\/li><li class=\"blocks-gallery-item\"><figure><img loading=\"lazy\" width=\"1024\" height=\"768\" src=\"https:\/\/www.medskvz.org\/web\/wp-content\/uploads\/2021\/06\/20210607_130105-1024x768.jpg\" alt=\"\" data-id=\"12265\" data-full-url=\"https:\/\/www.medskvz.org\/web\/wp-content\/uploads\/2021\/06\/20210607_130105-scaled.jpg\" data-link=\"https:\/\/www.medskvz.org\/web\/clanci-o-projektu\/20210607_130105\/\" class=\"wp-image-12265 colorbox-11044\" srcset=\"https:\/\/www.medskvz.org\/web\/wp-content\/uploads\/2021\/06\/20210607_130105-1024x768.jpg 1024w, https:\/\/www.medskvz.org\/web\/wp-content\/uploads\/2021\/06\/20210607_130105-300x225.jpg 300w, https:\/\/www.medskvz.org\/web\/wp-content\/uploads\/2021\/06\/20210607_130105-768x576.jpg 768w, https:\/\/www.medskvz.org\/web\/wp-content\/uploads\/2021\/06\/20210607_130105-1536x1152.jpg 1536w, https:\/\/www.medskvz.org\/web\/wp-content\/uploads\/2021\/06\/20210607_130105-2048x1536.jpg 2048w\" sizes=\"(max-width: 1024px) 100vw, 1024px\" \/><\/figure><\/li><\/ul><\/figure>\n\n\n\n<div class=\"wp-container-163 wp-block-columns\">\n<div class=\"wp-container-161 wp-block-column\">\n<figure class=\"wp-block-image size-large is-resized\"><img loading=\"lazy\" src=\"https:\/\/www.medskvz.org\/web\/wp-content\/uploads\/2020\/10\/emblem-1-1024x322.png\" alt=\"\" class=\"wp-image-11022 colorbox-11044\" width=\"312\" height=\"98\" srcset=\"https:\/\/www.medskvz.org\/web\/wp-content\/uploads\/2020\/10\/emblem-1-1024x322.png 1024w, https:\/\/www.medskvz.org\/web\/wp-content\/uploads\/2020\/10\/emblem-1-300x94.png 300w, https:\/\/www.medskvz.org\/web\/wp-content\/uploads\/2020\/10\/emblem-1-768x242.png 768w, https:\/\/www.medskvz.org\/web\/wp-content\/uploads\/2020\/10\/emblem-1.png 1350w\" sizes=\"(max-width: 312px) 100vw, 312px\" \/><\/figure>\n<\/div>\n\n\n\n<div class=\"wp-container-162 wp-block-column\">\n<p><\/p>\n<p><strong><em>Patricija Jakopovi\u0107, mag. sestrinstva<\/em><\/strong><\/p>\n<h6><strong><em>Koordinator unaprje\u0111enja i provedbe programa obrazovanja<\/em><\/strong><\/h6>\n<\/div>\n<\/div>\n\n\n<p><\/p>\n<p style=\"text-align: center;\"><em><span style=\"color: #999999;\">Sadr\u017eaj ove objave isklju\u010diva je odgovornost Medicinske \u0161kole Vara\u017edin.<\/span><\/em><\/p>\n<p><\/p>\n\n\n<div style=\"height:193px\" aria-hidden=\"true\" class=\"wp-block-spacer\"><\/div>\n\n\n\n<hr class=\"wp-block-separator aligncenter is-style-wide\"\/>\n\n\n\n<div class=\"wp-block-image\"><figure class=\"aligncenter size-large is-resized\"><img loading=\"lazy\" src=\"https:\/\/www.medskvz.org\/web\/wp-content\/uploads\/2020\/10\/Emblem-za-web-odrezan-1024x122.png\" alt=\"\" class=\"wp-image-11135 colorbox-11044\" width=\"671\" height=\"80\" srcset=\"https:\/\/www.medskvz.org\/web\/wp-content\/uploads\/2020\/10\/Emblem-za-web-odrezan-1024x122.png 1024w, https:\/\/www.medskvz.org\/web\/wp-content\/uploads\/2020\/10\/Emblem-za-web-odrezan-300x36.png 300w, https:\/\/www.medskvz.org\/web\/wp-content\/uploads\/2020\/10\/Emblem-za-web-odrezan-768x92.png 768w, https:\/\/www.medskvz.org\/web\/wp-content\/uploads\/2020\/10\/Emblem-za-web-odrezan-1536x183.png 1536w, https:\/\/www.medskvz.org\/web\/wp-content\/uploads\/2020\/10\/Emblem-za-web-odrezan-2048x244.png 2048w\" sizes=\"(max-width: 671px) 100vw, 671px\" \/><\/figure><\/div>\n\n\n\n<h5 style=\"text-align: center;\"><span style=\"color: #808080;\">Uspostava Regionalnog centra kompetentnosti inovativnih zdravstvenih tehnologija pri Medicinskoj \u0161koli Vara\u017edin<\/span><\/h5>\n\n\n\n<div class=\"wp-block-image\"><figure class=\"aligncenter size-large is-resized\"><img src=\"https:\/\/www.medskvz.org\/web\/wp-content\/uploads\/2021\/06\/Slika1-edited.png\" alt=\"\" class=\"wp-image-12215 colorbox-11044\" width=\"822\" srcset=\"https:\/\/www.medskvz.org\/web\/wp-content\/uploads\/2021\/06\/Slika1-edited.png 398w, https:\/\/www.medskvz.org\/web\/wp-content\/uploads\/2021\/06\/Slika1-edited-300x169.png 300w\" sizes=\"(max-width: 398px) 100vw, 398px\" \/><\/figure><\/div>\n\n\n\n<h6><span style=\"color: #999999;\"><em>Autor: Marko Vrtar, 9. lipnja&nbsp; 2021.<\/em><\/span><\/h6>\n\n\n\n<h1><strong><strong><em><strong><em><strong><strong>Edukacija iz primjene Bender vizualno motori\u010dkog gestalt testa u organizaciji Naklade Slap Zagreb<\/strong><\/strong><\/em><\/strong><\/em><\/strong><\/strong><\/h1>\n\n\n\n<blockquote class=\"wp-block-quote\"><p><em><strong><em><strong>Jedna iz niza edukacija projekta \u010dija je svrha osna\u017eivanje odgojno obrazovnih kompetencija odr\u017eana je 17.5.2021. u organizaciji Naklade Slap, a na njoj je sudjelovala Sonja Veir Laba\u0161, djelatnica Medicinske \u0161kole Vara\u017edin.<\/strong><\/em><\/strong><\/em><\/p><\/blockquote>\n\n\n\n<p>Edukaciju iz primjene Bender vizualno motori\u010dkog gestalt testa je odr\u017eala dr. sc. Danijela \u017daki\u0107 Milas, specijalist klini\u010dke psihologije iz Psihijatrijske bolnice Vrap\u010de, &nbsp;a trajala je od 9:00 do 17:00 sati. Polaznici edukacije imali su priliku upoznati se sa testnim materijalom, te su u\u010dili na koji se na\u010din primjenjuje, ocjenjuje i interpretira navedeni test. Tijekom predavanja teorijski dio predava\u010dica je &nbsp;potkrijepila i nizom primjera iz svoje dugogodi\u0161nje prakse.<\/p>\n<p>Bender vizualno-motori\u010dki ge\u0161talt test mjeri vizualno-motori\u010dke vje\u0161tine integracije kod djece i odraslih u dobi od 4 do 85 i vi\u0161e godina, a koristi se za ispitivanje kako nadarenih osoba, tako i osoba s te\u0161ko\u0107ama (specifi\u010dnim te\u0161ko\u0107ama u u\u010denju, poreme\u0107ajem pa\u017enje\/hiperaktivnim poreme\u0107ajem, autizmom,\u2026).<\/p>\n\n\n\n<div class=\"wp-container-166 wp-block-columns\">\n<div class=\"wp-container-164 wp-block-column\">\n<div class=\"wp-block-image\"><figure class=\"aligncenter size-large is-resized\"><img loading=\"lazy\" src=\"https:\/\/www.medskvz.org\/web\/wp-content\/uploads\/2020\/10\/emblem-1-1024x322.png\" alt=\"\" class=\"wp-image-11022 colorbox-11044\" width=\"398\" height=\"126\" srcset=\"https:\/\/www.medskvz.org\/web\/wp-content\/uploads\/2020\/10\/emblem-1-1024x322.png 1024w, https:\/\/www.medskvz.org\/web\/wp-content\/uploads\/2020\/10\/emblem-1-300x94.png 300w, https:\/\/www.medskvz.org\/web\/wp-content\/uploads\/2020\/10\/emblem-1-768x242.png 768w, https:\/\/www.medskvz.org\/web\/wp-content\/uploads\/2020\/10\/emblem-1.png 1350w\" sizes=\"(max-width: 398px) 100vw, 398px\" \/><\/figure><\/div>\n<\/div>\n\n\n\n<div class=\"wp-container-165 wp-block-column\">\n<p>&nbsp;<\/p>\n<p>&nbsp;<\/p>\n<p style=\"text-align: center;\">Sonja Veir Laba\u0161 <\/p>\n<\/div>\n<\/div>\n\n\n<p><\/p>\n<p style=\"text-align: center;\"><em><span style=\"color: #999999;\">Sadr\u017eaj ove objave isklju\u010diva je odgovornost Medicinske \u0161kole Vara\u017edin.<\/span><\/em><\/p>\n<p><\/p>\n\n\n<div style=\"height:193px\" aria-hidden=\"true\" class=\"wp-block-spacer\"><\/div>\n\n\n\n<hr class=\"wp-block-separator aligncenter is-style-wide\"\/>\n\n\n\n<div class=\"wp-block-image\"><figure class=\"aligncenter size-large is-resized\"><img loading=\"lazy\" src=\"https:\/\/www.medskvz.org\/web\/wp-content\/uploads\/2020\/10\/Emblem-za-web-odrezan-1024x122.png\" alt=\"\" class=\"wp-image-11135 colorbox-11044\" width=\"671\" height=\"80\" srcset=\"https:\/\/www.medskvz.org\/web\/wp-content\/uploads\/2020\/10\/Emblem-za-web-odrezan-1024x122.png 1024w, https:\/\/www.medskvz.org\/web\/wp-content\/uploads\/2020\/10\/Emblem-za-web-odrezan-300x36.png 300w, https:\/\/www.medskvz.org\/web\/wp-content\/uploads\/2020\/10\/Emblem-za-web-odrezan-768x92.png 768w, https:\/\/www.medskvz.org\/web\/wp-content\/uploads\/2020\/10\/Emblem-za-web-odrezan-1536x183.png 1536w, https:\/\/www.medskvz.org\/web\/wp-content\/uploads\/2020\/10\/Emblem-za-web-odrezan-2048x244.png 2048w\" sizes=\"(max-width: 671px) 100vw, 671px\" \/><\/figure><\/div>\n\n\n\n<h5 style=\"text-align: center;\"><span style=\"color: #808080;\">Uspostava Regionalnog centra kompetentnosti inovativnih zdravstvenih tehnologija pri Medicinskoj \u0161koli Vara\u017edin<\/span><\/h5>\n\n\n\n<div class=\"wp-block-image\"><figure class=\"aligncenter size-large is-resized\"><img loading=\"lazy\" src=\"https:\/\/www.medskvz.org\/web\/wp-content\/uploads\/2021\/06\/29.5.2021.39285-1-1024x576.jpg\" alt=\"\" class=\"wp-image-12154 colorbox-11044\" width=\"779\" height=\"438\" srcset=\"https:\/\/www.medskvz.org\/web\/wp-content\/uploads\/2021\/06\/29.5.2021.39285-1-1024x576.jpg 1024w, https:\/\/www.medskvz.org\/web\/wp-content\/uploads\/2021\/06\/29.5.2021.39285-1-300x169.jpg 300w, https:\/\/www.medskvz.org\/web\/wp-content\/uploads\/2021\/06\/29.5.2021.39285-1-768x432.jpg 768w, https:\/\/www.medskvz.org\/web\/wp-content\/uploads\/2021\/06\/29.5.2021.39285-1.jpg 1366w\" sizes=\"(max-width: 779px) 100vw, 779px\" \/><\/figure><\/div>\n\n\n\n<h6><span style=\"color: #999999;\"><em>Autor: Marko Vrtar, 1. lipnja&nbsp; 2021.<\/em><\/span><\/h6>\n\n\n\n<h1><strong><strong><em><strong><em><strong><strong>Odr\u017eana edukacija: &#8220;<strong>Izabrane tehnike iz dje\u010dje klini\u010dke psihologije i psihoterapije s naglaskom na analizu crte\u017ea i tehnike iz terapije kreativnom umjetno\u0161\u0107u- Psiholo\u0161ka analiza crte\u017ea<\/strong><\/strong><\/strong><\/em><\/strong><\/em><\/strong><\/strong>&#8220;<\/h1>\n\n\n\n<p>U subotu, 29. svibnja&nbsp; 2021. godine&nbsp; predstavnica Regionalnog centra kompetentnosti inovativnih zdravstvenih tehnologija pri Medicinskoj \u0161koli Vara\u017edin, Mirjana Grabar Kruljac prisustvovala je cjelodnevnoj edukaciji<strong> Izabrane tehnike iz dje\u010dje klini\u010dke psihologije i psihoterapije s naglaskom na analizu crte\u017ea i tehnike iz terapije kreativnom umjetno\u0161\u0107u- Psiholo\u0161ka analiza crte\u017ea.<\/strong> Edukacija se odr\u017eala u organizaciji Naklade Slap, <em>u online<\/em> okru\u017eenju. Edukaciju je vodila mr.spec. Martina Benko, klini\u010dka psihologinja.&nbsp; Cilj edukacije bio je da&nbsp; polaznici u svom radu prepoznaju zna\u010daj crte\u017ea kod djece i adolescenata te ga adekvatno za&nbsp; primjenjuju u&nbsp; savjetodavnog rada u \u0161koli.&nbsp;<\/p>\n<p>&nbsp;<\/p>\n\n\n\n<div class=\"wp-container-169 wp-block-columns\">\n<div class=\"wp-container-167 wp-block-column\">\n<div class=\"wp-block-image\"><figure class=\"aligncenter size-large is-resized\"><img loading=\"lazy\" src=\"https:\/\/www.medskvz.org\/web\/wp-content\/uploads\/2020\/10\/emblem-1-1024x322.png\" alt=\"\" class=\"wp-image-11022 colorbox-11044\" width=\"398\" height=\"126\" srcset=\"https:\/\/www.medskvz.org\/web\/wp-content\/uploads\/2020\/10\/emblem-1-1024x322.png 1024w, https:\/\/www.medskvz.org\/web\/wp-content\/uploads\/2020\/10\/emblem-1-300x94.png 300w, https:\/\/www.medskvz.org\/web\/wp-content\/uploads\/2020\/10\/emblem-1-768x242.png 768w, https:\/\/www.medskvz.org\/web\/wp-content\/uploads\/2020\/10\/emblem-1.png 1350w\" sizes=\"(max-width: 398px) 100vw, 398px\" \/><\/figure><\/div>\n<\/div>\n\n\n\n<div class=\"wp-container-168 wp-block-column\">\n<p>&nbsp;<\/p>\n<p>&nbsp;<\/p>\n<p style=\"text-align: center;\">mr.sc. Mirjana Grabar Kruljac&nbsp;<\/p>\n<\/div>\n<\/div>\n\n\n<p><\/p>\n<p style=\"text-align: center;\"><em><span style=\"color: #999999;\">Sadr\u017eaj ove objave isklju\u010diva je odgovornost Medicinske \u0161kole Vara\u017edin.<\/span><\/em><\/p>\n<p><\/p>\n\n\n<div style=\"height:193px\" aria-hidden=\"true\" class=\"wp-block-spacer\"><\/div>\n\n\n\n<hr class=\"wp-block-separator aligncenter is-style-wide\"\/>\n\n\n\n<div class=\"wp-block-image\"><figure class=\"aligncenter size-large is-resized\"><img loading=\"lazy\" src=\"https:\/\/www.medskvz.org\/web\/wp-content\/uploads\/2020\/10\/Emblem-za-web-odrezan-1024x122.png\" alt=\"\" class=\"wp-image-11135 colorbox-11044\" width=\"671\" height=\"80\" srcset=\"https:\/\/www.medskvz.org\/web\/wp-content\/uploads\/2020\/10\/Emblem-za-web-odrezan-1024x122.png 1024w, https:\/\/www.medskvz.org\/web\/wp-content\/uploads\/2020\/10\/Emblem-za-web-odrezan-300x36.png 300w, https:\/\/www.medskvz.org\/web\/wp-content\/uploads\/2020\/10\/Emblem-za-web-odrezan-768x92.png 768w, https:\/\/www.medskvz.org\/web\/wp-content\/uploads\/2020\/10\/Emblem-za-web-odrezan-1536x183.png 1536w, https:\/\/www.medskvz.org\/web\/wp-content\/uploads\/2020\/10\/Emblem-za-web-odrezan-2048x244.png 2048w\" sizes=\"(max-width: 671px) 100vw, 671px\" \/><\/figure><\/div>\n\n\n\n<h5 style=\"text-align: center;\"><span style=\"color: #808080;\">Uspostava Regionalnog centra kompetentnosti inovativnih zdravstvenih tehnologija pri Medicinskoj \u0161koli Vara\u017edin<\/span><\/h5>\n\n\n\n<div class=\"wp-block-image\"><figure class=\"aligncenter size-large is-resized\"><img loading=\"lazy\" src=\"https:\/\/www.medskvz.org\/web\/wp-content\/uploads\/2021\/06\/Image-1.jpg\" alt=\"\" class=\"wp-image-12125 colorbox-11044\" width=\"746\" height=\"409\" srcset=\"https:\/\/www.medskvz.org\/web\/wp-content\/uploads\/2021\/06\/Image-1.jpg 976w, https:\/\/www.medskvz.org\/web\/wp-content\/uploads\/2021\/06\/Image-1-300x165.jpg 300w\" sizes=\"(max-width: 746px) 100vw, 746px\" \/><\/figure><\/div>\n\n\n\n<h6><span style=\"color: #999999;\"><em>Autor: Marko Vrtar, 31. svibnja&nbsp; 2021.<\/em><\/span><\/h6>\n\n\n\n<h1><strong><strong><em><strong><em><strong><strong>U Medicinskoj \u0161koli Vara\u017edi<em><strong><em><strong>n                     odr\u017eani \u201eDani strukovnih zanimanja u RCK-u\u02ee<\/strong><\/em><\/strong><\/em><\/strong><\/strong><\/em><\/strong><\/em><\/strong><\/strong><\/h1>\n\n\n\n<blockquote class=\"wp-block-quote\"><p><em><strong><em><strong>1<\/strong><\/em><\/strong><\/em>. <em><strong><em><strong>Sajam \u201eDani strukovnih zanimanja u Regionalnom centru kompetentnosti\u02ee odr\u017eao se <strong>u okviru projekta Uspostava Regionalnog centra kompetentnosti inovativnih zdravstvenih tehnologija pri Medicinskoj \u0161koli Vara\u017edin <\/strong>od 10. do 14. svibnja 2021. u\u017eivo u Medicinskoj \u0161koli i <em>online<\/em> preko platforme Zoom.<\/strong><\/em><\/strong><\/em><\/p><\/blockquote>\n\n\n\n<figure class=\"wp-block-embed alignleft is-type-video is-provider-youtube wp-block-embed-youtube wp-embed-aspect-16-9 wp-has-aspect-ratio\"><div class=\"wp-block-embed__wrapper\">\n<iframe loading=\"lazy\" title=\"\u201eDani strukovnih zanimanja u RCK-u\u02ee\" width=\"500\" height=\"281\" src=\"https:\/\/www.youtube.com\/embed\/rZONm2QHzmc?feature=oembed\" frameborder=\"0\" allow=\"accelerometer; autoplay; clipboard-write; encrypted-media; gyroscope; picture-in-picture; web-share\" referrerpolicy=\"strict-origin-when-cross-origin\" allowfullscreen><\/iframe>\n<\/div><\/figure>\n\n\n\n<p>Cilj ovoga Sajma bio je povezivanje u\u010denika, roditelja, nastavnika i vanjskih stru\u010dnjaka iz razli\u010ditih struka u podru\u010dju zdravstva. Medicinska \u0161kola Vara\u017edin zajedno s partnerskim institucijama prezentirala je zanimanja koja nudi u okviru svojeg odgojno-obrazovnog programa s naglaskom na o\u010dekivani razvoj stru\u010dnih kompetencija unutar Projekta. Vanjski predava\u010di informirali su prisutne sudionike o novim spoznajama u okviru razli\u010ditih struka u kontekstu \u0161irenja epidemije bolesti COVID-19.<\/p>\n<p>Svaki dan bio je posve\u0107en jednom zanimanju, a aktivnosti su zapo\u010dele u\u010deni\u010dkim predstavljanjem i demonstracijom odabranih vje\u017ebi u laboratoriju ili u kabinetima, a potom je uslijedilo predavanje stru\u010dnjaka. Kroz vo\u0111eno \u010ditanje pri\u010da iz zbirke 100 % pamuk Ivane Bodro\u017ei\u0107, dr. Puljak je demonstrirala na\u010din primjene knjige u biblioterapijske svrhe. Odr\u017eana radionica prva je u nizu stru\u010dnih usavr\u0161avanja kojim \u0107e se \u010dlanove projektne aktivnosti Biblioterapija osna\u017eiti za provo\u0111enje aktivnosti vo\u0111enog \u010ditanja.<\/p>\n<p>&nbsp;<\/p>\n\n\n\n<figure class=\"wp-container-171 wp-block-gallery-170 wp-block-gallery columns-2 is-cropped\"><ul class=\"blocks-gallery-grid\"><li class=\"blocks-gallery-item\"><figure><img loading=\"lazy\" width=\"1024\" height=\"582\" src=\"https:\/\/www.medskvz.org\/web\/wp-content\/uploads\/2021\/06\/sajam-1-dan-2-1024x582.jpg\" alt=\"\" data-id=\"12130\" data-full-url=\"https:\/\/www.medskvz.org\/web\/wp-content\/uploads\/2021\/06\/sajam-1-dan-2.jpg\" data-link=\"https:\/\/www.medskvz.org\/web\/clanci-o-projektu\/sajam-1-dan-2\/\" class=\"wp-image-12130 colorbox-11044\" srcset=\"https:\/\/www.medskvz.org\/web\/wp-content\/uploads\/2021\/06\/sajam-1-dan-2-1024x582.jpg 1024w, https:\/\/www.medskvz.org\/web\/wp-content\/uploads\/2021\/06\/sajam-1-dan-2-300x170.jpg 300w, https:\/\/www.medskvz.org\/web\/wp-content\/uploads\/2021\/06\/sajam-1-dan-2-768x436.jpg 768w, https:\/\/www.medskvz.org\/web\/wp-content\/uploads\/2021\/06\/sajam-1-dan-2-1536x873.jpg 1536w, https:\/\/www.medskvz.org\/web\/wp-content\/uploads\/2021\/06\/sajam-1-dan-2.jpg 1899w\" sizes=\"(max-width: 1024px) 100vw, 1024px\" \/><\/figure><\/li><li class=\"blocks-gallery-item\"><figure><img loading=\"lazy\" width=\"1024\" height=\"576\" src=\"https:\/\/www.medskvz.org\/web\/wp-content\/uploads\/2021\/06\/sajam-1-dan-5-1-1024x576.jpg\" alt=\"\" data-id=\"12131\" data-full-url=\"https:\/\/www.medskvz.org\/web\/wp-content\/uploads\/2021\/06\/sajam-1-dan-5-1.jpg\" data-link=\"https:\/\/www.medskvz.org\/web\/clanci-o-projektu\/sajam-1-dan-5-1\/\" class=\"wp-image-12131 colorbox-11044\" srcset=\"https:\/\/www.medskvz.org\/web\/wp-content\/uploads\/2021\/06\/sajam-1-dan-5-1-1024x576.jpg 1024w, https:\/\/www.medskvz.org\/web\/wp-content\/uploads\/2021\/06\/sajam-1-dan-5-1-300x169.jpg 300w, https:\/\/www.medskvz.org\/web\/wp-content\/uploads\/2021\/06\/sajam-1-dan-5-1-768x432.jpg 768w, https:\/\/www.medskvz.org\/web\/wp-content\/uploads\/2021\/06\/sajam-1-dan-5-1-1536x864.jpg 1536w, https:\/\/www.medskvz.org\/web\/wp-content\/uploads\/2021\/06\/sajam-1-dan-5-1.jpg 1920w\" sizes=\"(max-width: 1024px) 100vw, 1024px\" \/><\/figure><\/li><\/ul><\/figure>\n\n\n\n<p>O ulozi ljekarni\u010dkog tima u primarnoj zdravstvenoj za\u0161titi govorila je magistra farmacije <strong>Ana Soldo<\/strong>, predsjednica Hrvatske ljekarni\u010dke komore. Ljekarni\u0161tvo u Hrvatskoj predstavila je na temelju SWOT analize isti\u010du\u0107i kako je jedna od slabosti tog dijela zdravstvenog sustava otpor prema promjenama, a iznimno velika snaga dostupnost i usmjerenost na pacijenta. Uspore\u0111uju\u0107i Hrvatsku s europskim dr\u017eavama, smatra da je najve\u0107a prilika na\u0161ega ljekarni\u0161tva u budu\u0107nosti pra\u0107enje pacijenata s kroni\u010dnim bolestima jer su istra\u017eivanja pokazala da mnogi ne uzimaju redovito terapiju \u0161to mo\u017ee kobno utjecati na tijek i ishod bolesti.<\/p>\n<p>&nbsp;<\/p>\n\n\n\n<figure class=\"wp-container-173 wp-block-gallery-172 wp-block-gallery columns-2 is-cropped\"><ul class=\"blocks-gallery-grid\"><li class=\"blocks-gallery-item\"><figure><img loading=\"lazy\" width=\"1024\" height=\"576\" src=\"https:\/\/www.medskvz.org\/web\/wp-content\/uploads\/2021\/06\/2-dan-13-1024x576.jpg\" alt=\"\" data-id=\"12132\" data-full-url=\"https:\/\/www.medskvz.org\/web\/wp-content\/uploads\/2021\/06\/2-dan-13.jpg\" data-link=\"https:\/\/www.medskvz.org\/web\/clanci-o-projektu\/2-dan-13\/\" class=\"wp-image-12132 colorbox-11044\" srcset=\"https:\/\/www.medskvz.org\/web\/wp-content\/uploads\/2021\/06\/2-dan-13-1024x576.jpg 1024w, https:\/\/www.medskvz.org\/web\/wp-content\/uploads\/2021\/06\/2-dan-13-300x169.jpg 300w, https:\/\/www.medskvz.org\/web\/wp-content\/uploads\/2021\/06\/2-dan-13-768x432.jpg 768w, https:\/\/www.medskvz.org\/web\/wp-content\/uploads\/2021\/06\/2-dan-13-1536x864.jpg 1536w, https:\/\/www.medskvz.org\/web\/wp-content\/uploads\/2021\/06\/2-dan-13.jpg 1920w\" sizes=\"(max-width: 1024px) 100vw, 1024px\" \/><\/figure><\/li><li class=\"blocks-gallery-item\"><figure><img loading=\"lazy\" width=\"1024\" height=\"576\" src=\"https:\/\/www.medskvz.org\/web\/wp-content\/uploads\/2021\/06\/20210511_090412-1024x576.jpg\" alt=\"\" data-id=\"12133\" data-full-url=\"https:\/\/www.medskvz.org\/web\/wp-content\/uploads\/2021\/06\/20210511_090412-scaled.jpg\" data-link=\"https:\/\/www.medskvz.org\/web\/clanci-o-projektu\/20210511_090412\/\" class=\"wp-image-12133 colorbox-11044\" srcset=\"https:\/\/www.medskvz.org\/web\/wp-content\/uploads\/2021\/06\/20210511_090412-1024x576.jpg 1024w, https:\/\/www.medskvz.org\/web\/wp-content\/uploads\/2021\/06\/20210511_090412-300x169.jpg 300w, https:\/\/www.medskvz.org\/web\/wp-content\/uploads\/2021\/06\/20210511_090412-768x432.jpg 768w, https:\/\/www.medskvz.org\/web\/wp-content\/uploads\/2021\/06\/20210511_090412-1536x864.jpg 1536w, https:\/\/www.medskvz.org\/web\/wp-content\/uploads\/2021\/06\/20210511_090412-2048x1152.jpg 2048w\" sizes=\"(max-width: 1024px) 100vw, 1024px\" \/><\/figure><\/li><\/ul><\/figure>\n\n\n\n<p><strong>Emil Juri\u010d,<\/strong> dentalni tehni\u010dar i prvostupnik ekonomije, odr\u017eao je predavanje na temu <em>Dentalna tehnologija od ju\u010der do sutra<\/em>. Svojim je izlaganjem objasnio i zorno prikazao kako stalna promjena u tehnologiji i materijalima za izradu fiksnih i mobilnih protetskih nadomjestaka u dentalnoj medicini utje\u010de i na stalnu potrebu za cjelo\u017eivotnom edukacijom dentalnih tehni\u010dara. Na primjeru izrade metalkerami\u010dkog mosta usporedio je nekada\u0161nji, sada\u0161nji i budu\u0107i na\u010din rada u svim fazama izrade, od uzimanja otisaka, izrade modela, modeliranja metalne baze, ulaganja s ulo\u017enim masama, lijevanja metala, obrade metala, odre\u0111ivanja boje zuba do slojevanja keramike, obrade keramike i zavr\u0161ne glazure, pri \u010demu je presudna i nezamjenjiva umjetni\u010dka osobnost svakoga dentalnog tehni\u010dara.<\/p>\n<p>&nbsp;<\/p>\n\n\n\n<figure class=\"wp-container-175 wp-block-gallery-174 wp-block-gallery columns-2 is-cropped\"><ul class=\"blocks-gallery-grid\"><li class=\"blocks-gallery-item\"><figure><img loading=\"lazy\" width=\"1024\" height=\"576\" src=\"https:\/\/www.medskvz.org\/web\/wp-content\/uploads\/2021\/06\/20210512_091416-1024x576.jpg\" alt=\"\" data-id=\"12134\" data-full-url=\"https:\/\/www.medskvz.org\/web\/wp-content\/uploads\/2021\/06\/20210512_091416-scaled.jpg\" data-link=\"https:\/\/www.medskvz.org\/web\/clanci-o-projektu\/20210512_091416\/\" class=\"wp-image-12134 colorbox-11044\" srcset=\"https:\/\/www.medskvz.org\/web\/wp-content\/uploads\/2021\/06\/20210512_091416-1024x576.jpg 1024w, https:\/\/www.medskvz.org\/web\/wp-content\/uploads\/2021\/06\/20210512_091416-300x169.jpg 300w, https:\/\/www.medskvz.org\/web\/wp-content\/uploads\/2021\/06\/20210512_091416-768x432.jpg 768w, https:\/\/www.medskvz.org\/web\/wp-content\/uploads\/2021\/06\/20210512_091416-1536x864.jpg 1536w, https:\/\/www.medskvz.org\/web\/wp-content\/uploads\/2021\/06\/20210512_091416-2048x1152.jpg 2048w\" sizes=\"(max-width: 1024px) 100vw, 1024px\" \/><\/figure><\/li><li class=\"blocks-gallery-item\"><figure><img loading=\"lazy\" width=\"1024\" height=\"576\" src=\"https:\/\/www.medskvz.org\/web\/wp-content\/uploads\/2021\/06\/Print-screen-Gajski3-1024x576.png\" alt=\"\" data-id=\"12135\" data-full-url=\"https:\/\/www.medskvz.org\/web\/wp-content\/uploads\/2021\/06\/Print-screen-Gajski3.png\" data-link=\"https:\/\/www.medskvz.org\/web\/clanci-o-projektu\/print-screen-gajski3\/\" class=\"wp-image-12135 colorbox-11044\" srcset=\"https:\/\/www.medskvz.org\/web\/wp-content\/uploads\/2021\/06\/Print-screen-Gajski3-1024x576.png 1024w, https:\/\/www.medskvz.org\/web\/wp-content\/uploads\/2021\/06\/Print-screen-Gajski3-300x169.png 300w, https:\/\/www.medskvz.org\/web\/wp-content\/uploads\/2021\/06\/Print-screen-Gajski3-768x432.png 768w, https:\/\/www.medskvz.org\/web\/wp-content\/uploads\/2021\/06\/Print-screen-Gajski3-1536x864.png 1536w, https:\/\/www.medskvz.org\/web\/wp-content\/uploads\/2021\/06\/Print-screen-Gajski3.png 1920w\" sizes=\"(max-width: 1024px) 100vw, 1024px\" \/><\/figure><\/li><\/ul><\/figure>\n\n\n\n<p>Tre\u0107i dan Sajma obilje\u017een je u posebnom ozra\u010dju s obzirom na to da se 12. svibnja slavi i Me\u0111unarodni dan sestrinstva. Stoga je pozvana <strong>\u017deljka Gajski<\/strong>,&nbsp; glavna sestra slu\u017ebe za interne bolesti, vanjska suradnica i mentorica u\u010denicima Medicinske \u0161kole Vara\u017edin na klini\u010dkim zdravstvenim vje\u017ebama, koja je govorila o vrlo aktualnoj problematici \u2013 pandemiji izazvanoj bole\u0161\u0107u COVID-19.<\/p>\n\n\n\n<figure class=\"wp-container-177 wp-block-gallery-176 wp-block-gallery columns-2 is-cropped\"><ul class=\"blocks-gallery-grid\"><li class=\"blocks-gallery-item\"><figure><img loading=\"lazy\" width=\"1024\" height=\"576\" src=\"https:\/\/www.medskvz.org\/web\/wp-content\/uploads\/2021\/06\/20210513_080518-1024x576.jpg\" alt=\"\" data-id=\"12136\" data-full-url=\"https:\/\/www.medskvz.org\/web\/wp-content\/uploads\/2021\/06\/20210513_080518-scaled.jpg\" data-link=\"https:\/\/www.medskvz.org\/web\/clanci-o-projektu\/20210513_080518\/\" class=\"wp-image-12136 colorbox-11044\" srcset=\"https:\/\/www.medskvz.org\/web\/wp-content\/uploads\/2021\/06\/20210513_080518-1024x576.jpg 1024w, https:\/\/www.medskvz.org\/web\/wp-content\/uploads\/2021\/06\/20210513_080518-300x169.jpg 300w, https:\/\/www.medskvz.org\/web\/wp-content\/uploads\/2021\/06\/20210513_080518-768x432.jpg 768w, https:\/\/www.medskvz.org\/web\/wp-content\/uploads\/2021\/06\/20210513_080518-1536x864.jpg 1536w, https:\/\/www.medskvz.org\/web\/wp-content\/uploads\/2021\/06\/20210513_080518-2048x1152.jpg 2048w\" sizes=\"(max-width: 1024px) 100vw, 1024px\" \/><\/figure><\/li><li class=\"blocks-gallery-item\"><figure><img loading=\"lazy\" width=\"1024\" height=\"576\" src=\"https:\/\/www.medskvz.org\/web\/wp-content\/uploads\/2021\/06\/20210513_090819-1024x576.jpg\" alt=\"\" data-id=\"12137\" data-full-url=\"https:\/\/www.medskvz.org\/web\/wp-content\/uploads\/2021\/06\/20210513_090819-scaled.jpg\" data-link=\"https:\/\/www.medskvz.org\/web\/clanci-o-projektu\/20210513_090819\/\" class=\"wp-image-12137 colorbox-11044\" srcset=\"https:\/\/www.medskvz.org\/web\/wp-content\/uploads\/2021\/06\/20210513_090819-1024x576.jpg 1024w, https:\/\/www.medskvz.org\/web\/wp-content\/uploads\/2021\/06\/20210513_090819-300x169.jpg 300w, https:\/\/www.medskvz.org\/web\/wp-content\/uploads\/2021\/06\/20210513_090819-768x432.jpg 768w, https:\/\/www.medskvz.org\/web\/wp-content\/uploads\/2021\/06\/20210513_090819-1536x864.jpg 1536w, https:\/\/www.medskvz.org\/web\/wp-content\/uploads\/2021\/06\/20210513_090819-2048x1152.jpg 2048w\" sizes=\"(max-width: 1024px) 100vw, 1024px\" \/><\/figure><\/li><\/ul><\/figure>\n\n\n\n<p>\u010cetvrti dan predavanje je odr\u017eao <strong>Tomislava Vrbnjaka<\/strong>, biv\u0161eg u\u010denika \u0161kole koji pripada prvoj generaciji fizioterapeuta od 1983 do 1987. Poznat je i po dugogodi\u0161njoj karijeri u AC Milanu, Talijanskoj i Hrvatskoj nogometnoj reprezentaciji, a danas radi u svojoj privatnoj praksi Medical d.o.o. U svojem je predavanju govorio o jednoj od najra\u0161irenijih dijagnoza dana\u0161njice \u2013 kri\u017eobolji, od koje u nekom periodu \u017eivota boluje 80 % ljudi.<\/p>\n<p>&nbsp;<\/p>\n\n\n\n<figure class=\"wp-container-179 wp-block-gallery-178 wp-block-gallery columns-2 is-cropped\"><ul class=\"blocks-gallery-grid\"><li class=\"blocks-gallery-item\"><figure><img loading=\"lazy\" width=\"1024\" height=\"576\" src=\"https:\/\/www.medskvz.org\/web\/wp-content\/uploads\/2021\/06\/20210514_083915-1024x576.jpg\" alt=\"\" data-id=\"12138\" data-full-url=\"https:\/\/www.medskvz.org\/web\/wp-content\/uploads\/2021\/06\/20210514_083915-scaled.jpg\" data-link=\"https:\/\/www.medskvz.org\/web\/clanci-o-projektu\/20210514_083915\/\" class=\"wp-image-12138 colorbox-11044\" srcset=\"https:\/\/www.medskvz.org\/web\/wp-content\/uploads\/2021\/06\/20210514_083915-1024x576.jpg 1024w, https:\/\/www.medskvz.org\/web\/wp-content\/uploads\/2021\/06\/20210514_083915-300x169.jpg 300w, https:\/\/www.medskvz.org\/web\/wp-content\/uploads\/2021\/06\/20210514_083915-768x432.jpg 768w, https:\/\/www.medskvz.org\/web\/wp-content\/uploads\/2021\/06\/20210514_083915-1536x864.jpg 1536w, https:\/\/www.medskvz.org\/web\/wp-content\/uploads\/2021\/06\/20210514_083915-2048x1152.jpg 2048w\" sizes=\"(max-width: 1024px) 100vw, 1024px\" \/><\/figure><\/li><li class=\"blocks-gallery-item\"><figure><img loading=\"lazy\" width=\"1024\" height=\"576\" src=\"https:\/\/www.medskvz.org\/web\/wp-content\/uploads\/2021\/06\/Image-51-1024x576.png\" alt=\"\" data-id=\"12139\" data-full-url=\"https:\/\/www.medskvz.org\/web\/wp-content\/uploads\/2021\/06\/Image-51.png\" data-link=\"https:\/\/www.medskvz.org\/web\/clanci-o-projektu\/image-51\/\" class=\"wp-image-12139 colorbox-11044\" srcset=\"https:\/\/www.medskvz.org\/web\/wp-content\/uploads\/2021\/06\/Image-51-1024x576.png 1024w, https:\/\/www.medskvz.org\/web\/wp-content\/uploads\/2021\/06\/Image-51-300x169.png 300w, https:\/\/www.medskvz.org\/web\/wp-content\/uploads\/2021\/06\/Image-51-768x432.png 768w, https:\/\/www.medskvz.org\/web\/wp-content\/uploads\/2021\/06\/Image-51-1536x864.png 1536w, https:\/\/www.medskvz.org\/web\/wp-content\/uploads\/2021\/06\/Image-51.png 1920w\" sizes=\"(max-width: 1024px) 100vw, 1024px\" \/><\/figure><\/li><\/ul><\/figure>\n\n\n\n<p>Posljednji, peti dan stru\u010dno predavanje na temu <em>Zdravstveno-laboratorijski djelatnici<\/em> odr\u017eao je <strong>Matija Vrbanec<\/strong>, magistar medicinsko-laboratorijske dijagnostike i biv\u0161i u\u010denik \u0161kole, koji posljednjih 12 godina radi na Zavodu za javno zdravstvo u podru\u010dju mikrobiologije. U svojem je predavanju opisao na\u010din \u0161kolovanja i osnovne poslove i zadatke medicinsko-laboratorijskih djelatnika (uzimanje biolo\u0161kih uzoraka, upis pretrage i ostalih podataka u informacijski sustav, obrada uzorka, izvo\u0111enje pretrage te upis rezultata pretrage).<\/p>\n\n\n\n<div class=\"wp-container-182 wp-block-columns\">\n<div class=\"wp-container-180 wp-block-column\">\n<div class=\"wp-block-image\"><figure class=\"aligncenter size-large is-resized\"><img loading=\"lazy\" src=\"https:\/\/www.medskvz.org\/web\/wp-content\/uploads\/2020\/10\/emblem-1-1024x322.png\" alt=\"\" class=\"wp-image-11022 colorbox-11044\" width=\"398\" height=\"126\" srcset=\"https:\/\/www.medskvz.org\/web\/wp-content\/uploads\/2020\/10\/emblem-1-1024x322.png 1024w, https:\/\/www.medskvz.org\/web\/wp-content\/uploads\/2020\/10\/emblem-1-300x94.png 300w, https:\/\/www.medskvz.org\/web\/wp-content\/uploads\/2020\/10\/emblem-1-768x242.png 768w, https:\/\/www.medskvz.org\/web\/wp-content\/uploads\/2020\/10\/emblem-1.png 1350w\" sizes=\"(max-width: 398px) 100vw, 398px\" \/><\/figure><\/div>\n<\/div>\n\n\n\n<div class=\"wp-container-181 wp-block-column\">\n<p>&nbsp;<\/p>\n<p>&nbsp;<\/p>\n<p style=\"text-align: center;\"><strong>Sun\u010dica Podore\u0161ki<\/strong>, prof<\/p>\n<\/div>\n<\/div>\n\n\n<p><\/p>\n<p style=\"text-align: center;\"><em><span style=\"color: #999999;\">Sadr\u017eaj ove objave isklju\u010diva je odgovornost Medicinske \u0161kole Vara\u017edin.<\/span><\/em><\/p>\n<p><\/p>\n\n\n<div class=\"wp-block-image\"><figure class=\"aligncenter size-large is-resized\"><a href=\"https:\/\/regionalni.com\/buduci-medicinari-najprije-vjezbali-u-laboratoriju-i-kabinetima-a-potom-su-uslijedila-predavanja\/?fbclid=IwAR3FCsFU0fFPA8aBU9KM7cupdel8y_lrulFvV8v4WqgR6Cfn1w_zoPcWfgs\" target=\"_blank\" rel=\"noopener\"><img loading=\"lazy\" src=\"https:\/\/www.medskvz.org\/web\/wp-content\/uploads\/2021\/06\/Regionalni-logotip-60.png\" alt=\"\" class=\"wp-image-12158 colorbox-11044\" width=\"150\" height=\"33\"\/><\/a><\/figure><\/div>\n\n\n\n<div style=\"height:193px\" aria-hidden=\"true\" class=\"wp-block-spacer\"><\/div>\n\n\n\n<hr class=\"wp-block-separator aligncenter is-style-wide\"\/>\n\n\n\n<div class=\"wp-block-image\"><figure class=\"aligncenter size-large is-resized\"><img loading=\"lazy\" src=\"https:\/\/www.medskvz.org\/web\/wp-content\/uploads\/2020\/10\/Emblem-za-web-odrezan-1024x122.png\" alt=\"\" class=\"wp-image-11135 colorbox-11044\" width=\"671\" height=\"80\" srcset=\"https:\/\/www.medskvz.org\/web\/wp-content\/uploads\/2020\/10\/Emblem-za-web-odrezan-1024x122.png 1024w, https:\/\/www.medskvz.org\/web\/wp-content\/uploads\/2020\/10\/Emblem-za-web-odrezan-300x36.png 300w, https:\/\/www.medskvz.org\/web\/wp-content\/uploads\/2020\/10\/Emblem-za-web-odrezan-768x92.png 768w, https:\/\/www.medskvz.org\/web\/wp-content\/uploads\/2020\/10\/Emblem-za-web-odrezan-1536x183.png 1536w, https:\/\/www.medskvz.org\/web\/wp-content\/uploads\/2020\/10\/Emblem-za-web-odrezan-2048x244.png 2048w\" sizes=\"(max-width: 671px) 100vw, 671px\" \/><\/figure><\/div>\n\n\n\n<h5 style=\"text-align: center;\"><span style=\"color: #808080;\">Uspostava Regionalnog centra kompetentnosti inovativnih zdravstvenih tehnologija pri Medicinskoj \u0161koli Vara\u017edin<\/span><\/h5>\n\n\n\n<div class=\"wp-block-image\"><figure class=\"aligncenter size-large is-resized\"><img loading=\"lazy\" src=\"https:\/\/www.medskvz.org\/web\/wp-content\/uploads\/2021\/05\/bib1-1024x577.jpg\" alt=\"\" class=\"wp-image-12062 colorbox-11044\" width=\"808\" height=\"455\" srcset=\"https:\/\/www.medskvz.org\/web\/wp-content\/uploads\/2021\/05\/bib1-1024x577.jpg 1024w, https:\/\/www.medskvz.org\/web\/wp-content\/uploads\/2021\/05\/bib1-300x169.jpg 300w, https:\/\/www.medskvz.org\/web\/wp-content\/uploads\/2021\/05\/bib1-768x432.jpg 768w, https:\/\/www.medskvz.org\/web\/wp-content\/uploads\/2021\/05\/bib1-1536x865.jpg 1536w, https:\/\/www.medskvz.org\/web\/wp-content\/uploads\/2021\/05\/bib1.jpg 1600w\" sizes=\"(max-width: 808px) 100vw, 808px\" \/><\/figure><\/div>\n\n\n\n<h6><span style=\"color: #999999;\"><em>Autor: Marko Vrtar, 20. svibnja&nbsp; 2021.<\/em><\/span><\/h6>\n\n\n\n<h1><strong><strong><em><strong><em><strong>Zapo\u010deo novi ciklus stru\u010dnog usavr\u0161avanja u projektnoj aktivnosti Biblioterapija<\/strong><\/em><\/strong><\/em><\/strong><\/strong><\/h1>\n\n\n\n<blockquote class=\"wp-block-quote\"><p><em><strong><em><strong>18. svibnja 2021<\/strong>. <strong>zapo\u010deo je ciklus stru\u010dnog usavr\u0161avanja \u010dlanova aktivnosti Biblioterapija.&nbsp; <\/strong>Prvu edukaciju iz modularnog stru\u010dnog usavr\u0161avanja odr\u017eala je Ane Puljak dr. med, spec. javnog zdravstva, kognitivno-bihevioralna&nbsp; psihoterapeutkinja iz Nastavnog zavoda dr. Andrija \u0160tampar Zagreb.&nbsp;<\/em><\/strong><\/em><\/p><\/blockquote>\n\n\n\n<div class=\"wp-block-image\"><figure class=\"aligncenter size-large is-resized\"><img loading=\"lazy\" src=\"https:\/\/www.medskvz.org\/web\/wp-content\/uploads\/2021\/05\/bib2-1024x461.jpg\" alt=\"\" class=\"wp-image-12063 colorbox-11044\" width=\"792\" height=\"356\" srcset=\"https:\/\/www.medskvz.org\/web\/wp-content\/uploads\/2021\/05\/bib2-1024x461.jpg 1024w, https:\/\/www.medskvz.org\/web\/wp-content\/uploads\/2021\/05\/bib2-300x135.jpg 300w, https:\/\/www.medskvz.org\/web\/wp-content\/uploads\/2021\/05\/bib2-768x346.jpg 768w, https:\/\/www.medskvz.org\/web\/wp-content\/uploads\/2021\/05\/bib2-1536x691.jpg 1536w, https:\/\/www.medskvz.org\/web\/wp-content\/uploads\/2021\/05\/bib2.jpg 1600w\" sizes=\"(max-width: 792px) 100vw, 792px\" \/><\/figure><\/div>\n\n\n\n<p>Kroz vo\u0111eno \u010ditanje pri\u010da iz zbirke 100 % pamuk Ivane Bodro\u017ei\u0107, dr. Puljak je demonstrirala na\u010din primjene knjige u biblioterapijske svrhe. Odr\u017eana radionica prva je u nizu stru\u010dnih usavr\u0161avanja kojim \u0107e se \u010dlanove projektne aktivnosti Biblioterapija osna\u017eiti za provo\u0111enje aktivnosti vo\u0111enog \u010ditanja.<\/p>\n\n\n\n<div class=\"wp-container-185 wp-block-columns\">\n<div class=\"wp-container-183 wp-block-column\">\n<div class=\"wp-block-image\"><figure class=\"aligncenter size-large is-resized\"><img loading=\"lazy\" src=\"https:\/\/www.medskvz.org\/web\/wp-content\/uploads\/2020\/10\/emblem-1-1024x322.png\" alt=\"\" class=\"wp-image-11022 colorbox-11044\" width=\"398\" height=\"126\" srcset=\"https:\/\/www.medskvz.org\/web\/wp-content\/uploads\/2020\/10\/emblem-1-1024x322.png 1024w, https:\/\/www.medskvz.org\/web\/wp-content\/uploads\/2020\/10\/emblem-1-300x94.png 300w, https:\/\/www.medskvz.org\/web\/wp-content\/uploads\/2020\/10\/emblem-1-768x242.png 768w, https:\/\/www.medskvz.org\/web\/wp-content\/uploads\/2020\/10\/emblem-1.png 1350w\" sizes=\"(max-width: 398px) 100vw, 398px\" \/><\/figure><\/div>\n<\/div>\n\n\n\n<div class=\"wp-container-184 wp-block-column\">\n<p>&nbsp;<\/p>\n<p>&nbsp;<\/p>\n<p style=\"text-align: center;\">mr.sc. Mirjana Grabar Kruljac&nbsp;<\/p>\n<\/div>\n<\/div>\n\n\n<p><\/p>\n<p style=\"text-align: center;\"><em><span style=\"color: #999999;\">Sadr\u017eaj ove objave isklju\u010diva je odgovornost Medicinske \u0161kole Vara\u017edin.<\/span><\/em><\/p>\n<p><\/p>\n\n\n<div style=\"height:193px\" aria-hidden=\"true\" class=\"wp-block-spacer\"><\/div>\n\n\n\n<hr class=\"wp-block-separator aligncenter is-style-wide\"\/>\n\n\n\n<div class=\"wp-block-image\"><figure class=\"aligncenter size-large is-resized\"><img loading=\"lazy\" src=\"https:\/\/www.medskvz.org\/web\/wp-content\/uploads\/2020\/10\/Emblem-za-web-odrezan-1024x122.png\" alt=\"\" class=\"wp-image-11135 colorbox-11044\" width=\"671\" height=\"80\" srcset=\"https:\/\/www.medskvz.org\/web\/wp-content\/uploads\/2020\/10\/Emblem-za-web-odrezan-1024x122.png 1024w, https:\/\/www.medskvz.org\/web\/wp-content\/uploads\/2020\/10\/Emblem-za-web-odrezan-300x36.png 300w, https:\/\/www.medskvz.org\/web\/wp-content\/uploads\/2020\/10\/Emblem-za-web-odrezan-768x92.png 768w, https:\/\/www.medskvz.org\/web\/wp-content\/uploads\/2020\/10\/Emblem-za-web-odrezan-1536x183.png 1536w, https:\/\/www.medskvz.org\/web\/wp-content\/uploads\/2020\/10\/Emblem-za-web-odrezan-2048x244.png 2048w\" sizes=\"(max-width: 671px) 100vw, 671px\" \/><\/figure><\/div>\n\n\n\n<h5 style=\"text-align: center;\"><span style=\"color: #808080;\">Uspostava Regionalnog centra kompetentnosti inovativnih zdravstvenih tehnologija pri Medicinskoj \u0161koli Vara\u017edin<\/span><\/h5>\n\n\n\n<figure class=\"wp-block-image size-large is-resized\"><img src=\"https:\/\/www.medskvz.org\/web\/wp-content\/uploads\/2021\/05\/Naslovna-slika-edited-scaled.jpg\" alt=\"\" class=\"wp-image-12057 colorbox-11044\" width=\"811\" srcset=\"https:\/\/www.medskvz.org\/web\/wp-content\/uploads\/2021\/05\/Naslovna-slika-edited-scaled.jpg 2560w, https:\/\/www.medskvz.org\/web\/wp-content\/uploads\/2021\/05\/Naslovna-slika-edited-300x188.jpg 300w, https:\/\/www.medskvz.org\/web\/wp-content\/uploads\/2021\/05\/Naslovna-slika-edited-1024x640.jpg 1024w, https:\/\/www.medskvz.org\/web\/wp-content\/uploads\/2021\/05\/Naslovna-slika-edited-768x480.jpg 768w, https:\/\/www.medskvz.org\/web\/wp-content\/uploads\/2021\/05\/Naslovna-slika-edited-1536x960.jpg 1536w, https:\/\/www.medskvz.org\/web\/wp-content\/uploads\/2021\/05\/Naslovna-slika-edited-2048x1281.jpg 2048w\" sizes=\"(max-width: 2560px) 100vw, 2560px\" \/><\/figure>\n\n\n\n<h6><span style=\"color: #999999;\"><em>Autor: Marko Vrtar, 20. svibnja&nbsp; 2021.<\/em><\/span><\/h6>\n\n\n\n<h1><strong><strong><em><strong><em>ZAVR\u0160IO 3. TURNUS STRU\u010cNOG USAVR\u0160AVANJA IZ PODRU\u010cJA ENTEROSTOMALNE TERAPIJE<\/em><\/strong><\/em><\/strong><\/strong><\/h1>\n\n\n\n<blockquote class=\"wp-block-quote\"><p><em><strong><em>Zavr\u0161io je tre\u0107i turnus stru\u010dnog usavr\u0161avanje iz podru\u010dja enterostomalne terapije. Odr\u017ean je u Klini\u010dkom bolni\u010dkom centru Rijeka na Zavodu za digestivnu kirurgiju,&nbsp; Zavodu za podvodnu i hiperbari\u010dnu medicinu, Klinici za ginekologiju i porodni\u0161tvo, Ustanovi za palijativnu zdravstvenu skrb &#8211; Hospicij te na Fakultetu zdravstvenih studija u Rijeci, u periodu od 10. do 14. svibnja 2021. godine.&nbsp;<\/em><\/strong><\/em><\/p><\/blockquote>\n\n\n\n<p><em>Tre\u0107i turnus stru\u010dnog usavr\u0161avanja obuhva\u0107ao je stjecanje klini\u010dkog iskustva i klini\u010dkih vje\u0161tina na podru\u010dja zbrinjavanja kirur\u0161kih i kroni\u010dnih rana, dijetetike i nutritivne potpore pacijenata oboljelih od malignih bolesti te podru\u010dje lije\u010denja i zdravstvene njege pacijenata s inkontinencijom. Klini\u010dku nastavu odr\u017eali su stru\u010dnjaci na podru\u010dju sestrinstva, fizioterapije, podvodne i hiperbari\u010dne medicine te kirurgije. Nastavnici koji sudjeluju na stru\u010dnom usavr\u0161avanju uspje\u0161no su polo\u017eili svih prvih 6 ispita stru\u010dnog usavr\u0161avanja na Fakultetu zdravstvenih studija u Rijeci te time potvrdili visoku razinu motivacije i truda ulo\u017eenog u pripremne aktivnosti u vremenu izme\u0111u turnusa.&nbsp;<\/em><\/p>\n\n\n\n<div class=\"wp-container-190 wp-block-group\"><div class=\"wp-block-group__inner-container\">\n<div class=\"wp-container-189 wp-block-columns are-vertically-aligned-center\">\n<div class=\"wp-container-188 wp-block-column is-vertically-aligned-center\" style=\"flex-basis:100%\">\n<figure class=\"wp-container-187 wp-block-gallery-186 wp-block-gallery aligncenter columns-3 is-cropped\"><ul class=\"blocks-gallery-grid\"><li class=\"blocks-gallery-item\"><figure><img loading=\"lazy\" width=\"1024\" height=\"768\" src=\"https:\/\/www.medskvz.org\/web\/wp-content\/uploads\/2021\/05\/20210510_104503-1024x768.jpg\" alt=\"\" data-id=\"12047\" data-link=\"https:\/\/www.medskvz.org\/web\/clanci-o-projektu\/20210510_104503\/\" class=\"wp-image-12047 colorbox-11044\" srcset=\"https:\/\/www.medskvz.org\/web\/wp-content\/uploads\/2021\/05\/20210510_104503-1024x768.jpg 1024w, https:\/\/www.medskvz.org\/web\/wp-content\/uploads\/2021\/05\/20210510_104503-300x225.jpg 300w, https:\/\/www.medskvz.org\/web\/wp-content\/uploads\/2021\/05\/20210510_104503-768x576.jpg 768w, https:\/\/www.medskvz.org\/web\/wp-content\/uploads\/2021\/05\/20210510_104503-1536x1152.jpg 1536w, https:\/\/www.medskvz.org\/web\/wp-content\/uploads\/2021\/05\/20210510_104503-2048x1536.jpg 2048w\" sizes=\"(max-width: 1024px) 100vw, 1024px\" \/><\/figure><\/li><li class=\"blocks-gallery-item\"><figure><img loading=\"lazy\" width=\"1024\" height=\"797\" src=\"https:\/\/www.medskvz.org\/web\/wp-content\/uploads\/2021\/05\/20210512_120824-1024x797.jpg\" alt=\"\" data-id=\"12049\" data-link=\"https:\/\/www.medskvz.org\/web\/clanci-o-projektu\/20210512_120824\/\" class=\"wp-image-12049 colorbox-11044\" srcset=\"https:\/\/www.medskvz.org\/web\/wp-content\/uploads\/2021\/05\/20210512_120824-1024x797.jpg 1024w, https:\/\/www.medskvz.org\/web\/wp-content\/uploads\/2021\/05\/20210512_120824-300x234.jpg 300w, https:\/\/www.medskvz.org\/web\/wp-content\/uploads\/2021\/05\/20210512_120824-768x598.jpg 768w, https:\/\/www.medskvz.org\/web\/wp-content\/uploads\/2021\/05\/20210512_120824-1536x1196.jpg 1536w, https:\/\/www.medskvz.org\/web\/wp-content\/uploads\/2021\/05\/20210512_120824-2048x1595.jpg 2048w\" sizes=\"(max-width: 1024px) 100vw, 1024px\" \/><\/figure><\/li><li class=\"blocks-gallery-item\"><figure><img loading=\"lazy\" width=\"1024\" height=\"768\" src=\"https:\/\/www.medskvz.org\/web\/wp-content\/uploads\/2021\/05\/20210510_163138-1024x768.jpg\" alt=\"\" data-id=\"12048\" data-link=\"https:\/\/www.medskvz.org\/web\/clanci-o-projektu\/20210510_163138\/\" class=\"wp-image-12048 colorbox-11044\" srcset=\"https:\/\/www.medskvz.org\/web\/wp-content\/uploads\/2021\/05\/20210510_163138-1024x768.jpg 1024w, https:\/\/www.medskvz.org\/web\/wp-content\/uploads\/2021\/05\/20210510_163138-300x225.jpg 300w, https:\/\/www.medskvz.org\/web\/wp-content\/uploads\/2021\/05\/20210510_163138-768x576.jpg 768w, https:\/\/www.medskvz.org\/web\/wp-content\/uploads\/2021\/05\/20210510_163138-1536x1152.jpg 1536w, https:\/\/www.medskvz.org\/web\/wp-content\/uploads\/2021\/05\/20210510_163138-2048x1536.jpg 2048w\" sizes=\"(max-width: 1024px) 100vw, 1024px\" \/><\/figure><\/li><li class=\"blocks-gallery-item\"><figure><img loading=\"lazy\" width=\"1024\" height=\"768\" src=\"https:\/\/www.medskvz.org\/web\/wp-content\/uploads\/2021\/05\/20210510_090834-1024x768.jpg\" alt=\"\" data-id=\"12046\" data-link=\"https:\/\/www.medskvz.org\/web\/clanci-o-projektu\/20210510_090834\/\" class=\"wp-image-12046 colorbox-11044\" srcset=\"https:\/\/www.medskvz.org\/web\/wp-content\/uploads\/2021\/05\/20210510_090834-1024x768.jpg 1024w, https:\/\/www.medskvz.org\/web\/wp-content\/uploads\/2021\/05\/20210510_090834-300x225.jpg 300w, https:\/\/www.medskvz.org\/web\/wp-content\/uploads\/2021\/05\/20210510_090834-768x576.jpg 768w, https:\/\/www.medskvz.org\/web\/wp-content\/uploads\/2021\/05\/20210510_090834-1536x1152.jpg 1536w, https:\/\/www.medskvz.org\/web\/wp-content\/uploads\/2021\/05\/20210510_090834-2048x1536.jpg 2048w\" sizes=\"(max-width: 1024px) 100vw, 1024px\" \/><\/figure><\/li><li class=\"blocks-gallery-item\"><figure><img loading=\"lazy\" width=\"768\" height=\"1024\" src=\"https:\/\/www.medskvz.org\/web\/wp-content\/uploads\/2021\/05\/1621431216787_6800775438296700994-768x1024.jpg\" alt=\"\" data-id=\"12051\" data-link=\"https:\/\/www.medskvz.org\/web\/clanci-o-projektu\/1621431216787_6800775438296700994\/\" class=\"wp-image-12051 colorbox-11044\" srcset=\"https:\/\/www.medskvz.org\/web\/wp-content\/uploads\/2021\/05\/1621431216787_6800775438296700994-768x1024.jpg 768w, https:\/\/www.medskvz.org\/web\/wp-content\/uploads\/2021\/05\/1621431216787_6800775438296700994-225x300.jpg 225w, https:\/\/www.medskvz.org\/web\/wp-content\/uploads\/2021\/05\/1621431216787_6800775438296700994.jpg 1080w\" sizes=\"(max-width: 768px) 100vw, 768px\" \/><\/figure><\/li><li class=\"blocks-gallery-item\"><figure><img loading=\"lazy\" width=\"1024\" height=\"768\" src=\"https:\/\/www.medskvz.org\/web\/wp-content\/uploads\/2021\/05\/20210512_171206-1-1024x768.jpg\" alt=\"\" data-id=\"12054\" data-full-url=\"https:\/\/www.medskvz.org\/web\/wp-content\/uploads\/2021\/05\/20210512_171206-1-scaled.jpg\" data-link=\"https:\/\/www.medskvz.org\/web\/clanci-o-projektu\/20210512_171206-1\/\" class=\"wp-image-12054 colorbox-11044\" srcset=\"https:\/\/www.medskvz.org\/web\/wp-content\/uploads\/2021\/05\/20210512_171206-1-1024x768.jpg 1024w, https:\/\/www.medskvz.org\/web\/wp-content\/uploads\/2021\/05\/20210512_171206-1-300x225.jpg 300w, https:\/\/www.medskvz.org\/web\/wp-content\/uploads\/2021\/05\/20210512_171206-1-768x576.jpg 768w, https:\/\/www.medskvz.org\/web\/wp-content\/uploads\/2021\/05\/20210512_171206-1-1536x1152.jpg 1536w, https:\/\/www.medskvz.org\/web\/wp-content\/uploads\/2021\/05\/20210512_171206-1-2048x1536.jpg 2048w\" sizes=\"(max-width: 1024px) 100vw, 1024px\" \/><\/figure><\/li><\/ul><\/figure>\n\n\n\n<div class=\"wp-block-image\"><figure class=\"aligncenter size-large is-resized\"><img loading=\"lazy\" src=\"https:\/\/www.medskvz.org\/web\/wp-content\/uploads\/2021\/05\/20210512_171206-2-edited-scaled.jpg\" alt=\"\" class=\"wp-image-12056 colorbox-11044\" width=\"770\" height=\"433\" srcset=\"https:\/\/www.medskvz.org\/web\/wp-content\/uploads\/2021\/05\/20210512_171206-2-edited-scaled.jpg 2560w, https:\/\/www.medskvz.org\/web\/wp-content\/uploads\/2021\/05\/20210512_171206-2-edited-300x169.jpg 300w, https:\/\/www.medskvz.org\/web\/wp-content\/uploads\/2021\/05\/20210512_171206-2-edited-1024x576.jpg 1024w, https:\/\/www.medskvz.org\/web\/wp-content\/uploads\/2021\/05\/20210512_171206-2-edited-768x432.jpg 768w, https:\/\/www.medskvz.org\/web\/wp-content\/uploads\/2021\/05\/20210512_171206-2-edited-1536x864.jpg 1536w, https:\/\/www.medskvz.org\/web\/wp-content\/uploads\/2021\/05\/20210512_171206-2-edited-2048x1152.jpg 2048w\" sizes=\"(max-width: 770px) 100vw, 770px\" \/><\/figure><\/div>\n<\/div>\n<\/div>\n\n\n<\/div><\/div>\n\n\n\n<p><em>U odr\u017eavanju 3. turnusa stru\u010dnog usavr\u0161avanja sudjelovali su nastavnici Medicinske \u0161kole Vara\u017edin te \u0161kola partnera na projektu: Srednje \u0161kole \u010cakovec i Srednje \u0161kole Pregrada.&nbsp;<\/em><\/p>\n\n\n\n<div class=\"wp-container-193 wp-block-columns\">\n<div class=\"wp-container-191 wp-block-column\">\n<figure class=\"wp-block-image size-large is-resized\"><img loading=\"lazy\" src=\"https:\/\/www.medskvz.org\/web\/wp-content\/uploads\/2020\/10\/emblem-1-1024x322.png\" alt=\"\" class=\"wp-image-11022 colorbox-11044\" width=\"312\" height=\"98\" srcset=\"https:\/\/www.medskvz.org\/web\/wp-content\/uploads\/2020\/10\/emblem-1-1024x322.png 1024w, https:\/\/www.medskvz.org\/web\/wp-content\/uploads\/2020\/10\/emblem-1-300x94.png 300w, https:\/\/www.medskvz.org\/web\/wp-content\/uploads\/2020\/10\/emblem-1-768x242.png 768w, https:\/\/www.medskvz.org\/web\/wp-content\/uploads\/2020\/10\/emblem-1.png 1350w\" sizes=\"(max-width: 312px) 100vw, 312px\" \/><\/figure>\n<\/div>\n\n\n\n<div class=\"wp-container-192 wp-block-column\">\n<p><\/p>\n<p><strong><em>Patricija Jakopovi\u0107, mag. sestrinstva<\/em><\/strong><\/p>\n<h6><strong><em>Koordinator unaprje\u0111enja i provedbe programa obrazovanja<\/em><\/strong><\/h6>\n<\/div>\n<\/div>\n\n\n<p><\/p>\n<p style=\"text-align: center;\"><em><span style=\"color: #999999;\">Sadr\u017eaj ove objave isklju\u010diva je odgovornost Medicinske \u0161kole Vara\u017edin.<\/span><\/em><\/p>\n<p><\/p>\n\n\n<div style=\"height:193px\" aria-hidden=\"true\" class=\"wp-block-spacer\"><\/div>\n\n\n\n<hr class=\"wp-block-separator aligncenter is-style-wide\"\/>\n\n\n\n<div class=\"wp-block-image\"><figure class=\"aligncenter size-large is-resized\"><img loading=\"lazy\" src=\"https:\/\/www.medskvz.org\/web\/wp-content\/uploads\/2020\/10\/Emblem-za-web-odrezan-1024x122.png\" alt=\"\" class=\"wp-image-11135 colorbox-11044\" width=\"671\" height=\"80\" srcset=\"https:\/\/www.medskvz.org\/web\/wp-content\/uploads\/2020\/10\/Emblem-za-web-odrezan-1024x122.png 1024w, https:\/\/www.medskvz.org\/web\/wp-content\/uploads\/2020\/10\/Emblem-za-web-odrezan-300x36.png 300w, https:\/\/www.medskvz.org\/web\/wp-content\/uploads\/2020\/10\/Emblem-za-web-odrezan-768x92.png 768w, https:\/\/www.medskvz.org\/web\/wp-content\/uploads\/2020\/10\/Emblem-za-web-odrezan-1536x183.png 1536w, https:\/\/www.medskvz.org\/web\/wp-content\/uploads\/2020\/10\/Emblem-za-web-odrezan-2048x244.png 2048w\" sizes=\"(max-width: 671px) 100vw, 671px\" \/><\/figure><\/div>\n\n\n\n<h5 style=\"text-align: center;\"><span style=\"color: #808080;\">Uspostava Regionalnog centra kompetentnosti inovativnih zdravstvenih tehnologija pri Medicinskoj \u0161koli Vara\u017edin<\/span><\/h5>\n\n\n\n<figure class=\"wp-block-image size-large is-resized\"><img loading=\"lazy\" src=\"https:\/\/www.medskvz.org\/web\/wp-content\/uploads\/2021\/05\/20210511_082617-1024x576.jpg\" alt=\"\" class=\"wp-image-12007 colorbox-11044\" width=\"830\" height=\"467\" srcset=\"https:\/\/www.medskvz.org\/web\/wp-content\/uploads\/2021\/05\/20210511_082617-1024x576.jpg 1024w, https:\/\/www.medskvz.org\/web\/wp-content\/uploads\/2021\/05\/20210511_082617-300x169.jpg 300w, https:\/\/www.medskvz.org\/web\/wp-content\/uploads\/2021\/05\/20210511_082617-768x432.jpg 768w, https:\/\/www.medskvz.org\/web\/wp-content\/uploads\/2021\/05\/20210511_082617-1536x864.jpg 1536w, https:\/\/www.medskvz.org\/web\/wp-content\/uploads\/2021\/05\/20210511_082617-2048x1152.jpg 2048w\" sizes=\"(max-width: 830px) 100vw, 830px\" \/><\/figure>\n\n\n\n<h6><span style=\"color: #999999;\"><em>Autor: Marko Vrtar, 10. svibnja&nbsp; 2021.<\/em><\/span><\/h6>\n\n\n\n<h1><strong><strong><em>Odr\u017eano me\u0111u\u017eupanijsko natjecanje za smjer dentalni tehni\u010dar\/ka<\/em><\/strong><\/strong><\/h1>\n\n\n\n<blockquote class=\"wp-block-quote\"><p><em><strong>4. svibnja 2021. u razdoblju od 8:15 do 13 sati odr\u017ean je prvi dio natjecanja u virtualnome obliku putem platforme Zoom. U natjecanju su sudjelovali u\u010denici te njihovi mentori iz \u0161est (6) strukovnih \u0161kola s podru\u010dja Republike Hrvatske u kojima se provodi nastavni plan i program za smjer dentalni tehni\u010dar\/ka. \u0160kole sudionice bile su: Medicinska \u0161kola Vara\u017edin (doma\u0107in i organizator), Srednja \u0161kola Pregrada, Zdravstveno u\u010dili\u0161te Zagreb, Zdravstvena \u0161kola Split te Medicinska \u0161kola Osijek.<\/strong><\/em><\/p><\/blockquote>\n\n\n\n<p>7.svibnja 2021. u razdoblju od 11 do 13 sati odr\u017ean je drugi dio natjecanja putem virtualne platforme Zoom. Komisija je bodovala radove, odr\u017eano je progla\u0161enje pobjednika po kategorijama te sve\u010dana dodjela priznanja, zahvalnica, pohvalnica i nagrada.<\/p>\n<p style=\"text-align: left;\">U kategoriji 3. razreda <strong>1. mjesto osvojio je Fran Bra\u010di\u0107,<\/strong> predstavnik Zdravstvenog u\u010dili\u0161ta Zagreb. Mentor u\u010denika je Nenad Holeti\u0107. <strong>2. mjesto osvojila je Martina Kola\u010dek<\/strong>, predstavnica Medicinske \u0161kole Bjelovar. Mentorica u\u010denice je Snje\u017eana Pa\u0161ali\u0107. <strong>3. mjesto u kategoriji 3. razreda osvojila je Magdalena Bratkovi\u0107<\/strong>, tako\u0111er predstavnica Medicinska \u0161kole Bjelovar, s mentoricom Snje\u017eanom Pa\u0161ali\u0107.<\/p>\n<p>&nbsp;<\/p>\n\n\n\n<figure class=\"wp-container-195 wp-block-gallery-194 wp-block-gallery columns-3 is-cropped\"><ul class=\"blocks-gallery-grid\"><li class=\"blocks-gallery-item\"><figure><img loading=\"lazy\" width=\"1024\" height=\"768\" src=\"https:\/\/www.medskvz.org\/web\/wp-content\/uploads\/2021\/05\/20210507_091836-1024x768.jpg\" alt=\"\" data-id=\"12008\" data-full-url=\"https:\/\/www.medskvz.org\/web\/wp-content\/uploads\/2021\/05\/20210507_091836-scaled.jpg\" data-link=\"https:\/\/www.medskvz.org\/web\/clanci-o-projektu\/20210507_091836\/\" class=\"wp-image-12008 colorbox-11044\" srcset=\"https:\/\/www.medskvz.org\/web\/wp-content\/uploads\/2021\/05\/20210507_091836-1024x768.jpg 1024w, https:\/\/www.medskvz.org\/web\/wp-content\/uploads\/2021\/05\/20210507_091836-300x225.jpg 300w, https:\/\/www.medskvz.org\/web\/wp-content\/uploads\/2021\/05\/20210507_091836-768x576.jpg 768w, https:\/\/www.medskvz.org\/web\/wp-content\/uploads\/2021\/05\/20210507_091836-1536x1152.jpg 1536w, https:\/\/www.medskvz.org\/web\/wp-content\/uploads\/2021\/05\/20210507_091836-2048x1536.jpg 2048w\" sizes=\"(max-width: 1024px) 100vw, 1024px\" \/><\/figure><\/li><li class=\"blocks-gallery-item\"><figure><img loading=\"lazy\" width=\"1024\" height=\"768\" src=\"https:\/\/www.medskvz.org\/web\/wp-content\/uploads\/2021\/05\/20210507_091909-1024x768.jpg\" alt=\"\" data-id=\"12009\" data-full-url=\"https:\/\/www.medskvz.org\/web\/wp-content\/uploads\/2021\/05\/20210507_091909-scaled.jpg\" data-link=\"https:\/\/www.medskvz.org\/web\/clanci-o-projektu\/20210507_091909\/\" class=\"wp-image-12009 colorbox-11044\" srcset=\"https:\/\/www.medskvz.org\/web\/wp-content\/uploads\/2021\/05\/20210507_091909-1024x768.jpg 1024w, https:\/\/www.medskvz.org\/web\/wp-content\/uploads\/2021\/05\/20210507_091909-300x225.jpg 300w, https:\/\/www.medskvz.org\/web\/wp-content\/uploads\/2021\/05\/20210507_091909-768x576.jpg 768w, https:\/\/www.medskvz.org\/web\/wp-content\/uploads\/2021\/05\/20210507_091909-1536x1152.jpg 1536w, https:\/\/www.medskvz.org\/web\/wp-content\/uploads\/2021\/05\/20210507_091909-2048x1536.jpg 2048w\" sizes=\"(max-width: 1024px) 100vw, 1024px\" \/><\/figure><\/li><li class=\"blocks-gallery-item\"><figure><img loading=\"lazy\" width=\"1024\" height=\"768\" src=\"https:\/\/www.medskvz.org\/web\/wp-content\/uploads\/2021\/05\/20210507_091944-1024x768.jpg\" alt=\"\" data-id=\"12010\" data-full-url=\"https:\/\/www.medskvz.org\/web\/wp-content\/uploads\/2021\/05\/20210507_091944-scaled.jpg\" data-link=\"https:\/\/www.medskvz.org\/web\/clanci-o-projektu\/20210507_091944\/\" class=\"wp-image-12010 colorbox-11044\" srcset=\"https:\/\/www.medskvz.org\/web\/wp-content\/uploads\/2021\/05\/20210507_091944-1024x768.jpg 1024w, https:\/\/www.medskvz.org\/web\/wp-content\/uploads\/2021\/05\/20210507_091944-300x225.jpg 300w, https:\/\/www.medskvz.org\/web\/wp-content\/uploads\/2021\/05\/20210507_091944-768x576.jpg 768w, https:\/\/www.medskvz.org\/web\/wp-content\/uploads\/2021\/05\/20210507_091944-1536x1152.jpg 1536w, https:\/\/www.medskvz.org\/web\/wp-content\/uploads\/2021\/05\/20210507_091944-2048x1536.jpg 2048w\" sizes=\"(max-width: 1024px) 100vw, 1024px\" \/><\/figure><\/li><li class=\"blocks-gallery-item\"><figure><img loading=\"lazy\" width=\"1024\" height=\"768\" src=\"https:\/\/www.medskvz.org\/web\/wp-content\/uploads\/2021\/05\/20210507_093022-1024x768.jpg\" alt=\"\" data-id=\"12014\" data-full-url=\"https:\/\/www.medskvz.org\/web\/wp-content\/uploads\/2021\/05\/20210507_093022-scaled.jpg\" data-link=\"https:\/\/www.medskvz.org\/web\/clanci-o-projektu\/20210507_093022\/\" class=\"wp-image-12014 colorbox-11044\" srcset=\"https:\/\/www.medskvz.org\/web\/wp-content\/uploads\/2021\/05\/20210507_093022-1024x768.jpg 1024w, https:\/\/www.medskvz.org\/web\/wp-content\/uploads\/2021\/05\/20210507_093022-300x225.jpg 300w, https:\/\/www.medskvz.org\/web\/wp-content\/uploads\/2021\/05\/20210507_093022-768x576.jpg 768w, https:\/\/www.medskvz.org\/web\/wp-content\/uploads\/2021\/05\/20210507_093022-1536x1152.jpg 1536w, https:\/\/www.medskvz.org\/web\/wp-content\/uploads\/2021\/05\/20210507_093022-2048x1536.jpg 2048w\" sizes=\"(max-width: 1024px) 100vw, 1024px\" \/><\/figure><\/li><li class=\"blocks-gallery-item\"><figure><img loading=\"lazy\" width=\"1024\" height=\"768\" src=\"https:\/\/www.medskvz.org\/web\/wp-content\/uploads\/2021\/05\/20210507_105950-1024x768.jpg\" alt=\"\" data-id=\"12016\" data-full-url=\"https:\/\/www.medskvz.org\/web\/wp-content\/uploads\/2021\/05\/20210507_105950-scaled.jpg\" data-link=\"https:\/\/www.medskvz.org\/web\/clanci-o-projektu\/20210507_105950\/\" class=\"wp-image-12016 colorbox-11044\" srcset=\"https:\/\/www.medskvz.org\/web\/wp-content\/uploads\/2021\/05\/20210507_105950-1024x768.jpg 1024w, https:\/\/www.medskvz.org\/web\/wp-content\/uploads\/2021\/05\/20210507_105950-300x225.jpg 300w, https:\/\/www.medskvz.org\/web\/wp-content\/uploads\/2021\/05\/20210507_105950-768x576.jpg 768w, https:\/\/www.medskvz.org\/web\/wp-content\/uploads\/2021\/05\/20210507_105950-1536x1152.jpg 1536w, https:\/\/www.medskvz.org\/web\/wp-content\/uploads\/2021\/05\/20210507_105950-2048x1536.jpg 2048w\" sizes=\"(max-width: 1024px) 100vw, 1024px\" \/><\/figure><\/li><li class=\"blocks-gallery-item\"><figure><img loading=\"lazy\" width=\"1024\" height=\"768\" src=\"https:\/\/www.medskvz.org\/web\/wp-content\/uploads\/2021\/05\/20210507_110724-1024x768.jpg\" alt=\"\" data-id=\"12017\" data-full-url=\"https:\/\/www.medskvz.org\/web\/wp-content\/uploads\/2021\/05\/20210507_110724-scaled.jpg\" data-link=\"https:\/\/www.medskvz.org\/web\/clanci-o-projektu\/20210507_110724\/\" class=\"wp-image-12017 colorbox-11044\" srcset=\"https:\/\/www.medskvz.org\/web\/wp-content\/uploads\/2021\/05\/20210507_110724-1024x768.jpg 1024w, https:\/\/www.medskvz.org\/web\/wp-content\/uploads\/2021\/05\/20210507_110724-300x225.jpg 300w, https:\/\/www.medskvz.org\/web\/wp-content\/uploads\/2021\/05\/20210507_110724-768x576.jpg 768w, https:\/\/www.medskvz.org\/web\/wp-content\/uploads\/2021\/05\/20210507_110724-1536x1152.jpg 1536w, https:\/\/www.medskvz.org\/web\/wp-content\/uploads\/2021\/05\/20210507_110724-2048x1536.jpg 2048w\" sizes=\"(max-width: 1024px) 100vw, 1024px\" \/><\/figure><\/li><li class=\"blocks-gallery-item\"><figure><img loading=\"lazy\" width=\"768\" height=\"1024\" src=\"https:\/\/www.medskvz.org\/web\/wp-content\/uploads\/2021\/05\/20210507_122301-768x1024.jpg\" alt=\"\" data-id=\"12018\" data-full-url=\"https:\/\/www.medskvz.org\/web\/wp-content\/uploads\/2021\/05\/20210507_122301-scaled.jpg\" data-link=\"https:\/\/www.medskvz.org\/web\/clanci-o-projektu\/20210507_122301\/\" class=\"wp-image-12018 colorbox-11044\" srcset=\"https:\/\/www.medskvz.org\/web\/wp-content\/uploads\/2021\/05\/20210507_122301-768x1024.jpg 768w, https:\/\/www.medskvz.org\/web\/wp-content\/uploads\/2021\/05\/20210507_122301-225x300.jpg 225w, https:\/\/www.medskvz.org\/web\/wp-content\/uploads\/2021\/05\/20210507_122301-1152x1536.jpg 1152w, https:\/\/www.medskvz.org\/web\/wp-content\/uploads\/2021\/05\/20210507_122301-1536x2048.jpg 1536w, https:\/\/www.medskvz.org\/web\/wp-content\/uploads\/2021\/05\/20210507_122301-scaled.jpg 1920w\" sizes=\"(max-width: 768px) 100vw, 768px\" \/><\/figure><\/li><li class=\"blocks-gallery-item\"><figure><img loading=\"lazy\" width=\"1024\" height=\"768\" src=\"https:\/\/www.medskvz.org\/web\/wp-content\/uploads\/2021\/05\/20210507_123251-1024x768.jpg\" alt=\"\" data-id=\"12021\" data-full-url=\"https:\/\/www.medskvz.org\/web\/wp-content\/uploads\/2021\/05\/20210507_123251-scaled.jpg\" data-link=\"https:\/\/www.medskvz.org\/web\/clanci-o-projektu\/20210507_123251\/\" class=\"wp-image-12021 colorbox-11044\" srcset=\"https:\/\/www.medskvz.org\/web\/wp-content\/uploads\/2021\/05\/20210507_123251-1024x768.jpg 1024w, https:\/\/www.medskvz.org\/web\/wp-content\/uploads\/2021\/05\/20210507_123251-300x225.jpg 300w, https:\/\/www.medskvz.org\/web\/wp-content\/uploads\/2021\/05\/20210507_123251-768x576.jpg 768w, https:\/\/www.medskvz.org\/web\/wp-content\/uploads\/2021\/05\/20210507_123251-1536x1152.jpg 1536w, https:\/\/www.medskvz.org\/web\/wp-content\/uploads\/2021\/05\/20210507_123251-2048x1536.jpg 2048w\" sizes=\"(max-width: 1024px) 100vw, 1024px\" \/><\/figure><\/li><li class=\"blocks-gallery-item\"><figure><img loading=\"lazy\" width=\"1024\" height=\"768\" src=\"https:\/\/www.medskvz.org\/web\/wp-content\/uploads\/2021\/05\/20210507_123348-1024x768.jpg\" alt=\"\" data-id=\"12023\" data-full-url=\"https:\/\/www.medskvz.org\/web\/wp-content\/uploads\/2021\/05\/20210507_123348-scaled.jpg\" data-link=\"https:\/\/www.medskvz.org\/web\/clanci-o-projektu\/20210507_123348\/\" class=\"wp-image-12023 colorbox-11044\" srcset=\"https:\/\/www.medskvz.org\/web\/wp-content\/uploads\/2021\/05\/20210507_123348-1024x768.jpg 1024w, https:\/\/www.medskvz.org\/web\/wp-content\/uploads\/2021\/05\/20210507_123348-300x225.jpg 300w, https:\/\/www.medskvz.org\/web\/wp-content\/uploads\/2021\/05\/20210507_123348-768x576.jpg 768w, https:\/\/www.medskvz.org\/web\/wp-content\/uploads\/2021\/05\/20210507_123348-1536x1152.jpg 1536w, https:\/\/www.medskvz.org\/web\/wp-content\/uploads\/2021\/05\/20210507_123348-2048x1536.jpg 2048w\" sizes=\"(max-width: 1024px) 100vw, 1024px\" \/><\/figure><\/li><li class=\"blocks-gallery-item\"><figure><img loading=\"lazy\" width=\"1024\" height=\"768\" src=\"https:\/\/www.medskvz.org\/web\/wp-content\/uploads\/2021\/05\/20210507_124034-1024x768.jpg\" alt=\"\" data-id=\"12025\" data-full-url=\"https:\/\/www.medskvz.org\/web\/wp-content\/uploads\/2021\/05\/20210507_124034-scaled.jpg\" data-link=\"https:\/\/www.medskvz.org\/web\/clanci-o-projektu\/20210507_124034\/\" class=\"wp-image-12025 colorbox-11044\" srcset=\"https:\/\/www.medskvz.org\/web\/wp-content\/uploads\/2021\/05\/20210507_124034-1024x768.jpg 1024w, https:\/\/www.medskvz.org\/web\/wp-content\/uploads\/2021\/05\/20210507_124034-300x225.jpg 300w, https:\/\/www.medskvz.org\/web\/wp-content\/uploads\/2021\/05\/20210507_124034-768x576.jpg 768w, https:\/\/www.medskvz.org\/web\/wp-content\/uploads\/2021\/05\/20210507_124034-1536x1152.jpg 1536w, https:\/\/www.medskvz.org\/web\/wp-content\/uploads\/2021\/05\/20210507_124034-2048x1536.jpg 2048w\" sizes=\"(max-width: 1024px) 100vw, 1024px\" \/><\/figure><\/li><\/ul><\/figure>\n\n\n\n<p>U kategoriji 4. razreda <strong>pobjednik je Jakov \u0160imunovi\u0107<\/strong>, predstavnik Medicinske \u0161kole Vara\u017edin. Mentorica u\u010denika je Ariana Bregovi\u0107.<strong> 2. mjesto osvojila je Melani Mili\u0161i\u0107<\/strong>, predstavnica Zdravstvenog u\u010dili\u0161ta Zagreb. Mentorica u\u010denice je Nevenka Vrani\u0107. <strong>3. mjesto u kategoriji 4. razreda osvojio je David Ple\u010di\u0107<\/strong>, predstavnik Medicinske \u0161kole Osijek. Mentor u\u010denika je Zvonko Kasak.<\/p>\n<p>Nakon progla\u0161enja pobjednika \u0161kolama sudionicama po\u0161tom su poslane zahvalnice, pohvalnice, nagrade i priznanja.<\/p>\n<p>Nakon zatvaranja natjecanja za sve sudionike odr\u017ean je webinar.<\/p>\n<p>&nbsp;<\/p>\n<p>&nbsp;<\/p>\n\n\n\n<div class=\"wp-container-198 wp-block-columns\">\n<div class=\"wp-container-196 wp-block-column\">\n<div class=\"wp-block-image\"><figure class=\"aligncenter size-large is-resized\"><img loading=\"lazy\" src=\"https:\/\/www.medskvz.org\/web\/wp-content\/uploads\/2020\/10\/emblem-1-1024x322.png\" alt=\"\" class=\"wp-image-11022 colorbox-11044\" width=\"398\" height=\"126\" srcset=\"https:\/\/www.medskvz.org\/web\/wp-content\/uploads\/2020\/10\/emblem-1-1024x322.png 1024w, https:\/\/www.medskvz.org\/web\/wp-content\/uploads\/2020\/10\/emblem-1-300x94.png 300w, https:\/\/www.medskvz.org\/web\/wp-content\/uploads\/2020\/10\/emblem-1-768x242.png 768w, https:\/\/www.medskvz.org\/web\/wp-content\/uploads\/2020\/10\/emblem-1.png 1350w\" sizes=\"(max-width: 398px) 100vw, 398px\" \/><\/figure><\/div>\n<\/div>\n\n\n\n<div class=\"wp-container-197 wp-block-column\">\n<p>&nbsp;<\/p>\n<p>&nbsp;<\/p>\n<p style=\"text-align: center;\">Ariana Bregovi\u0107 <\/p>\n<\/div>\n<\/div>\n\n\n<p><\/p>\n<p style=\"text-align: center;\"><em><span style=\"color: #999999;\">Sadr\u017eaj ove objave isklju\u010diva je odgovornost Medicinske \u0161kole Vara\u017edin.<\/span><\/em><\/p>\n<p><\/p>\n\n\n<div style=\"height:193px\" aria-hidden=\"true\" class=\"wp-block-spacer\"><\/div>\n\n\n\n<hr class=\"wp-block-separator aligncenter is-style-wide\"\/>\n\n\n\n<div class=\"wp-block-image\"><figure class=\"aligncenter size-large is-resized\"><img loading=\"lazy\" src=\"https:\/\/www.medskvz.org\/web\/wp-content\/uploads\/2020\/10\/Emblem-za-web-odrezan-1024x122.png\" alt=\"\" class=\"wp-image-11135 colorbox-11044\" width=\"671\" height=\"80\" srcset=\"https:\/\/www.medskvz.org\/web\/wp-content\/uploads\/2020\/10\/Emblem-za-web-odrezan-1024x122.png 1024w, https:\/\/www.medskvz.org\/web\/wp-content\/uploads\/2020\/10\/Emblem-za-web-odrezan-300x36.png 300w, https:\/\/www.medskvz.org\/web\/wp-content\/uploads\/2020\/10\/Emblem-za-web-odrezan-768x92.png 768w, https:\/\/www.medskvz.org\/web\/wp-content\/uploads\/2020\/10\/Emblem-za-web-odrezan-1536x183.png 1536w, https:\/\/www.medskvz.org\/web\/wp-content\/uploads\/2020\/10\/Emblem-za-web-odrezan-2048x244.png 2048w\" sizes=\"(max-width: 671px) 100vw, 671px\" \/><\/figure><\/div>\n\n\n\n<h5 style=\"text-align: center;\"><span style=\"color: #808080;\">Uspostava Regionalnog centra kompetentnosti inovativnih zdravstvenih tehnologija pri Medicinskoj \u0161koli Vara\u017edin<\/span><\/h5>\n\n\n\n<div class=\"wp-block-image\"><figure class=\"aligncenter size-large is-resized\"><img loading=\"lazy\" src=\"https:\/\/www.medskvz.org\/web\/wp-content\/uploads\/2021\/05\/Image-3-1024x576.jpg\" alt=\"\" class=\"wp-image-11944 colorbox-11044\" width=\"824\" height=\"463\" srcset=\"https:\/\/www.medskvz.org\/web\/wp-content\/uploads\/2021\/05\/Image-3-1024x576.jpg 1024w, https:\/\/www.medskvz.org\/web\/wp-content\/uploads\/2021\/05\/Image-3-300x169.jpg 300w, https:\/\/www.medskvz.org\/web\/wp-content\/uploads\/2021\/05\/Image-3-768x432.jpg 768w, https:\/\/www.medskvz.org\/web\/wp-content\/uploads\/2021\/05\/Image-3.jpg 1366w\" sizes=\"(max-width: 824px) 100vw, 824px\" \/><\/figure><\/div>\n\n\n\n<h6><span style=\"color: #999999;\"><em>Autor: Marko Vrtar, 06. svibnja&nbsp; 2021.<\/em><\/span><\/h6>\n\n\n\n<h1><strong><strong><em>Zapo\u010dela edukacija pod naslovom&nbsp;&#8220;Uvodna edukacija iz transakcijske analize- TA 101<\/em><\/strong><\/strong>&#8220;<\/h1>\n\n\n\n<blockquote class=\"wp-block-quote\"><p><em><strong>Dvije odgojno-obrazovne djelatnice Regionalnog centra kompetentnosti inovativnih zdravstvenih tehnologija pri Medicinskoj \u0161koli Vara\u017edin, zapo\u010dele sa novim ciklusom stru\u010dnih usavr\u0161avanja &nbsp;<\/strong><\/em><\/p><\/blockquote>\n\n\n\n<p>U okviru projektnih aktivnosti \u010diji je cilj ja\u010danje odgojno-obrazovne kapacitete, Sonja Veir Laba\u0161 i Mirjana Grabar Kruljac 27. travnja 2021. godine&nbsp; zapo\u010dele su s edukacijom pod naslovom&nbsp; Uvodna edukacija iz transakcijske analize- TA 101. Edukacija se odvija u virtualnom okru\u017eenju putem platforme ZOOM u \u010detiri termina (27.4. 2021., 4.5. 2021., 11.5. 2021. te 18.5. 2021.) u vremenu od 17 do 20 sati. Uvjet za dobivanje certifikata je sudjelovanje na svim satima edukacije kroz \u010detiri tjedna.<\/p>\n<p>Osnove transakcijske analize organizira i provodi Centar Proventus iz Zagreba, a Tatjana Gjurkovi\u0107, magistra psihologije i psihoterapeutkinja glavna je nositeljica te edukacijske aktivnosti.<\/p>\n<p>TA- 101 je edukacija za stru\u010dnjake koji \u017eele bolje upoznati sebe na na\u010din da razumiju motivaciju i postupke sebe kako bi jasnije sagledavali dubinske probleme pojedinaca ili grupa, korisnika njihovih stru\u010dnih usluga. Tako\u0111er otvara mogu\u0107nost, za daljnju edukaciju, bavljenja savjetovanim ili psihoterapeutskim radom. Edukacija je priznata od strane Europske i me\u0111unarodne organizacije za transakcijsku analizu<\/p>\n\n\n\n<figure class=\"wp-container-200 wp-block-gallery-199 wp-block-gallery columns-2 is-cropped\"><ul class=\"blocks-gallery-grid\"><li class=\"blocks-gallery-item\"><figure><img loading=\"lazy\" width=\"1024\" height=\"576\" src=\"https:\/\/www.medskvz.org\/web\/wp-content\/uploads\/2021\/05\/Image-1-1024x576.jpg\" alt=\"\" data-id=\"11964\" data-full-url=\"https:\/\/www.medskvz.org\/web\/wp-content\/uploads\/2021\/05\/Image-1.jpg\" data-link=\"https:\/\/www.medskvz.org\/web\/clanci-o-projektu\/image-1-3\/\" class=\"wp-image-11964 colorbox-11044\" srcset=\"https:\/\/www.medskvz.org\/web\/wp-content\/uploads\/2021\/05\/Image-1-1024x576.jpg 1024w, https:\/\/www.medskvz.org\/web\/wp-content\/uploads\/2021\/05\/Image-1-300x169.jpg 300w, https:\/\/www.medskvz.org\/web\/wp-content\/uploads\/2021\/05\/Image-1-768x432.jpg 768w, https:\/\/www.medskvz.org\/web\/wp-content\/uploads\/2021\/05\/Image-1.jpg 1366w\" sizes=\"(max-width: 1024px) 100vw, 1024px\" \/><\/figure><\/li><li class=\"blocks-gallery-item\"><figure><img loading=\"lazy\" width=\"1024\" height=\"576\" src=\"https:\/\/www.medskvz.org\/web\/wp-content\/uploads\/2021\/05\/Image-4-1024x576.jpg\" alt=\"\" data-id=\"11965\" data-full-url=\"https:\/\/www.medskvz.org\/web\/wp-content\/uploads\/2021\/05\/Image-4.jpg\" data-link=\"https:\/\/www.medskvz.org\/web\/clanci-o-projektu\/image-4\/\" class=\"wp-image-11965 colorbox-11044\" srcset=\"https:\/\/www.medskvz.org\/web\/wp-content\/uploads\/2021\/05\/Image-4-1024x576.jpg 1024w, https:\/\/www.medskvz.org\/web\/wp-content\/uploads\/2021\/05\/Image-4-300x169.jpg 300w, https:\/\/www.medskvz.org\/web\/wp-content\/uploads\/2021\/05\/Image-4-768x432.jpg 768w, https:\/\/www.medskvz.org\/web\/wp-content\/uploads\/2021\/05\/Image-4.jpg 1366w\" sizes=\"(max-width: 1024px) 100vw, 1024px\" \/><\/figure><\/li><\/ul><\/figure>\n\n\n\n<div class=\"wp-container-203 wp-block-columns\">\n<div class=\"wp-container-201 wp-block-column\">\n<div class=\"wp-block-image is-style-default\"><figure class=\"aligncenter size-large is-resized\"><img loading=\"lazy\" src=\"https:\/\/www.medskvz.org\/web\/wp-content\/uploads\/2021\/05\/Image-2-1024x576.jpg\" alt=\"\" class=\"wp-image-11945 colorbox-11044\" width=\"415\" height=\"233\" srcset=\"https:\/\/www.medskvz.org\/web\/wp-content\/uploads\/2021\/05\/Image-2-1024x576.jpg 1024w, https:\/\/www.medskvz.org\/web\/wp-content\/uploads\/2021\/05\/Image-2-300x169.jpg 300w, https:\/\/www.medskvz.org\/web\/wp-content\/uploads\/2021\/05\/Image-2-768x432.jpg 768w, https:\/\/www.medskvz.org\/web\/wp-content\/uploads\/2021\/05\/Image-2.jpg 1366w\" sizes=\"(max-width: 415px) 100vw, 415px\" \/><\/figure><\/div>\n<\/div>\n\n\n\n<div class=\"wp-container-202 wp-block-column\">\n<p>&nbsp;<\/p>\n<p>U kontekstu Regionalnog centra kompetentnosti inovativnih zdravstvenih tehnologija pri Medicinskoj \u0161koli Vara\u017edin, Sonja Veir Laba\u0161 i Mirjana Grabar Kruljac bit \u0107e dodatno educirane i za rad sa posebno ranjivom skupinom u\u010denika i budu\u0107ih potencijalnih korisnika Centra.<\/p>\n<\/div>\n<\/div>\n\n\n\n<div class=\"wp-container-206 wp-block-columns\">\n<div class=\"wp-container-204 wp-block-column\">\n<div class=\"wp-block-image\"><figure class=\"aligncenter size-large is-resized\"><img loading=\"lazy\" src=\"https:\/\/www.medskvz.org\/web\/wp-content\/uploads\/2020\/10\/emblem-1-1024x322.png\" alt=\"\" class=\"wp-image-11022 colorbox-11044\" width=\"398\" height=\"126\" srcset=\"https:\/\/www.medskvz.org\/web\/wp-content\/uploads\/2020\/10\/emblem-1-1024x322.png 1024w, https:\/\/www.medskvz.org\/web\/wp-content\/uploads\/2020\/10\/emblem-1-300x94.png 300w, https:\/\/www.medskvz.org\/web\/wp-content\/uploads\/2020\/10\/emblem-1-768x242.png 768w, https:\/\/www.medskvz.org\/web\/wp-content\/uploads\/2020\/10\/emblem-1.png 1350w\" sizes=\"(max-width: 398px) 100vw, 398px\" \/><\/figure><\/div>\n<\/div>\n\n\n\n<div class=\"wp-container-205 wp-block-column\">\n<p>&nbsp;<\/p>\n<p>&nbsp;<\/p>\n<p style=\"text-align: center;\">mr.sc. Mirjana Grabar Kruljac&nbsp;<\/p>\n<\/div>\n<\/div>\n\n\n<p><\/p>\n<p style=\"text-align: center;\"><em><span style=\"color: #999999;\">Sadr\u017eaj ove objave isklju\u010diva je odgovornost Medicinske \u0161kole Vara\u017edin.<\/span><\/em><\/p>\n<p><\/p>\n\n\n<div style=\"height:193px\" aria-hidden=\"true\" class=\"wp-block-spacer\"><\/div>\n\n\n\n<hr class=\"wp-block-separator aligncenter is-style-wide\"\/>\n\n\n\n<div class=\"wp-block-image\"><figure class=\"aligncenter size-large is-resized\"><img loading=\"lazy\" src=\"https:\/\/www.medskvz.org\/web\/wp-content\/uploads\/2020\/10\/Emblem-za-web-odrezan-1024x122.png\" alt=\"\" class=\"wp-image-11135 colorbox-11044\" width=\"671\" height=\"80\" srcset=\"https:\/\/www.medskvz.org\/web\/wp-content\/uploads\/2020\/10\/Emblem-za-web-odrezan-1024x122.png 1024w, https:\/\/www.medskvz.org\/web\/wp-content\/uploads\/2020\/10\/Emblem-za-web-odrezan-300x36.png 300w, https:\/\/www.medskvz.org\/web\/wp-content\/uploads\/2020\/10\/Emblem-za-web-odrezan-768x92.png 768w, https:\/\/www.medskvz.org\/web\/wp-content\/uploads\/2020\/10\/Emblem-za-web-odrezan-1536x183.png 1536w, https:\/\/www.medskvz.org\/web\/wp-content\/uploads\/2020\/10\/Emblem-za-web-odrezan-2048x244.png 2048w\" sizes=\"(max-width: 671px) 100vw, 671px\" \/><\/figure><\/div>\n\n\n\n<h5 style=\"text-align: center;\"><span style=\"color: #808080;\">Uspostava Regionalnog centra kompetentnosti inovativnih zdravstvenih tehnologija pri Medicinskoj \u0161koli Vara\u017edin<\/span><\/h5>\n\n\n\n<figure class=\"wp-block-image size-large is-resized\"><img loading=\"lazy\" src=\"https:\/\/www.medskvz.org\/web\/wp-content\/uploads\/2021\/05\/IMG_5783-edited-scaled.jpg\" alt=\"\" class=\"wp-image-11923 colorbox-11044\" width=\"834\" height=\"469\" srcset=\"https:\/\/www.medskvz.org\/web\/wp-content\/uploads\/2021\/05\/IMG_5783-edited-scaled.jpg 2560w, https:\/\/www.medskvz.org\/web\/wp-content\/uploads\/2021\/05\/IMG_5783-edited-300x169.jpg 300w, https:\/\/www.medskvz.org\/web\/wp-content\/uploads\/2021\/05\/IMG_5783-edited-1024x576.jpg 1024w, https:\/\/www.medskvz.org\/web\/wp-content\/uploads\/2021\/05\/IMG_5783-edited-768x432.jpg 768w, https:\/\/www.medskvz.org\/web\/wp-content\/uploads\/2021\/05\/IMG_5783-edited-1536x864.jpg 1536w, https:\/\/www.medskvz.org\/web\/wp-content\/uploads\/2021\/05\/IMG_5783-edited-2048x1153.jpg 2048w\" sizes=\"(max-width: 834px) 100vw, 834px\" \/><\/figure>\n\n\n\n<h6><span style=\"color: #999999;\"><em>Autor: Marko Vrtar, 03. svibnja&nbsp; 2021.<\/em><\/span><\/h6>\n\n\n\n<h1><strong><strong><em>Odr\u017ean 5. sastanak \u010dlanova aktivnosti Biblioterapija&nbsp;<\/em><\/strong><\/strong><\/h1>\n\n\n\n<p>Dana 26. travnja 2021. s po\u010detkom u 12,15 sati odr\u017ean je 5. sastanak \u010dlanova aktivnosti Biblioterapija Voditeljica projekta <em>Uspostava rada Regionalnog centra kompetentnosti inovativnih tehnologija pri Medicinskoj \u0161koli Vara\u017edin, UP.03.3.1.04.0004, <\/em>a ujedno i voditeljica aktivnosti Biblioterapija Mirjana Grabar Kruljac uvodno je pozdravila \u010dlanove aktivnosti te predstavila novu organizaciju strukturu prema kojoj je ona nova voditeljica aktivnosti.<\/p>\n<p>Tako\u0111er, formirana je radna skupina za izradu nacrta dokumenata\/indikatora provedene aktivnosti na kraju projekta. Radnu skupinu \u010dine kolega Davor Piska\u010d, izvanredni profesor na Fakultetu hrvatskih studija Sveu\u010dili\u0161ta u Zagrebu kao vanjski \u010dlan, kolegica Nata\u0161a Sajko, kolegica Sonja Veir Laba\u0161 te kolegica Mirjana Grabar Kruljac. Kolegica Nata\u0161a Sajko pripremila je dokument sa sa\u017eetkom dosada\u0161njih prijedloga u aktivnosti s posebnim osvrtom na planiranje ishoda u\u010denja. Tako\u0111er, prezentirala je dokument LifeComp: The European Framework for Personal, Social and Learning to Learn Key Competence, 2020. Voditeljica aktivnosti najavila je organizaciju stru\u010dnog usavr\u0161avanja u sljede\u0107a dva tjedna.<\/p>\n\n\n\n<figure class=\"wp-container-208 wp-block-gallery-207 wp-block-gallery columns-3 is-cropped\"><ul class=\"blocks-gallery-grid\"><li class=\"blocks-gallery-item\"><figure><img loading=\"lazy\" width=\"1024\" height=\"768\" src=\"https:\/\/www.medskvz.org\/web\/wp-content\/uploads\/2021\/05\/IMG_5787-1024x768.jpg\" alt=\"\" data-id=\"11924\" data-full-url=\"https:\/\/www.medskvz.org\/web\/wp-content\/uploads\/2021\/05\/IMG_5787-scaled.jpg\" data-link=\"https:\/\/www.medskvz.org\/web\/clanci-o-projektu\/img_5787\/\" class=\"wp-image-11924 colorbox-11044\" srcset=\"https:\/\/www.medskvz.org\/web\/wp-content\/uploads\/2021\/05\/IMG_5787-1024x768.jpg 1024w, https:\/\/www.medskvz.org\/web\/wp-content\/uploads\/2021\/05\/IMG_5787-300x225.jpg 300w, https:\/\/www.medskvz.org\/web\/wp-content\/uploads\/2021\/05\/IMG_5787-768x576.jpg 768w, https:\/\/www.medskvz.org\/web\/wp-content\/uploads\/2021\/05\/IMG_5787-1536x1152.jpg 1536w, https:\/\/www.medskvz.org\/web\/wp-content\/uploads\/2021\/05\/IMG_5787-2048x1536.jpg 2048w\" sizes=\"(max-width: 1024px) 100vw, 1024px\" \/><\/figure><\/li><li class=\"blocks-gallery-item\"><figure><img loading=\"lazy\" width=\"1024\" height=\"768\" src=\"https:\/\/www.medskvz.org\/web\/wp-content\/uploads\/2021\/05\/IMG_5786-1024x768.jpg\" alt=\"\" data-id=\"11925\" data-full-url=\"https:\/\/www.medskvz.org\/web\/wp-content\/uploads\/2021\/05\/IMG_5786-scaled.jpg\" data-link=\"https:\/\/www.medskvz.org\/web\/clanci-o-projektu\/img_5786\/\" class=\"wp-image-11925 colorbox-11044\" srcset=\"https:\/\/www.medskvz.org\/web\/wp-content\/uploads\/2021\/05\/IMG_5786-1024x768.jpg 1024w, https:\/\/www.medskvz.org\/web\/wp-content\/uploads\/2021\/05\/IMG_5786-300x225.jpg 300w, https:\/\/www.medskvz.org\/web\/wp-content\/uploads\/2021\/05\/IMG_5786-768x576.jpg 768w, https:\/\/www.medskvz.org\/web\/wp-content\/uploads\/2021\/05\/IMG_5786-1536x1152.jpg 1536w, https:\/\/www.medskvz.org\/web\/wp-content\/uploads\/2021\/05\/IMG_5786-2048x1536.jpg 2048w\" sizes=\"(max-width: 1024px) 100vw, 1024px\" \/><\/figure><\/li><li class=\"blocks-gallery-item\"><figure><img loading=\"lazy\" width=\"1024\" height=\"768\" src=\"https:\/\/www.medskvz.org\/web\/wp-content\/uploads\/2021\/05\/IMG_5785-1024x768.jpg\" alt=\"\" data-id=\"11926\" data-full-url=\"https:\/\/www.medskvz.org\/web\/wp-content\/uploads\/2021\/05\/IMG_5785-scaled.jpg\" data-link=\"https:\/\/www.medskvz.org\/web\/clanci-o-projektu\/img_5785\/\" class=\"wp-image-11926 colorbox-11044\" srcset=\"https:\/\/www.medskvz.org\/web\/wp-content\/uploads\/2021\/05\/IMG_5785-1024x768.jpg 1024w, https:\/\/www.medskvz.org\/web\/wp-content\/uploads\/2021\/05\/IMG_5785-300x225.jpg 300w, https:\/\/www.medskvz.org\/web\/wp-content\/uploads\/2021\/05\/IMG_5785-768x576.jpg 768w, https:\/\/www.medskvz.org\/web\/wp-content\/uploads\/2021\/05\/IMG_5785-1536x1152.jpg 1536w, https:\/\/www.medskvz.org\/web\/wp-content\/uploads\/2021\/05\/IMG_5785-2048x1536.jpg 2048w\" sizes=\"(max-width: 1024px) 100vw, 1024px\" \/><\/figure><\/li><\/ul><\/figure>\n\n\n\n<div class=\"wp-container-211 wp-block-columns\">\n<div class=\"wp-container-209 wp-block-column\">\n<div class=\"wp-block-image\"><figure class=\"aligncenter size-large is-resized\"><img loading=\"lazy\" src=\"https:\/\/www.medskvz.org\/web\/wp-content\/uploads\/2020\/10\/emblem-1-1024x322.png\" alt=\"\" class=\"wp-image-11022 colorbox-11044\" width=\"398\" height=\"126\" srcset=\"https:\/\/www.medskvz.org\/web\/wp-content\/uploads\/2020\/10\/emblem-1-1024x322.png 1024w, https:\/\/www.medskvz.org\/web\/wp-content\/uploads\/2020\/10\/emblem-1-300x94.png 300w, https:\/\/www.medskvz.org\/web\/wp-content\/uploads\/2020\/10\/emblem-1-768x242.png 768w, https:\/\/www.medskvz.org\/web\/wp-content\/uploads\/2020\/10\/emblem-1.png 1350w\" sizes=\"(max-width: 398px) 100vw, 398px\" \/><\/figure><\/div>\n<\/div>\n\n\n\n<div class=\"wp-container-210 wp-block-column\">\n<p>&nbsp;<\/p>\n<p>&nbsp;<\/p>\n<p style=\"text-align: center;\">mr.sc. Mirjana Grabar Kruljac&nbsp;<\/p>\n<\/div>\n<\/div>\n\n\n<p><\/p>\n<p style=\"text-align: center;\"><em><span style=\"color: #999999;\">Sadr\u017eaj ove objave isklju\u010diva je odgovornost Medicinske \u0161kole Vara\u017edin.<\/span><\/em><\/p>\n<p><\/p>\n\n\n<div style=\"height:193px\" aria-hidden=\"true\" class=\"wp-block-spacer\"><\/div>\n\n\n\n<hr class=\"wp-block-separator aligncenter is-style-wide\"\/>\n\n\n\n<div class=\"wp-block-image\"><figure class=\"aligncenter size-large is-resized\"><img loading=\"lazy\" src=\"https:\/\/www.medskvz.org\/web\/wp-content\/uploads\/2020\/10\/Emblem-za-web-odrezan-1024x122.png\" alt=\"\" class=\"wp-image-11135 colorbox-11044\" width=\"671\" height=\"80\" srcset=\"https:\/\/www.medskvz.org\/web\/wp-content\/uploads\/2020\/10\/Emblem-za-web-odrezan-1024x122.png 1024w, https:\/\/www.medskvz.org\/web\/wp-content\/uploads\/2020\/10\/Emblem-za-web-odrezan-300x36.png 300w, https:\/\/www.medskvz.org\/web\/wp-content\/uploads\/2020\/10\/Emblem-za-web-odrezan-768x92.png 768w, https:\/\/www.medskvz.org\/web\/wp-content\/uploads\/2020\/10\/Emblem-za-web-odrezan-1536x183.png 1536w, https:\/\/www.medskvz.org\/web\/wp-content\/uploads\/2020\/10\/Emblem-za-web-odrezan-2048x244.png 2048w\" sizes=\"(max-width: 671px) 100vw, 671px\" \/><\/figure><\/div>\n\n\n\n<h5 style=\"text-align: center;\"><span style=\"color: #808080;\">Uspostava Regionalnog centra kompetentnosti inovativnih zdravstvenih tehnologija pri Medicinskoj \u0161koli Vara\u017edin<\/span><\/h5>\n\n\n\n<div class=\"wp-block-image\"><figure class=\"aligncenter size-large is-resized\"><img loading=\"lazy\" src=\"https:\/\/www.medskvz.org\/web\/wp-content\/uploads\/2021\/04\/15.4-17678-1024x576.jpg\" alt=\"\" class=\"wp-image-11868 colorbox-11044\" width=\"827\" height=\"464\" srcset=\"https:\/\/www.medskvz.org\/web\/wp-content\/uploads\/2021\/04\/15.4-17678-1024x576.jpg 1024w, https:\/\/www.medskvz.org\/web\/wp-content\/uploads\/2021\/04\/15.4-17678-300x169.jpg 300w, https:\/\/www.medskvz.org\/web\/wp-content\/uploads\/2021\/04\/15.4-17678-768x432.jpg 768w, https:\/\/www.medskvz.org\/web\/wp-content\/uploads\/2021\/04\/15.4-17678-1536x864.jpg 1536w, https:\/\/www.medskvz.org\/web\/wp-content\/uploads\/2021\/04\/15.4-17678.jpg 1920w\" sizes=\"(max-width: 827px) 100vw, 827px\" \/><\/figure><\/div>\n\n\n\n<h6><span style=\"color: #999999;\"><em>Autor: Marko Vrtar, 22. travanj&nbsp; 2021.<\/em><\/span><\/h6>\n\n\n\n<h1><strong><strong><em>2. TURNUS STRU\u010cNOGA USAVR\u0160AVANJA IZ PODRU\u010cJA ENTEROSTOMALNE TERAPIJE ODR\u017dAN ONLINE&nbsp;<\/em><\/strong><\/strong><\/h1>\n\n\n\n<blockquote class=\"wp-block-quote\"><p><em><strong>Stru\u010dno usavr\u0161avanje cjelo\u017eivotnim obrazovanjem iz podru\u010dja enterostomalne terapije u drugom je turnusu, od 12. do 16. travnja 2021. godine, u potpunosti odr\u017eano online, putem Microsoft Teams virtualne platforme.<\/strong>&nbsp;<\/em><\/p><\/blockquote>\n\n\n\n<p>Stru\u010dno usavr\u0161avanje u ovom je turnusu obuhva\u0107alo podru\u010dja organizacije zdravstvene za\u0161tite i javnoga zdravstva, zdravstvene za\u0161tite enterostomalnih pacijenata, zbrinjavanja kirur\u0161kih i kroni\u010dnih rana, dijetetike i nutritivne potpore pacijenata oboljelih od malignih bolesti te podru\u010dje lije\u010denja i zdravstvene njege pacijenata s inkontinencijom. Predavanja su odr\u017eali stru\u010dnjaci na podru\u010dju sestrinstva, medicine te zdravstva i socijalne skrbi koji su djelatnici Fakulteta zdravstvenih studija u Rijeci, Klini\u010dkoga bolni\u010dkog centra Rijeka te Klini\u010dke bolnice \u201eSveti Duh&#8221;.&nbsp;<\/p>\n<p>&nbsp;<\/p>\n<p>U ovom online turnusu uspje\u0161no su sudjelovali nastavnici Medicinske \u0161kole Vara\u017edin te \u0161kola partnera na projektu: Srednje \u0161kole \u010cakovec i Srednje \u0161kole Pregrada.&nbsp;<\/p>\n\n\n\n<figure class=\"wp-block-image size-large is-resized\"><img loading=\"lazy\" src=\"https:\/\/www.medskvz.org\/web\/wp-content\/uploads\/2021\/04\/13.4-47677-1024x576.jpg\" alt=\"\" class=\"wp-image-11869 colorbox-11044\" width=\"834\" height=\"469\" srcset=\"https:\/\/www.medskvz.org\/web\/wp-content\/uploads\/2021\/04\/13.4-47677-1024x576.jpg 1024w, https:\/\/www.medskvz.org\/web\/wp-content\/uploads\/2021\/04\/13.4-47677-300x169.jpg 300w, https:\/\/www.medskvz.org\/web\/wp-content\/uploads\/2021\/04\/13.4-47677-768x432.jpg 768w, https:\/\/www.medskvz.org\/web\/wp-content\/uploads\/2021\/04\/13.4-47677-1536x864.jpg 1536w, https:\/\/www.medskvz.org\/web\/wp-content\/uploads\/2021\/04\/13.4-47677.jpg 1920w\" sizes=\"(max-width: 834px) 100vw, 834px\" \/><\/figure>\n\n\n\n<div class=\"wp-container-214 wp-block-columns\">\n<div class=\"wp-container-212 wp-block-column\">\n<figure class=\"wp-block-image size-large is-resized\"><img loading=\"lazy\" src=\"https:\/\/www.medskvz.org\/web\/wp-content\/uploads\/2020\/10\/emblem-1-1024x322.png\" alt=\"\" class=\"wp-image-11022 colorbox-11044\" width=\"312\" height=\"98\" srcset=\"https:\/\/www.medskvz.org\/web\/wp-content\/uploads\/2020\/10\/emblem-1-1024x322.png 1024w, https:\/\/www.medskvz.org\/web\/wp-content\/uploads\/2020\/10\/emblem-1-300x94.png 300w, https:\/\/www.medskvz.org\/web\/wp-content\/uploads\/2020\/10\/emblem-1-768x242.png 768w, https:\/\/www.medskvz.org\/web\/wp-content\/uploads\/2020\/10\/emblem-1.png 1350w\" sizes=\"(max-width: 312px) 100vw, 312px\" \/><\/figure>\n<\/div>\n\n\n\n<div class=\"wp-container-213 wp-block-column\">\n<p><\/p>\n<p><strong><em>Patricija Jakopovi\u0107, mag. sestrinstva<\/em><\/strong><\/p>\n<h6><strong><em>Koordinator unaprje\u0111enja i provedbe programa obrazovanja<\/em><\/strong><\/h6>\n<\/div>\n<\/div>\n\n\n<p><\/p>\n<p style=\"text-align: center;\"><em><span style=\"color: #999999;\">Sadr\u017eaj ove objave isklju\u010diva je odgovornost Medicinske \u0161kole Vara\u017edin.<\/span><\/em><\/p>\n<p><\/p>\n\n\n<div style=\"height:193px\" aria-hidden=\"true\" class=\"wp-block-spacer\"><\/div>\n\n\n\n<hr class=\"wp-block-separator aligncenter is-style-wide\"\/>\n\n\n\n<div class=\"wp-block-image\"><figure class=\"aligncenter size-large is-resized\"><img loading=\"lazy\" src=\"https:\/\/www.medskvz.org\/web\/wp-content\/uploads\/2020\/10\/Emblem-za-web-odrezan-1024x122.png\" alt=\"\" class=\"wp-image-11135 colorbox-11044\" width=\"671\" height=\"80\" srcset=\"https:\/\/www.medskvz.org\/web\/wp-content\/uploads\/2020\/10\/Emblem-za-web-odrezan-1024x122.png 1024w, https:\/\/www.medskvz.org\/web\/wp-content\/uploads\/2020\/10\/Emblem-za-web-odrezan-300x36.png 300w, https:\/\/www.medskvz.org\/web\/wp-content\/uploads\/2020\/10\/Emblem-za-web-odrezan-768x92.png 768w, https:\/\/www.medskvz.org\/web\/wp-content\/uploads\/2020\/10\/Emblem-za-web-odrezan-1536x183.png 1536w, https:\/\/www.medskvz.org\/web\/wp-content\/uploads\/2020\/10\/Emblem-za-web-odrezan-2048x244.png 2048w\" sizes=\"(max-width: 671px) 100vw, 671px\" \/><\/figure><\/div>\n\n\n\n<h5 style=\"text-align: center;\"><span style=\"color: #808080;\">Uspostava Regionalnog centra kompetentnosti inovativnih zdravstvenih tehnologija pri Medicinskoj \u0161koli Vara\u017edin<\/span><\/h5>\n\n\n\n<div class=\"wp-block-image\"><figure class=\"aligncenter size-large is-resized\"><img loading=\"lazy\" src=\"https:\/\/www.medskvz.org\/web\/wp-content\/uploads\/2021\/04\/Image-25-1024x616.jpg\" alt=\"\" class=\"wp-image-11820 colorbox-11044\" width=\"785\" height=\"437\"\/><\/figure><\/div>\n\n\n\n<h6><span style=\"color: #999999;\"><em>Autor: Marko Vrtar, 03. travanj&nbsp; 2021.<\/em><\/span><\/h6>\n\n\n\n<h1><strong>Stru\u010dno usavr\u0161avanje u podru\u010dju fizioterapeutske procjene &#8211; KINESIOTAPING<\/strong><\/h1>\n\n\n\n<blockquote>\n<p><em> U Opatiji 19. i 20. o\u017eujka 2021. na U\u010dili\u0161tu Lovran \u2013 \u0161kolskoj ustanovi za obrazovanje odraslih u sektoru zdravstva, wellnessa i zdravstvenog turizma provedeno je prvo usavr\u0161avanje u podru\u010dju fizioterapeutske procjene pod nazivom Kinesiotaping.<br><\/em><\/p>\n<\/blockquote>\n\n\n\n<p>Na dvodnevnom te\u010daju kojeg je vodio iskusni fizioterapeut Ivan Didovi\u0107, magistar fizioterapije i nastavnik na programu obrazovanja Fizioterapeutski tehni\u010dar, sudjelovao je nastavnik i djelatnik Medicinske \u0161kole Vjekoslav Pokos. Tijekom iste polaznik je nau\u010dio samostalno provoditi aplikaciju K-tape traka na tijelu prema razli\u010ditim dijagnozama korektivnim tehnikama: prostorna korekcija, mehani\u010dka, fascijalna, limfati\u010dka, tetivna, ligamentna, te je dobio Certifikat o zavr\u0161enom te\u010daju u U\u010dili\u0161tu Lovran \u2013 medical wellness akademiji.<\/p>\n\n\n\n<div style=\"height:193px\" aria-hidden=\"true\" class=\"wp-block-spacer\"><\/div>\n\n\n\n<div class=\"wp-container-217 wp-block-columns\">\n<div class=\"wp-container-215 wp-block-column\">\n<figure class=\"wp-block-image size-large is-resized\"><img loading=\"lazy\" src=\"https:\/\/www.medskvz.org\/web\/wp-content\/uploads\/2020\/10\/emblem-1-1024x322.png\" alt=\"\" class=\"wp-image-11022 colorbox-11044\" width=\"312\" height=\"98\" srcset=\"https:\/\/www.medskvz.org\/web\/wp-content\/uploads\/2020\/10\/emblem-1-1024x322.png 1024w, https:\/\/www.medskvz.org\/web\/wp-content\/uploads\/2020\/10\/emblem-1-300x94.png 300w, https:\/\/www.medskvz.org\/web\/wp-content\/uploads\/2020\/10\/emblem-1-768x242.png 768w, https:\/\/www.medskvz.org\/web\/wp-content\/uploads\/2020\/10\/emblem-1.png 1350w\" sizes=\"(max-width: 312px) 100vw, 312px\" \/><\/figure>\n<\/div>\n\n\n\n<div class=\"wp-container-216 wp-block-column\">\n<p><\/p>\n<p style=\"text-align: center;\">Marko Vrtar, prof.<\/p>\n<\/div>\n<\/div>\n\n\n<p><\/p>\n<p style=\"text-align: center;\"><em><span style=\"color: #999999;\">Sadr\u017eaj ove objave isklju\u010diva je odgovornost Medicinske \u0161kole Vara\u017edin.<\/span><\/em><\/p>\n<p><\/p>\n\n\n<div style=\"height:193px\" aria-hidden=\"true\" class=\"wp-block-spacer\"><\/div>\n\n\n\n<hr class=\"wp-block-separator aligncenter is-style-wide\"\/>\n\n\n\n<div class=\"wp-block-image\"><figure class=\"aligncenter size-large is-resized\"><img loading=\"lazy\" src=\"https:\/\/www.medskvz.org\/web\/wp-content\/uploads\/2020\/10\/Emblem-za-web-odrezan-1024x122.png\" alt=\"\" class=\"wp-image-11135 colorbox-11044\" width=\"671\" height=\"80\" srcset=\"https:\/\/www.medskvz.org\/web\/wp-content\/uploads\/2020\/10\/Emblem-za-web-odrezan-1024x122.png 1024w, https:\/\/www.medskvz.org\/web\/wp-content\/uploads\/2020\/10\/Emblem-za-web-odrezan-300x36.png 300w, https:\/\/www.medskvz.org\/web\/wp-content\/uploads\/2020\/10\/Emblem-za-web-odrezan-768x92.png 768w, https:\/\/www.medskvz.org\/web\/wp-content\/uploads\/2020\/10\/Emblem-za-web-odrezan-1536x183.png 1536w, https:\/\/www.medskvz.org\/web\/wp-content\/uploads\/2020\/10\/Emblem-za-web-odrezan-2048x244.png 2048w\" sizes=\"(max-width: 671px) 100vw, 671px\" \/><\/figure><\/div>\n\n\n\n<h5 style=\"text-align: center;\"><span style=\"color: #808080;\">Uspostava Regionalnog centra kompetentnosti inovativnih zdravstvenih tehnologija pri Medicinskoj \u0161koli Vara\u017edin<\/span><\/h5>\n\n\n\n<figure class=\"wp-block-image size-large is-resized\"><img loading=\"lazy\" src=\"https:\/\/www.medskvz.org\/web\/wp-content\/uploads\/2021\/04\/29.3.-2021.7513-1024x768.jpeg\" alt=\"\" class=\"wp-image-11812 colorbox-11044\" width=\"811\" height=\"608\" srcset=\"https:\/\/www.medskvz.org\/web\/wp-content\/uploads\/2021\/04\/29.3.-2021.7513-1024x768.jpeg 1024w, https:\/\/www.medskvz.org\/web\/wp-content\/uploads\/2021\/04\/29.3.-2021.7513-300x225.jpeg 300w, https:\/\/www.medskvz.org\/web\/wp-content\/uploads\/2021\/04\/29.3.-2021.7513-768x576.jpeg 768w, https:\/\/www.medskvz.org\/web\/wp-content\/uploads\/2021\/04\/29.3.-2021.7513-1536x1152.jpeg 1536w, https:\/\/www.medskvz.org\/web\/wp-content\/uploads\/2021\/04\/29.3.-2021.7513-2048x1536.jpeg 2048w\" sizes=\"(max-width: 811px) 100vw, 811px\" \/><\/figure>\n\n\n\n<h6><span style=\"color: #999999;\"><em>Autor: Marko Vrtar, 02. travanj&nbsp; 2021.<\/em><\/span><\/h6>\n\n\n\n<h1><strong>Odr\u017ean 2. sastanak Strukovnog sektorskog vije\u0107a<\/strong><\/h1>\n\n\n\n<blockquote class=\"wp-block-quote\"><p>29. o\u017eujka 2021. u Medicinskoj \u0161koli Vara\u017edin odr\u017ean je drugi po redu sastanak Strukovnog sektorskog vije\u0107a \u010diji su \u010dlanovi Voditeljica projekta Uspostava rada Regionalnog centra kompetentnosti inovativnih tehnologija pri Medicinskoj \u0161koli Vara\u017edin i ravnateljica Medicinske \u0161kole Vara\u017edin Mirjana Grabar Kruljac, Anita Hoteli\u0107, Mirko Poljak (KB Merkur), Dubravka Skeja (KB Merkur), Vilmica Kapac (S\u0160 Pregrada) te Gordana Ramu\u0161\u0107ak (S\u0160 \u010cakovec).<\/p><\/blockquote>\n\n\n\n<p>Na uvodu sastanka je voditeljica projekta <em>Uspostava rada Regionalnog centra kompetentnosti inovativnih tehnologija pri Medicinskoj \u0161koli Vara\u017edin<\/em> ,ukratko izlo\u017eila dosada\u0161ni tijek projektnih aktivnosti.<\/p>\n<p>Voditeljica projekta tako\u0111er je upoznala ostale \u010dlanove vije\u0107a s sljede\u0107im koracima u provedbi projektnih aktivnosti i sa odlukom Ministarstva zdravstva kojom se prihva\u0107aju sva tri prijedloga izrade standarda zanimanja Medicinske \u0161kole Vara\u017edin, a isti su prepoznati kao prijedlog izvrsnosti u zdravstvu.<\/p>\n<p><strong>&nbsp;<\/strong><\/p>\n<p>&nbsp;<\/p>\n\n\n\n<div class=\"wp-container-220 wp-block-columns\">\n<div class=\"wp-container-218 wp-block-column\">\n<figure class=\"wp-block-image size-large is-resized\"><img loading=\"lazy\" src=\"https:\/\/www.medskvz.org\/web\/wp-content\/uploads\/2020\/10\/emblem-1-1024x322.png\" alt=\"\" class=\"wp-image-11022 colorbox-11044\" width=\"312\" height=\"98\" srcset=\"https:\/\/www.medskvz.org\/web\/wp-content\/uploads\/2020\/10\/emblem-1-1024x322.png 1024w, https:\/\/www.medskvz.org\/web\/wp-content\/uploads\/2020\/10\/emblem-1-300x94.png 300w, https:\/\/www.medskvz.org\/web\/wp-content\/uploads\/2020\/10\/emblem-1-768x242.png 768w, https:\/\/www.medskvz.org\/web\/wp-content\/uploads\/2020\/10\/emblem-1.png 1350w\" sizes=\"(max-width: 312px) 100vw, 312px\" \/><\/figure>\n<\/div>\n\n\n\n<div class=\"wp-container-219 wp-block-column\">\n<p><\/p>\n<p style=\"text-align: center;\">Marko Vrtar, prof.<\/p>\n<\/div>\n<\/div>\n\n\n<p><\/p>\n<p style=\"text-align: center;\"><em><span style=\"color: #999999;\">Sadr\u017eaj ove objave isklju\u010diva je odgovornost Medicinske \u0161kole Vara\u017edin.<\/span><\/em><\/p>\n<p><\/p>\n\n\n<div style=\"height:193px\" aria-hidden=\"true\" class=\"wp-block-spacer\"><\/div>\n\n\n\n<hr class=\"wp-block-separator aligncenter is-style-wide\"\/>\n\n\n\n<div class=\"wp-block-image\"><figure class=\"aligncenter size-large is-resized\"><img loading=\"lazy\" src=\"https:\/\/www.medskvz.org\/web\/wp-content\/uploads\/2020\/10\/Emblem-za-web-odrezan-1024x122.png\" alt=\"\" class=\"wp-image-11135 colorbox-11044\" width=\"671\" height=\"80\" srcset=\"https:\/\/www.medskvz.org\/web\/wp-content\/uploads\/2020\/10\/Emblem-za-web-odrezan-1024x122.png 1024w, https:\/\/www.medskvz.org\/web\/wp-content\/uploads\/2020\/10\/Emblem-za-web-odrezan-300x36.png 300w, https:\/\/www.medskvz.org\/web\/wp-content\/uploads\/2020\/10\/Emblem-za-web-odrezan-768x92.png 768w, https:\/\/www.medskvz.org\/web\/wp-content\/uploads\/2020\/10\/Emblem-za-web-odrezan-1536x183.png 1536w, https:\/\/www.medskvz.org\/web\/wp-content\/uploads\/2020\/10\/Emblem-za-web-odrezan-2048x244.png 2048w\" sizes=\"(max-width: 671px) 100vw, 671px\" \/><\/figure><\/div>\n\n\n\n<h5 style=\"text-align: center;\"><span style=\"color: #808080;\">Uspostava Regionalnog centra kompetentnosti inovativnih zdravstvenih tehnologija pri Medicinskoj \u0161koli Vara\u017edin<\/span><\/h5>\n\n\n\n<div class=\"wp-block-image\"><figure class=\"aligncenter size-large is-resized\"><img loading=\"lazy\" src=\"https:\/\/www.medskvz.org\/web\/wp-content\/uploads\/2021\/04\/Image-1-edited.png\" alt=\"\" class=\"wp-image-11774 colorbox-11044\" width=\"754\" height=\"566\" srcset=\"https:\/\/www.medskvz.org\/web\/wp-content\/uploads\/2021\/04\/Image-1-edited.png 721w, https:\/\/www.medskvz.org\/web\/wp-content\/uploads\/2021\/04\/Image-1-edited-300x225.png 300w\" sizes=\"(max-width: 754px) 100vw, 754px\" \/><\/figure><\/div>\n\n\n\n<h6><span style=\"color: #999999;\"><em>Autor: Marko Vrtar, 01. travanj&nbsp; 2021.<\/em><\/span><\/h6>\n\n\n\n<h1 class=\"has-text-align-left\">PROVEDENA EDUKACIJA &#8220;TERAPIJSKE PRI\u010cE&#8221;<\/h1>\n\n\n\n<blockquote>\n<h4 style=\"text-align: left;\"><strong>U subotu, 20. o\u017eujka 2021. godine dvije predstavnice Regionalnog centra kompetentnosti inovativnih zdravstvenih tehnologija pri Medicinskoj \u0161koli Vara\u017edin, Sonja Veir Laba\u0161 i Mirjana Grabar Kruljac prisustvovale su edukaciji Terapijske pri\u010de &#8211; Kako &nbsp;pri\u010danjem pri\u010da rje\u0161avati dje\u010dje strahove i te\u0161ko\u0107e?.<\/strong><\/h4>\n<\/blockquote>\n\n\n\n<figure class=\"wp-block-image size-large is-resized\"><img loading=\"lazy\" src=\"https:\/\/www.medskvz.org\/web\/wp-content\/uploads\/2021\/04\/TERPR-1024x576.png\" alt=\"\" class=\"wp-image-11784 colorbox-11044\" width=\"809\" height=\"455\" srcset=\"https:\/\/www.medskvz.org\/web\/wp-content\/uploads\/2021\/04\/TERPR-1024x576.png 1024w, https:\/\/www.medskvz.org\/web\/wp-content\/uploads\/2021\/04\/TERPR-300x169.png 300w, https:\/\/www.medskvz.org\/web\/wp-content\/uploads\/2021\/04\/TERPR-768x432.png 768w, https:\/\/www.medskvz.org\/web\/wp-content\/uploads\/2021\/04\/TERPR.png 1366w\" sizes=\"(max-width: 809px) 100vw, 809px\" \/><\/figure>\n\n\n\n<p>Edukacija se odr\u017eala u organizaciji Naklade Slap, u online okru\u017eenju, a istu je vodila mr.spec. Martina Benko, klini\u010dka psihologinja. Tijekom cjelodnevne edukacije, polaznice su nau\u010dile osnovne koncepte terapijskih pri\u010da, indikacije za njihovu primjenu te na\u010din konstruiranja vlastitih terapijskih pri\u010da za primjenu savjetodavnog rada u \u0161koli.&nbsp;<\/p>\n<p>Edukacija je zapo\u010dela u 9, a zavr\u0161ila je u 17 sati.<strong><em> <br><\/em><\/strong><\/p>\n\n\n\n<div class=\"wp-block-image\"><figure class=\"aligncenter size-large is-resized\"><img loading=\"lazy\" src=\"https:\/\/www.medskvz.org\/web\/wp-content\/uploads\/2021\/04\/Image-8-583x1024.jpg\" alt=\"\" class=\"wp-image-11787 colorbox-11044\" width=\"529\" height=\"930\" srcset=\"https:\/\/www.medskvz.org\/web\/wp-content\/uploads\/2021\/04\/Image-8-583x1024.jpg 583w, https:\/\/www.medskvz.org\/web\/wp-content\/uploads\/2021\/04\/Image-8-171x300.jpg 171w, https:\/\/www.medskvz.org\/web\/wp-content\/uploads\/2021\/04\/Image-8-768x1350.jpg 768w, https:\/\/www.medskvz.org\/web\/wp-content\/uploads\/2021\/04\/Image-8-874x1536.jpg 874w, https:\/\/www.medskvz.org\/web\/wp-content\/uploads\/2021\/04\/Image-8.jpg 879w\" sizes=\"(max-width: 529px) 100vw, 529px\" \/><\/figure><\/div>\n\n\n\n<p><\/p>\n\n\n\n<div class=\"wp-container-223 wp-block-columns\">\n<div class=\"wp-container-221 wp-block-column\">\n<div class=\"wp-block-image\"><figure class=\"aligncenter size-large is-resized\"><img loading=\"lazy\" src=\"https:\/\/www.medskvz.org\/web\/wp-content\/uploads\/2020\/10\/emblem-1-1024x322.png\" alt=\"\" class=\"wp-image-11022 colorbox-11044\" width=\"398\" height=\"126\" srcset=\"https:\/\/www.medskvz.org\/web\/wp-content\/uploads\/2020\/10\/emblem-1-1024x322.png 1024w, https:\/\/www.medskvz.org\/web\/wp-content\/uploads\/2020\/10\/emblem-1-300x94.png 300w, https:\/\/www.medskvz.org\/web\/wp-content\/uploads\/2020\/10\/emblem-1-768x242.png 768w, https:\/\/www.medskvz.org\/web\/wp-content\/uploads\/2020\/10\/emblem-1.png 1350w\" sizes=\"(max-width: 398px) 100vw, 398px\" \/><\/figure><\/div>\n<\/div>\n\n\n\n<div class=\"wp-container-222 wp-block-column\">\n<p>&nbsp;<\/p>\n<p>&nbsp;<\/p>\n<p>mr.sc. Mirjana Grabar Kruljac&nbsp;<\/p>\n<\/div>\n<\/div>\n\n\n<p><\/p>\n<p style=\"text-align: center;\"><em><span style=\"color: #999999;\">Sadr\u017eaj ove objave isklju\u010diva je odgovornost Medicinske \u0161kole Vara\u017edin.<\/span><\/em><\/p>\n<p><\/p>\n\n\n<hr class=\"wp-block-separator aligncenter is-style-wide\"\/>\n\n\n\n<div class=\"wp-block-image\"><figure class=\"aligncenter size-large is-resized\"><img loading=\"lazy\" src=\"https:\/\/www.medskvz.org\/web\/wp-content\/uploads\/2020\/10\/Emblem-za-web-odrezan-1024x122.png\" alt=\"\" class=\"wp-image-11135 colorbox-11044\" width=\"671\" height=\"80\" srcset=\"https:\/\/www.medskvz.org\/web\/wp-content\/uploads\/2020\/10\/Emblem-za-web-odrezan-1024x122.png 1024w, https:\/\/www.medskvz.org\/web\/wp-content\/uploads\/2020\/10\/Emblem-za-web-odrezan-300x36.png 300w, https:\/\/www.medskvz.org\/web\/wp-content\/uploads\/2020\/10\/Emblem-za-web-odrezan-768x92.png 768w, https:\/\/www.medskvz.org\/web\/wp-content\/uploads\/2020\/10\/Emblem-za-web-odrezan-1536x183.png 1536w, https:\/\/www.medskvz.org\/web\/wp-content\/uploads\/2020\/10\/Emblem-za-web-odrezan-2048x244.png 2048w\" sizes=\"(max-width: 671px) 100vw, 671px\" \/><\/figure><\/div>\n\n\n\n<h5 style=\"text-align: center;\"><span style=\"color: #808080;\">Uspostava Regionalnog centra kompetentnosti inovativnih zdravstvenih tehnologija pri Medicinskoj \u0161koli Vara\u017edin<\/span><\/h5>\n\n\n\n<figure class=\"wp-block-image size-large is-resized\"><img loading=\"lazy\" src=\"https:\/\/www.medskvz.org\/web\/wp-content\/uploads\/2021\/03\/Naslovnica7360-edited-scaled.jpg\" alt=\"\" class=\"wp-image-11740 colorbox-11044\" width=\"798\" height=\"466\"\/><\/figure>\n\n\n\n<h6><span style=\"color: #999999;\"><em>Autor: Marko Vrtar, 24. o\u017eujak&nbsp; 2021.<\/em><\/span><\/h6>\n\n\n\n<h2 class=\"has-text-align-left\"><strong><em><strong><em>ZAPO\u010cELO STRU\u010cNO USAVR\u0160AVANJE NASTAVNIKA IZ PODRU\u010cJA ENTEROSTOMALNE TERAPIJE<\/em><\/strong><\/em><\/strong><\/h2>\n\n\n\n<blockquote>\n<h4 style=\"text-align: left;\"><strong><em>Nastavnici koji sudjeluju u izradi standarda zanimanja\/kvalifikacije na podru\u010dju zdravstvene njege kontinuirano \u0107e se usavr\u0161avati putem cjelo\u017eivotnoga obrazovanja iz podru\u010dja enterostomalne terapije.<\/em><\/strong><\/h4>\n<\/blockquote>\n\n\n\n<figure class=\"wp-block-image size-large is-resized\"><img loading=\"lazy\" src=\"https:\/\/www.medskvz.org\/web\/wp-content\/uploads\/2021\/03\/rijeka-1024x566.jpg\" alt=\"\" class=\"wp-image-11730 colorbox-11044\" width=\"726\" height=\"400\" srcset=\"https:\/\/www.medskvz.org\/web\/wp-content\/uploads\/2021\/03\/rijeka-1024x566.jpg 1024w, https:\/\/www.medskvz.org\/web\/wp-content\/uploads\/2021\/03\/rijeka-300x166.jpg 300w, https:\/\/www.medskvz.org\/web\/wp-content\/uploads\/2021\/03\/rijeka-768x424.jpg 768w, https:\/\/www.medskvz.org\/web\/wp-content\/uploads\/2021\/03\/rijeka-1536x848.jpg 1536w, https:\/\/www.medskvz.org\/web\/wp-content\/uploads\/2021\/03\/rijeka-2048x1131.jpg 2048w\" sizes=\"(max-width: 726px) 100vw, 726px\" \/><\/figure>\n\n\n\n<p><em>Program stru\u010dnoga usavr\u0161avanja certificiralo je Svjetsko udru\u017eenje enterostomalnih terapeuta (WCET &#8211;&nbsp;<\/em><em>World Council of Enterostomal Therapists<\/em><em>)<\/em><em>&nbsp;te se<\/em><em>&nbsp;<\/em><em>provodi na Fakultetu zdravstvenih studija Sveu\u010dili\u0161ta u Rijeci u trajanju od 6 mjeseci. Stru\u010dno usavr\u0161avanje obuhva\u0107a podru\u010dja temeljnih medicinskih znanosti, patofiziologije, kirurgije, klini\u010dke medicine, dijetetike, dermatovenerologije, onkologije, psihologije, etike, javnoga zdravstva i zdravstvene za\u0161tite,&nbsp;zbrinjavanja inkontinentnih bolesnika, kirur\u0161kih i kroni\u010dnih rana, stoma, fistula te podru\u010dje ostomijskih pomagala.&nbsp;<\/em><\/p>\n<p><em>Nastavnici \u0107e na ovom stru\u010dnom usavr\u0161avanju ste\u0107i vrijedna znanja i iskustvo stru\u010dno-teorijskim dijelom usavr\u0161avanja na Fakultetu zdravstvenih studija, ali i klini\u010dkim dijelom stru\u010dnoga usavr\u0161avanja u KBC Rijeka i KB &#8220;Sveti Duh&#8221;. Uspje\u0161nim zavr\u0161etkom cjelo\u017eivotnoga obrazovanja nastavnici \u0107e ste\u0107i WCET europski certifikat Svjetskoga udru\u017eenja enterostomalnih terapeuta.&nbsp;<\/em><\/p>\n<p><em>Na stru\u010dnom usavr\u0161avanju sudjeluju nastavnici Medicinske \u0161kole Vara\u017edin te \u0161kola partnera na projektu: Srednje \u0161kole \u010cakovec i Srednje \u0161kole Pregrada.&nbsp;<\/em><\/p>\n<p><strong><em>&nbsp;&nbsp;<\/em><\/strong><\/p>\n<p>&nbsp;<\/p>\n<p><strong><em>&nbsp;&nbsp;<\/em><\/strong><\/p>\n\n\n\n<div class=\"wp-container-226 wp-block-columns\">\n<div class=\"wp-container-224 wp-block-column\">\n<div class=\"wp-block-image\"><figure class=\"aligncenter size-large is-resized\"><img loading=\"lazy\" src=\"https:\/\/www.medskvz.org\/web\/wp-content\/uploads\/2020\/07\/fond.png\" alt=\"\" class=\"wp-image-10925 colorbox-11044\" width=\"276\" height=\"81\" srcset=\"https:\/\/www.medskvz.org\/web\/wp-content\/uploads\/2020\/07\/fond.png 556w, https:\/\/www.medskvz.org\/web\/wp-content\/uploads\/2020\/07\/fond-300x89.png 300w\" sizes=\"(max-width: 276px) 100vw, 276px\" \/><\/figure><\/div>\n<\/div>\n\n\n\n<div class=\"wp-container-225 wp-block-column\">\n<p><strong><em>Patricija Jakopovi\u0107, mag. sestrinstva<\/em><\/strong><\/p>\n<h6><strong><em>Koordinator unaprje\u0111enja i provedbe programa obrazovanja&nbsp;&nbsp;&nbsp;<\/em><\/strong><\/h6>\n<\/div>\n<\/div>\n\n\n<p><\/p>\n<p style=\"text-align: center;\"><em><span style=\"color: #999999;\">Sadr\u017eaj ove objave isklju\u010diva je odgovornost Medicinske \u0161kole Vara\u017edin.<\/span><\/em><\/p>\n<p><\/p>\n\n\n<div style=\"height:193px\" aria-hidden=\"true\" class=\"wp-block-spacer\"><\/div>\n\n\n\n<hr class=\"wp-block-separator is-style-wide\"\/>\n\n\n\n<div class=\"wp-block-image\"><figure class=\"aligncenter size-large is-resized\"><img loading=\"lazy\" src=\"https:\/\/www.medskvz.org\/web\/wp-content\/uploads\/2020\/10\/Emblem-za-web-odrezan-1024x122.png\" alt=\"\" class=\"wp-image-11135 colorbox-11044\" width=\"671\" height=\"80\" srcset=\"https:\/\/www.medskvz.org\/web\/wp-content\/uploads\/2020\/10\/Emblem-za-web-odrezan-1024x122.png 1024w, https:\/\/www.medskvz.org\/web\/wp-content\/uploads\/2020\/10\/Emblem-za-web-odrezan-300x36.png 300w, https:\/\/www.medskvz.org\/web\/wp-content\/uploads\/2020\/10\/Emblem-za-web-odrezan-768x92.png 768w, https:\/\/www.medskvz.org\/web\/wp-content\/uploads\/2020\/10\/Emblem-za-web-odrezan-1536x183.png 1536w, https:\/\/www.medskvz.org\/web\/wp-content\/uploads\/2020\/10\/Emblem-za-web-odrezan-2048x244.png 2048w\" sizes=\"(max-width: 671px) 100vw, 671px\" \/><\/figure><\/div>\n\n\n\n<h5 style=\"text-align: center;\"><span style=\"color: #808080;\">Uspostava Regionalnog centra kompetentnosti inovativnih zdravstvenih tehnologija pri Medicinskoj \u0161koli Vara\u017edin<\/span><\/h5>\n\n\n\n<div class=\"wp-block-image\"><figure class=\"aligncenter size-large is-resized\"><img loading=\"lazy\" src=\"https:\/\/www.medskvz.org\/web\/wp-content\/uploads\/2021\/03\/modernizacija-1024x576.png\" alt=\"\" class=\"wp-image-11653 colorbox-11044\" width=\"733\" height=\"412\" srcset=\"https:\/\/www.medskvz.org\/web\/wp-content\/uploads\/2021\/03\/modernizacija-1024x576.png 1024w, https:\/\/www.medskvz.org\/web\/wp-content\/uploads\/2021\/03\/modernizacija-300x169.png 300w, https:\/\/www.medskvz.org\/web\/wp-content\/uploads\/2021\/03\/modernizacija-768x432.png 768w, https:\/\/www.medskvz.org\/web\/wp-content\/uploads\/2021\/03\/modernizacija-1536x864.png 1536w, https:\/\/www.medskvz.org\/web\/wp-content\/uploads\/2021\/03\/modernizacija.png 1920w\" sizes=\"(max-width: 733px) 100vw, 733px\" \/><\/figure><\/div>\n\n\n\n<h6><span style=\"color: #999999;\"><em>Autor: Marko Vrtar, 02. o\u017eujak&nbsp; 2021.<\/em><\/span><\/h6>\n\n\n\n<h2 class=\"has-text-align-left\"><strong><em>Odr\u017ean sastanak &#8220;M<\/em><strong><strong><em>odernizacija kurikuluma<\/em><\/strong><\/strong><\/strong>&#8220;<\/h2>\n\n\n\n<blockquote>U organizaciji MZO i ASOO 25.velja\u010de 2021. odr\u017ean je sastanak o modernizaciji kurikuluma.<em> <br><\/em><\/blockquote>\n\n\n\n<p>Sastanak se sukladno epidemiolo\u0161koj situaciji odr\u017eao online. Nastavnice Nata\u0161a Sajko, Ksenija Janju\u0161evi\u0107 i Mirela Turk su se upoznale s procesom izrade kurikuluma, a na sastanku su sudjelovali djelatnici drugih RCK-a i partnera.<\/p>\n<p><em>&nbsp;<\/em><\/p>\n<p>&nbsp;<\/p>\n\n\n\n<div class=\"wp-container-229 wp-block-columns\">\n<div class=\"wp-container-227 wp-block-column\">\n<div class=\"wp-block-image is-style-default\"><figure class=\"aligncenter size-large is-resized\"><img loading=\"lazy\" src=\"https:\/\/www.medskvz.org\/web\/wp-content\/uploads\/2020\/10\/emblem-1-1024x322.png\" alt=\"\" class=\"wp-image-11022 colorbox-11044\" width=\"238\" height=\"76\" srcset=\"https:\/\/www.medskvz.org\/web\/wp-content\/uploads\/2020\/10\/emblem-1-1024x322.png 1024w, https:\/\/www.medskvz.org\/web\/wp-content\/uploads\/2020\/10\/emblem-1-300x94.png 300w, https:\/\/www.medskvz.org\/web\/wp-content\/uploads\/2020\/10\/emblem-1-768x242.png 768w, https:\/\/www.medskvz.org\/web\/wp-content\/uploads\/2020\/10\/emblem-1.png 1350w\" sizes=\"(max-width: 238px) 100vw, 238px\" \/><\/figure><\/div>\n<\/div>\n\n\n\n<div class=\"wp-container-228 wp-block-column\">\n<p>&nbsp;<\/p>\n<p style=\"text-align: center;\">Marko Vrtar, prof.<\/p>\n<\/div>\n<\/div>\n\n\n<p><\/p>\n<p style=\"text-align: center;\"><em><span style=\"color: #999999;\">Sadr\u017eaj ove objave isklju\u010diva je odgovornost Medicinske \u0161kole Vara\u017edin.<\/span><\/em><\/p>\n<p><\/p>\n\n\n<div style=\"height:172px\" aria-hidden=\"true\" class=\"wp-block-spacer\"><\/div>\n\n\n\n<hr class=\"wp-block-separator is-style-wide\"\/>\n\n\n\n<div class=\"wp-block-image\"><figure class=\"aligncenter size-large is-resized\"><img loading=\"lazy\" src=\"https:\/\/www.medskvz.org\/web\/wp-content\/uploads\/2020\/10\/Emblem-za-web-odrezan-1024x122.png\" alt=\"\" class=\"wp-image-11135 colorbox-11044\" width=\"671\" height=\"80\" srcset=\"https:\/\/www.medskvz.org\/web\/wp-content\/uploads\/2020\/10\/Emblem-za-web-odrezan-1024x122.png 1024w, https:\/\/www.medskvz.org\/web\/wp-content\/uploads\/2020\/10\/Emblem-za-web-odrezan-300x36.png 300w, https:\/\/www.medskvz.org\/web\/wp-content\/uploads\/2020\/10\/Emblem-za-web-odrezan-768x92.png 768w, https:\/\/www.medskvz.org\/web\/wp-content\/uploads\/2020\/10\/Emblem-za-web-odrezan-1536x183.png 1536w, https:\/\/www.medskvz.org\/web\/wp-content\/uploads\/2020\/10\/Emblem-za-web-odrezan-2048x244.png 2048w\" sizes=\"(max-width: 671px) 100vw, 671px\" \/><\/figure><\/div>\n\n\n\n<h5 style=\"text-align: center;\"><span style=\"color: #808080;\">Uspostava Regionalnog centra kompetentnosti inovativnih zdravstvenih tehnologija pri Medicinskoj \u0161koli Vara\u017edin<\/span><\/h5>\n\n\n\n<div class=\"wp-block-image\"><figure class=\"aligncenter size-large is-resized\"><img loading=\"lazy\" src=\"https:\/\/www.medskvz.org\/web\/wp-content\/uploads\/2021\/02\/1.-dan-tecaja_OBJAVA-1024x576.jpg\" alt=\"\" class=\"wp-image-11599 colorbox-11044\" width=\"-22\" height=\"-12\" srcset=\"https:\/\/www.medskvz.org\/web\/wp-content\/uploads\/2021\/02\/1.-dan-tecaja_OBJAVA-1024x576.jpg 1024w, https:\/\/www.medskvz.org\/web\/wp-content\/uploads\/2021\/02\/1.-dan-tecaja_OBJAVA-300x169.jpg 300w, https:\/\/www.medskvz.org\/web\/wp-content\/uploads\/2021\/02\/1.-dan-tecaja_OBJAVA-768x432.jpg 768w, https:\/\/www.medskvz.org\/web\/wp-content\/uploads\/2021\/02\/1.-dan-tecaja_OBJAVA-1536x864.jpg 1536w, https:\/\/www.medskvz.org\/web\/wp-content\/uploads\/2021\/02\/1.-dan-tecaja_OBJAVA.jpg 1920w\" sizes=\"(max-width: 1024px) 100vw, 1024px\" \/><\/figure><\/div>\n\n\n\n<h6><span style=\"color: #999999;\"><em>Autor: Marko Vrtar, 25. velja\u010da. 2021.<\/em><\/span><\/h6>\n\n\n\n<h2 class=\"has-text-align-left\"><strong><strong><strong><em>ZAVR\u0160ENO PRVO STRU\u010cNO USAVR\u0160AVANJE NASTAVNIKA U SKLOPU PROJEKTA &#8211; &#8220;TE\u010cAJ OSNOVA ELEKTROSTIMULACIJE SRCA&#8221;&nbsp;<\/em><\/strong><\/strong><\/strong><\/h2>\n\n\n\n<blockquote>\n<p><em>Zavr\u0161ila je prva projektna aktivnost stru\u010dnoga usavr\u0161avanja unutar projektnoga elementa: Ja\u010danje kompetencija odgojno-obrazovnih radnika i mentora zaposlenih kod poslodavaca vezanih za provedbu programa redovitoga strukovnog obrazovanja, odnosno formalnih i neformalnih programa obrazovanja odraslih.&nbsp;<\/em><\/p>\n<\/blockquote>\n\n\n\n<div class=\"wp-block-image\"><figure class=\"aligncenter size-large is-resized\"><img loading=\"lazy\" src=\"https:\/\/www.medskvz.org\/web\/wp-content\/uploads\/2021\/02\/2.-dan-tecaja_OBJAVA-1024x576.jpg\" alt=\"\" class=\"wp-image-11603 colorbox-11044\" width=\"730\" height=\"409\"\/><\/figure><\/div>\n\n\n\n<p>&nbsp;<\/p>\n<p><em>Nastavnici koji sudjeluju u izradi standarda zanimanja\/kvalifikacije na podru\u010dju zdravstvene njege 4. i 11. velja\u010de sudjelovali su na te\u010daju EKG-a i osnova elektrostimulacije srca namijenjenom stru\u010dnjacima na podru\u010dju sestrinstva, u organizaciji Hrvatske udruge kardiolo\u0161kih medicinskih sestara i Medtronic-a. Te\u010daj se sukladno epidemiolo\u0161koj situaciji odr\u017eao online. Nastavnici su se svojim sudjelovanjem na te\u010daju usavr\u0161ili na podru\u010dju elektrostimulacije i elektrofiziologije&nbsp;srca, sr\u010danih aritmija te ugradnje privremenih i trajnih sr\u010danih stimulatora. Na te\u010daju su sudjelovali nastavnici Medicinske \u0161kole Vara\u017edin te \u0161kola partnera na projektu: Srednje \u0161kole \u010cakovec i Srednje \u0161kole Pregrada.<\/em><\/p>\n<p>&nbsp;<\/p>\n\n\n\n<div class=\"wp-container-232 wp-block-columns\">\n<div class=\"wp-container-230 wp-block-column\">\n<div class=\"wp-block-image\"><figure class=\"aligncenter size-large is-resized\"><img loading=\"lazy\" src=\"https:\/\/www.medskvz.org\/web\/wp-content\/uploads\/2020\/10\/emblem-1-1024x322.png\" alt=\"\" class=\"wp-image-11022 colorbox-11044\" width=\"274\" height=\"86\" srcset=\"https:\/\/www.medskvz.org\/web\/wp-content\/uploads\/2020\/10\/emblem-1-1024x322.png 1024w, https:\/\/www.medskvz.org\/web\/wp-content\/uploads\/2020\/10\/emblem-1-300x94.png 300w, https:\/\/www.medskvz.org\/web\/wp-content\/uploads\/2020\/10\/emblem-1-768x242.png 768w, https:\/\/www.medskvz.org\/web\/wp-content\/uploads\/2020\/10\/emblem-1.png 1350w\" sizes=\"(max-width: 274px) 100vw, 274px\" \/><\/figure><\/div>\n<\/div>\n\n\n\n<div class=\"wp-container-231 wp-block-column\">\n<h5>&nbsp;<\/h5>\n<h5>&nbsp;<\/h5>\n<h5><strong>Patricija Jakopovi\u0107, mag. sestrinstva<\/strong><\/h5>\n<\/div>\n<\/div>\n\n\n<p><\/p>\n<p style=\"text-align: center;\"><em><span style=\"color: #999999;\">Sadr\u017eaj ove objave isklju\u010diva je odgovornost Medicinske \u0161kole Vara\u017edin.<\/span><\/em><\/p>\n<p><\/p>\n\n\n<div style=\"height:172px\" aria-hidden=\"true\" class=\"wp-block-spacer\"><\/div>\n\n\n\n<hr class=\"wp-block-separator is-style-wide\"\/>\n\n\n\n<div class=\"wp-block-image\"><figure class=\"aligncenter size-large is-resized\"><img loading=\"lazy\" src=\"https:\/\/www.medskvz.org\/web\/wp-content\/uploads\/2020\/10\/Emblem-za-web-odrezan-1024x122.png\" alt=\"\" class=\"wp-image-11135 colorbox-11044\" width=\"671\" height=\"80\" srcset=\"https:\/\/www.medskvz.org\/web\/wp-content\/uploads\/2020\/10\/Emblem-za-web-odrezan-1024x122.png 1024w, https:\/\/www.medskvz.org\/web\/wp-content\/uploads\/2020\/10\/Emblem-za-web-odrezan-300x36.png 300w, https:\/\/www.medskvz.org\/web\/wp-content\/uploads\/2020\/10\/Emblem-za-web-odrezan-768x92.png 768w, https:\/\/www.medskvz.org\/web\/wp-content\/uploads\/2020\/10\/Emblem-za-web-odrezan-1536x183.png 1536w, https:\/\/www.medskvz.org\/web\/wp-content\/uploads\/2020\/10\/Emblem-za-web-odrezan-2048x244.png 2048w\" sizes=\"(max-width: 671px) 100vw, 671px\" \/><\/figure><\/div>\n\n\n\n<h5 style=\"text-align: center;\"><span style=\"color: #808080;\">Uspostava Regionalnog centra kompetentnosti inovativnih zdravstvenih tehnologija pri Medicinskoj \u0161koli Vara\u017edin<\/span><\/h5>\n\n\n\n<div class=\"wp-block-image is-style-default\"><figure class=\"aligncenter size-large is-resized\"><img loading=\"lazy\" src=\"https:\/\/www.medskvz.org\/web\/wp-content\/uploads\/2021\/02\/viber_slika_2021-02-19_10-48-49-edited.jpg\" alt=\"\" class=\"wp-image-11619 colorbox-11044\" width=\"800\" height=\"449\" srcset=\"https:\/\/www.medskvz.org\/web\/wp-content\/uploads\/2021\/02\/viber_slika_2021-02-19_10-48-49-edited.jpg 1600w, https:\/\/www.medskvz.org\/web\/wp-content\/uploads\/2021\/02\/viber_slika_2021-02-19_10-48-49-edited-300x168.jpg 300w, https:\/\/www.medskvz.org\/web\/wp-content\/uploads\/2021\/02\/viber_slika_2021-02-19_10-48-49-edited-1024x575.jpg 1024w, https:\/\/www.medskvz.org\/web\/wp-content\/uploads\/2021\/02\/viber_slika_2021-02-19_10-48-49-edited-768x431.jpg 768w, https:\/\/www.medskvz.org\/web\/wp-content\/uploads\/2021\/02\/viber_slika_2021-02-19_10-48-49-edited-1536x862.jpg 1536w\" sizes=\"(max-width: 800px) 100vw, 800px\" \/><\/figure><\/div>\n\n\n\n<h6><span style=\"color: #999999;\"><em>Autor: Marko Vrtar, 23. velja\u010da. 2021.<\/em><\/span><\/h6>\n\n\n\n<h1><strong>Odr\u017ean 1. sastanak Strukovnog sektorskog vije\u0107a<\/strong><\/h1>\n\n\n\n<blockquote class=\"wp-block-quote\"><p>U prostorijama Medicinske \u0161kole Vara\u017edin 10. velja\u010de 2021. odr\u017ean je sastanak Strukovnog sektorskog vije\u0107a \u010diji su \u010dlanovi Voditeljica projekta Uspostava rada Regionalnog centra kompetentnosti inovativnih tehnologija pri Medicinskoj \u0161koli Vara\u017edin i ravnateljica Medicinske \u0161kole Vara\u017edin Mirjana Grabar Kruljac, Anita Hoteli\u0107, Mirko Poljak (KB Merkur), Dubravka Skeja (KB Merkur), Vilmica Kapac (S\u0160 Pregrada) te Gordana Ramu\u0161\u0107ak (S\u0160 \u010cakovec).<\/p><\/blockquote>\n\n\n\n<p>U uvodnom dijelu sastanka \u010dlanovi su se kratko predstavili, a Voditeljica projekta upoznala je \u010dlanove Vije\u0107a s okvirnim planom djelovanja te dinamikom odr\u017eavanja sastanaka. Tijekom projekta bit \u0107e odr\u017eano 12 sastanaka Vije\u0107a u Medicinskoj \u0161koli Vara\u017edin.<\/p>\n<p>Voditeljica projekta tako\u0111er ih je upoznala sa svim dosad pokrenutim projektnim aktivnostima, a \u010dlanovi Vije\u0107a izrazili su zadovoljstvo aktivnostima i okvirom djelovanja Sektorskog strukovnog vije\u0107a.<\/p>\n<p>Uloga ovog stru\u010dnog tijela isklju\u010divo je nau\u010dno savjetodavnog karaktera.<\/p>\n\n\n\n<div class=\"wp-container-235 wp-block-columns\">\n<div class=\"wp-container-233 wp-block-column\">\n<div class=\"wp-block-image is-style-default\"><figure class=\"aligncenter size-large is-resized\"><img loading=\"lazy\" src=\"https:\/\/www.medskvz.org\/web\/wp-content\/uploads\/2020\/10\/emblem-1-1024x322.png\" alt=\"\" class=\"wp-image-11022 colorbox-11044\" width=\"238\" height=\"76\" srcset=\"https:\/\/www.medskvz.org\/web\/wp-content\/uploads\/2020\/10\/emblem-1-1024x322.png 1024w, https:\/\/www.medskvz.org\/web\/wp-content\/uploads\/2020\/10\/emblem-1-300x94.png 300w, https:\/\/www.medskvz.org\/web\/wp-content\/uploads\/2020\/10\/emblem-1-768x242.png 768w, https:\/\/www.medskvz.org\/web\/wp-content\/uploads\/2020\/10\/emblem-1.png 1350w\" sizes=\"(max-width: 238px) 100vw, 238px\" \/><\/figure><\/div>\n<\/div>\n\n\n\n<div class=\"wp-container-234 wp-block-column\">\n<p>&nbsp;<\/p>\n<p>Marko Vrtar, prof.<\/p>\n<\/div>\n<\/div>\n\n\n<p style=\"text-align: center;\"><em><span style=\"color: #999999;\">Sadr\u017eaj ove objave isklju\u010diva je odgovornost Medicinske \u0161kole Vara\u017edin.<\/span><\/em><\/p>\n<p><\/p>\n\n\n<div style=\"height:172px\" aria-hidden=\"true\" class=\"wp-block-spacer\"><\/div>\n\n\n\n<hr class=\"wp-block-separator is-style-wide\"\/>\n\n\n\n<div class=\"wp-block-image is-style-default\"><figure class=\"aligncenter size-large is-resized\"><img loading=\"lazy\" src=\"https:\/\/www.medskvz.org\/web\/wp-content\/uploads\/2020\/10\/Emblem-za-web-odrezan-1024x122.png\" alt=\"\" class=\"wp-image-11135 colorbox-11044\" width=\"671\" height=\"80\" srcset=\"https:\/\/www.medskvz.org\/web\/wp-content\/uploads\/2020\/10\/Emblem-za-web-odrezan-1024x122.png 1024w, https:\/\/www.medskvz.org\/web\/wp-content\/uploads\/2020\/10\/Emblem-za-web-odrezan-300x36.png 300w, https:\/\/www.medskvz.org\/web\/wp-content\/uploads\/2020\/10\/Emblem-za-web-odrezan-768x92.png 768w, https:\/\/www.medskvz.org\/web\/wp-content\/uploads\/2020\/10\/Emblem-za-web-odrezan-1536x183.png 1536w, https:\/\/www.medskvz.org\/web\/wp-content\/uploads\/2020\/10\/Emblem-za-web-odrezan-2048x244.png 2048w\" sizes=\"(max-width: 671px) 100vw, 671px\" \/><\/figure><\/div>\n\n\n\n<h5 style=\"text-align: center;\"><span style=\"color: #808080;\">Uspostava Regionalnog centra kompetentnosti inovativnih zdravstvenih tehnologija pri Medicinskoj \u0161koli Vara\u017edin<\/span><\/h5>\n\n\n\n<div class=\"wp-block-image\"><figure class=\"aligncenter size-large is-resized\"><img loading=\"lazy\" src=\"https:\/\/www.medskvz.org\/web\/wp-content\/uploads\/2021\/02\/viber_slika_2021-02-12_18-48-21-edited.jpg\" alt=\"\" class=\"wp-image-11543 colorbox-11044\" width=\"776\" height=\"436\" srcset=\"https:\/\/www.medskvz.org\/web\/wp-content\/uploads\/2021\/02\/viber_slika_2021-02-12_18-48-21-edited.jpg 1600w, https:\/\/www.medskvz.org\/web\/wp-content\/uploads\/2021\/02\/viber_slika_2021-02-12_18-48-21-edited-300x169.jpg 300w, https:\/\/www.medskvz.org\/web\/wp-content\/uploads\/2021\/02\/viber_slika_2021-02-12_18-48-21-edited-1024x576.jpg 1024w, https:\/\/www.medskvz.org\/web\/wp-content\/uploads\/2021\/02\/viber_slika_2021-02-12_18-48-21-edited-768x432.jpg 768w, https:\/\/www.medskvz.org\/web\/wp-content\/uploads\/2021\/02\/viber_slika_2021-02-12_18-48-21-edited-1536x864.jpg 1536w\" sizes=\"(max-width: 776px) 100vw, 776px\" \/><\/figure><\/div>\n\n\n\n<h6><span style=\"color: #999999;\"><em>Autor: Marko Vrtar, 19. velja\u010da. 2021.<\/em><\/span><\/h6>\n\n\n\n<h2 class=\"has-text-align-left\"><strong><strong>Drugi Veliki koordinacijski sastanak u Medicinskoj \u0161koli Vara\u017edin<\/strong><\/strong><\/h2>\n\n\n\n<blockquote>\n<p><em>U sklopu projekta Uspostava Regionalnog centra kompetentnosti i inovativnih zdravstvenih tehnologija pri Medicinskoj \u0161koli Vara\u017edin 12.02.2021. godine odr\u017ean je drugi&nbsp; koordinacijski sastanak sa sudionicima aktivnosti Medicinske \u0161kole Vara\u017edin i partnerskih \u0161kola Srednje \u0161kole Pregrada i Srednje \u0161kole \u010cakovec.<\/em><\/p>\n<\/blockquote>\n\n\n\n<p>Regionalni centar unato\u010d ote\u017eanoj situaciji, uzrokovanoj pandemiji COVID 19, sigurnim korakom kora\u010da prema provedbi zadanih aktivnosti i samim time unaprje\u0111enju programa standarda zanimanja i modernizacije kurikuluma te popratno brojnim&nbsp; stru\u010dnim usavr\u0161avanjima i studijskim putovanjima.<\/p>\n<p>Kroz \u0161iroku lepezu projektnih aktivnosti Medicinska \u0161kola \u0107e postati pru\u017eatelj prvorazrednih znanja i vje\u0161tina vezanih uz sektor zdravstva.<\/p>\n\n\n\n<div class=\"wp-block-image\"><figure class=\"aligncenter size-large is-resized\"><img loading=\"lazy\" src=\"https:\/\/www.medskvz.org\/web\/wp-content\/uploads\/2021\/02\/rav-2vks-1024x683.jpg\" alt=\"\" class=\"wp-image-11546 colorbox-11044\" width=\"733\" height=\"489\" srcset=\"https:\/\/www.medskvz.org\/web\/wp-content\/uploads\/2021\/02\/rav-2vks-1024x683.jpg 1024w, https:\/\/www.medskvz.org\/web\/wp-content\/uploads\/2021\/02\/rav-2vks-300x200.jpg 300w, https:\/\/www.medskvz.org\/web\/wp-content\/uploads\/2021\/02\/rav-2vks-768x512.jpg 768w, https:\/\/www.medskvz.org\/web\/wp-content\/uploads\/2021\/02\/rav-2vks-1536x1024.jpg 1536w, https:\/\/www.medskvz.org\/web\/wp-content\/uploads\/2021\/02\/rav-2vks.jpg 1600w\" sizes=\"(max-width: 733px) 100vw, 733px\" \/><\/figure><\/div>\n\n\n\n<p>Voditeljica projekta Mirjana Grabar Kruljac naglasila je kako je iznimno ponosna napretkom projektnog tima i svih uklju\u010denih u pojedine aktivnosti te vjeruje da \u0107e projekt biti korisno iskustvo za usavr\u0161avanja u podru\u010dju zdravstva.<\/p>\n<p>Nakon po\u010detne faze sporijeg odvijanja pojedinih aktivnosti bitno je napomenuti da se kompletiranjem projektnog tima intenzitet provo\u0111enja aktivnosti znatno pove\u0107ao te su \u010dlanovi projektnoga tima Normela Rado\u0161 (stru\u010dnjak za financije u EU- projektu), Dino \u017dganec (asistent i administrator), Patricija Jakopovi\u0107 (koordinator unaprje\u0111enja i provedbe programa obrazovanja), Jelena Zidar (koordinator stru\u010dnih usavr\u0161avanja i studijskih putovanja) i Marko Vrtar i Mihael Liber (tim za vidljivost) kratko izvijestili o trenutnom stanju samog projekta unutar pojedinog projektnog podru\u010dja.<\/p>\n\n\n\n<div class=\"wp-container-242 wp-block-group\"><div class=\"wp-block-group__inner-container\">\n<figure class=\"wp-container-237 wp-block-gallery-236 wp-block-gallery columns-2 is-cropped\"><ul class=\"blocks-gallery-grid\"><li class=\"blocks-gallery-item\"><figure><img loading=\"lazy\" width=\"1024\" height=\"683\" src=\"https:\/\/www.medskvz.org\/web\/wp-content\/uploads\/2021\/02\/nor-1024x683.jpg\" alt=\"\" data-id=\"11551\" data-full-url=\"https:\/\/www.medskvz.org\/web\/wp-content\/uploads\/2021\/02\/nor.jpg\" data-link=\"https:\/\/www.medskvz.org\/web\/clanci-o-projektu\/nor\/\" class=\"wp-image-11551 colorbox-11044\" srcset=\"https:\/\/www.medskvz.org\/web\/wp-content\/uploads\/2021\/02\/nor-1024x683.jpg 1024w, https:\/\/www.medskvz.org\/web\/wp-content\/uploads\/2021\/02\/nor-300x200.jpg 300w, https:\/\/www.medskvz.org\/web\/wp-content\/uploads\/2021\/02\/nor-768x512.jpg 768w, https:\/\/www.medskvz.org\/web\/wp-content\/uploads\/2021\/02\/nor-1536x1024.jpg 1536w, https:\/\/www.medskvz.org\/web\/wp-content\/uploads\/2021\/02\/nor.jpg 1600w\" sizes=\"(max-width: 1024px) 100vw, 1024px\" \/><\/figure><\/li><li class=\"blocks-gallery-item\"><figure><img loading=\"lazy\" width=\"1024\" height=\"683\" src=\"https:\/\/www.medskvz.org\/web\/wp-content\/uploads\/2021\/02\/din-1024x683.jpg\" alt=\"\" data-id=\"11547\" data-full-url=\"https:\/\/www.medskvz.org\/web\/wp-content\/uploads\/2021\/02\/din.jpg\" data-link=\"https:\/\/www.medskvz.org\/web\/clanci-o-projektu\/din\/\" class=\"wp-image-11547 colorbox-11044\" srcset=\"https:\/\/www.medskvz.org\/web\/wp-content\/uploads\/2021\/02\/din-1024x683.jpg 1024w, https:\/\/www.medskvz.org\/web\/wp-content\/uploads\/2021\/02\/din-300x200.jpg 300w, https:\/\/www.medskvz.org\/web\/wp-content\/uploads\/2021\/02\/din-768x512.jpg 768w, https:\/\/www.medskvz.org\/web\/wp-content\/uploads\/2021\/02\/din-1536x1024.jpg 1536w, https:\/\/www.medskvz.org\/web\/wp-content\/uploads\/2021\/02\/din.jpg 1600w\" sizes=\"(max-width: 1024px) 100vw, 1024px\" \/><\/figure><\/li><\/ul><\/figure>\n\n\n\n<figure class=\"wp-container-239 wp-block-gallery-238 wp-block-gallery columns-2 is-cropped\"><ul class=\"blocks-gallery-grid\"><li class=\"blocks-gallery-item\"><figure><img loading=\"lazy\" width=\"1024\" height=\"683\" src=\"https:\/\/www.medskvz.org\/web\/wp-content\/uploads\/2021\/02\/pat-1024x683.jpg\" alt=\"\" data-id=\"11552\" data-full-url=\"https:\/\/www.medskvz.org\/web\/wp-content\/uploads\/2021\/02\/pat.jpg\" data-link=\"https:\/\/www.medskvz.org\/web\/clanci-o-projektu\/pat\/\" class=\"wp-image-11552 colorbox-11044\" srcset=\"https:\/\/www.medskvz.org\/web\/wp-content\/uploads\/2021\/02\/pat-1024x683.jpg 1024w, https:\/\/www.medskvz.org\/web\/wp-content\/uploads\/2021\/02\/pat-300x200.jpg 300w, https:\/\/www.medskvz.org\/web\/wp-content\/uploads\/2021\/02\/pat-768x512.jpg 768w, https:\/\/www.medskvz.org\/web\/wp-content\/uploads\/2021\/02\/pat-1536x1024.jpg 1536w, https:\/\/www.medskvz.org\/web\/wp-content\/uploads\/2021\/02\/pat.jpg 1600w\" sizes=\"(max-width: 1024px) 100vw, 1024px\" \/><\/figure><\/li><li class=\"blocks-gallery-item\"><figure><img loading=\"lazy\" width=\"1024\" height=\"683\" src=\"https:\/\/www.medskvz.org\/web\/wp-content\/uploads\/2021\/02\/jel-1-1024x683.jpg\" alt=\"\" data-id=\"11563\" data-full-url=\"https:\/\/www.medskvz.org\/web\/wp-content\/uploads\/2021\/02\/jel-1.jpg\" data-link=\"https:\/\/www.medskvz.org\/web\/clanci-o-projektu\/jel-1\/\" class=\"wp-image-11563 colorbox-11044\" srcset=\"https:\/\/www.medskvz.org\/web\/wp-content\/uploads\/2021\/02\/jel-1-1024x683.jpg 1024w, https:\/\/www.medskvz.org\/web\/wp-content\/uploads\/2021\/02\/jel-1-300x200.jpg 300w, https:\/\/www.medskvz.org\/web\/wp-content\/uploads\/2021\/02\/jel-1-768x512.jpg 768w, https:\/\/www.medskvz.org\/web\/wp-content\/uploads\/2021\/02\/jel-1-1536x1024.jpg 1536w, https:\/\/www.medskvz.org\/web\/wp-content\/uploads\/2021\/02\/jel-1.jpg 1600w\" sizes=\"(max-width: 1024px) 100vw, 1024px\" \/><\/figure><\/li><\/ul><\/figure>\n\n\n\n<figure class=\"wp-container-241 wp-block-gallery-240 wp-block-gallery columns-2 is-cropped\"><ul class=\"blocks-gallery-grid\"><li class=\"blocks-gallery-item\"><figure><img loading=\"lazy\" width=\"1024\" height=\"683\" src=\"https:\/\/www.medskvz.org\/web\/wp-content\/uploads\/2021\/02\/mar-1024x683.jpg\" alt=\"\" data-id=\"11549\" data-full-url=\"https:\/\/www.medskvz.org\/web\/wp-content\/uploads\/2021\/02\/mar.jpg\" data-link=\"https:\/\/www.medskvz.org\/web\/clanci-o-projektu\/mar\/\" class=\"wp-image-11549 colorbox-11044\" srcset=\"https:\/\/www.medskvz.org\/web\/wp-content\/uploads\/2021\/02\/mar-1024x683.jpg 1024w, https:\/\/www.medskvz.org\/web\/wp-content\/uploads\/2021\/02\/mar-300x200.jpg 300w, https:\/\/www.medskvz.org\/web\/wp-content\/uploads\/2021\/02\/mar-768x512.jpg 768w, https:\/\/www.medskvz.org\/web\/wp-content\/uploads\/2021\/02\/mar-1536x1024.jpg 1536w, https:\/\/www.medskvz.org\/web\/wp-content\/uploads\/2021\/02\/mar.jpg 1600w\" sizes=\"(max-width: 1024px) 100vw, 1024px\" \/><\/figure><\/li><li class=\"blocks-gallery-item\"><figure><img loading=\"lazy\" width=\"1024\" height=\"683\" src=\"https:\/\/www.medskvz.org\/web\/wp-content\/uploads\/2021\/02\/mih-1024x683.jpg\" alt=\"\" data-id=\"11550\" data-full-url=\"https:\/\/www.medskvz.org\/web\/wp-content\/uploads\/2021\/02\/mih.jpg\" data-link=\"https:\/\/www.medskvz.org\/web\/clanci-o-projektu\/mih\/\" class=\"wp-image-11550 colorbox-11044\" srcset=\"https:\/\/www.medskvz.org\/web\/wp-content\/uploads\/2021\/02\/mih-1024x683.jpg 1024w, https:\/\/www.medskvz.org\/web\/wp-content\/uploads\/2021\/02\/mih-300x200.jpg 300w, https:\/\/www.medskvz.org\/web\/wp-content\/uploads\/2021\/02\/mih-768x512.jpg 768w, https:\/\/www.medskvz.org\/web\/wp-content\/uploads\/2021\/02\/mih-1536x1024.jpg 1536w, https:\/\/www.medskvz.org\/web\/wp-content\/uploads\/2021\/02\/mih.jpg 1600w\" sizes=\"(max-width: 1024px) 100vw, 1024px\" \/><\/figure><\/li><\/ul><\/figure>\n<\/div><\/div>\n\n\n\n<div class=\"wp-container-245 wp-block-columns\">\n<div class=\"wp-container-243 wp-block-column\">\n<figure class=\"wp-block-image size-large is-resized\"><img loading=\"lazy\" src=\"https:\/\/www.medskvz.org\/web\/wp-content\/uploads\/2020\/10\/emblem-1-1024x322.png\" alt=\"\" class=\"wp-image-11022 colorbox-11044\" width=\"285\" height=\"90\" srcset=\"https:\/\/www.medskvz.org\/web\/wp-content\/uploads\/2020\/10\/emblem-1-1024x322.png 1024w, https:\/\/www.medskvz.org\/web\/wp-content\/uploads\/2020\/10\/emblem-1-300x94.png 300w, https:\/\/www.medskvz.org\/web\/wp-content\/uploads\/2020\/10\/emblem-1-768x242.png 768w, https:\/\/www.medskvz.org\/web\/wp-content\/uploads\/2020\/10\/emblem-1.png 1350w\" sizes=\"(max-width: 285px) 100vw, 285px\" \/><\/figure>\n<\/div>\n\n\n\n<div class=\"wp-container-244 wp-block-column\">\n<h5>&nbsp;<\/h5>\n<h5 style=\"text-align: center;\"><strong>&nbsp;&nbsp;&nbsp;&nbsp;&nbsp;&nbsp;&nbsp;&nbsp;&nbsp;&nbsp; Dino \u017dganec, prof. &nbsp; &nbsp; &nbsp; &nbsp; &nbsp;&nbsp;&nbsp;&nbsp;&nbsp;&nbsp;&nbsp;&nbsp; <br><\/strong><\/h5>\n<\/div>\n<\/div>\n\n\n<p style=\"text-align: center;\"><em><span style=\"color: #999999;\">Sadr\u017eaj ove objave isklju\u010diva je odgovornost Medicinske \u0161kole Vara\u017edin.<\/span><\/em><\/p>\n<p><\/p>\n\n\n<div style=\"height:172px\" aria-hidden=\"true\" class=\"wp-block-spacer\"><\/div>\n\n\n\n<hr class=\"wp-block-separator has-text-color has-background has-vivid-cyan-blue-background-color has-vivid-cyan-blue-color is-style-wide\"\/>\n\n\n\n<div class=\"wp-block-image\"><figure class=\"aligncenter size-large is-resized\"><img loading=\"lazy\" src=\"https:\/\/www.medskvz.org\/web\/wp-content\/uploads\/2020\/10\/Emblem-za-web-odrezan-1024x122.png\" alt=\"\" class=\"wp-image-11135 colorbox-11044\" width=\"671\" height=\"80\" srcset=\"https:\/\/www.medskvz.org\/web\/wp-content\/uploads\/2020\/10\/Emblem-za-web-odrezan-1024x122.png 1024w, https:\/\/www.medskvz.org\/web\/wp-content\/uploads\/2020\/10\/Emblem-za-web-odrezan-300x36.png 300w, https:\/\/www.medskvz.org\/web\/wp-content\/uploads\/2020\/10\/Emblem-za-web-odrezan-768x92.png 768w, https:\/\/www.medskvz.org\/web\/wp-content\/uploads\/2020\/10\/Emblem-za-web-odrezan-1536x183.png 1536w, https:\/\/www.medskvz.org\/web\/wp-content\/uploads\/2020\/10\/Emblem-za-web-odrezan-2048x244.png 2048w\" sizes=\"(max-width: 671px) 100vw, 671px\" \/><\/figure><\/div>\n\n\n\n<h5 style=\"text-align: center;\"><span style=\"color: #808080;\">Uspostava Regionalnog centra kompetentnosti inovativnih zdravstvenih tehnologija pri Medicinskoj \u0161koli Vara\u017edin<\/span><\/h5>\n\n\n\n<figure class=\"wp-block-image size-large is-resized\"><img loading=\"lazy\" src=\"https:\/\/www.medskvz.org\/web\/wp-content\/uploads\/2021\/02\/naslovna-slika-edited.jpg\" alt=\"\" class=\"wp-image-11490 colorbox-11044\" width=\"748\" height=\"468\" srcset=\"https:\/\/www.medskvz.org\/web\/wp-content\/uploads\/2021\/02\/naslovna-slika-edited.jpg 1600w, https:\/\/www.medskvz.org\/web\/wp-content\/uploads\/2021\/02\/naslovna-slika-edited-300x187.jpg 300w, https:\/\/www.medskvz.org\/web\/wp-content\/uploads\/2021\/02\/naslovna-slika-edited-1024x639.jpg 1024w, https:\/\/www.medskvz.org\/web\/wp-content\/uploads\/2021\/02\/naslovna-slika-edited-768x480.jpg 768w, https:\/\/www.medskvz.org\/web\/wp-content\/uploads\/2021\/02\/naslovna-slika-edited-1536x959.jpg 1536w\" sizes=\"(max-width: 748px) 100vw, 748px\" \/><\/figure>\n\n\n\n<h6><span style=\"color: #999999;\"><em>Autor: Marko Vrtar, 11. velja\u010da. 2021.<\/em><\/span><\/h6>\n\n\n\n<h2 class=\"has-text-align-left\"><strong><strong>POTPISAN SPORAZUM O SURADNJI IZME\u0110U MEDICINSKE \u0160KOLE VARA\u017dDIN I FAKULTETA ZDRAVSTVENIH STUDIJA SVEU\u010cILI\u0160TA U RIJECI<\/strong><\/strong><\/h2>\n\n\n\n<blockquote>\n<p><em>U sklopu projekta&nbsp;Uspostava Regionalnog centra kompetentnosti inovativnih zdravstvenih tehnologija pri Medicinskoj \u0161koli Vara\u017edin, 9. velja\u010de 2021. godine na Fakultetu zdravstvenih studija u Rijeci potpisan je Sporazum o suradnji&nbsp;izme\u0111u visoko\u0161kolske institucije Fakulteta zdravstvenih studija Sveu\u010dili\u0161ta u Rijeci te Medicinske \u0161kole Vara\u017edin.<\/em><\/p>\n<\/blockquote>\n\n\n\n<p><span style=\"color: #808080;\">Sporazum o suradnji&nbsp;omogu\u0107it \u0107e uklju\u010divanje Fakulteta zdravstvenih studija u Rijeci kao suradnika na projektu i razvoju Regionalnog centra&nbsp;kompetentnosti inovativnih zdravstvenih tehnologija pri&nbsp;Medicinskoj \u0161koli Vara\u017edin. Na taj je na\u010din definirana suradnja s akademskom zajednicom kao jednim od klju\u010dnih dionika procesa planiranja i provo\u0111enja projektnih aktivnosti kako bi se unaprijedio razvoj Regionalnog centra kompetentnosti u Medicinskoj \u0161koli Vara\u017edin. Sporazum su potpisale ravnateljica \u0161kole i voditeljica projekta mr.sc. Mirjana Grabar Kruljac, prof. te dekanica Fakulteta zdravstvenih studija u Rijeci, prof. dr. sc.&nbsp;Daniela Malnar, dr. med.<\/span><strong>&nbsp;&nbsp;<\/strong><\/p>\n\n\n\n<figure class=\"wp-container-247 wp-block-gallery-246 wp-block-gallery aligncenter columns-3 is-cropped\"><ul class=\"blocks-gallery-grid\"><li class=\"blocks-gallery-item\"><figure><img loading=\"lazy\" width=\"768\" height=\"1024\" src=\"https:\/\/www.medskvz.org\/web\/wp-content\/uploads\/2021\/02\/IMG-4a71eff602a31b85d9f7b48b4de75c3d-V-768x1024.jpg\" alt=\"\" data-id=\"11497\" data-full-url=\"https:\/\/www.medskvz.org\/web\/wp-content\/uploads\/2021\/02\/IMG-4a71eff602a31b85d9f7b48b4de75c3d-V.jpg\" data-link=\"https:\/\/www.medskvz.org\/web\/clanci-o-projektu\/img-4a71eff602a31b85d9f7b48b4de75c3d-v\/\" class=\"wp-image-11497 colorbox-11044\" srcset=\"https:\/\/www.medskvz.org\/web\/wp-content\/uploads\/2021\/02\/IMG-4a71eff602a31b85d9f7b48b4de75c3d-V-768x1024.jpg 768w, https:\/\/www.medskvz.org\/web\/wp-content\/uploads\/2021\/02\/IMG-4a71eff602a31b85d9f7b48b4de75c3d-V-225x300.jpg 225w, https:\/\/www.medskvz.org\/web\/wp-content\/uploads\/2021\/02\/IMG-4a71eff602a31b85d9f7b48b4de75c3d-V-1152x1536.jpg 1152w, https:\/\/www.medskvz.org\/web\/wp-content\/uploads\/2021\/02\/IMG-4a71eff602a31b85d9f7b48b4de75c3d-V.jpg 1200w\" sizes=\"(max-width: 768px) 100vw, 768px\" \/><\/figure><\/li><li class=\"blocks-gallery-item\"><figure><img loading=\"lazy\" width=\"1024\" height=\"768\" src=\"https:\/\/www.medskvz.org\/web\/wp-content\/uploads\/2021\/02\/20210209_114833-1024x768.jpg\" alt=\"\" data-id=\"11498\" data-full-url=\"https:\/\/www.medskvz.org\/web\/wp-content\/uploads\/2021\/02\/20210209_114833-scaled.jpg\" data-link=\"https:\/\/www.medskvz.org\/web\/clanci-o-projektu\/20210209_114833\/\" class=\"wp-image-11498 colorbox-11044\" srcset=\"https:\/\/www.medskvz.org\/web\/wp-content\/uploads\/2021\/02\/20210209_114833-1024x768.jpg 1024w, https:\/\/www.medskvz.org\/web\/wp-content\/uploads\/2021\/02\/20210209_114833-300x225.jpg 300w, https:\/\/www.medskvz.org\/web\/wp-content\/uploads\/2021\/02\/20210209_114833-768x576.jpg 768w, https:\/\/www.medskvz.org\/web\/wp-content\/uploads\/2021\/02\/20210209_114833-1536x1152.jpg 1536w, https:\/\/www.medskvz.org\/web\/wp-content\/uploads\/2021\/02\/20210209_114833-2048x1536.jpg 2048w\" sizes=\"(max-width: 1024px) 100vw, 1024px\" \/><\/figure><\/li><li class=\"blocks-gallery-item\"><figure><img loading=\"lazy\" width=\"1024\" height=\"768\" src=\"https:\/\/www.medskvz.org\/web\/wp-content\/uploads\/2021\/02\/20210209_114919-1024x768.jpg\" alt=\"\" data-id=\"11499\" data-full-url=\"https:\/\/www.medskvz.org\/web\/wp-content\/uploads\/2021\/02\/20210209_114919-scaled.jpg\" data-link=\"https:\/\/www.medskvz.org\/web\/clanci-o-projektu\/20210209_114919\/\" class=\"wp-image-11499 colorbox-11044\" srcset=\"https:\/\/www.medskvz.org\/web\/wp-content\/uploads\/2021\/02\/20210209_114919-1024x768.jpg 1024w, https:\/\/www.medskvz.org\/web\/wp-content\/uploads\/2021\/02\/20210209_114919-300x225.jpg 300w, https:\/\/www.medskvz.org\/web\/wp-content\/uploads\/2021\/02\/20210209_114919-768x576.jpg 768w, https:\/\/www.medskvz.org\/web\/wp-content\/uploads\/2021\/02\/20210209_114919-1536x1152.jpg 1536w, https:\/\/www.medskvz.org\/web\/wp-content\/uploads\/2021\/02\/20210209_114919-2048x1536.jpg 2048w\" sizes=\"(max-width: 1024px) 100vw, 1024px\" \/><\/figure><\/li><\/ul><\/figure>\n\n\n\n<div class=\"wp-container-250 wp-block-columns\">\n<div class=\"wp-container-248 wp-block-column\">\n<div class=\"wp-block-image\"><figure class=\"aligncenter size-large is-resized\"><img loading=\"lazy\" src=\"https:\/\/www.medskvz.org\/web\/wp-content\/uploads\/2020\/07\/fond.png\" alt=\"\" class=\"wp-image-10925 colorbox-11044\" width=\"294\" height=\"87\" srcset=\"https:\/\/www.medskvz.org\/web\/wp-content\/uploads\/2020\/07\/fond.png 556w, https:\/\/www.medskvz.org\/web\/wp-content\/uploads\/2020\/07\/fond-300x89.png 300w\" sizes=\"(max-width: 294px) 100vw, 294px\" \/><\/figure><\/div>\n<\/div>\n\n\n\n<div class=\"wp-container-249 wp-block-column\">\n<h5>&nbsp;<\/h5>\n<h5 style=\"text-align: center;\"><strong>Patricija Jakopovi\u0107, mag. sestrinstva<\/strong><\/h5>\n\n\n<\/div>\n<\/div>\n\n\n<p style=\"text-align: center;\"><em><span style=\"color: #999999;\">Sadr\u017eaj ove objave isklju\u010diva je odgovornost Medicinske \u0161kole Vara\u017edin.<\/span><\/em><\/p>\n<p><\/p>\n<p style=\"text-align: center;\"><a href=\"https:\/\/evarazdin.hr\/drustvo\/potpisan-sporazum-medicinske-skole-varazdina-i-fakulteta-zdravstvenih-studija-sveucilista-u-rijeci-389255\/?fbclid=IwAR34eMfebwHqmi-XcVEenAOmXzHJD0yi1a3N01o_Q_wTM4TsihdUiQLsHB8\" target=\"_blank\" rel=\"noopener\"><span style=\"color: #3366ff;\">e-vara\u017edin<\/span><\/a><\/p>\n\n\n<div style=\"height:172px\" aria-hidden=\"true\" class=\"wp-block-spacer\"><\/div>\n\n\n\n<hr class=\"wp-block-separator aligncenter has-text-color has-background has-vivid-cyan-blue-background-color has-vivid-cyan-blue-color is-style-wide\"\/>\n\n\n\n<div style=\"height:121px\" aria-hidden=\"true\" class=\"wp-block-spacer\"><\/div>\n\n\n\n<div class=\"wp-container-251 wp-block-group\"><div class=\"wp-block-group__inner-container\"><\/div><\/div>\n\n\n\n<figure class=\"wp-block-image size-large is-resized\"><img loading=\"lazy\" src=\"https:\/\/www.medskvz.org\/web\/wp-content\/uploads\/2020\/10\/Emblem-za-web-odrezan-1024x122.png\" alt=\"\" class=\"wp-image-11135 colorbox-11044\" width=\"671\" height=\"80\" srcset=\"https:\/\/www.medskvz.org\/web\/wp-content\/uploads\/2020\/10\/Emblem-za-web-odrezan-1024x122.png 1024w, https:\/\/www.medskvz.org\/web\/wp-content\/uploads\/2020\/10\/Emblem-za-web-odrezan-300x36.png 300w, https:\/\/www.medskvz.org\/web\/wp-content\/uploads\/2020\/10\/Emblem-za-web-odrezan-768x92.png 768w, https:\/\/www.medskvz.org\/web\/wp-content\/uploads\/2020\/10\/Emblem-za-web-odrezan-1536x183.png 1536w, https:\/\/www.medskvz.org\/web\/wp-content\/uploads\/2020\/10\/Emblem-za-web-odrezan-2048x244.png 2048w\" sizes=\"(max-width: 671px) 100vw, 671px\" \/><\/figure>\n\n\n\n<div style=\"height:20px\" aria-hidden=\"true\" class=\"wp-block-spacer\"><\/div>\n\n\n\n<hr class=\"wp-block-separator aligncenter is-style-wide\"\/>\n\n\n\n<h5 style=\"text-align: center;\"><span style=\"color: #808080;\">Uspostava Regionalnog centra kompetentnosti inovativnih zdravstvenih tehnologija pri Medicinskoj \u0161koli Vara\u017edin <br><\/span><\/h5>\n\n\n\n<figure class=\"wp-block-image size-large is-resized\"><img loading=\"lazy\" src=\"https:\/\/www.medskvz.org\/web\/wp-content\/uploads\/2021\/02\/naslovna-1024x576.jpg\" alt=\"\" class=\"wp-image-11457 colorbox-11044\" width=\"747\" height=\"417\"\/><\/figure>\n\n\n\n<h6><span style=\"color: #999999;\"><em>Autor: Marko Vrtar, 02. velja\u010da. 2021.<\/em><\/span><\/h6>\n\n\n\n<h2><strong><em>ODR\u017dANI PRVI SEKTORSKI SASTANCI RCK MEDICINSKE \u0160KOLE VARA\u017dDIN I MINISTARSTVA ZNANOSTI I OBRAZOVANJA<\/em><\/strong><\/h2>\n\n\n\n<blockquote>\n<p>Kao po\u010detak kontinuirane suradnje i podr\u0161ke na podru\u010dju izrade standarda zanimanja, standarda kvalifikacije te modernizacije strukovnih kurikuluma, odr\u017eana su dva sastanka predstavnika Medicinske \u0161kole Vara\u017edin s predstavnicima Ministarstva znanosti i obrazovanja te Agencije za strukovno obrazovanje i obrazovanje odraslih. Sastanci su odr\u017eani putem online konferencije 8. i 18. sije\u010dnja 2021. godine.<\/p>\n<\/blockquote>\n\n\n\n<div class=\"wp-container-261 wp-block-group\"><div class=\"wp-block-group__inner-container\">\n<div class=\"wp-container-260 wp-block-columns\">\n<div class=\"wp-container-259 wp-block-column\" style=\"flex-basis:100%\">\n<div class=\"wp-container-258 wp-block-group\"><div class=\"wp-block-group__inner-container\">\n<figure class=\"wp-container-253 wp-block-gallery-252 wp-block-gallery aligncenter columns-1 is-cropped\"><ul class=\"blocks-gallery-grid\"><li class=\"blocks-gallery-item\"><figure><img loading=\"lazy\" width=\"1024\" height=\"576\" src=\"https:\/\/www.medskvz.org\/web\/wp-content\/uploads\/2021\/02\/Image-6786-1-1024x576.jpg\" alt=\"\" data-id=\"11435\" class=\"wp-image-11435 colorbox-11044\" srcset=\"https:\/\/www.medskvz.org\/web\/wp-content\/uploads\/2021\/02\/Image-6786-1-1024x576.jpg 1024w, https:\/\/www.medskvz.org\/web\/wp-content\/uploads\/2021\/02\/Image-6786-1-300x169.jpg 300w, https:\/\/www.medskvz.org\/web\/wp-content\/uploads\/2021\/02\/Image-6786-1-768x432.jpg 768w, https:\/\/www.medskvz.org\/web\/wp-content\/uploads\/2021\/02\/Image-6786-1-1536x864.jpg 1536w, https:\/\/www.medskvz.org\/web\/wp-content\/uploads\/2021\/02\/Image-6786-1.jpg 1920w\" sizes=\"(max-width: 1024px) 100vw, 1024px\" \/><\/figure><\/li><\/ul><\/figure>\n\n\n\n<figure class=\"wp-container-255 wp-block-gallery-254 wp-block-gallery aligncenter columns-1 is-cropped\"><ul class=\"blocks-gallery-grid\"><li class=\"blocks-gallery-item\"><figure><img loading=\"lazy\" width=\"1024\" height=\"576\" src=\"https:\/\/www.medskvz.org\/web\/wp-content\/uploads\/2021\/02\/Image-8sad-1-1024x576.jpg\" alt=\"\" data-id=\"11434\" class=\"wp-image-11434 colorbox-11044\" srcset=\"https:\/\/www.medskvz.org\/web\/wp-content\/uploads\/2021\/02\/Image-8sad-1-1024x576.jpg 1024w, https:\/\/www.medskvz.org\/web\/wp-content\/uploads\/2021\/02\/Image-8sad-1-300x169.jpg 300w, https:\/\/www.medskvz.org\/web\/wp-content\/uploads\/2021\/02\/Image-8sad-1-768x432.jpg 768w, https:\/\/www.medskvz.org\/web\/wp-content\/uploads\/2021\/02\/Image-8sad-1-1536x864.jpg 1536w, https:\/\/www.medskvz.org\/web\/wp-content\/uploads\/2021\/02\/Image-8sad-1.jpg 1920w\" sizes=\"(max-width: 1024px) 100vw, 1024px\" \/><\/figure><\/li><\/ul><\/figure>\n\n\n\n<figure class=\"wp-container-257 wp-block-gallery-256 wp-block-gallery aligncenter columns-1 is-cropped\"><ul class=\"blocks-gallery-grid\"><li class=\"blocks-gallery-item\"><figure><img loading=\"lazy\" width=\"1024\" height=\"576\" src=\"https:\/\/www.medskvz.org\/web\/wp-content\/uploads\/2021\/02\/Snimka-zaslona-2_1.sastanak-MZO_ASOO_RCK-VZ-1-1024x576.png\" alt=\"\" data-id=\"11436\" class=\"wp-image-11436 colorbox-11044\" srcset=\"https:\/\/www.medskvz.org\/web\/wp-content\/uploads\/2021\/02\/Snimka-zaslona-2_1.sastanak-MZO_ASOO_RCK-VZ-1-1024x576.png 1024w, https:\/\/www.medskvz.org\/web\/wp-content\/uploads\/2021\/02\/Snimka-zaslona-2_1.sastanak-MZO_ASOO_RCK-VZ-1-300x169.png 300w, https:\/\/www.medskvz.org\/web\/wp-content\/uploads\/2021\/02\/Snimka-zaslona-2_1.sastanak-MZO_ASOO_RCK-VZ-1-768x432.png 768w, https:\/\/www.medskvz.org\/web\/wp-content\/uploads\/2021\/02\/Snimka-zaslona-2_1.sastanak-MZO_ASOO_RCK-VZ-1-1536x864.png 1536w, https:\/\/www.medskvz.org\/web\/wp-content\/uploads\/2021\/02\/Snimka-zaslona-2_1.sastanak-MZO_ASOO_RCK-VZ-1.png 1920w\" sizes=\"(max-width: 1024px) 100vw, 1024px\" \/><\/figure><\/li><\/ul><\/figure>\n<\/div><\/div>\n<\/div>\n<\/div>\n<\/div><\/div>\n\n\n\n<p>Na sastancima je sudjelovala ravnateljica Mirjana Grabar Kruljac, koordinatorica unaprje\u0111enja i provedbe programa obrazovanja Patricija Jakopovi\u0107, ravnateljice i koordinatorice \u0161kola partnera Srednje \u0161kola \u010cakovec i Srednje \u0161kola Pregrada, voditelji i \u010dlanovi timova izrade standarda zanimanja\/kvalifikacije Tamara Zadravec, Marijana Dugi, Martina \u0110un\u0111ek, Mirko Ga\u0161pari\u0107, Dunja Brljak Ga\u0161pari\u0107 i Marinela Ro\u017eaj te predstavnica timova modernizacije strukovnih kurikuluma Nata\u0161a Sajko. Putem sastanaka provedeno je mapiranje i sektorsko pozicioniranje RCK pri izradi standarda te me\u0111usobno koordiniranje i umre\u017eavanje u svrhu izgradnje sektora na razini RH. Na sastancima je tako\u0111er provedena analiza plana izrade standarda zanimanja te su dane smjernice za daljnji razvoj standarda zanimanja i strukovnih kurikuluma.<\/p>\n\n\n\n<div class=\"wp-container-264 wp-block-columns\">\n<div class=\"wp-container-262 wp-block-column\">\n<figure class=\"wp-block-image size-large is-resized\"><img loading=\"lazy\" src=\"https:\/\/www.medskvz.org\/web\/wp-content\/uploads\/2020\/10\/emblem-1-1024x322.png\" alt=\"\" class=\"wp-image-11022 colorbox-11044\" width=\"285\" height=\"90\" srcset=\"https:\/\/www.medskvz.org\/web\/wp-content\/uploads\/2020\/10\/emblem-1-1024x322.png 1024w, https:\/\/www.medskvz.org\/web\/wp-content\/uploads\/2020\/10\/emblem-1-300x94.png 300w, https:\/\/www.medskvz.org\/web\/wp-content\/uploads\/2020\/10\/emblem-1-768x242.png 768w, https:\/\/www.medskvz.org\/web\/wp-content\/uploads\/2020\/10\/emblem-1.png 1350w\" sizes=\"(max-width: 285px) 100vw, 285px\" \/><\/figure>\n<\/div>\n\n\n\n<div class=\"wp-container-263 wp-block-column\">\n<h5>&nbsp;<\/h5>\n<h5><strong>Patricija Jakopovi\u0107, mag. sestrinstva<\/strong><\/h5>\n<\/div>\n<\/div>\n\n\n<p style=\"text-align: center;\"><em><span style=\"color: #999999;\">Sadr\u017eaj ove objave isklju\u010diva je odgovornost Medicinske \u0161kole Vara\u017edin.<\/span><\/em><\/p>\n\n\n<div style=\"height:172px\" aria-hidden=\"true\" class=\"wp-block-spacer\"><\/div>\n\n\n\n<hr class=\"wp-block-separator has-text-color has-background has-cyan-bluish-gray-background-color has-cyan-bluish-gray-color is-style-wide\"\/>\n\n\n\n<figure class=\"wp-block-image size-large is-resized\"><img loading=\"lazy\" src=\"https:\/\/www.medskvz.org\/web\/wp-content\/uploads\/2020\/10\/Emblem-za-web-odrezan-1024x122.png\" alt=\"\" class=\"wp-image-11135 colorbox-11044\" width=\"671\" height=\"80\" srcset=\"https:\/\/www.medskvz.org\/web\/wp-content\/uploads\/2020\/10\/Emblem-za-web-odrezan-1024x122.png 1024w, https:\/\/www.medskvz.org\/web\/wp-content\/uploads\/2020\/10\/Emblem-za-web-odrezan-300x36.png 300w, https:\/\/www.medskvz.org\/web\/wp-content\/uploads\/2020\/10\/Emblem-za-web-odrezan-768x92.png 768w, https:\/\/www.medskvz.org\/web\/wp-content\/uploads\/2020\/10\/Emblem-za-web-odrezan-1536x183.png 1536w, https:\/\/www.medskvz.org\/web\/wp-content\/uploads\/2020\/10\/Emblem-za-web-odrezan-2048x244.png 2048w\" sizes=\"(max-width: 671px) 100vw, 671px\" \/><\/figure>\n\n\n\n<h5>&nbsp;<\/h5>\n<h5 style=\"text-align: center;\">Uspostava Regionalnog centra kompetentnosti inovativnih zdravstvenih tehnologija pri Medicinskoj \u0161koli Vara\u017edin<\/h5>\n<h5><span style=\"color: #808080;\">&nbsp;<\/span><\/h5>\n\n\n\n<div class=\"wp-block-image is-style-default\"><figure class=\"aligncenter size-full is-resized\"><img loading=\"lazy\" src=\"https:\/\/www.medskvz.org\/web\/wp-content\/uploads\/2020\/10\/DSC_15214633-scaled.jpg\" alt=\"\" class=\"wp-image-11224 colorbox-11044\" width=\"791\" height=\"405\" srcset=\"https:\/\/www.medskvz.org\/web\/wp-content\/uploads\/2020\/10\/DSC_15214633-scaled.jpg 2560w, https:\/\/www.medskvz.org\/web\/wp-content\/uploads\/2020\/10\/DSC_15214633-300x154.jpg 300w, https:\/\/www.medskvz.org\/web\/wp-content\/uploads\/2020\/10\/DSC_15214633-1024x525.jpg 1024w, https:\/\/www.medskvz.org\/web\/wp-content\/uploads\/2020\/10\/DSC_15214633-768x394.jpg 768w, https:\/\/www.medskvz.org\/web\/wp-content\/uploads\/2020\/10\/DSC_15214633-1536x787.jpg 1536w, https:\/\/www.medskvz.org\/web\/wp-content\/uploads\/2020\/10\/DSC_15214633-2048x1050.jpg 2048w\" sizes=\"(max-width: 791px) 100vw, 791px\" \/><\/figure><\/div>\n\n\n\n<h6 id=\"block-75dd3f26-87c2-4f6e-9db6-7e860627194b\" class=\"block-editor-block-list__block wp-block is-selected rich-text block-editor-rich-text__editable is-hovered wp-block\" tabindex=\"0\" role=\"textbox\" aria-label=\"Napi\u0161ite naslov...\" aria-multiline=\"true\" data-block=\"75dd3f26-87c2-4f6e-9db6-7e860627194b\" data-type=\"core\/heading\" data-title=\"Naslov\" contenteditable=\"true\"><span style=\"color: #616161;\"><em>Autor: Marko Vrtar, 27. listopada. 2020.<\/em><\/span><\/h6>\n\n\n\n<h2><strong>Medicinska \u0161kola Vara\u017edin zapo\u010dela s projektom vrijednim 48.799.878,03 kuna<\/strong><\/h2>\n\n\n\n<blockquote class=\"wp-block-quote\"><p><em>U petak 23. listopada u Medicinskoj \u0161koli Vara\u017edin odr\u017ean je prvi veliki koordinacijski sastanak projekta Uspostava Regionalnog centra kompetentnosti inovativnih zdravstvenih tehnologija pri Medicinskoj \u0161koli Vara\u017edin. Sastanku su, uz sudionike projekta iz Medicinske \u0161kole Vara\u017edin, prisustvovali i ravnatelji te koordinatori \u0161kola i voditelji projektnih aktivnosti iz partnerskih \u0161kola, Srednje \u0161kole \u010cakovec te Srednje \u0161kole Pregrada.<\/em><\/p><\/blockquote>\n\n\n\n<p>Ravnateljica Medicinske \u0161kole Vara\u017edin i voditeljica projekta Mirjana Grabar Kruljac uvodnom je rije\u010dju najavila slu\u017ebeni po\u010detak aktivnosti na projektu te predstavila hijerarhijsku strukturu projektnoga tima.<\/p>\n<p>Koordinatorica unaprje\u0111enja i provedbe programa obrazovanja Patricija Jakopovi\u0107 predstavila je voditelje i vremenik aktivnosti projekta te je prisutne upoznala s du\u017enostima i zada\u0107ama voditelja i \u010dlanova projektnoga tima. Predstavnici svih \u0161kola sudionika u projektu najavili su odr\u017eavanje prvih sastanaka te po\u010detak rada na projektnim aktivnostima.<\/p>\n<p>&nbsp;<\/p>\n\n\n\n<div class=\"wp-container-267 wp-block-columns\">\n<div class=\"wp-container-265 wp-block-column\">\n<div class=\"wp-block-image is-style-default\"><figure class=\"aligncenter is-resized\"><img loading=\"lazy\" src=\"https:\/\/www.medskvz.org\/web\/wp-content\/uploads\/2020\/10\/DSC_15084615-3-1024x683.jpg\" alt=\"\" class=\"wp-image-11233 colorbox-11044\" width=\"389\" height=\"257\"\/><\/figure><\/div>\n<\/div>\n\n\n\n<div class=\"wp-container-266 wp-block-column\">\n<div class=\"wp-block-image is-style-default\"><figure class=\"aligncenter size-large is-resized\"><img loading=\"lazy\" src=\"https:\/\/www.medskvz.org\/web\/wp-content\/uploads\/2020\/10\/DSC_15104617-2-1024x683.jpg\" alt=\"\" class=\"wp-image-11234 colorbox-11044\" width=\"393\" height=\"257\"\/><\/figure><\/div>\n\n\n<\/div>\n<\/div>\n\n\n\n<div class=\"wp-block-image is-style-default\"><figure class=\"aligncenter size-large is-resized\"><a href=\"https:\/\/www.medskvz.org\/web\/wp-content\/uploads\/2020\/10\/DSC_15294634-1-edited-scaled.jpg\"><img loading=\"lazy\" src=\"https:\/\/www.medskvz.org\/web\/wp-content\/uploads\/2020\/10\/DSC_15294634-1-edited-scaled.jpg\" alt=\"\" class=\"wp-image-11232 colorbox-11044\" width=\"613\" height=\"344\" srcset=\"https:\/\/www.medskvz.org\/web\/wp-content\/uploads\/2020\/10\/DSC_15294634-1-edited-scaled.jpg 2560w, https:\/\/www.medskvz.org\/web\/wp-content\/uploads\/2020\/10\/DSC_15294634-1-edited-300x169.jpg 300w, https:\/\/www.medskvz.org\/web\/wp-content\/uploads\/2020\/10\/DSC_15294634-1-edited-1024x575.jpg 1024w, https:\/\/www.medskvz.org\/web\/wp-content\/uploads\/2020\/10\/DSC_15294634-1-edited-768x432.jpg 768w, https:\/\/www.medskvz.org\/web\/wp-content\/uploads\/2020\/10\/DSC_15294634-1-edited-1536x863.jpg 1536w, https:\/\/www.medskvz.org\/web\/wp-content\/uploads\/2020\/10\/DSC_15294634-1-edited-2048x1151.jpg 2048w\" sizes=\"(max-width: 613px) 100vw, 613px\" \/><\/a><\/figure><\/div>\n\n\n\n<p>&nbsp;<\/p>\n<p>U svrhu provedbe projekta Medicinskoj \u0161koli Vara\u017edin dodijeljeno je 48.799.878,03 kuna bespovratnih sredstava iz Europskog socijalnog fonda. Projektom \u0107e se u Regionalnom centru kompetentnosti Medicinske \u0161kole Vara\u017edin uspostaviti nova organizacijska struktura, osna\u017eiti znanja, vje\u0161tine i kompetencije odgojno-obrazovnih radnika za razvoj\/unaprje\u0111enje i provedbu programa redovitoga strukovnog obrazovanja i programa obrazovanja odraslih. Regionalni centar Medicinske \u0161kole Vara\u017edin opremit \u0107e se specijaliziranom opremom za teorijsku i prakti\u010dnu nastavu, laboratorijske i klini\u010dke vje\u017ebe s ciljem postizanja agilnosti odgojno-obrazovnoga sustava Regionalnog centra kompetentnosti naspram potreba tr\u017ei\u0161ta rada u zdravstvu i profiliranja budu\u0107ih radnika s prakti\u010dnim znanjima.<\/p>\n\n\n\n<div class=\"wp-container-270 wp-block-columns\">\n<div class=\"wp-container-268 wp-block-column\">\n<figure class=\"wp-block-image size-large is-resized is-style-default\"><img loading=\"lazy\" src=\"https:\/\/www.medskvz.org\/web\/wp-content\/uploads\/2020\/10\/emblem-1-1024x322.png\" alt=\"\" class=\"wp-image-11022 colorbox-11044\" width=\"332\" height=\"105\" srcset=\"https:\/\/www.medskvz.org\/web\/wp-content\/uploads\/2020\/10\/emblem-1-1024x322.png 1024w, https:\/\/www.medskvz.org\/web\/wp-content\/uploads\/2020\/10\/emblem-1-300x94.png 300w, https:\/\/www.medskvz.org\/web\/wp-content\/uploads\/2020\/10\/emblem-1-768x242.png 768w, https:\/\/www.medskvz.org\/web\/wp-content\/uploads\/2020\/10\/emblem-1.png 1350w\" sizes=\"(max-width: 332px) 100vw, 332px\" \/><\/figure>\n<\/div>\n\n\n\n<div class=\"wp-container-269 wp-block-column\">\n<h4>&nbsp;<\/h4>\n<h4>&nbsp;<\/h4>\n<h4 style=\"text-align: right;\"><strong><span style=\"color: #595959;\">Nata\u0161a Naran\u010di\u0107, prof.<\/span><\/strong><\/h4>\n\n\n\n<div style=\"height:71px\" aria-hidden=\"true\" class=\"wp-block-spacer\"><\/div>\n<\/div>\n<\/div>\n\n\n<p style=\"text-align: center;\"><em><span style=\"color: #999999;\">Sadr\u017eaj ove objave isklju\u010diva je odgovornost Medicinske \u0161kole Vara\u017edin.<\/span><\/em><\/p>\n\n\n<div style=\"height:172px\" aria-hidden=\"true\" class=\"wp-block-spacer\"><\/div>\n\n\n\n<h5 style=\"text-align: center;\"><a style=\"font-size: 1em; text-align: center;\" href=\"https:\/\/www.sjeverni.info\/medicinska-skola-varazdin-zapocela-s-projektom-vrijednim-gotovo-50-mil-kuna\/\" target=\"_blank\" rel=\"noopener\">Sjeverni.info<\/a><span style=\"color: inherit; font-size: 1em; text-align: center;\">| <\/span><a style=\"font-size: 1em; text-align: center;\" href=\"https:\/\/evarazdin.hr\/nasim-krajem\/medicinska-skola-varazdin-zapocela-s-projektom-vrijednim-vise-od-48-milijuna-kuna-387565\/\" target=\"_blank\" rel=\"noopener\">e-vara\u017edin<\/a><span style=\"color: inherit; font-size: 1em; text-align: center;\"> |<\/span><a style=\"font-size: 1em; text-align: center;\" href=\"https:\/\/varazdinski.net.hr\/vijesti\/skolski-kutak\/3913774\/medicinska-skola-varazdin-zapocela-s-projektom-vrijednim-gotovo-49-milijuna-kuna\/\" target=\"_blank\" rel=\"noopener\">Vara\u017edinski.hr<\/a><span style=\"color: inherit; font-size: 1em; text-align: center;\"> |<\/span><a style=\"font-size: 1em; text-align: center;\" href=\"https:\/\/www.radiomegaton.hr\/novosti\/regija\/item\/7698-medicinska-skola-varazdin-zapocela-s-projektom-vrijednim-48-8-milijuna-kuna.html\" target=\"_blank\" rel=\"noopener\">radio Megaton <\/a><a href=\"https:\/\/regionalni.com\/medicinska-skola-pocela-s-aktivnostima-u-projektu-vrijednom-48-milijuna-kuna\/\" target=\"_blank\" rel=\"noopener\"><span style=\"color: inherit; font-size: 1em; text-align: center;\">|Regionalni<\/span><\/a><\/h5>\n<hr>\n<p>&nbsp;<\/p>\n\n\n\n<figure class=\"wp-block-image size-large is-resized\"><img loading=\"lazy\" src=\"https:\/\/www.medskvz.org\/web\/wp-content\/uploads\/2020\/10\/Emblem-za-web-odrezan-1024x122.png\" alt=\"\" class=\"wp-image-11135 colorbox-11044\" width=\"671\" height=\"80\" srcset=\"https:\/\/www.medskvz.org\/web\/wp-content\/uploads\/2020\/10\/Emblem-za-web-odrezan-1024x122.png 1024w, https:\/\/www.medskvz.org\/web\/wp-content\/uploads\/2020\/10\/Emblem-za-web-odrezan-300x36.png 300w, https:\/\/www.medskvz.org\/web\/wp-content\/uploads\/2020\/10\/Emblem-za-web-odrezan-768x92.png 768w, https:\/\/www.medskvz.org\/web\/wp-content\/uploads\/2020\/10\/Emblem-za-web-odrezan-1536x183.png 1536w, https:\/\/www.medskvz.org\/web\/wp-content\/uploads\/2020\/10\/Emblem-za-web-odrezan-2048x244.png 2048w\" sizes=\"(max-width: 671px) 100vw, 671px\" \/><\/figure>\n\n\n\n\n\n<h5 style=\"text-align: center;\"><span style=\"color: #808080;\">Uspostava Regionalnog centra kompetentnosti inovativnih zdravstvenih tehnologija pri Medicinskoj \u0161koli Vara\u017edin<\/span><\/h5>\n\n\n\n<p><img loading=\"lazy\" class=\" wp-image-11060 aligncenter colorbox-11044\" src=\"https:\/\/www.medskvz.org\/web\/wp-content\/uploads\/2020\/10\/IMG_20200918_0908523830-1-300x148.jpg\" alt=\"\" width=\"744\" height=\"367\" srcset=\"https:\/\/www.medskvz.org\/web\/wp-content\/uploads\/2020\/10\/IMG_20200918_0908523830-1-300x148.jpg 300w, https:\/\/www.medskvz.org\/web\/wp-content\/uploads\/2020\/10\/IMG_20200918_0908523830-1-1024x506.jpg 1024w, https:\/\/www.medskvz.org\/web\/wp-content\/uploads\/2020\/10\/IMG_20200918_0908523830-1-768x379.jpg 768w, https:\/\/www.medskvz.org\/web\/wp-content\/uploads\/2020\/10\/IMG_20200918_0908523830-1-1536x758.jpg 1536w, https:\/\/www.medskvz.org\/web\/wp-content\/uploads\/2020\/10\/IMG_20200918_0908523830-1-2048x1011.jpg 2048w\" sizes=\"(max-width: 744px) 100vw, 744px\" \/><\/p>\n<h6 id=\"block-75dd3f26-87c2-4f6e-9db6-7e860627194b\" class=\"block-editor-block-list__block wp-block is-selected rich-text block-editor-rich-text__editable is-hovered wp-block\" tabindex=\"0\" role=\"textbox\" aria-label=\"Napi\u0161ite naslov...\" aria-multiline=\"true\" data-block=\"75dd3f26-87c2-4f6e-9db6-7e860627194b\" data-type=\"core\/heading\" data-title=\"Naslov\" contenteditable=\"true\"><span style=\"color: #616161;\"><em>Autor: Marko Vrtar, 07. listopada. 2020.<\/em><\/span><\/h6>\n\n\n\n<h2><strong>Odr\u017ean prvi koordinacijski sastanak u Medicinskoj \u0161koli Vara\u017edin<\/strong><\/h2>\n\n\n\n<blockquote class=\"wp-block-quote\"><p>U Medicinskoj \u0161koli Vara\u017edin 18. rujna 2020. odr\u017ean je prvi koordinacijski sastanak na kojemu su, uz sudionike projekta iz \u0161kole nositelja, sudjelovali i predstavnici Srednje \u0161kole \u010cakovec te Srednje \u0161kole Pregrada. Ravnateljica Medicinske \u0161kole Mirjana Grabar Kruljac, ujedno i voditeljica projekta, s velikim je zadovoljstvom najavila vi\u0161egodi\u0161nju suradnju na projektu Uspostava Regionalnog centra kompetentnosti inovativnih zdravstvenih tehnologija pri Medicinskoj \u0161koli Vara\u017edin. U svrhu provedbe projekta Medicinskoj \u0161koli Vara\u017edin dodijeljeno je 48.799.878,03 kuna bespovratnih sredstava iz Europskog socijalnog fonda.<\/p><\/blockquote>\n\n\n<p>Ravnateljica i voditeljica projekta istaknula je da su svi suradnici na projektu bili vrlo uporni i kreativni u stvaranju aktivnosti kojima su obuhva\u0107eni: izrada standarda zanimanja, stru\u010dna usavr\u0161avanja, modernizacija kurikuluma i cjelo\u017eivotno obrazovanje. Cilj je aktivnosti oja\u010dati sve tri \u0161kole i u njima promijeniti kvalitetu pou\u010davanja, ne samo za vrijeme trajanja projekta, nego i trajnom promjenom na\u010dina promi\u0161ljanja u\u010denika i njihova odnosa prema nastavi i prema budu\u0107nosti.<\/p>\n<p>Ravnateljica je istaknula va\u017enost aktivnosti na izradi standarda zanimanja <em>Specijalist kirur\u0161ke zdravstvene njege, Specijalist zdravstvene njege zdravog i bolesnog djeteta i adolescenta, Specijalist tehni\u010dar u operacionoj sali <\/em>koji u Republici Hrvatskoj jo\u0161 uvijek ne postoje u tome obliku.<\/p>\n<p>U nastavku sastanka predstavila je osobe iz \u0161kole nositelja projekta koje \u0107e sudjelovati u projektu, a to su: nastavnice Martina \u0110un\u0111ek, Marijana Dugi, Tamara Zadravec, Patricija Jakopovi\u0107, Nata\u0161a Sajko, Arijana Bregovi\u0107 te dio \u010dlanova projektnoga tima: Patricija Jakopovi\u0107, Dino \u017dganec, Mihael Liber, Marko Vrtar i Nata\u0161a Naran\u010di\u0107.<\/p>\n<p>Predstavljeni su i suradnici iz \u0161kola partnera: Mirko Ga\u0161pari\u0107, Dunja Ga\u0161pari\u0107 i Vesna Prepeli\u0107 \u0110uri\u010dkovi\u0107 iz Srednje \u0161kole \u010cakovec te Marinela Ro\u017eaj, Jasminka Miklau\u017ei\u0107 i Ivana Grilec iz Srednje \u0161kole Pregrada.<\/p>\n<p>Ravnateljica je istaknula je da \u0107e \u0161kole partneri u projektu biti ravnopravne te imati jednake mogu\u0107nosti kao i nastavnici iz \u0161kole nositelja, \u0161to uklju\u010duje i cijeli niz stru\u010dnih usavr\u0161avanja po cijelome svijetu.<\/p>\n<p>Za kraj, ravnateljica i voditeljica projekta podsjetila je na vrijednost projekta te je pozvala na odgovornost u po\u0161tivanju obaveza u zadanim rokovima kako bi zavr\u0161ni cilj bio uspje\u0161no postignut.<strong>&nbsp; &nbsp; &nbsp; &nbsp; &nbsp; &nbsp; &nbsp; &nbsp; &nbsp; &nbsp; &nbsp; &nbsp; &nbsp; &nbsp; &nbsp; &nbsp; &nbsp; &nbsp; &nbsp; &nbsp; &nbsp; &nbsp; &nbsp; &nbsp; &nbsp; &nbsp; &nbsp; &nbsp; &nbsp; &nbsp; &nbsp; &nbsp; &nbsp; &nbsp; &nbsp; &nbsp; &nbsp; &nbsp; &nbsp;<\/strong><\/p>\n\n\n<figure class=\"wp-container-272 wp-block-gallery-271 wp-block-gallery columns-2 is-cropped\"><ul class=\"blocks-gallery-grid\"><li class=\"blocks-gallery-item\"><figure><img loading=\"lazy\" width=\"768\" height=\"1024\" src=\"https:\/\/www.medskvz.org\/web\/wp-content\/uploads\/2020\/10\/IMG_20200918_085023-768x1024.jpg\" alt=\"\" data-id=\"11047\" data-full-url=\"https:\/\/www.medskvz.org\/web\/wp-content\/uploads\/2020\/10\/IMG_20200918_085023-scaled.jpg\" data-link=\"https:\/\/www.medskvz.org\/web\/clanci-o-projektu\/img_20200918_085023\/\" class=\"wp-image-11047 colorbox-11044\" srcset=\"https:\/\/www.medskvz.org\/web\/wp-content\/uploads\/2020\/10\/IMG_20200918_085023-768x1024.jpg 768w, https:\/\/www.medskvz.org\/web\/wp-content\/uploads\/2020\/10\/IMG_20200918_085023-225x300.jpg 225w, https:\/\/www.medskvz.org\/web\/wp-content\/uploads\/2020\/10\/IMG_20200918_085023-1152x1536.jpg 1152w, https:\/\/www.medskvz.org\/web\/wp-content\/uploads\/2020\/10\/IMG_20200918_085023-1536x2048.jpg 1536w, https:\/\/www.medskvz.org\/web\/wp-content\/uploads\/2020\/10\/IMG_20200918_085023-scaled.jpg 1920w\" sizes=\"(max-width: 768px) 100vw, 768px\" \/><figcaption class=\"blocks-gallery-item__caption\"><span style=\"color:#87898b\" class=\"tadv-color\"><em>Foto: Dino \u017dganec<\/em>       <\/span>                                      <\/figcaption><\/figure><\/li><li class=\"blocks-gallery-item\"><figure><img loading=\"lazy\" width=\"837\" height=\"1024\" src=\"https:\/\/www.medskvz.org\/web\/wp-content\/uploads\/2020\/10\/IMG_20200918_084959-1-837x1024.jpg\" alt=\"\" data-id=\"11083\" data-full-url=\"https:\/\/www.medskvz.org\/web\/wp-content\/uploads\/2020\/10\/IMG_20200918_084959-1-scaled.jpg\" data-link=\"https:\/\/www.medskvz.org\/web\/clanci-o-projektu\/img_20200918_084959-1\/\" class=\"wp-image-11083 colorbox-11044\" srcset=\"https:\/\/www.medskvz.org\/web\/wp-content\/uploads\/2020\/10\/IMG_20200918_084959-1-837x1024.jpg 837w, https:\/\/www.medskvz.org\/web\/wp-content\/uploads\/2020\/10\/IMG_20200918_084959-1-245x300.jpg 245w, https:\/\/www.medskvz.org\/web\/wp-content\/uploads\/2020\/10\/IMG_20200918_084959-1-768x939.jpg 768w, https:\/\/www.medskvz.org\/web\/wp-content\/uploads\/2020\/10\/IMG_20200918_084959-1-1256x1536.jpg 1256w, https:\/\/www.medskvz.org\/web\/wp-content\/uploads\/2020\/10\/IMG_20200918_084959-1-1675x2048.jpg 1675w\" sizes=\"(max-width: 837px) 100vw, 837px\" \/><figcaption class=\"blocks-gallery-item__caption\"><span style=\"color:#898989\" class=\"tadv-color\"><em>Foto: Dino \u017dganec<\/em>    <\/span><span style=\"color:#abb8c3\" class=\"tadv-color\">  <\/span>                                       <\/figcaption><\/figure><\/li><\/ul><figcaption class=\"blocks-gallery-caption\">                                           <br>                                      <br>                                                       <\/figcaption><\/figure>\n\n\n<p style=\"text-align: center;\"><em><span style=\"color: #999999;\">Sadr\u017eaj ove objave isklju\u010diva je odgovornost Medicinske \u0161kole Vara\u017edin.<\/span><\/em><\/p>\n\n\n<h4 style=\"text-align: right;\"><strong>&nbsp;<span style=\"color: #595959;\">Nata\u0161a Naran\u010di\u0107, prof.<\/span><\/strong><\/h4>\n<p>&nbsp;<\/p>\n<hr>\n<p>&nbsp;<\/p>\n\n\n\n<figure class=\"wp-block-image size-large is-resized\"><img loading=\"lazy\" src=\"https:\/\/www.medskvz.org\/web\/wp-content\/uploads\/2020\/10\/emblem-1-1024x322.png\" alt=\"\" class=\"wp-image-11022 colorbox-11044\" width=\"634\" height=\"199\" srcset=\"https:\/\/www.medskvz.org\/web\/wp-content\/uploads\/2020\/10\/emblem-1-1024x322.png 1024w, https:\/\/www.medskvz.org\/web\/wp-content\/uploads\/2020\/10\/emblem-1-300x94.png 300w, https:\/\/www.medskvz.org\/web\/wp-content\/uploads\/2020\/10\/emblem-1-768x242.png 768w, https:\/\/www.medskvz.org\/web\/wp-content\/uploads\/2020\/10\/emblem-1.png 1350w\" sizes=\"(max-width: 634px) 100vw, 634px\" \/><\/figure>\n\n\n\n\n\n\n\n\n\n\n\n<figure class=\"wp-block-image\"><img class=\"colorbox-11044\"  alt=\"\"\/><\/figure>\n\n\n","protected":false},"excerpt":{"rendered":"<div class=\"slide-text-bg2\"><span>Uspostava Regionalnog centra kompetentnosti inovativnih zdravstvenih tehnologija pri Medicinskoj \u0161koli Vara\u017edin Autor: Marko Vrtar, 15 svibnja 2022.\u00a0 Ed<\/span><\/div>\n<div class=\"slide-btn-area-sm\"><a href=\"https:\/\/www.medskvz.org\/web\/clanci-o-projektu\/\" class=\"slide-btn-sm\">Pro\u010ditaj vi\u0161e<\/a><\/div>\n","protected":false},"author":12,"featured_media":0,"parent":0,"menu_order":0,"comment_status":"closed","ping_status":"closed","template":"","meta":[],"_links":{"self":[{"href":"https:\/\/www.medskvz.org\/web\/wp-json\/wp\/v2\/pages\/11044"}],"collection":[{"href":"https:\/\/www.medskvz.org\/web\/wp-json\/wp\/v2\/pages"}],"about":[{"href":"https:\/\/www.medskvz.org\/web\/wp-json\/wp\/v2\/types\/page"}],"author":[{"embeddable":true,"href":"https:\/\/www.medskvz.org\/web\/wp-json\/wp\/v2\/users\/12"}],"replies":[{"embeddable":true,"href":"https:\/\/www.medskvz.org\/web\/wp-json\/wp\/v2\/comments?post=11044"}],"version-history":[{"count":472,"href":"https:\/\/www.medskvz.org\/web\/wp-json\/wp\/v2\/pages\/11044\/revisions"}],"predecessor-version":[{"id":13687,"href":"https:\/\/www.medskvz.org\/web\/wp-json\/wp\/v2\/pages\/11044\/revisions\/13687"}],"wp:attachment":[{"href":"https:\/\/www.medskvz.org\/web\/wp-json\/wp\/v2\/media?parent=11044"}],"curies":[{"name":"wp","href":"https:\/\/api.w.org\/{rel}","templated":true}]}}